{"id":67,"date":"2023-04-21T09:50:42","date_gmt":"2023-04-21T07:50:42","guid":{"rendered":"https:\/\/www.kuestenimmobilien.com\/urlaub\/?page_id=67"},"modified":"2025-12-12T12:14:42","modified_gmt":"2025-12-12T11:14:42","slug":"impressum","status":"publish","type":"page","link":"https:\/\/www.kuestenimmobilien.com\/urlaub\/impressum\/","title":{"rendered":"Impressum"},"content":{"rendered":"\t\t<div data-elementor-type=\"wp-page\" data-elementor-id=\"67\" class=\"elementor elementor-67\" data-elementor-post-type=\"page\">\n\t\t\t\t<div class=\"elementor-element elementor-element-3bf4241 e-flex e-con-boxed e-con e-parent\" data-id=\"3bf4241\" data-element_type=\"container\">\n\t\t\t\t\t<div class=\"e-con-inner\">\n\t\t\t\t<div class=\"elementor-element elementor-element-bf286e0 elementor-widget elementor-widget-text-editor\" data-id=\"bf286e0\" data-element_type=\"widget\" data-widget_type=\"text-editor.default\">\n\t\t\t\t<div class=\"elementor-widget-container\">\n\t\t\t\t\t\t\t\t\t<div class=\"static-view\"><div class=\"container static-content\"><div class=\"page-header\"><h1>Impressum<\/h1><\/div><div><h2>Angaben gem\u00e4\u00df \u00a7 5 TMG:<\/h2><p>Lothar Peters<br \/>K\u00fcsten Immobilien Dangast<br \/>An der Rennweide 30<br \/>26316 Varel \/ Dangast<\/p><p><strong>Zust\u00e4ndige Aufsichtsbeh\u00f6rde f\u00fcr die T\u00e4tigkeit nach \u00a7 34c GewO:<\/strong><\/p><p>Oldenburgische Industrie- und Handelskammer<br \/>Moslestra\u00dfe 6<br \/>26122 Oldenburg<br \/><a href=\"http:\/\/www.ihk-oldenburg.de\/\" target=\"_blank\" rel=\"noopener\">www.ihk-oldenburg.de<\/a><\/p><h2>Kontakt:<\/h2><table><tbody><tr><td>Telefon:<\/td><td>+49 (0)4451 959 695<\/td><\/tr><tr><td>Telefax:<\/td><td>+49 (0)4451 959 694<\/td><\/tr><tr><td>E-Mail:<\/td><td>info@kuestenimmobilien.com<\/td><\/tr><\/tbody><\/table><h2>Haftungsausschluss (Disclaimer)<\/h2><h3>Haftung f\u00fcr Inhalte<\/h3><p>Als Diensteanbieter sind wir gem\u00e4\u00df \u00a7 7 Abs.1 TMG f\u00fcr eigene Inhalte auf diesen Seiten nach den allgemeinen Gesetzen verantwortlich. Nach \u00a7\u00a7 8 bis 10 TMG sind wir als Diensteanbieter jedoch nicht verpflichtet, \u00fcbermittelte oder gespeicherte fremde Informationen zu \u00fcberwachen oder nach Umst\u00e4nden zu forschen, die auf eine rechtswidrige T\u00e4tigkeit hinweisen.<\/p><p>Verpflichtungen zur Entfernung oder Sperrung der Nutzung von Informationen nach den allgemeinen Gesetzen bleiben hiervon unber\u00fchrt. Eine diesbez\u00fcgliche Haftung ist jedoch erst ab dem Zeitpunkt der Kenntnis einer konkreten Rechtsverletzung m\u00f6glich. Bei Bekanntwerden von entsprechenden Rechtsverletzungen werden wir diese Inhalte umgehend entfernen.<\/p><h3>Haftung f\u00fcr Links<\/h3><p>Unser Angebot enth\u00e4lt Links zu externen Webseiten Dritter, auf deren Inhalte wir keinen Einfluss haben. Deshalb k\u00f6nnen wir f\u00fcr diese fremden Inhalte auch keine Gew\u00e4hr \u00fcbernehmen. F\u00fcr die Inhalte der verlinkten Seiten ist stets der jeweilige Anbieter oder Betreiber der Seiten verantwortlich. Die verlinkten Seiten wurden zum Zeitpunkt der Verlinkung auf m\u00f6gliche Rechtsverst\u00f6\u00dfe \u00fcberpr\u00fcft. Rechtswidrige Inhalte waren zum Zeitpunkt der Verlinkung nicht erkennbar.<\/p><p>Eine permanente inhaltliche Kontrolle der verlinkten Seiten ist jedoch ohne konkrete Anhaltspunkte einer Rechtsverletzung nicht zumutbar. Bei Bekanntwerden von Rechtsverletzungen werden wir derartige Links umgehend entfernen.<\/p><h3>Urheberrecht<\/h3><p>Die durch die Seitenbetreiber erstellten Inhalte und Werke auf diesen Seiten unterliegen dem deutschen Urheberrecht. Die Vervielf\u00e4ltigung, Bearbeitung, Verbreitung und jede Art der Verwertung au\u00dferhalb der Grenzen des Urheberrechtes bed\u00fcrfen der schriftlichen Zustimmung des jeweiligen Autors bzw. Erstellers. Downloads und Kopien dieser Seite sind nur f\u00fcr den privaten, nicht kommerziellen Gebrauch gestattet.<\/p><p>Soweit die Inhalte auf dieser Seite nicht vom Betreiber erstellt wurden, werden die Urheberrechte Dritter beachtet. Insbesondere werden Inhalte Dritter als solche gekennzeichnet. Sollten Sie trotzdem auf eine Urheberrechtsverletzung aufmerksam werden, bitten wir um einen entsprechenden Hinweis. Bei Bekanntwerden von Rechtsverletzungen werden wir derartige Inhalte umgehend entfernen.<\/p><h3>Bildquellen<\/h3><p><strong>Fotos:\u00a0<\/strong>PhotoCase.com<\/p><p><strong>Fotografen:<\/strong><br \/>M\u00f6we: jebbing, Schneckenhaus: helen, Hintergrund Meer: brianh, Kurverwaltung Dangast: Martin St\u00f6ver, Foto mit der Jade: Sina Weber<\/p><p><strong>Fotos Haus Rieke, Dangaster Liegeplatz, Villa Meerchen, Apartment Hacienda, Apartment Gr\u00fcnes Idyll, Villa Jadezeit, Apartment Strandzauber, Apartment Watt&#8217;n Wunder, Apartment Dangaster Meeresleuchten, Apartment Deichgl\u00fcck, Haus Meergl\u00fcck, Dangaster D\u00fcne, Apartment Sanddorn, Haus Deichbrise, Kaptains Huus, Jadezauber, LopiLoft, Strandhaus 53\u00b0 Nord, Haus Freya: <\/strong>Anja Zervo\u00df,\u00a0<a href=\"https:\/\/www.pixelissimo.de\/\" target=\"_blank\" rel=\"noopener\">www.pixelissimo.de<\/a><\/p><h3>VIDEOS<\/h3><p data-pm-slice=\"1 1 []\"><strong>Imagefilm<\/strong>:\u00a0<a href=\"http:\/\/www.trapp.photography\/\"><u>www.trapp.photography<\/u><\/a><\/p><p>Quelle:\u00a0<em><a href=\"https:\/\/www.e-recht24.de\/\">eRecht24<\/a><\/em><\/p><h3>Realisierung &amp; Konzept<\/h3><p><strong>be-on GmbH<\/strong><br \/>Natruper Str. 24<br \/>49076 Osnabr\u00fcck<br \/><a href=\"https:\/\/be-on.de\/\">www.be-on.de<\/a><\/p><h3>Buchungssoftware \/ PMS\u00a0<\/h3><p><strong>vOffice GmbH<\/strong><br \/>Untere Querstra\u00dfe 3<br \/>23730 Neustadt\/Holstein<br \/><a href=\"http:\/\/www.v-office.com\/\">www.v-office.com<\/a><\/p><div>\u00a0<\/div><\/div><\/div><\/div><footer><div class=\"container\"><div class=\"row\"><div class=\"col-md-4 col-sm-6\">\u00a0<\/div><\/div><\/div><\/footer>\t\t\t\t\t\t\t\t<\/div>\n\t\t\t\t<\/div>\n\t\t\t\t\t<\/div>\n\t\t\t\t<\/div>\n\t\t\t\t<\/div>\n\t\t","protected":false},"excerpt":{"rendered":"<p>Impressum Angaben gem\u00e4\u00df \u00a7 5 TMG: Lothar PetersK\u00fcsten Immobilien DangastAn der Rennweide 3026316 Varel \/ Dangast Zust\u00e4ndige Aufsichtsbeh\u00f6rde f\u00fcr die T\u00e4tigkeit nach \u00a7 34c GewO: Oldenburgische Industrie- und HandelskammerMoslestra\u00dfe 626122 Oldenburgwww.ihk-oldenburg.de Kontakt: Telefon: +49 (0)4451 959 695 Telefax: +49 (0)4451 959 694 E-Mail: info@kuestenimmobilien.com Haftungsausschluss (Disclaimer) Haftung f\u00fcr Inhalte Als Diensteanbieter sind wir gem\u00e4\u00df \u00a7 [&hellip;]<\/p>\n","protected":false},"author":1,"featured_media":0,"parent":0,"menu_order":0,"comment_status":"closed","ping_status":"closed","template":"","meta":{"_acf_changed":false,"footnotes":""},"class_list":["post-67","page","type-page","status-publish","hentry"],"acf":[],"yoast_head":"<!-- This site is optimized with the Yoast SEO plugin v25.1 - https:\/\/yoast.com\/wordpress\/plugins\/seo\/ -->\n<title>Impressum - K\u00fcsten Immobilien Dangast<\/title>\n<meta name=\"description\" content=\"Informationen zu unserem Impressum, der Haftung f\u00fcr Inhalte, der Haftung f\u00fcr Links, dem Urheberrecht und der Bildquellen.\" \/>\n<meta name=\"robots\" content=\"index, follow, max-snippet:-1, max-image-preview:large, max-video-preview:-1\" \/>\n<link rel=\"canonical\" href=\"https:\/\/www.kuestenimmobilien.com\/urlaub\/impressum\/\" \/>\n<meta property=\"og:locale\" content=\"de_DE\" \/>\n<meta property=\"og:type\" content=\"article\" \/>\n<meta property=\"og:title\" content=\"Impressum - K\u00fcsten Immobilien Dangast\" \/>\n<meta property=\"og:description\" content=\"Informationen zu unserem Impressum, der Haftung f\u00fcr Inhalte, der Haftung f\u00fcr Links, dem Urheberrecht und der Bildquellen.\" \/>\n<meta property=\"og:url\" content=\"https:\/\/www.kuestenimmobilien.com\/urlaub\/impressum\/\" \/>\n<meta property=\"og:site_name\" content=\"K\u00fcsten Immobilien Dangast\" \/>\n<meta property=\"article:modified_time\" content=\"2025-12-12T11:14:42+00:00\" \/>\n<meta name=\"twitter:card\" content=\"summary_large_image\" \/>\n<meta name=\"twitter:label1\" content=\"Gesch\u00e4tzte Lesezeit\" \/>\n\t<meta name=\"twitter:data1\" content=\"3\u00a0Minuten\" \/>\n<script type=\"application\/ld+json\" class=\"yoast-schema-graph\">{\"@context\":\"https:\/\/schema.org\",\"@graph\":[{\"@type\":\"WebPage\",\"@id\":\"https:\/\/www.kuestenimmobilien.com\/urlaub\/impressum\/\",\"url\":\"https:\/\/www.kuestenimmobilien.com\/urlaub\/impressum\/\",\"name\":\"Impressum - K\u00fcsten Immobilien Dangast\",\"isPartOf\":{\"@id\":\"https:\/\/www.kuestenimmobilien.com\/urlaub\/#website\"},\"datePublished\":\"2023-04-21T07:50:42+00:00\",\"dateModified\":\"2025-12-12T11:14:42+00:00\",\"description\":\"Informationen zu unserem Impressum, der Haftung f\u00fcr Inhalte, der Haftung f\u00fcr Links, dem Urheberrecht und der Bildquellen.\",\"breadcrumb\":{\"@id\":\"https:\/\/www.kuestenimmobilien.com\/urlaub\/impressum\/#breadcrumb\"},\"inLanguage\":\"de\",\"potentialAction\":[{\"@type\":\"ReadAction\",\"target\":[\"https:\/\/www.kuestenimmobilien.com\/urlaub\/impressum\/\"]}]},{\"@type\":\"BreadcrumbList\",\"@id\":\"https:\/\/www.kuestenimmobilien.com\/urlaub\/impressum\/#breadcrumb\",\"itemListElement\":[{\"@type\":\"ListItem\",\"position\":1,\"name\":\"Startseite\",\"item\":\"https:\/\/www.kuestenimmobilien.com\/urlaub\/\"},{\"@type\":\"ListItem\",\"position\":2,\"name\":\"Impressum\"}]},{\"@type\":\"WebSite\",\"@id\":\"https:\/\/www.kuestenimmobilien.com\/urlaub\/#website\",\"url\":\"https:\/\/www.kuestenimmobilien.com\/urlaub\/\",\"name\":\"K\u00fcsten Immobilien Dangast\",\"description\":\"\",\"publisher\":{\"@id\":\"https:\/\/www.kuestenimmobilien.com\/urlaub\/#organization\"},\"potentialAction\":[{\"@type\":\"SearchAction\",\"target\":{\"@type\":\"EntryPoint\",\"urlTemplate\":\"https:\/\/www.kuestenimmobilien.com\/urlaub\/?s={search_term_string}\"},\"query-input\":{\"@type\":\"PropertyValueSpecification\",\"valueRequired\":true,\"valueName\":\"search_term_string\"}}],\"inLanguage\":\"de\"},{\"@type\":\"Organization\",\"@id\":\"https:\/\/www.kuestenimmobilien.com\/urlaub\/#organization\",\"name\":\"K\u00fcsten Immobilien Dangast\",\"url\":\"https:\/\/www.kuestenimmobilien.com\/urlaub\/\",\"logo\":{\"@type\":\"ImageObject\",\"inLanguage\":\"de\",\"@id\":\"https:\/\/www.kuestenimmobilien.com\/urlaub\/#\/schema\/logo\/image\/\",\"url\":\"https:\/\/www.kuestenimmobilien.com\/urlaub\/wp-content\/uploads\/2023\/04\/Logo_Kuestenimmobilien_2_Positiv.svg\",\"contentUrl\":\"https:\/\/www.kuestenimmobilien.com\/urlaub\/wp-content\/uploads\/2023\/04\/Logo_Kuestenimmobilien_2_Positiv.svg\",\"caption\":\"K\u00fcsten Immobilien Dangast\"},\"image\":{\"@id\":\"https:\/\/www.kuestenimmobilien.com\/urlaub\/#\/schema\/logo\/image\/\"}}]}<\/script>\n<!-- \/ Yoast SEO plugin. -->","yoast_head_json":{"title":"Impressum - K\u00fcsten Immobilien Dangast","description":"Informationen zu unserem Impressum, der Haftung f\u00fcr Inhalte, der Haftung f\u00fcr Links, dem Urheberrecht und der Bildquellen.","robots":{"index":"index","follow":"follow","max-snippet":"max-snippet:-1","max-image-preview":"max-image-preview:large","max-video-preview":"max-video-preview:-1"},"canonical":"https:\/\/www.kuestenimmobilien.com\/urlaub\/impressum\/","og_locale":"de_DE","og_type":"article","og_title":"Impressum - K\u00fcsten Immobilien Dangast","og_description":"Informationen zu unserem Impressum, der Haftung f\u00fcr Inhalte, der Haftung f\u00fcr Links, dem Urheberrecht und der Bildquellen.","og_url":"https:\/\/www.kuestenimmobilien.com\/urlaub\/impressum\/","og_site_name":"K\u00fcsten Immobilien Dangast","article_modified_time":"2025-12-12T11:14:42+00:00","twitter_card":"summary_large_image","twitter_misc":{"Gesch\u00e4tzte Lesezeit":"3\u00a0Minuten"},"schema":{"@context":"https:\/\/schema.org","@graph":[{"@type":"WebPage","@id":"https:\/\/www.kuestenimmobilien.com\/urlaub\/impressum\/","url":"https:\/\/www.kuestenimmobilien.com\/urlaub\/impressum\/","name":"Impressum - K\u00fcsten Immobilien Dangast","isPartOf":{"@id":"https:\/\/www.kuestenimmobilien.com\/urlaub\/#website"},"datePublished":"2023-04-21T07:50:42+00:00","dateModified":"2025-12-12T11:14:42+00:00","description":"Informationen zu unserem Impressum, der Haftung f\u00fcr Inhalte, der Haftung f\u00fcr Links, dem Urheberrecht und der Bildquellen.","breadcrumb":{"@id":"https:\/\/www.kuestenimmobilien.com\/urlaub\/impressum\/#breadcrumb"},"inLanguage":"de","potentialAction":[{"@type":"ReadAction","target":["https:\/\/www.kuestenimmobilien.com\/urlaub\/impressum\/"]}]},{"@type":"BreadcrumbList","@id":"https:\/\/www.kuestenimmobilien.com\/urlaub\/impressum\/#breadcrumb","itemListElement":[{"@type":"ListItem","position":1,"name":"Startseite","item":"https:\/\/www.kuestenimmobilien.com\/urlaub\/"},{"@type":"ListItem","position":2,"name":"Impressum"}]},{"@type":"WebSite","@id":"https:\/\/www.kuestenimmobilien.com\/urlaub\/#website","url":"https:\/\/www.kuestenimmobilien.com\/urlaub\/","name":"K\u00fcsten Immobilien Dangast","description":"","publisher":{"@id":"https:\/\/www.kuestenimmobilien.com\/urlaub\/#organization"},"potentialAction":[{"@type":"SearchAction","target":{"@type":"EntryPoint","urlTemplate":"https:\/\/www.kuestenimmobilien.com\/urlaub\/?s={search_term_string}"},"query-input":{"@type":"PropertyValueSpecification","valueRequired":true,"valueName":"search_term_string"}}],"inLanguage":"de"},{"@type":"Organization","@id":"https:\/\/www.kuestenimmobilien.com\/urlaub\/#organization","name":"K\u00fcsten Immobilien Dangast","url":"https:\/\/www.kuestenimmobilien.com\/urlaub\/","logo":{"@type":"ImageObject","inLanguage":"de","@id":"https:\/\/www.kuestenimmobilien.com\/urlaub\/#\/schema\/logo\/image\/","url":"https:\/\/www.kuestenimmobilien.com\/urlaub\/wp-content\/uploads\/2023\/04\/Logo_Kuestenimmobilien_2_Positiv.svg","contentUrl":"https:\/\/www.kuestenimmobilien.com\/urlaub\/wp-content\/uploads\/2023\/04\/Logo_Kuestenimmobilien_2_Positiv.svg","caption":"K\u00fcsten Immobilien Dangast"},"image":{"@id":"https:\/\/www.kuestenimmobilien.com\/urlaub\/#\/schema\/logo\/image\/"}}]}},"_links":{"self":[{"href":"https:\/\/www.kuestenimmobilien.com\/urlaub\/wp-json\/wp\/v2\/pages\/67","targetHints":{"allow":["GET"]}}],"collection":[{"href":"https:\/\/www.kuestenimmobilien.com\/urlaub\/wp-json\/wp\/v2\/pages"}],"about":[{"href":"https:\/\/www.kuestenimmobilien.com\/urlaub\/wp-json\/wp\/v2\/types\/page"}],"author":[{"embeddable":true,"href":"https:\/\/www.kuestenimmobilien.com\/urlaub\/wp-json\/wp\/v2\/users\/1"}],"replies":[{"embeddable":true,"href":"https:\/\/www.kuestenimmobilien.com\/urlaub\/wp-json\/wp\/v2\/comments?post=67"}],"version-history":[{"count":26,"href":"https:\/\/www.kuestenimmobilien.com\/urlaub\/wp-json\/wp\/v2\/pages\/67\/revisions"}],"predecessor-version":[{"id":7869,"href":"https:\/\/www.kuestenimmobilien.com\/urlaub\/wp-json\/wp\/v2\/pages\/67\/revisions\/7869"}],"wp:attachment":[{"href":"https:\/\/www.kuestenimmobilien.com\/urlaub\/wp-json\/wp\/v2\/media?parent=67"}],"curies":[{"name":"wp","href":"https:\/\/api.w.org\/{rel}","templated":true}]}}