{"id":4427,"date":"2023-06-05T11:34:00","date_gmt":"2023-06-05T09:34:00","guid":{"rendered":"https:\/\/www.kuestenimmobilien.com\/urlaub\/?page_id=4427"},"modified":"2025-05-22T14:45:39","modified_gmt":"2025-05-22T12:45:39","slug":"urlaub-fuer-menschen-mit-beeintraechtigungen","status":"publish","type":"page","link":"https:\/\/www.kuestenimmobilien.com\/urlaub\/urlaub-fuer-menschen-mit-beeintraechtigungen\/","title":{"rendered":"Urlaub f\u00fcr Menschen mit Beeintr\u00e4chtigungen"},"content":{"rendered":"\t\t<div data-elementor-type=\"wp-page\" data-elementor-id=\"4427\" class=\"elementor elementor-4427\" data-elementor-post-type=\"page\">\n\t\t\t\t<div class=\"elementor-element elementor-element-bbd7f52 bg-middle e-flex e-con-boxed e-con e-parent\" data-id=\"bbd7f52\" data-element_type=\"container\" data-settings=\"{&quot;background_background&quot;:&quot;classic&quot;}\">\n\t\t\t\t\t<div class=\"e-con-inner\">\n\t\t\t\t<div class=\"elementor-element elementor-element-f9d8279 elementor-widget elementor-widget-heading\" data-id=\"f9d8279\" data-element_type=\"widget\" data-widget_type=\"heading.default\">\n\t\t\t\t<div class=\"elementor-widget-container\">\n\t\t\t\t\t<h1 class=\"elementor-heading-title elementor-size-default\">Urlaub f\u00fcr Menschen mit Beeintr\u00e4chtigungen<\/h1>\t\t\t\t<\/div>\n\t\t\t\t<\/div>\n\t\t\t\t<div class=\"elementor-element elementor-element-5c6aee3 elementor-widget__width-initial elementor-widget elementor-widget-text-editor\" data-id=\"5c6aee3\" data-element_type=\"widget\" data-widget_type=\"text-editor.default\">\n\t\t\t\t<div class=\"elementor-widget-container\">\n\t\t\t\t\t\t\t\t\t<p>F\u00fcr die individuellen Anspr\u00fcche haben wir Ihre Traumunterkunft. Sprechen Sie uns an!<\/p>\t\t\t\t\t\t\t\t<\/div>\n\t\t\t\t<\/div>\n\t\t\t\t\t<\/div>\n\t\t\t\t<\/div>\n\t\t<div class=\"elementor-element elementor-element-d616164 e-con-full e-flex e-con e-parent\" data-id=\"d616164\" data-element_type=\"container\">\n\t\t\t\t<div class=\"elementor-element elementor-element-8aed1a7 elementor-widget elementor-widget-shortcode\" data-id=\"8aed1a7\" data-element_type=\"widget\" data-widget_type=\"shortcode.default\">\n\t\t\t\t<div class=\"elementor-widget-container\">\n\t\t\t\t\t\t\t<div class=\"elementor-shortcode\"><div id=\"primary\" class=\"main-search\">\n\t<main id=\"main\" class=\"site-main \" role=\"main\">\n\t\t<div class=\"content-wrapper\">\n\t\t\t<div class=\"left-col\">\n\t\t\t\t<h3>Suche<\/h3>\n\t\t\t\t<div class=\"searchform-wrapper\">\n\t\t\t\t\t<div class=\"property-wrapper\">\n\t\t\t\t\t\t<form id=\"searchform\" method=\"get\" action=\"https:\/\/www.kuestenimmobilien.com\/urlaub\/suchen-buchen\/\" class=\"clearfix\" autocomplete=\"off\">\n\t\t\t\t\t\t\t<div class=\"wrap-range\">\n\t\t\t\t\t\t\t\t<div id=\"range\">\n\t\t\t\t\t\t\t\t\t<div class=\"from-wrap\">\n\t\t\t\t\t\t\t\t\t\t<img decoding=\"async\" src=\"\/urlaub\/wp-content\/themes\/kuestenimmobilien\/assets\/images\/calendar-days-sharp-solid.svg\">\n\t\t\t\t\t\t\t\t\t\t<div class=\"from-date-wrapper\">Anreise<\/div>\n\t\t\t\t\t\t\t\t\t<\/div>\n\t\t\t\t\t\t\t\t\t<div class=\"to-wrap\">\n\t\t\t\t\t\t\t\t\t\t<img decoding=\"async\" src=\"\/urlaub\/wp-content\/themes\/kuestenimmobilien\/assets\/images\/calendar-days-sharp-solid.svg\">\n\t\t\t\t\t\t\t\t\t\t<div class=\"till-date-wrapper\">Abreise<\/div>\n\t\t\t\t\t\t\t\t\t<\/div>\n\t\t\t\t\t\t\t\t<\/div>\n\t\t\t\t\t\t\t\t<div id=\"calender-wrapper\">\n\t\t\t\t\t\t\t\t\t<div id=\"litepicker-wrapper\"><\/div>\n\t\t\t\t\t\t\t\t\t<div id=\"nights-wrapper\">\n\t\t\t\t\t\t\t\t\t\t<div class=\"night-label\">Reisedauer<\/div>\n\t\t\t\t\t\t\t\t\t\t<div id=\"calcNights\" class=\"calc-nights\">\n\t\t\t\t\t\t\t\t\t\t\t<div class=\"nights_min-wrapper nightselect-wrapper\">\n\t\t\t\t\t\t\t\t\t\t\t\t<select id=\"nights_min\" name=\"nights_min\">\n\t\t\t\t\t\t\t\t\t\t\t\t\t<option value=\"0\"><\/option>\n\t\t\t\t\t\t\t\t\t\t\t\t<\/select>\n\t\t\t\t\t\t\t\t\t\t\t<\/div>\n\t\t\t\t\t\t\t\t\t\t\t<div class=\"show-mobile\">\n\t\t\t\t\t\t\t\t\t\t\t\t<img decoding=\"async\" src=\"\/urlaub\/wp-content\/themes\/kuestenimmobilien\/assets\/images\/chevron-down-regular.svg\">\n\t\t\t\t\t\t\t\t\t\t\t<\/div>\n\t\t\t\t\t\t\t\t\t\t\t<div class=\"nights_max-wrapper nightselect-wrapper\">\n\t\t\t\t\t\t\t\t\t\t\t\t<select id=\"nights_max\" name=\"nights_max\">\n\t\t\t\t\t\t\t\t\t\t\t\t\t<option value=\"0\"><\/option>\n\t\t\t\t\t\t\t\t\t\t\t\t<\/select>\n\t\t\t\t\t\t\t\t\t\t\t<\/div>\n\t\t\t\t\t\t\t\t\t\t<\/div>\n\t\t\t\t\t\t\t\t\t\t<button id=\"calender_select\" type=\"button\">Daten best\u00e4tigen<\/button>\n\t\t\t\t\t\t\t\t\t<\/div>\n\t\t\t\t\t\t\t\t<\/div>\n\t\t\t\t\t\t\t<\/div>\n\t\t\t\t\t\t\t<input type=\"hidden\" id=\"from\" value=\"\" placeholder=\"Von\" autocomplete=\"off\" name=\"from\">\n\t\t\t\t\t\t\t<input type=\"hidden\" id=\"till\" value=\"\" placeholder=\"Bis\" autocomplete=\"off\" name=\"till\">\n\t\t\t\t\t\t\t<div class=\"wrap-guests\">\n\t\t\t\t\t\t\t\t<img decoding=\"async\" src=\"\/urlaub\/wp-content\/themes\/kuestenimmobilien\/assets\/images\/users-duotone.svg\">\n\t\t\t\t\t\t\t\t<div id=\"guests\">G\u00e4ste<\/div>\n\t\t\t\t\t\t\t\t<div class=\"toggleGuests\">\n\t\t\t\t\t\t\t\t\t<div>\n\t\t\t\t\t\t\t\t\t\t<input type=\"hidden\" id=\"adults\" name=\"adults\" autocomplete=\"off\" \n\t\t\t\t\t\t\t\t\t\t\tvalue=\"1\" step=\"1\" min=\"0\" \n\t\t\t\t\t\t\t\t\t\t\tmax=\"\" \n\t\t\t\t\t\t\t\t\t\t\treadonly>\n\t\t\t\t\t\t\t\t\t\t<label for=\"adults\">\n\t\t\t\t\t\t\t\t\t\t\t<span>1<\/span>\n\t\t\t\t\t\t\t\t\t\t\t<div> Erwachsener<\/div>\n\t\t\t\t\t\t\t\t\t\t<\/label>\n\t\t\t\t\t\t\t\t\t\t<div class=\"countbutton-wrapper\">\n\t\t\t\t\t\t\t\t\t\t\t<button class=\"dec\" type=\"button\" data-name=\"adults\"><\/button>\n\t\t\t\t\t\t\t\t\t\t\t<button class=\"inc\" type=\"button\" data-name=\"adults\"><\/button>\n\t\t\t\t\t\t\t\t\t\t<\/div>\n\t\t\t\t\t\t\t\t\t<\/div>\n\t\t\t\t\t\t\t\t\t<div>\n\t\t\t\t\t\t\t\t\t\t<input type=\"hidden\" id=\"children\" name=\"children\" autocomplete=\"off\" \n\t\t\t\t\t\t\t\t\t\t\tvalue=\"0\" step=\"1\" min=\"0\" \n\t\t\t\t\t\t\t\t\t\t\tmax=\"\" \n\t\t\t\t\t\t\t\t\t\t\treadonly>\n\t\t\t\t\t\t\t\t\t\t<label for=\"children\">\n\t\t\t\t\t\t\t\t\t\t\t<span>0<\/span>\n\t\t\t\t\t\t\t\t\t\t\t<div> Kinder<\/div>\n\t\t\t\t\t\t\t\t\t\t\t<p> bis 15 Jahre<\/p>\n\t\t\t\t\t\t\t\t\t\t<\/label>\n\t\t\t\t\t\t\t\t\t\t<div class=\"countbutton-wrapper\">\n\t\t\t\t\t\t\t\t\t\t\t<button class=\"dec\" type=\"button\" data-name=\"children\"><\/button>\n\t\t\t\t\t\t\t\t\t\t\t<button class=\"inc\" type=\"button\" data-name=\"children\"><\/button>\n\t\t\t\t\t\t\t\t\t\t<\/div>\n\t\t\t\t\t\t\t\t\t<\/div>\t\t\t\t\t\t\t\t\t\n\t\t\t\t\t\t\t\t\t<div>\n\t\t\t\t\t\t\t\t\t\t<input type=\"hidden\" id=\"babys\" name=\"babys\" autocomplete=\"off\" \n\t\t\t\t\t\t\t\t\t\t\tvalue=\"0\" step=\"1\" min=\"0\" \n\t\t\t\t\t\t\t\t\t\t\tmax=\"10\" \n\t\t\t\t\t\t\t\t\t\t\treadonly>\n\t\t\t\t\t\t\t\t\t\t<label for=\"babys\">\n\t\t\t\t\t\t\t\t\t\t\t<span>0<\/span>\n\t\t\t\t\t\t\t\t\t\t\t<div> Kleinkinder<\/div>\n\t\t\t\t\t\t\t\t\t\t\t<p> bis 5 Jahre<\/p>\n\t\t\t\t\t\t\t\t\t\t<\/label>\n\t\t\t\t\t\t\t\t\t\t<div class=\"countbutton-wrapper\">\n\t\t\t\t\t\t\t\t\t\t\t<button class=\"dec\" type=\"button\" data-name=\"babys\"><\/button>\n\t\t\t\t\t\t\t\t\t\t\t<button class=\"inc\" type=\"button\" data-name=\"babys\"><\/button>\n\t\t\t\t\t\t\t\t\t\t<\/div>\n\t\t\t\t\t\t\t\t\t<\/div>\n\t\t\t\t\t\t\t\t\t<div>\n\t\t\t\t\t\t\t\t\t\t<input type=\"hidden\" id=\"petsCount\" name=\"petsCount\" autocomplete=\"off\" \n\t\t\t\t\t\t\t\t\t\t\tvalue=\"0\" step=\"1\" min=\"0\" \n\t\t\t\t\t\t\t\t\t\t\tmax=\"\" \n\t\t\t\t\t\t\t\t\t\t\treadonly>\n\t\t\t\t\t\t\t\t\t\t<label for=\"petsCount\">\n\t\t\t\t\t\t\t\t\t\t\t<span>0<\/span>\n\t\t\t\t\t\t\t\t\t\t\t<div> Hunde<\/div>\n\t\t\t\t\t\t\t\t\t\t<\/label>\n\t\t\t\t\t\t\t\t\t\t<div class=\"countbutton-wrapper\">\n\t\t\t\t\t\t\t\t\t\t\t<button class=\"dec\" type=\"button\" data-name=\"petsCount\"><\/button>\n\t\t\t\t\t\t\t\t\t\t\t<button class=\"inc\" type=\"button\" data-name=\"petsCount\"><\/button>\n\t\t\t\t\t\t\t\t\t\t<\/div>\n\t\t\t\t\t\t\t\t\t<\/div>\n\t\t\t\t\t\t\t\t\t<div class=\"guest-footer\">\n\t\t\t\t\t\t\t\t\t\t<button type=\"button\" id=\"calcGuests\">Daten best\u00e4tigen<\/button>\n\t\t\t\t\t\t\t\t\t<\/div>\n\t\t\t\t\t\t\t\t<\/div>\n\t\t\t\t\t\t\t<\/div>\n\t\t\t\t\t\t\t<div class=\"wrap-bedroom\">\n\t\t\t\t\t\t\t\t<img decoding=\"async\" src=\"\/urlaub\/wp-content\/themes\/kuestenimmobilien\/assets\/images\/bed-regular.svg\" alt=\"Schlafzimmer\">\n\t\t\t\t\t\t\t\t<select class=\"beon-auto-submit beon-select2\" name=\"bedrooms\" id=\"bedrooms\" style=\"height: 72px\">\n\t\t\t\t\t\t\t\t\t<option value=\"\">Schlafzimmer<\/option>\n\t\t\t\t\t\t\t\t\t<option value=\"1\" >1 Schlafzimmer <\/option><option value=\"2\" >2 Schlafzimmer <\/option><option value=\"3\" >3 Schlafzimmer <\/option><option value=\"4\" >4 Schlafzimmer <\/option><option value=\"5\" >5 Schlafzimmer <\/option><option value=\"6\" >6 Schlafzimmer <\/option>                                <\/select>\n\t\t\t\t\t\t\t<\/div>\n\t\t\t\t\t\t\t<input type=\"submit\" value=\"Suche\">\n\t\t\t\t\t\t\t<button type=\"button\" class=\"open-accordeon\" id=\"show_allfilter\">\n\t\t\t\t\t\t\t\t<p>Filter<\/p>\n\t\t\t\t\t\t\t\t<img decoding=\"async\" src=\"\/urlaub\/wp-content\/themes\/kuestenimmobilien\/assets\/images\/circle-chevron-down-regular.svg\" alt=\"Arrow Down\">\n\t\t\t\t\t\t\t<\/button>\n\t\t\t\t\t\t\t<div class=\"hide-filter\">\n\t\t\t\t\t\t\t\t<h4>Ausstattungsmerkmale<\/h4>\n\t\t\t\t\t\t\t\t<div class=\"input-wrapper checkbox-wrapper\">\n\t\t\t  <label for=\"closedPlot\">Abgeschlossenes Grundst\u00fcck<span class=\"checkbox-count\">(2)<\/span><input type=\"checkbox\" id=\"closedPlot\" name=\"closedPlot\" form=\"searchform\"><span class=\"checkmark\"><\/span><\/label>\n\t\t\t<\/div><div class=\"input-wrapper checkbox-wrapper\">\n\t\t\t  <label for=\"allergic\">Allergikergeeignet<span class=\"checkbox-count\">(28)<\/span><input type=\"checkbox\" id=\"allergic\" name=\"allergic\" form=\"searchform\"><span class=\"checkmark\"><\/span><\/label>\n\t\t\t<\/div><div class=\"input-wrapper checkbox-wrapper\">\n\t\t\t  <label for=\"lift\">Aufzug<span class=\"checkbox-count\">(29)<\/span><input type=\"checkbox\" id=\"lift\" name=\"lift\" form=\"searchform\"><span class=\"checkmark\"><\/span><\/label>\n\t\t\t<\/div><div class=\"input-wrapper checkbox-wrapper\">\n\t\t\t  <label for=\"bathtub\">Badewanne<span class=\"checkbox-count\">(3)<\/span><input type=\"checkbox\" id=\"bathtub\" name=\"bathtub\" form=\"searchform\"><span class=\"checkmark\"><\/span><\/label>\n\t\t\t<\/div><div class=\"input-wrapper checkbox-wrapper\">\n\t\t\t  <label for=\"wheelchairFriendly\">Barrierefrei<span class=\"checkbox-count\">(9)<\/span><input type=\"checkbox\" id=\"wheelchairFriendly\" name=\"wheelchairFriendly\" form=\"searchform\"><span class=\"checkmark\"><\/span><\/label>\n\t\t\t<\/div><div class=\"input-wrapper checkbox-wrapper\">\n\t\t\t  <label for=\"handicappedAccessible\">Behindertengerecht<span class=\"checkbox-count\">(36)<\/span><input type=\"checkbox\" id=\"handicappedAccessible\" name=\"handicappedAccessible\" checked form=\"searchform\"><span class=\"checkmark\"><\/span><\/label>\n\t\t\t<\/div><div class=\"input-wrapper checkbox-wrapper beon-checkbox-disabled\">\n\t\t\t  <label for=\"p_14165\">DanGastQuellbad inkl.<span class=\"checkbox-count\">(0)<\/span><input disabled type=\"checkbox\" id=\"p_14165\" name=\"p_14165\" form=\"searchform\"><span class=\"checkmark\"><\/span><\/label>\n\t\t\t<\/div><div class=\"input-wrapper checkbox-wrapper beon-checkbox-disabled\">\n\t\t\t  <label for=\"ecar_charging\">Elektroauto Ladestation<span class=\"checkbox-count\">(0)<\/span><input disabled type=\"checkbox\" id=\"ecar_charging\" name=\"ecar_charging\" form=\"searchform\"><span class=\"checkmark\"><\/span><\/label>\n\t\t\t<\/div><div class=\"input-wrapper checkbox-wrapper\">\n\t\t\t  <label for=\"childrenWelcome\">Familienurlaub<span class=\"checkbox-count\">(36)<\/span><input type=\"checkbox\" id=\"childrenWelcome\" name=\"childrenWelcome\" form=\"searchform\"><span class=\"checkmark\"><\/span><\/label>\n\t\t\t<\/div><div class=\"input-wrapper checkbox-wrapper\">\n\t\t\t  <label for=\"flyscreen\">Fliegengitter<span class=\"checkbox-count\">(6)<\/span><input type=\"checkbox\" id=\"flyscreen\" name=\"flyscreen\" form=\"searchform\"><span class=\"checkmark\"><\/span><\/label>\n\t\t\t<\/div><div class=\"input-wrapper checkbox-wrapper\">\n\t\t\t  <label for=\"guestwc\">G\u00e4ste WC<span class=\"checkbox-count\">(1)<\/span><input type=\"checkbox\" id=\"guestwc\" name=\"guestwc\" form=\"searchform\"><span class=\"checkmark\"><\/span><\/label>\n\t\t\t<\/div><div class=\"input-wrapper checkbox-wrapper\">\n\t\t\t  <label for=\"infraredCabin\">Infrarotkabine<span class=\"checkbox-count\">(2)<\/span><input type=\"checkbox\" id=\"infraredCabin\" name=\"infraredCabin\" form=\"searchform\"><span class=\"checkmark\"><\/span><\/label>\n\t\t\t<\/div><div class=\"input-wrapper checkbox-wrapper\">\n\t\t\t  <label for=\"fireside\">Kamin- \/ Ofen<span class=\"checkbox-count\">(3)<\/span><input type=\"checkbox\" id=\"fireside\" name=\"fireside\" form=\"searchform\"><span class=\"checkmark\"><\/span><\/label>\n\t\t\t<\/div><div class=\"input-wrapper checkbox-wrapper\">\n\t\t\t  <label for=\"offers\">Last-Minute\/Sonderaktion<span class=\"checkbox-count\">(4)<\/span><input type=\"checkbox\" id=\"offers\" name=\"offers\" form=\"searchform\"><span class=\"checkmark\"><\/span><\/label>\n\t\t\t<\/div><div class=\"input-wrapper checkbox-wrapper\">\n\t\t\t  <label for=\"seaview\">Meerblick<span class=\"checkbox-count\">(3)<\/span><input type=\"checkbox\" id=\"seaview\" name=\"seaview\" form=\"searchform\"><span class=\"checkmark\"><\/span><\/label>\n\t\t\t<\/div><div class=\"input-wrapper checkbox-wrapper\">\n\t\t\t  <label for=\"sauna\">Sauna<span class=\"checkbox-count\">(1)<\/span><input type=\"checkbox\" id=\"sauna\" name=\"sauna\" form=\"searchform\"><span class=\"checkmark\"><\/span><\/label>\n\t\t\t<\/div><div class=\"input-wrapper checkbox-wrapper\">\n\t\t\t  <label for=\"single\">Single-Urlaub<span class=\"checkbox-count\">(10)<\/span><input type=\"checkbox\" id=\"single\" name=\"single\" form=\"searchform\"><span class=\"checkmark\"><\/span><\/label>\n\t\t\t<\/div><div class=\"input-wrapper checkbox-wrapper\">\n\t\t\t  <label for=\"beachChairAtBeach\">Strandkorb<span class=\"checkbox-count\">(6)<\/span><input type=\"checkbox\" id=\"beachChairAtBeach\" name=\"beachChairAtBeach\" form=\"searchform\"><span class=\"checkmark\"><\/span><\/label>\n\t\t\t<\/div><div class=\"input-wrapper checkbox-wrapper\">\n\t\t\t  <label for=\"pets\">Tierhaltung (nur Hund erlaubt)<span class=\"checkbox-count\">(12)<\/span><input type=\"checkbox\" id=\"pets\" name=\"pets\" form=\"searchform\"><span class=\"checkmark\"><\/span><\/label>\n\t\t\t<\/div><div class=\"input-wrapper checkbox-wrapper\">\n\t\t\t  <label for=\"dryer\">Trockner<span class=\"checkbox-count\">(13)<\/span><input type=\"checkbox\" id=\"dryer\" name=\"dryer\" form=\"searchform\"><span class=\"checkmark\"><\/span><\/label>\n\t\t\t<\/div><div class=\"input-wrapper checkbox-wrapper\">\n\t\t\t  <label for=\"washer\">Waschmaschine<span class=\"checkbox-count\">(26)<\/span><input type=\"checkbox\" id=\"washer\" name=\"washer\" form=\"searchform\"><span class=\"checkmark\"><\/span><\/label>\n\t\t\t<\/div>\t\t\t\t\t\t\t\t<h4>Direkte Suche<\/h4>\n\t\t\t\t\t\t\t\t<div id=\"dropdown_search_units\"><select placeholder=\"Objektname\"><option value=\"\"><\/option><option value=https:\/\/www.kuestenimmobilien.com\/urlaub\/unterkuenfte\/apartment-friesenbude-am-alten-deich-28-whg-11\/>Apartment &#8222;Friesenbude&#8220;, Am Alten Deich 28 Whg 11<\/a><\/option><option value=https:\/\/www.kuestenimmobilien.com\/urlaub\/unterkuenfte\/apartment-watt4u-am-alten-deich-14-4\/>Apartment &#8222;Watt4U&#8220;, Am Alten Deich 14\/4<\/a><\/option><option value=https:\/\/www.kuestenimmobilien.com\/urlaub\/unterkuenfte\/apartment-am-see-am-alten-deich-4-6-whg-1-24\/>Apartment am See, Am Alten Deich 4-6, Whg 1.24<\/a><\/option><option value=https:\/\/www.kuestenimmobilien.com\/urlaub\/unterkuenfte\/apartment-ankerhuus-am-alten-deich-4-6-whg-1-18\/>Apartment Ankerhuus, Am Alten Deich 4-6, Whg 1.18<\/a><\/option><option value=https:\/\/www.kuestenimmobilien.com\/urlaub\/unterkuenfte\/apartment-auszeit-am-alten-deich-4-6-whg-9\/>Apartment Auszeit, Am Alten Deich 4-6, Whg 9<\/a><\/option><option value=https:\/\/www.kuestenimmobilien.com\/urlaub\/unterkuenfte\/apartment-buddelschiff-am-alten-deich-18-3\/>Apartment Buddelschiff, Am Alten Deich 18\/3<\/a><\/option><option value=https:\/\/www.kuestenimmobilien.com\/urlaub\/unterkuenfte\/apartment-costa-dangasta\/>Apartment Costa Dangasta, Edo Wiemken 51<\/a><\/option><option value=https:\/\/www.kuestenimmobilien.com\/urlaub\/unterkuenfte\/apartment-costa-siesta\/>Apartment Costa Siesta, Am Alten Deich 2<\/a><\/option><option value=https:\/\/www.kuestenimmobilien.com\/urlaub\/unterkuenfte\/apartment-dangastbrise-am-alten-deich-4-6-whg-1-23\/>Apartment Dangastbrise, Am Alten Deich 4-6, Whg 1.23<\/a><\/option><option value=https:\/\/www.kuestenimmobilien.com\/urlaub\/unterkuenfte\/apartment-dangaster-juwel-am-alten-deich-2\/>Apartment Dangaster Juwel, Am Alten Deich 2<\/a><\/option><option value=https:\/\/www.kuestenimmobilien.com\/urlaub\/unterkuenfte\/apartment-dangaster-oase-danksteder-str-11\/>Apartment Dangaster Oase , Danksteder Str. 11<\/a><\/option><option value=https:\/\/www.kuestenimmobilien.com\/urlaub\/unterkuenfte\/apartment-dangaster-priel-am-alten-deich-26-7\/>Apartment Dangaster Priel, Am Alten Deich 26\/7<\/a><\/option><option value=https:\/\/www.kuestenimmobilien.com\/urlaub\/unterkuenfte\/apartment-deichglueck\/>Apartment Deichgl\u00fcck, Dauenser Str. 9, Whg. 13<\/a><\/option><option value=https:\/\/www.kuestenimmobilien.com\/urlaub\/unterkuenfte\/apartment-deichgraf-am-alten-deich-14-5\/>Apartment Deichgraf, Am Alten Deich 14\/5<\/a><\/option><option value=https:\/\/www.kuestenimmobilien.com\/urlaub\/unterkuenfte\/apartment-deichkind-am-alten-deich-4-6-2-28\/>Apartment Deichkind, Am Alten Deich 4-6, 2.28<\/a><\/option><option value=https:\/\/www.kuestenimmobilien.com\/urlaub\/unterkuenfte\/apartment-deichperle-am-alten-deich-20-5\/>Apartment Deichperle, Am Alten Deich 20\/5<\/a><\/option><option value=https:\/\/www.kuestenimmobilien.com\/urlaub\/unterkuenfte\/apartment-friesenlueck\/>Apartment FriesenL\u00fcck<\/a><\/option><option value=https:\/\/www.kuestenimmobilien.com\/urlaub\/unterkuenfte\/apartment-friesland-3-am-alten-deich-26-5\/>Apartment Friesland 3, Am Alten Deich 26\/5<\/a><\/option><option value=https:\/\/www.kuestenimmobilien.com\/urlaub\/unterkuenfte\/apartment-friesland-4-am-alten-deich-26-6\/>Apartment Friesland 4, Am Alten Deich 26\/6<\/a><\/option><option value=https:\/\/www.kuestenimmobilien.com\/urlaub\/unterkuenfte\/apartment-friesland-5-am-alten-deich-26-9\/>Apartment Friesland 5, Am Alten Deich 26\/9<\/a><\/option><option value=https:\/\/www.kuestenimmobilien.com\/urlaub\/unterkuenfte\/apartment-friesland-living-whg-3-1-og-edo-wiemken-str-53\/>Apartment friesland living, Whg. 2, 1. OG , Edo-Wiemken-Str. 53, 65 qm<\/a><\/option><option value=https:\/\/www.kuestenimmobilien.com\/urlaub\/unterkuenfte\/apartment-gruenes-paradies\/>Apartment Gr\u00fcnes Paradies<\/a><\/option><option value=https:\/\/www.kuestenimmobilien.com\/urlaub\/unterkuenfte\/apartment-heimathafen-am-alten-deich-14-1\/>Apartment Heimathafen, Am Alten Deich 14\/1<\/a><\/option><option value=https:\/\/www.kuestenimmobilien.com\/urlaub\/unterkuenfte\/apartment-heimatloft-am-alten-deich-4-6-2-32\/>Apartment Heimatloft, Am Alten Deich 4-6, 2.32<\/a><\/option><option value=https:\/\/www.kuestenimmobilien.com\/urlaub\/unterkuenfte\/apartment-home-4-you-am-alten-deich-12-4\/>Apartment Home 4 You, Am Alten Deich 12\/4<\/a><\/option><option value=https:\/\/www.kuestenimmobilien.com\/urlaub\/unterkuenfte\/apartment-inas-utkiek-am-alten-deich-24-4\/>Apartment Inas Utkiek, Am Alten Deich 24\/4<\/a><\/option><option value=https:\/\/www.kuestenimmobilien.com\/urlaub\/unterkuenfte\/apartment-jadeglueck-am-alten-deich-28-2\/>Apartment Jadegl\u00fcck, Am Alten Deich 28\/2<\/a><\/option><option value=https:\/\/www.kuestenimmobilien.com\/urlaub\/unterkuenfte\/apartment-jadestrand-am-alten-deich-4-6-whg-1-20\/>Apartment Jadestrand, Am Alten Deich 4-6, Whg 1.20<\/a><\/option><option value=https:\/\/www.kuestenimmobilien.com\/urlaub\/unterkuenfte\/apartment-jadewind-humenser-8a\/>Apartment Jadewind, Humenser 8a<\/a><\/option><option value=https:\/\/www.kuestenimmobilien.com\/urlaub\/unterkuenfte\/apartment-kleine-freiheit-am-alten-deich-26-4\/>Apartment Kleine Freiheit, Am Alten Deich 26\/4<\/a><\/option><option value=https:\/\/www.kuestenimmobilien.com\/urlaub\/unterkuenfte\/apartment-kleine-krabbe-am-alten-deich-4-6-10\/>Apartment Kleine Krabbe, Am Alten Deich 4-6\/10<\/a><\/option><option value=https:\/\/www.kuestenimmobilien.com\/urlaub\/unterkuenfte\/apartment-kuestenglueck-am-alten-deich-28-6\/>Apartment K\u00fcstengl\u00fcck, Am Alten Deich 28\/6<\/a><\/option><option value=https:\/\/www.kuestenimmobilien.com\/urlaub\/unterkuenfte\/apartment-kuestenquartier-am-alten-deich-26-8\/>Apartment K\u00fcstenquartier, Am Alten Deich 26\/8<\/a><\/option><option value=https:\/\/www.kuestenimmobilien.com\/urlaub\/unterkuenfte\/apartment-leuchtturm-am-alten-deich-16-2\/>Apartment Leuchtturm, Am Alten Deich 16\/2<\/a><\/option><option value=https:\/\/www.kuestenimmobilien.com\/urlaub\/unterkuenfte\/apartment-lieblingsplatz-am-alten-deich-20-1\/>Apartment Lieblingsplatz, Am Alten Deich 20\/1<\/a><\/option><option value=https:\/\/www.kuestenimmobilien.com\/urlaub\/unterkuenfte\/apartment-luettje-heimat-am-alten-deich-4-6-1-12\/>Apartment L\u00fcttje Heimat, Am Alten Deich 4-6, 1.12<\/a><\/option><option value=https:\/\/www.kuestenimmobilien.com\/urlaub\/unterkuenfte\/apartment-luv-lee-am-alten-deich-4-6-whg-2-36\/>Apartment Luv &amp; Lee, Am Alten Deich 4-6, Whg 2.36<\/a><\/option><option value=https:\/\/www.kuestenimmobilien.com\/urlaub\/unterkuenfte\/apartment-meerleben-am-alten-deich-28-7\/>Apartment MeerLeben, Am Alten Deich 28\/7<\/a><\/option><option value=https:\/\/www.kuestenimmobilien.com\/urlaub\/unterkuenfte\/apartment-moin-am-alten-deich-26-12\/>Apartment Moin, Am Alten Deich 26\/12<\/a><\/option><option value=https:\/\/www.kuestenimmobilien.com\/urlaub\/unterkuenfte\/apartment-noorderwind-am-alten-deich-20-6\/>Apartment Noorderwind, Am Alten Deich 20\/6<\/a><\/option><option value=https:\/\/www.kuestenimmobilien.com\/urlaub\/unterkuenfte\/apartment-nordbudje-am-alten-deich-14-8\/>Apartment Nordbudje, Am Alten Deich 14\/8<\/a><\/option><option value=https:\/\/www.kuestenimmobilien.com\/urlaub\/unterkuenfte\/apartment-nordsee-perle-edo-wiemken-31a\/>Apartment Nordsee Perle, Edo Wiemken 31a<\/a><\/option><option value=https:\/\/www.kuestenimmobilien.com\/urlaub\/unterkuenfte\/apartment-nordseeliebe-am-alten-deich-28-5\/>Apartment Nordseeliebe, Am Alten Deich 28\/5<\/a><\/option><option value=https:\/\/www.kuestenimmobilien.com\/urlaub\/unterkuenfte\/apartment-quellblick-am-alten-deich-4-6-whg-6\/>Apartment Quellblick, Am Alten Deich 4-6, Whg 6<\/a><\/option><option value=https:\/\/www.kuestenimmobilien.com\/urlaub\/unterkuenfte\/apartment-robbennest-am-alten-deich-24-2\/>Apartment Robbennest, Am Alten Deich 24\/2<\/a><\/option><option value=https:\/\/www.kuestenimmobilien.com\/urlaub\/unterkuenfte\/apartment-seaside-am-alten-deich-24-3\/>Apartment Seaside, Am Alten Deich 24\/3<\/a><\/option><option value=https:\/\/www.kuestenimmobilien.com\/urlaub\/unterkuenfte\/apartment-seerose-am-alten-deich-14-6\/>Apartment Seerose, Am Alten Deich 14\/6<\/a><\/option><option value=https:\/\/www.kuestenimmobilien.com\/urlaub\/unterkuenfte\/apartment-selig-am-alten-deich-28-4\/>Apartment Selig, Am Alten Deich 28\/4<\/a><\/option><option value=https:\/\/www.kuestenimmobilien.com\/urlaub\/unterkuenfte\/apartment-silbermoewe-am-alten-deich-22-6\/>Apartment Silberm\u00f6we, Am Alten Deich 22\/6<\/a><\/option><option value=https:\/\/www.kuestenimmobilien.com\/urlaub\/unterkuenfte\/apartment-sonnendeck-am-alten-deich-22-8\/>Apartment Sonnendeck, Am Alten Deich 22\/8<\/a><\/option><option value=https:\/\/www.kuestenimmobilien.com\/urlaub\/unterkuenfte\/apartment-sonnenschein-am-alten-deich-4-6-whg-1-13\/>Apartment Sonnenschein, Am Alten Deich 4-6, Whg 1.13<\/a><\/option><option value=https:\/\/www.kuestenimmobilien.com\/urlaub\/unterkuenfte\/apartment-strandgut-am-alten-deich-12-3\/>Apartment Strandgut, Am Alten Deich 12\/3<\/a><\/option><option value=https:\/\/www.kuestenimmobilien.com\/urlaub\/unterkuenfte\/apartment-strandhafer-am-alten-deich-18-6\/>Apartment Strandhafer, Am Alten Deich 18\/6<\/a><\/option><option value=https:\/\/www.kuestenimmobilien.com\/urlaub\/unterkuenfte\/apartment-strandlaeufer-am-alten-deich-22-2\/>Apartment Strandl\u00e4ufer, Am Alten Deich 22\/2<\/a><\/option><option value=https:\/\/www.kuestenimmobilien.com\/urlaub\/unterkuenfte\/apartment-strandliebe-am-alten-deich-24-5\/>Apartment Strandliebe, Am Alten Deich 24\/5<\/a><\/option><option value=https:\/\/www.kuestenimmobilien.com\/urlaub\/unterkuenfte\/apartment-strandoase-am-alten-deich-28-8\/>Apartment Strandoase, Am Alten Deich 28\/8<\/a><\/option><option value=https:\/\/www.kuestenimmobilien.com\/urlaub\/unterkuenfte\/apartment-strandzauber-am-alten-deich-4-6-whg-11\/>Apartment Strandzauber, Am Alten Deich 4-6\/ Whg 11<\/a><\/option><option value=https:\/\/www.kuestenimmobilien.com\/urlaub\/unterkuenfte\/apartment-toms-kajuete-am-alten-deich-24-9\/>Apartment Toms Kaj\u00fcte, Am Alten Deich 24\/9<\/a><\/option><option value=https:\/\/www.kuestenimmobilien.com\/urlaub\/unterkuenfte\/apartment-waterkamp-am-alten-deich-4-6-whg-7\/>Apartment Waterkamp, Am Alten Deich 4-6, Whg 7<\/a><\/option><option value=https:\/\/www.kuestenimmobilien.com\/urlaub\/unterkuenfte\/apartment-wattn-glueck-am-alten-deich-26-11\/>Apartment Watt\u00b4n Gl\u00fcck, Am Alten Deich 26\/11<\/a><\/option><option value=https:\/\/www.kuestenimmobilien.com\/urlaub\/unterkuenfte\/apartment-wattn-koje-am-alten-deich-4-6-2-29\/>Apartment Watt&#8217;n Koje, Am Alten Deich 4-6, 2.29<\/a><\/option><option value=https:\/\/www.kuestenimmobilien.com\/urlaub\/unterkuenfte\/apartment-westbudje-am-alten-deich-22-5\/>Apartment Westbudje, Am Alten Deich 22\/5<\/a><\/option><option value=https:\/\/www.kuestenimmobilien.com\/urlaub\/unterkuenfte\/apartment-wind-welle-am-alten-deich-12-7\/>Apartment Wind &amp; Welle, Am Alten Deich 12\/7<\/a><\/option><option value=https:\/\/www.kuestenimmobilien.com\/urlaub\/unterkuenfte\/apartment-wolke-7-am-alten-deich-4-2-34\/>Apartment Wolke 7, Am Alten Deich 4, 2.34<\/a><\/option><option value=https:\/\/www.kuestenimmobilien.com\/urlaub\/unterkuenfte\/apartment-yellow-submarine-am-alten-deich-26-1\/>Apartment Yellow Submarine, Am Alten Deich 26\/1<\/a><\/option><option value=https:\/\/www.kuestenimmobilien.com\/urlaub\/unterkuenfte\/apartment-you-me-the-sea-am-alten-deich-4-6-whg-1-15\/>Apartment you, me &amp; the sea, Am Alten Deich 4-6, Whg. 1.15<\/a><\/option><option value=https:\/\/www.kuestenimmobilien.com\/urlaub\/unterkuenfte\/apartment-youngfamily-am-alten-deich-14-2\/>Apartment YoungFamily, Am Alten Deich 14\/2<\/a><\/option><option value=https:\/\/www.kuestenimmobilien.com\/urlaub\/unterkuenfte\/apartment-zweisamkeit-am-alten-deich-24-1\/>Apartment Zweisamkeit, Am Alten Deich 24\/1<\/a><\/option><option value=https:\/\/www.kuestenimmobilien.com\/urlaub\/unterkuenfte\/apartmenthaus-am-nordseestrand-whg-10-an-der-rennweide-1b-70qm\/>Apartmenthaus am Nordseestrand Whg. 10 An der Rennweide 1B, 70qm<\/a><\/option><option value=https:\/\/www.kuestenimmobilien.com\/urlaub\/unterkuenfte\/apartmenthaus-am-nordseestrand-whg-2-an-der-rennweide-1b-78-qm\/>Apartmenthaus am Nordseestrand Whg. 2, An der Rennweide 1B, 78 qm<\/a><\/option><option value=https:\/\/www.kuestenimmobilien.com\/urlaub\/unterkuenfte\/apartmenthaus-am-nordseestrand-whg-4-an-der-rennweide-1b-75qm\/>Apartmenthaus am Nordseestrand Whg. 4 An der Rennweide 1B, 75qm<\/a><\/option><option value=https:\/\/www.kuestenimmobilien.com\/urlaub\/unterkuenfte\/apartmenthaus-am-nordseestrand-whg-5-an-der-rennweide-1b-78qm\/>Apartmenthaus am Nordseestrand Whg. 5, An der Rennweide 1B, 78qm<\/a><\/option><option value=https:\/\/www.kuestenimmobilien.com\/urlaub\/unterkuenfte\/apartmenthaus-am-nordseestrand-whg-6-an-der-rennweide-1b-62qm\/>Apartmenthaus am Nordseestrand Whg. 6, An der Rennweide 1B, 62qm<\/a><\/option><option value=https:\/\/www.kuestenimmobilien.com\/urlaub\/unterkuenfte\/apartmenthaus-am-nordseestrand-whg-7-an-der-rennweide-1b-70qm\/>Apartmenthaus am Nordseestrand Whg. 7, An der Rennweide 1B, 70qm<\/a><\/option><option value=https:\/\/www.kuestenimmobilien.com\/urlaub\/unterkuenfte\/apartmenthaus-am-nordseestrand-whg-8-an-der-rennweide-1b-95qm\/>Apartmenthaus am Nordseestrand Whg. 8, An der Rennweide 1B, 95qm<\/a><\/option><option value=https:\/\/www.kuestenimmobilien.com\/urlaub\/unterkuenfte\/apartmenthaus-am-nordseestrand-whg-9-an-der-rennweide-1b-95qm\/>Apartmenthaus am Nordseestrand Whg. 9, An der Rennweide 1B, 95qm<\/a><\/option><option value=https:\/\/www.kuestenimmobilien.com\/urlaub\/unterkuenfte\/apartmenthaus-am-nordseestrand-whg-1-an-der-rennweide-1b-62qm\/>Apartmenthaus am Nordseestrand, Whg. 1, An der Rennweide 1B, 62qm<\/a><\/option><option value=https:\/\/www.kuestenimmobilien.com\/urlaub\/unterkuenfte\/apartmenthaus-am-nordseestrand-whg-3-an-der-rennweide-1b-75qm\/>Apartmenthaus am Nordseestrand, Whg. 3, An der Rennweide 1B, 75qm<\/a><\/option><option value=https:\/\/www.kuestenimmobilien.com\/urlaub\/unterkuenfte\/ferienwohnung-blauer-delfin-am-alten-deich-4-6-whg-4\/>Ferienwohnung Blauer Delfin, Am Alten Deich 4-6, Whg 4<\/a><\/option><option value=https:\/\/www.kuestenimmobilien.com\/urlaub\/unterkuenfte\/ferienwohnung-fiete-am-alten-deich-4-6-whg-1-22\/>Ferienwohnung Fiete, Am Alten Deich 4-6, Whg 1.22<\/a><\/option><option value=https:\/\/www.kuestenimmobilien.com\/urlaub\/unterkuenfte\/ferienwohnung-friesenblau-eg\/>Ferienwohnung Friesenblau EG<\/a><\/option><option value=https:\/\/www.kuestenimmobilien.com\/urlaub\/unterkuenfte\/ferienwohnung-friesenblau-og\/>Ferienwohnung Friesenblau OG<\/a><\/option><option value=https:\/\/www.kuestenimmobilien.com\/urlaub\/unterkuenfte\/ferienwohnung-frische-brise-eg\/>Ferienwohnung Frische Brise EG<\/a><\/option><option value=https:\/\/www.kuestenimmobilien.com\/urlaub\/unterkuenfte\/ferienwohnung-frische-brise-og\/>Ferienwohnung Frische Brise OG<\/a><\/option><option value=https:\/\/www.kuestenimmobilien.com\/urlaub\/unterkuenfte\/ferienwohnung-kuestenidyll-am-alten-deich-4-6-whg-2\/>Ferienwohnung K\u00fcstenidyll, Am Alten Deich 4-6, Whg 2<\/a><\/option><option value=https:\/\/www.kuestenimmobilien.com\/urlaub\/unterkuenfte\/ferienwohnung-morgenbrise\/>Ferienwohnung Morgenbrise<\/a><\/option><option value=https:\/\/www.kuestenimmobilien.com\/urlaub\/unterkuenfte\/haus-friesland-10-am-alten-deich-15c\/>Haus &#8222;Friesland 10&#8220;, Am Alten Deich 15c<\/a><\/option><option value=https:\/\/www.kuestenimmobilien.com\/urlaub\/unterkuenfte\/haus-friesland-8-am-alten-deich-42\/>Haus &#8222;Friesland 8&#8220;, Am Alten Deich 42<\/a><\/option><option value=https:\/\/www.kuestenimmobilien.com\/urlaub\/unterkuenfte\/haus-friesland-9-am-alten-deich-44\/>Haus &#8222;Friesland 9&#8220;, Am Alten Deich 44<\/a><\/option><option value=https:\/\/www.kuestenimmobilien.com\/urlaub\/unterkuenfte\/haus-am-meer-whg-3-deluxe-eg-75qm-edo-wiemken-str-48\/>Haus am Meer Whg 3 Deluxe, EG 75qm, Edo-Wiemken-Str. 48<\/a><\/option><option value=https:\/\/www.kuestenimmobilien.com\/urlaub\/unterkuenfte\/haus-am-meer-whg-1-eg-edo-wiemken-str-48-75qm-4-personen\/>Haus am Meer, FeWo \u201eSeebrise\u201c, EG, Edo-Wiemken-Stra\u00dfe 48<\/a><\/option><option value=https:\/\/www.kuestenimmobilien.com\/urlaub\/unterkuenfte\/haus-auszeit-bordumer-str-16a-70qm\/>Haus Auszeit,  Bordumer Str. 16A, 70qm<\/a><\/option><option value=https:\/\/www.kuestenimmobilien.com\/urlaub\/unterkuenfte\/haus-birkenhof\/>Haus Birkenhof<\/a><\/option><option value=https:\/\/www.kuestenimmobilien.com\/urlaub\/unterkuenfte\/haus-christiana-danksteder-str-16d-70qm\/>Haus Christiana, Danksteder Str. 16d, 70qm<\/a><\/option><option value=https:\/\/www.kuestenimmobilien.com\/urlaub\/unterkuenfte\/haus-christianshus\/>Haus Christianshus<\/a><\/option><option value=https:\/\/www.kuestenimmobilien.com\/urlaub\/unterkuenfte\/haus-dangaster-gezeiten-an-der-rennweide-32-120qm\/>Haus Dangaster Gezeiten, An der Rennweide 32, 120qm<\/a><\/option><option value=https:\/\/www.kuestenimmobilien.com\/urlaub\/unterkuenfte\/haus-freiraum-am-alten-deich-13b\/>Haus Freiraum, Am Alten Deich 13b<\/a><\/option><option value=https:\/\/www.kuestenimmobilien.com\/urlaub\/unterkuenfte\/haus-friesenkoje\/>Haus Friesenkoje<\/a><\/option><option value=https:\/\/www.kuestenimmobilien.com\/urlaub\/unterkuenfte\/haus-frisia-hollwert-33f-90qm\/>Haus Frisia, Hollwert 33f, 90qm<\/a><\/option><option value=https:\/\/www.kuestenimmobilien.com\/urlaub\/unterkuenfte\/haus-hafenkoje\/>Haus Hafenkoje<\/a><\/option><option value=https:\/\/www.kuestenimmobilien.com\/urlaub\/unterkuenfte\/haus-hollum-70-qm-an-der-rennweide-26b\/>Haus Hollum 70 qm An der Rennweide 26b<\/a><\/option><option value=https:\/\/www.kuestenimmobilien.com\/urlaub\/unterkuenfte\/haus-luettes-glueck-edo-wiemken-str-33d\/>Haus L\u00fcttes Gl\u00fcck, Edo-Wiemken Str. 33d<\/a><\/option><option value=https:\/\/www.kuestenimmobilien.com\/urlaub\/unterkuenfte\/haus-meeresblick-eg-an-der-rennweide-18-100qm\/>Haus Meeresblick EG An der Rennweide 18, 100qm<\/a><\/option><option value=https:\/\/www.kuestenimmobilien.com\/urlaub\/unterkuenfte\/haus-meeresblick-og-an-der-rennweide-18-75qm\/>Haus Meeresblick OG An der Rennweide 18, 75qm<\/a><\/option><option value=https:\/\/www.kuestenimmobilien.com\/urlaub\/unterkuenfte\/haus-meeresmelodie-deichhoern-9a\/>Haus Meeresmelodie, Deichh\u00f6rn 9a<\/a><\/option><option value=https:\/\/www.kuestenimmobilien.com\/urlaub\/unterkuenfte\/haus-meerglueck-deichhoern-6b\/>Haus MeerGl\u00fcck, Deichh\u00f6rn 6b<\/a><\/option><option value=https:\/\/www.kuestenimmobilien.com\/urlaub\/unterkuenfte\/haus-mellum-75-qm-an-der-rennweide-26c\/>Haus Mellum 70 qm, An der Rennweide 26c<\/a><\/option><option value=https:\/\/www.kuestenimmobilien.com\/urlaub\/unterkuenfte\/haus-nordlicht-danksteder-str-16b-70qm\/>Haus Nordlicht Danksteder Str. 16B, 70qm<\/a><\/option><option value=https:\/\/www.kuestenimmobilien.com\/urlaub\/unterkuenfte\/haus-pier-24-an-der-rennweide-24a-96qm\/>Haus Pier 24 An der Rennweide 24a  96qm<\/a><\/option><option value=https:\/\/www.kuestenimmobilien.com\/urlaub\/unterkuenfte\/haus-rieke-bordumer-str-13a-105qm\/>Haus Rieke Bordumer Str. 13A, 105qm<\/a><\/option><option value=https:\/\/www.kuestenimmobilien.com\/urlaub\/unterkuenfte\/haus-roessler-dauenser-strasse-12\/>Haus R\u00f6ssler, Dauenser Stra\u00dfe 12<\/a><\/option><option value=https:\/\/www.kuestenimmobilien.com\/urlaub\/unterkuenfte\/haus-seebaer-whg-1-hollwert-29a-70qm\/>Haus Seeb\u00e4r Whg. 1 Hollwert 29a 70qm<\/a><\/option><option value=https:\/\/www.kuestenimmobilien.com\/urlaub\/unterkuenfte\/haus-seemoewe-hollwert-33d-90qm\/>Haus Seem\u00f6we Hollwert 33d 90qm<\/a><\/option><option value=https:\/\/www.kuestenimmobilien.com\/urlaub\/unterkuenfte\/haus-strandburg-dauenser-str-15a-85qm\/>Haus Strandburg Dauenser Str. 15a 85qm<\/a><\/option><option value=https:\/\/www.kuestenimmobilien.com\/urlaub\/unterkuenfte\/haus-strandhus-1-an-der-rennweide-1-161qm\/>Haus Strandhus 1, An der Rennweide 1, 161qm<\/a><\/option><option value=https:\/\/www.kuestenimmobilien.com\/urlaub\/unterkuenfte\/haus-strandhus-2-an-der-rennweide-1a-169qm\/>Haus Strandhus 2, An der Rennweide 1a, 169qm<\/a><\/option><option value=https:\/\/www.kuestenimmobilien.com\/urlaub\/unterkuenfte\/haus-strandidyll-penthouse-auf-der-gast-38e-whg-6\/>Haus Strandidyll Penthouse Auf der Gast 38e, Whg. 6<\/a><\/option><option value=https:\/\/www.kuestenimmobilien.com\/urlaub\/unterkuenfte\/haus-strandkieker-an-der-rennweide-12c-65qm\/>Haus Strandkieker, An der Rennweide 12c, 65qm<\/a><\/option><option value=https:\/\/www.kuestenimmobilien.com\/urlaub\/unterkuenfte\/haus-tante-clara-whg-26-kukshoerner-weg-8f-65qm\/>Haus Tante  Clara Whg. 26 Kuksh\u00f6rner Weg 8f  65qm<\/a><\/option><option value=https:\/\/www.kuestenimmobilien.com\/urlaub\/unterkuenfte\/haus-tante-clara-whg-seglerkoje\/>Haus Tante Clara Seglerkoje, Whg. 6, Kuksh\u00f6rner Weg 8a<\/a><\/option><option value=https:\/\/www.kuestenimmobilien.com\/urlaub\/unterkuenfte\/haus-tante-clara-whg-skipperkoje\/>Haus Tante Clara Skipperkoje, Whg. 20, Kuksh\u00f6rner Weg 8b<\/a><\/option><option value=https:\/\/www.kuestenimmobilien.com\/urlaub\/unterkuenfte\/haus-tante-clara-whg-18-kukshoerner-weg-8b-65qm\/>Haus Tante Clara Whg. 18, Kuksh\u00f6rner Weg 8B 65qm<\/a><\/option><option value=https:\/\/www.kuestenimmobilien.com\/urlaub\/unterkuenfte\/haus-tante-clara-wohnung-24-kukshoerner-weg-8d-65qm\/>Haus Tante Clara Wohnung 24 Kuksh\u00f6rner Weg 8d, 65qm<\/a><\/option><option value=https:\/\/www.kuestenimmobilien.com\/urlaub\/unterkuenfte\/haus-tor-zum-wattenmeer-whg-1-eg-edo-wiemken-str-53-78-qm\/>Haus Tor zum Wattenmeer Whg. 1 EG, Edo-Wiemken-Str. 53, 78 qm<\/a><\/option><option value=https:\/\/www.kuestenimmobilien.com\/urlaub\/unterkuenfte\/haus-vierjahreszeiten-edo-wiemken-str-37c-75qm\/>Haus Vierjahreszeiten, Edo-Wiemken-Str. 37c,  (75qm)<\/a><\/option><option value=https:\/\/www.kuestenimmobilien.com\/urlaub\/unterkuenfte\/haus-villa-am-meer-an-der-rennweide-20-110qm\/>Haus Villa am Meer, An der Rennweide 20 110qm<\/a><\/option><option value=https:\/\/www.kuestenimmobilien.com\/urlaub\/unterkuenfte\/haus-waldesblick-an-der-rennweide-26a-75-qm\/>Haus Waldesblick An der Rennweide 26a 75 qm<\/a><\/option><option value=https:\/\/www.kuestenimmobilien.com\/urlaub\/unterkuenfte\/haus-wiechmann-hollwert-31g-75qm\/>Haus Wiechmann Hollwert 31g 75qm<\/a><\/option><option value=https:\/\/www.kuestenimmobilien.com\/urlaub\/unterkuenfte\/loft-sonne-mehr-am-alten-deich-26-10\/>Loft Sonne &amp; Mehr, Am Alten Deich 26\/10<\/a><\/option><option value=https:\/\/www.kuestenimmobilien.com\/urlaub\/unterkuenfte\/nordsee-park-ankerplatz-deichhoern-3\/>Nordsee Park Ankerplatz, Deichh\u00f6rn 3<\/a><\/option><option value=https:\/\/www.kuestenimmobilien.com\/urlaub\/unterkuenfte\/nordsee-park-annaduene-15b-p119\/>Nordsee Park AnnaD\u00fcne 15b, P119<\/a><\/option><option value=https:\/\/www.kuestenimmobilien.com\/urlaub\/unterkuenfte\/nordsee-park-bettys-nordlicht-9c\/>Nordsee Park Bettys Nordlicht, 9c<\/a><\/option><option value=https:\/\/www.kuestenimmobilien.com\/urlaub\/unterkuenfte\/nordsee-park-sk-15-3-dan-53\/>Nordsee Park Dan 53\u00b0<\/a><\/option><option value=https:\/\/www.kuestenimmobilien.com\/urlaub\/unterkuenfte\/nordsee-park-deichtraum-9b\/>Nordsee Park Deichtraum 9b<\/a><\/option><option value=https:\/\/www.kuestenimmobilien.com\/urlaub\/unterkuenfte\/nordsee-park-fehnhuus-11a\/>Nordsee Park Fehnhuus, 11a<\/a><\/option><option value=https:\/\/www.kuestenimmobilien.com\/urlaub\/unterkuenfte\/nordsee-park-haus-bootsmann\/>Nordsee Park Haus Bootsmann<\/a><\/option><option value=https:\/\/www.kuestenimmobilien.com\/urlaub\/unterkuenfte\/nordsee-park-haus-dan-53\/>Nordsee Park Haus Dan 53\u00b0<\/a><\/option><option value=https:\/\/www.kuestenimmobilien.com\/urlaub\/unterkuenfte\/nordsee-park-haus-deichbrise\/>Nordsee Park Haus Deichbrise<\/a><\/option><option value=https:\/\/www.kuestenimmobilien.com\/urlaub\/unterkuenfte\/nordsee-park-haus-friesland-6-p112\/>Nordsee Park Haus Friesland 6 P112<\/a><\/option><option value=https:\/\/www.kuestenimmobilien.com\/urlaub\/unterkuenfte\/nordsee-park-haus-friesland-7-p113\/>Nordsee Park Haus Friesland 7 P113<\/a><\/option><option value=https:\/\/www.kuestenimmobilien.com\/urlaub\/unterkuenfte\/nordsee-park-haus-13-a-kaptains-huus\/>Nordsee Park Haus Kaptains Huus<\/a><\/option><option value=https:\/\/www.kuestenimmobilien.com\/urlaub\/unterkuenfte\/nordsee-park-haus-stella\/>Nordsee Park Haus Stella<\/a><\/option><option value=https:\/\/www.kuestenimmobilien.com\/urlaub\/unterkuenfte\/nordsee-park-haus-stina\/>Nordsee Park Haus Stina<\/a><\/option><option value=https:\/\/www.kuestenimmobilien.com\/urlaub\/unterkuenfte\/nordsee-park-kuestenwind-deichhoern-5\/>Nordsee Park K\u00fcstenwind, Deichh\u00f6rn 5<\/a><\/option><option value=https:\/\/www.kuestenimmobilien.com\/urlaub\/unterkuenfte\/nordsee-park-sk-10-heimersdorf-dg-rechts\/>Nordsee Park SK 10 Heimersdorf &#8211; DG rechts<\/a><\/option><option value=https:\/\/www.kuestenimmobilien.com\/urlaub\/unterkuenfte\/nordsee-park-sk-10-nippes-eg-links\/>Nordsee Park SK 10 Nippes &#8211; EG links<\/a><\/option><option value=https:\/\/www.kuestenimmobilien.com\/urlaub\/unterkuenfte\/nordsee-park-sk-10-rodenkirchen-dg-links\/>Nordsee Park SK 10 Rodenkirchen &#8211; DG links<\/a><\/option><option value=https:\/\/www.kuestenimmobilien.com\/urlaub\/unterkuenfte\/nordsee-park-sk-10-weidenpesch-eg-rechts\/>Nordsee Park SK 10 Weidenpesch &#8211; EG rechts<\/a><\/option><option value=https:\/\/www.kuestenimmobilien.com\/urlaub\/unterkuenfte\/nordsee-park-sk-13-gruenes-idyll\/>Nordsee Park SK 13 Gr\u00fcnes Idyll<\/a><\/option><option value=https:\/\/www.kuestenimmobilien.com\/urlaub\/unterkuenfte\/nordsee-park-sk-13-hacienda\/>Nordsee Park SK 13 Hacienda<\/a><\/option><option value=https:\/\/www.kuestenimmobilien.com\/urlaub\/unterkuenfte\/nordsee-park-sk-15-2-dangaster-meeresleuchten\/>Nordsee Park SK 15.2 Dangaster Meeresleuchten<\/a><\/option><option value=https:\/\/www.kuestenimmobilien.com\/urlaub\/unterkuenfte\/nordsee-park-sk-15-4-sanddorn\/>Nordsee Park SK 15.4 Sanddorn<\/a><\/option><option value=https:\/\/www.kuestenimmobilien.com\/urlaub\/unterkuenfte\/nordsee-park-sk-19-villa-meerchen\/>Nordsee Park SK 19 Villa Meerchen<\/a><\/option><option value=https:\/\/www.kuestenimmobilien.com\/urlaub\/unterkuenfte\/nordsee-park-sk-2-flutlicht\/>Nordsee Park SK 2 Flutlicht<\/a><\/option><option value=https:\/\/www.kuestenimmobilien.com\/urlaub\/unterkuenfte\/nordsee-park-sk-2-wattn-wunder\/>Nordsee Park SK 2 Watt&#8217;n Wunder<\/a><\/option><option value=https:\/\/www.kuestenimmobilien.com\/urlaub\/unterkuenfte\/nordsee-park-sk-21-villa-jadezeit\/>Nordsee Park SK 21 Villa Jadezeit<\/a><\/option><option value=https:\/\/www.kuestenimmobilien.com\/urlaub\/unterkuenfte\/nordsee-park-sk-23-dangaster-liegeplatz\/>Nordsee Park SK 23 Dangaster Liegeplatz<\/a><\/option><option value=https:\/\/www.kuestenimmobilien.com\/urlaub\/unterkuenfte\/nordsee-park-sk-26-strandhaus-53-nord\/>Nordsee Park SK 26 Strandhaus 53\u00b0 Nord<\/a><\/option><option value=https:\/\/www.kuestenimmobilien.com\/urlaub\/unterkuenfte\/nordsee-park-sk-29-wattn-villa-1\/>Nordsee Park SK 29 Watt&#8217;n Villa 1<\/a><\/option><option value=https:\/\/www.kuestenimmobilien.com\/urlaub\/unterkuenfte\/nordsee-park-sk-29-wattn-villa-2\/>Nordsee Park SK 29 Watt&#8217;n Villa 2<\/a><\/option><option value=https:\/\/www.kuestenimmobilien.com\/urlaub\/unterkuenfte\/nordsee-park-sk-29-wattn-villa-3\/>Nordsee Park SK 29 Watt&#8217;n Villa 3<\/a><\/option><option value=https:\/\/www.kuestenimmobilien.com\/urlaub\/unterkuenfte\/nordsee-park-sk-29-wattn-villa-4\/>Nordsee Park SK 29 Watt&#8217;n Villa 4<\/a><\/option><option value=https:\/\/www.kuestenimmobilien.com\/urlaub\/unterkuenfte\/nordsee-park-sk-3-dangaster-duene\/>Nordsee Park SK 3 Dangaster D\u00fcne<\/a><\/option><option value=https:\/\/www.kuestenimmobilien.com\/urlaub\/unterkuenfte\/nordsee-park-sk-4-haus-achtern-diek\/>Nordsee Park SK 4 Haus achtern diek<\/a><\/option><option value=https:\/\/www.kuestenimmobilien.com\/urlaub\/unterkuenfte\/nordsee-park-sk-5-jadezauber\/>Nordsee Park SK 5 Jadezauber<\/a><\/option><option value=https:\/\/www.kuestenimmobilien.com\/urlaub\/unterkuenfte\/nordsee-park-sk-6-haus-ackerpulko\/>Nordsee Park SK 6 Haus Ackerpulko<\/a><\/option><option value=https:\/\/www.kuestenimmobilien.com\/urlaub\/unterkuenfte\/nordsee-park-sk-8-haus-strandheimat\/>Nordsee Park SK 8 Haus Strandheimat<\/a><\/option><option value=https:\/\/www.kuestenimmobilien.com\/urlaub\/unterkuenfte\/nordsee-park-sk-9-haus-turtle-home\/>Nordsee Park SK 9 Haus Turtle Home<\/a><\/option><option value=https:\/\/www.kuestenimmobilien.com\/urlaub\/unterkuenfte\/nordsee-park-sp-9-haus-freya\/>Nordsee Park SP 9 Haus Freya<\/a><\/option><option value=https:\/\/www.kuestenimmobilien.com\/urlaub\/unterkuenfte\/nordsee-park-strandhuus11b\/>Nordsee Park Strandhuus,11b<\/a><\/option><option value=https:\/\/www.kuestenimmobilien.com\/urlaub\/unterkuenfte\/oase-am-meer-am-alten-deich-18-2\/>Oase am Meer, Am Alten Deich 18\/2<\/a><\/option><option value=https:\/\/www.kuestenimmobilien.com\/urlaub\/unterkuenfte\/penthouse-moewenblick-am-alten-deich-18-8\/>Penthouse &#8222;M\u00f6wenblick&#8220;, Am Alten Deich 18\/8<\/a><\/option><option value=https:\/\/www.kuestenimmobilien.com\/urlaub\/unterkuenfte\/penthouse-gezeitenblick-am-alten-deich-4-2-31\/>Penthouse Gezeitenblick, Am Alten Deich 4-2.31<\/a><\/option><option value=https:\/\/www.kuestenimmobilien.com\/urlaub\/unterkuenfte\/5-sterne-penthouse-gluecksmomente-am-alten-deich-20-9\/>Penthouse Gl\u00fccksmomente, Am Alten Deich 20\/9<\/a><\/option><option value=https:\/\/www.kuestenimmobilien.com\/urlaub\/unterkuenfte\/penthouse-jadeloft-am-alten-deich-20-7\/>Penthouse Jadeloft, Am Alten Deich 20\/7<\/a><\/option><option value=https:\/\/www.kuestenimmobilien.com\/urlaub\/unterkuenfte\/penthouse-kiebitz-am-alten-deich-18-7\/>Penthouse Kiebitz, Am Alten Deich 18\/7<\/a><\/option><option value=https:\/\/www.kuestenimmobilien.com\/urlaub\/unterkuenfte\/penthouse-seepanorama-am-alten-deich-16-9\/>Penthouse Seepanorama, Am Alten Deich 16\/9<\/a><\/option><option value=https:\/\/www.kuestenimmobilien.com\/urlaub\/unterkuenfte\/penthouse-sonneneck-am-alten-deich-4-6-whg-2-25\/>Penthouse Sonneneck , Am Alten Deich 4-6, Whg 2.25<\/a><\/option><option value=https:\/\/www.kuestenimmobilien.com\/urlaub\/unterkuenfte\/penthouse-strandkrabbe-am-alten-deich-16-8\/>Penthouse Strandkrabbe, Am Alten Deich 16\/8<\/a><\/option><option value=https:\/\/www.kuestenimmobilien.com\/urlaub\/unterkuenfte\/penthouse-sundowner-am-alten-deich-14-10\/>Penthouse Sundowner, Am Alten Deich 14\/10<\/a><\/option><option value=https:\/\/www.kuestenimmobilien.com\/urlaub\/unterkuenfte\/premium-penthouse-lopiloft-am-alten-deich-12-5\/>Premium Penthouse LopiLoft, Am Alten Deich 12\/5<\/a><\/option><option value=https:\/\/www.kuestenimmobilien.com\/urlaub\/unterkuenfte\/premium-penthouse-oceans-eleven-am-alten-deich-14-11\/>Premium-Penthouse Oceans Eleven, Am Alten Deich 14\/11<\/a><\/option><\/select><\/div>\t\t\t\t\t\t\t<\/div>\n\t\t\t\t\t\t<\/form>\n\t\t\t\t\t<\/div>\n\t\t\t\t<\/div>\t\n\t\t\t\t<div class=\"wrap-kontakt\">\n\t\t\t\t\t\t\t<div data-elementor-type=\"section\" data-elementor-id=\"28\" class=\"elementor elementor-28\" data-elementor-post-type=\"elementor_library\">\n\t\t\t<div class=\"elementor-element elementor-element-883e4a6 e-con-full e-flex e-con e-parent\" data-id=\"883e4a6\" data-element_type=\"container\" data-settings=\"{&quot;background_background&quot;:&quot;classic&quot;}\">\n\t\t<div class=\"elementor-element elementor-element-71cf677 e-flex e-con-boxed e-con e-child\" data-id=\"71cf677\" data-element_type=\"container\">\n\t\t\t\t\t<div class=\"e-con-inner\">\n\t\t\t\t<div class=\"elementor-element elementor-element-a3c563c elementor-widget elementor-widget-image\" data-id=\"a3c563c\" data-element_type=\"widget\" data-widget_type=\"image.default\">\n\t\t\t\t<div class=\"elementor-widget-container\">\n\t\t\t\t\t\t\t\t\t\t\t\t\t\t\t<img fetchpriority=\"high\" decoding=\"async\" width=\"800\" height=\"534\" src=\"https:\/\/www.kuestenimmobilien.com\/urlaub\/wp-content\/uploads\/2023\/04\/IMG_9840_zervoss-2-1024x683.jpg\" class=\"attachment-large size-large wp-image-3403\" alt=\"\" srcset=\"https:\/\/www.kuestenimmobilien.com\/urlaub\/wp-content\/uploads\/2023\/04\/IMG_9840_zervoss-2-1024x683.jpg 1024w, https:\/\/www.kuestenimmobilien.com\/urlaub\/wp-content\/uploads\/2023\/04\/IMG_9840_zervoss-2-300x200.jpg 300w, https:\/\/www.kuestenimmobilien.com\/urlaub\/wp-content\/uploads\/2023\/04\/IMG_9840_zervoss-2-768x512.jpg 768w, https:\/\/www.kuestenimmobilien.com\/urlaub\/wp-content\/uploads\/2023\/04\/IMG_9840_zervoss-2-1536x1024.jpg 1536w, https:\/\/www.kuestenimmobilien.com\/urlaub\/wp-content\/uploads\/2023\/04\/IMG_9840_zervoss-2.jpg 2048w\" sizes=\"(max-width: 800px) 100vw, 800px\" \/>\t\t\t\t\t\t\t\t\t\t\t\t\t\t\t<\/div>\n\t\t\t\t<\/div>\n\t\t\t\t\t<\/div>\n\t\t\t\t<\/div>\n\t\t<div class=\"elementor-element elementor-element-40f85aa e-con-full e-flex e-con e-child\" data-id=\"40f85aa\" data-element_type=\"container\">\n\t\t\t\t<div class=\"elementor-element elementor-element-a81ce09 elementor-widget elementor-widget-heading\" data-id=\"a81ce09\" data-element_type=\"widget\" data-widget_type=\"heading.default\">\n\t\t\t\t<div class=\"elementor-widget-container\">\n\t\t\t\t\t<h3 class=\"elementor-heading-title elementor-size-default\">Kontakt<\/h3>\t\t\t\t<\/div>\n\t\t\t\t<\/div>\n\t\t\t\t<div class=\"elementor-element elementor-element-f06215f elementor-widget elementor-widget-text-editor\" data-id=\"f06215f\" data-element_type=\"widget\" data-widget_type=\"text-editor.default\">\n\t\t\t\t<div class=\"elementor-widget-container\">\n\t\t\t\t\t\t\t\t\t<div class=\"page\" title=\"Page 15\"><div class=\"section\"><div class=\"layoutArea\"><div class=\"column\"><p>Fragen rund um Ihren Urlaub beantworten wir gerne telefonisch.<\/p><\/div><\/div><\/div><\/div>\t\t\t\t\t\t\t\t<\/div>\n\t\t\t\t<\/div>\n\t\t\t\t<div class=\"elementor-element elementor-element-599c238 elementor-align-left elementor-icon-list--layout-traditional elementor-list-item-link-full_width elementor-widget elementor-widget-icon-list\" data-id=\"599c238\" data-element_type=\"widget\" data-widget_type=\"icon-list.default\">\n\t\t\t\t<div class=\"elementor-widget-container\">\n\t\t\t\t\t\t\t<ul class=\"elementor-icon-list-items\">\n\t\t\t\t\t\t\t<li class=\"elementor-icon-list-item\">\n\t\t\t\t\t\t\t\t\t\t\t<span class=\"elementor-icon-list-icon\">\n\t\t\t\t\t\t\t<i aria-hidden=\"true\" class=\"far fa-phone\"><\/i>\t\t\t\t\t\t<\/span>\n\t\t\t\t\t\t\t\t\t\t<span class=\"elementor-icon-list-text\">Telefon<\/span>\n\t\t\t\t\t\t\t\t\t<\/li>\n\t\t\t\t\t\t<\/ul>\n\t\t\t\t\t\t<\/div>\n\t\t\t\t<\/div>\n\t\t\t\t<div class=\"elementor-element elementor-element-6eb8786 no-margin-bottom a-col elementor-widget elementor-widget-text-editor\" data-id=\"6eb8786\" data-element_type=\"widget\" data-widget_type=\"text-editor.default\">\n\t\t\t\t<div class=\"elementor-widget-container\">\n\t\t\t\t\t\t\t\t\t<p><a href=\"tel:+494451959695\">+49 (0)4451 959 695<\/a><\/p>\t\t\t\t\t\t\t\t<\/div>\n\t\t\t\t<\/div>\n\t\t\t\t<div class=\"elementor-element elementor-element-24befbd elementor-align-left elementor-icon-list--layout-traditional elementor-list-item-link-full_width elementor-widget elementor-widget-icon-list\" data-id=\"24befbd\" data-element_type=\"widget\" data-widget_type=\"icon-list.default\">\n\t\t\t\t<div class=\"elementor-widget-container\">\n\t\t\t\t\t\t\t<ul class=\"elementor-icon-list-items\">\n\t\t\t\t\t\t\t<li class=\"elementor-icon-list-item\">\n\t\t\t\t\t\t\t\t\t\t\t<span class=\"elementor-icon-list-icon\">\n\t\t\t\t\t\t\t<i aria-hidden=\"true\" class=\"far fa-envelope\"><\/i>\t\t\t\t\t\t<\/span>\n\t\t\t\t\t\t\t\t\t\t<span class=\"elementor-icon-list-text\">E-Mail<\/span>\n\t\t\t\t\t\t\t\t\t<\/li>\n\t\t\t\t\t\t<\/ul>\n\t\t\t\t\t\t<\/div>\n\t\t\t\t<\/div>\n\t\t\t\t<div class=\"elementor-element elementor-element-db7aaf7 no-margin-bottom a-col elementor-widget elementor-widget-text-editor\" data-id=\"db7aaf7\" data-element_type=\"widget\" data-widget_type=\"text-editor.default\">\n\t\t\t\t<div class=\"elementor-widget-container\">\n\t\t\t\t\t\t\t\t\t<p><a href=\"mailto:info@kuestenimmobilien.com\">info@kuestenimmobilien.com<\/a><\/p>\t\t\t\t\t\t\t\t<\/div>\n\t\t\t\t<\/div>\n\t\t\t\t<\/div>\n\t\t\t\t<\/div>\n\t\t\t\t<\/div>\n\t\t\t\n\t\t\t\t<\/div>\n\t\t\t<\/div>\n\t\t\t<div class=\"separator-small hide-desktop\"><\/div>\n\t\t\t<div class=\"right-col\">\n\t\t\t\t<div class=\"search-count\">\n\t\t\t\t\t<h3 class=\"page-title\">\n\t\t\t\t\t\t36 tolle Unterk\u00fcnfte                                    \n\t\t\t\t\t<\/h3>\n\t\t\t\t\t<div class=\"buttons-wrapper\">\n\t\t\t\t\t\t<div class=\"map-button-wrapper\">\n\t\t\t\t\t\t\t<button type=\"button\" class=\"map-button\" id=\"open-map\">Kartenansicht<\/button>\n\t\t\t\t\t\t<\/div>\n\t\t\t\t\t\t<div class=\"map-popup\" id=\"map-popup\">\n\t\t\t\t\t\t\t<div class=\"map-content\">\n\t\t\t\t\t\t\t\t<i class=\"eicon-close close-popup\"><\/i>\n\t\t\t\t\t\t\t\t<div class=\"BorlabsCookie _brlbs-cb-openstreetmaps\"><div class=\"_brlbs-content-blocker\"> <div class=\"_brlbs-default\"> <p>Klicken Sie auf den unteren Button, um den Inhalt von OpenStreetMap zu laden.<\/p> <p><a class=\"_brlbs-btn\" href=\"#\" data-borlabs-cookie-unblock role=\"button\">Inhalt laden<\/a><\/p> <\/div> <\/div><div class=\"borlabs-hide\" data-borlabs-cookie-type=\"content-blocker\" data-borlabs-cookie-id=\"openstreetmaps\"><script type=\"text\/template\">PGRpdiBpZD0ibWFwIj48L2Rpdj4K<\/script><\/div><\/div>\t\t\t\t\t\t\t\t\t\t\t\t\t\t\t<\/div>\n\t\t\t\t\t\t<\/div>\n\t\t\t\t\t\t<div class=\"sort-wrapper\">\n\t\t\t\t\t\t\t<select class=\"beon-auto-submit beon-select2\" name=\"order\" id=\"order\" form=\"searchform\">\n\t\t\t\t\t\t\t\t<option value=\"random\" selected >Zuf\u00e4llig<\/option><option value=\"price\" >Preis<\/option><option value=\"rating\" >Bewertung<\/option>\t\t\t\t\t\t\t<\/select>\n\t\t\t\t\t\t<\/div>\n\t\t\t\t\t<\/div>\n\t\t\t\t<\/div>\n\t\t\t\t<div class=\"activeoptions-wrapper\"><div class=\"activeoptions-label\">Aktive Suchkriterien :<\/div><div class=\"activeoptions\"><div class=\"parameter-wrapper\"><div class=\"parameter-label\">1 Erwachsener<\/div><a href=\"https:\/\/www.kuestenimmobilien.com\/urlaub\/suchen-buchen\/?from&till&nights_min=0&nights_max=0&children=0&babys=0&petsCount=0&order=random&handicappedAccessible=on\" class=\"parameter-close\"><\/a><\/div><div class=\"parameter-wrapper\"><div class=\"parameter-label\">Behindertengerecht<\/div><a href=\"https:\/\/www.kuestenimmobilien.com\/urlaub\/suchen-buchen\/?from&till&nights_min=0&nights_max=0&adults=1&children=0&babys=0&petsCount=0&order=random\" class=\"parameter-close\"><\/a><\/div><\/div><\/div>                \t\t\t\t\t<div class=\"unit-wrapper\">\n\t\t\t\t\t\t<div class=\"unitcontent-wrapper\">\n\t<div class=\"image-wrapper\">\n\t\t\t\t\t<div id=\"slider\" class=\"flexslider\">\n\t\t\t\t\t\t\t\t<ul class=\"slides\">\n\t\t\t\t\t\t\t\t\t\t\t<li><a href=\"https:\/\/www.kuestenimmobilien.com\/urlaub\/unterkuenfte\/apartment-youngfamily-am-alten-deich-14-2\/?adults=1\">\n\t\t\t\t\t\t\t\t<img decoding=\"async\" class=\"lazy\" src=\"https:\/\/www.kuestenimmobilien.com\/urlaub\/wp-content\/uploads\/2025\/05\/mf21695658-1024x683.jpg\" data-src=\"https:\/\/www.kuestenimmobilien.com\/urlaub\/wp-content\/uploads\/2025\/05\/mf21695658-1024x683.jpg\" alt=\"\" \/>\n\t\t\t\t\t\t\t<\/a><\/li>\n\t\t\t\t\t\t\t\t\t\t\t<li><a href=\"https:\/\/www.kuestenimmobilien.com\/urlaub\/unterkuenfte\/apartment-youngfamily-am-alten-deich-14-2\/?adults=1\">\n\t\t\t\t\t\t\t\t<img decoding=\"async\" class=\"lazy\" src=\"https:\/\/www.kuestenimmobilien.com\/urlaub\/wp-content\/uploads\/2025\/05\/mf21695658-1024x683.jpg\" data-src=\"https:\/\/www.kuestenimmobilien.com\/urlaub\/wp-content\/uploads\/2025\/05\/mf21695654-1024x683.jpg\" alt=\"\" \/>\n\t\t\t\t\t\t\t<\/a><\/li>\n\t\t\t\t\t\t\t\t\t\t\t<li><a href=\"https:\/\/www.kuestenimmobilien.com\/urlaub\/unterkuenfte\/apartment-youngfamily-am-alten-deich-14-2\/?adults=1\">\n\t\t\t\t\t\t\t\t<img decoding=\"async\" class=\"lazy\" src=\"https:\/\/www.kuestenimmobilien.com\/urlaub\/wp-content\/uploads\/2025\/05\/mf21695658-1024x683.jpg\" data-src=\"https:\/\/www.kuestenimmobilien.com\/urlaub\/wp-content\/uploads\/2025\/05\/mf21695653-1024x683.jpg\" alt=\"\" \/>\n\t\t\t\t\t\t\t<\/a><\/li>\n\t\t\t\t\t\t\t\t\t\t\t<li><a href=\"https:\/\/www.kuestenimmobilien.com\/urlaub\/unterkuenfte\/apartment-youngfamily-am-alten-deich-14-2\/?adults=1\">\n\t\t\t\t\t\t\t\t<img decoding=\"async\" class=\"lazy\" src=\"https:\/\/www.kuestenimmobilien.com\/urlaub\/wp-content\/uploads\/2025\/05\/mf21695658-1024x683.jpg\" data-src=\"https:\/\/www.kuestenimmobilien.com\/urlaub\/wp-content\/uploads\/2025\/05\/mf21695650-1024x683.jpg\" alt=\"\" \/>\n\t\t\t\t\t\t\t<\/a><\/li>\n\t\t\t\t\t\t\t\t\t\t\t<li><a href=\"https:\/\/www.kuestenimmobilien.com\/urlaub\/unterkuenfte\/apartment-youngfamily-am-alten-deich-14-2\/?adults=1\">\n\t\t\t\t\t\t\t\t<img decoding=\"async\" class=\"lazy\" src=\"https:\/\/www.kuestenimmobilien.com\/urlaub\/wp-content\/uploads\/2025\/05\/mf21695658-1024x683.jpg\" data-src=\"https:\/\/www.kuestenimmobilien.com\/urlaub\/wp-content\/uploads\/2025\/05\/mf21695657-1024x683.jpg\" alt=\"\" \/>\n\t\t\t\t\t\t\t<\/a><\/li>\n\t\t\t\t\t\t\t\t\t\t\t<li><a href=\"https:\/\/www.kuestenimmobilien.com\/urlaub\/unterkuenfte\/apartment-youngfamily-am-alten-deich-14-2\/?adults=1\">\n\t\t\t\t\t\t\t\t<img decoding=\"async\" class=\"lazy\" src=\"https:\/\/www.kuestenimmobilien.com\/urlaub\/wp-content\/uploads\/2025\/05\/mf21695658-1024x683.jpg\" data-src=\"https:\/\/www.kuestenimmobilien.com\/urlaub\/wp-content\/uploads\/2025\/05\/mf21695656-1024x683.jpg\" alt=\"\" \/>\n\t\t\t\t\t\t\t<\/a><\/li>\n\t\t\t\t\t\t\t\t\t\t\t<li><a href=\"https:\/\/www.kuestenimmobilien.com\/urlaub\/unterkuenfte\/apartment-youngfamily-am-alten-deich-14-2\/?adults=1\">\n\t\t\t\t\t\t\t\t<img decoding=\"async\" class=\"lazy\" src=\"https:\/\/www.kuestenimmobilien.com\/urlaub\/wp-content\/uploads\/2025\/05\/mf21695658-1024x683.jpg\" data-src=\"https:\/\/www.kuestenimmobilien.com\/urlaub\/wp-content\/uploads\/2025\/05\/mf21695652-1024x683.jpg\" alt=\"\" \/>\n\t\t\t\t\t\t\t<\/a><\/li>\n\t\t\t\t\t\t\t\t\t\t\t<li><a href=\"https:\/\/www.kuestenimmobilien.com\/urlaub\/unterkuenfte\/apartment-youngfamily-am-alten-deich-14-2\/?adults=1\">\n\t\t\t\t\t\t\t\t<img decoding=\"async\" class=\"lazy\" src=\"https:\/\/www.kuestenimmobilien.com\/urlaub\/wp-content\/uploads\/2025\/05\/mf21695658-1024x683.jpg\" data-src=\"https:\/\/www.kuestenimmobilien.com\/urlaub\/wp-content\/uploads\/2025\/05\/mf21695655-1024x683.jpg\" alt=\"\" \/>\n\t\t\t\t\t\t\t<\/a><\/li>\n\t\t\t\t\t\t\t\t\t\t\t<li><a href=\"https:\/\/www.kuestenimmobilien.com\/urlaub\/unterkuenfte\/apartment-youngfamily-am-alten-deich-14-2\/?adults=1\">\n\t\t\t\t\t\t\t\t<img decoding=\"async\" class=\"lazy\" src=\"https:\/\/www.kuestenimmobilien.com\/urlaub\/wp-content\/uploads\/2025\/05\/mf21695658-1024x683.jpg\" data-src=\"https:\/\/www.kuestenimmobilien.com\/urlaub\/wp-content\/uploads\/2025\/05\/mf21695649-1024x683.jpg\" alt=\"\" \/>\n\t\t\t\t\t\t\t<\/a><\/li>\n\t\t\t\t\t\t\t\t\t\t\t<li><a href=\"https:\/\/www.kuestenimmobilien.com\/urlaub\/unterkuenfte\/apartment-youngfamily-am-alten-deich-14-2\/?adults=1\">\n\t\t\t\t\t\t\t\t<img decoding=\"async\" class=\"lazy\" src=\"https:\/\/www.kuestenimmobilien.com\/urlaub\/wp-content\/uploads\/2025\/05\/mf21695658-1024x683.jpg\" data-src=\"https:\/\/www.kuestenimmobilien.com\/urlaub\/wp-content\/uploads\/2025\/05\/mf21695651-1024x683.jpg\" alt=\"\" \/>\n\t\t\t\t\t\t\t<\/a><\/li>\n\t\t\t\t\t\t\t\t\t\t\t<li><a href=\"https:\/\/www.kuestenimmobilien.com\/urlaub\/unterkuenfte\/apartment-youngfamily-am-alten-deich-14-2\/?adults=1\">\n\t\t\t\t\t\t\t\t<img decoding=\"async\" class=\"lazy\" src=\"https:\/\/www.kuestenimmobilien.com\/urlaub\/wp-content\/uploads\/2025\/05\/mf21695658-1024x683.jpg\" data-src=\"https:\/\/www.kuestenimmobilien.com\/urlaub\/wp-content\/uploads\/2025\/05\/mf21695642-1024x683.jpg\" alt=\"\" \/>\n\t\t\t\t\t\t\t<\/a><\/li>\n\t\t\t\t\t\t\t\t\t\t\t<li><a href=\"https:\/\/www.kuestenimmobilien.com\/urlaub\/unterkuenfte\/apartment-youngfamily-am-alten-deich-14-2\/?adults=1\">\n\t\t\t\t\t\t\t\t<img decoding=\"async\" class=\"lazy\" src=\"https:\/\/www.kuestenimmobilien.com\/urlaub\/wp-content\/uploads\/2025\/05\/mf21695658-1024x683.jpg\" data-src=\"https:\/\/www.kuestenimmobilien.com\/urlaub\/wp-content\/uploads\/2025\/05\/mf21695648-1024x683.jpg\" alt=\"\" \/>\n\t\t\t\t\t\t\t<\/a><\/li>\n\t\t\t\t\t\t\t\t\t\t\t<li><a href=\"https:\/\/www.kuestenimmobilien.com\/urlaub\/unterkuenfte\/apartment-youngfamily-am-alten-deich-14-2\/?adults=1\">\n\t\t\t\t\t\t\t\t<img decoding=\"async\" class=\"lazy\" src=\"https:\/\/www.kuestenimmobilien.com\/urlaub\/wp-content\/uploads\/2025\/05\/mf21695658-1024x683.jpg\" data-src=\"https:\/\/www.kuestenimmobilien.com\/urlaub\/wp-content\/uploads\/2025\/05\/mf21695641-1024x683.jpg\" alt=\"\" \/>\n\t\t\t\t\t\t\t<\/a><\/li>\n\t\t\t\t\t\t\t\t\t\t\t<li><a href=\"https:\/\/www.kuestenimmobilien.com\/urlaub\/unterkuenfte\/apartment-youngfamily-am-alten-deich-14-2\/?adults=1\">\n\t\t\t\t\t\t\t\t<img decoding=\"async\" class=\"lazy\" src=\"https:\/\/www.kuestenimmobilien.com\/urlaub\/wp-content\/uploads\/2025\/05\/mf21695658-1024x683.jpg\" data-src=\"https:\/\/www.kuestenimmobilien.com\/urlaub\/wp-content\/uploads\/2025\/05\/mf21695646-1024x683.jpg\" alt=\"\" \/>\n\t\t\t\t\t\t\t<\/a><\/li>\n\t\t\t\t\t\t\t\t\t\t\t<li><a href=\"https:\/\/www.kuestenimmobilien.com\/urlaub\/unterkuenfte\/apartment-youngfamily-am-alten-deich-14-2\/?adults=1\">\n\t\t\t\t\t\t\t\t<img decoding=\"async\" class=\"lazy\" src=\"https:\/\/www.kuestenimmobilien.com\/urlaub\/wp-content\/uploads\/2025\/05\/mf21695658-1024x683.jpg\" data-src=\"https:\/\/www.kuestenimmobilien.com\/urlaub\/wp-content\/uploads\/2025\/05\/mf21695647-1024x683.jpg\" alt=\"\" \/>\n\t\t\t\t\t\t\t<\/a><\/li>\n\t\t\t\t\t\t\t\t\t<\/ul>\n\t\t\t<\/div>\n\t\t\t<\/div>\n\t<div class=\"info-wrapper\">\n\t\t<div class=\"info-body\">\n\t\t\t<h3 class=\"title-container\">\n\t\t\t\t<a href=\"https:\/\/www.kuestenimmobilien.com\/urlaub\/unterkuenfte\/apartment-youngfamily-am-alten-deich-14-2\/?adults=1\">\n\t\t\t\t\tApartment YoungFamily, Am Alten Deich 14\/2\t\t\t\t<\/a>\n\t\t\t<\/h3>\n\t\t\t<button class=\"simplefavorite-button\" data-postid=\"261\" data-siteid=\"1\" data-groupid=\"1\" data-favoritecount=\"15\" style=\"\"><i class=\"heart-icon\"><\/i><\/button>\t\t\t<div class=\"separator-small\"><\/div>\n\t\t\t<div class=\"details-wrapper\">\n\t\t\t\t<ul>\n\t\t\t\t\t<li>G\u00e4ste<div class=\"wrap-value\">4<\/div><\/li>\t\t\t\t\t<li class=\"border-props\"><\/li><li>Schlafzimmer<div class=\"wrap-value\">1<\/div><\/li>\t\t\t\t\t<li class=\"border-props\"><\/li><li>Gr\u00f6\u00dfe<div class=\"wrap-value\">53 m\u00b2<\/div><\/li>\t\t\t\t\t<li class=\"border-props\"><\/li><li>Bewertung<div class=\"wrap-value\">4.9 \/ 5<\/div><\/li>\t\t\t\t\t\t\t\t\t<\/ul>\n\t\t\t<\/div>\n\t\t<\/div>\n\t\t<div class=\"info-footer\">\n\t\t\t\t\t\t<div class=\"mobile-only\">\n\t\t\t\t<div class=\"favorites-button\">\n\t\t\t\t\t<button class=\"simplefavorite-button\" data-postid=\"261\" data-siteid=\"1\" data-groupid=\"1\" data-favoritecount=\"15\" style=\"\"><i class=\"heart-icon\"><\/i><\/button>\t\t\t\t<\/div>\n\t\t\t<\/div>\n\t\t\t<div class=\"price-container\">\n\t\t\t\t<a href=\"https:\/\/www.kuestenimmobilien.com\/urlaub\/unterkuenfte\/apartment-youngfamily-am-alten-deich-14-2\/?adults=1\" class=\"price-button\"><div class=\"showprice \">Ab <div class=\"wrap-value\"><span class=\"price\" data-price=\"7900\">79,00<\/span> <span class=\"currency\">&euro;<\/span> <\/div><\/div><div class=\"book-button\">BUCHEN<\/div><\/a>\n\t\t\t<\/div>\n\t\t<\/div>\n\t<\/div>\n<\/div>\n<div class=\"unitcontent-wrapper\">\n\t<div class=\"image-wrapper\">\n\t\t\t\t\t<div id=\"slider\" class=\"flexslider\">\n\t\t\t\t\t\t\t\t<ul class=\"slides\">\n\t\t\t\t\t\t\t\t\t\t\t<li><a href=\"https:\/\/www.kuestenimmobilien.com\/urlaub\/unterkuenfte\/apartment-strandlaeufer-am-alten-deich-22-2\/?adults=1\">\n\t\t\t\t\t\t\t\t<img decoding=\"async\" class=\"lazy\" src=\"https:\/\/www.kuestenimmobilien.com\/urlaub\/wp-content\/uploads\/2023\/04\/mf8345068-1024x768.jpg\" data-src=\"https:\/\/www.kuestenimmobilien.com\/urlaub\/wp-content\/uploads\/2023\/04\/mf8345068-1024x768.jpg\" alt=\"\" \/>\n\t\t\t\t\t\t\t<\/a><\/li>\n\t\t\t\t\t\t\t\t\t\t\t<li><a href=\"https:\/\/www.kuestenimmobilien.com\/urlaub\/unterkuenfte\/apartment-strandlaeufer-am-alten-deich-22-2\/?adults=1\">\n\t\t\t\t\t\t\t\t<img decoding=\"async\" class=\"lazy\" src=\"https:\/\/www.kuestenimmobilien.com\/urlaub\/wp-content\/uploads\/2023\/04\/mf8345068-1024x768.jpg\" data-src=\"https:\/\/www.kuestenimmobilien.com\/urlaub\/wp-content\/uploads\/2023\/04\/mf8345067-1024x768.jpg\" alt=\"\" \/>\n\t\t\t\t\t\t\t<\/a><\/li>\n\t\t\t\t\t\t\t\t\t\t\t<li><a href=\"https:\/\/www.kuestenimmobilien.com\/urlaub\/unterkuenfte\/apartment-strandlaeufer-am-alten-deich-22-2\/?adults=1\">\n\t\t\t\t\t\t\t\t<img decoding=\"async\" class=\"lazy\" src=\"https:\/\/www.kuestenimmobilien.com\/urlaub\/wp-content\/uploads\/2023\/04\/mf8345068-1024x768.jpg\" data-src=\"https:\/\/www.kuestenimmobilien.com\/urlaub\/wp-content\/uploads\/2025\/03\/mf20851208.jpeg-1024x768.jpg\" alt=\"\" \/>\n\t\t\t\t\t\t\t<\/a><\/li>\n\t\t\t\t\t\t\t\t\t\t\t<li><a href=\"https:\/\/www.kuestenimmobilien.com\/urlaub\/unterkuenfte\/apartment-strandlaeufer-am-alten-deich-22-2\/?adults=1\">\n\t\t\t\t\t\t\t\t<img decoding=\"async\" class=\"lazy\" src=\"https:\/\/www.kuestenimmobilien.com\/urlaub\/wp-content\/uploads\/2023\/04\/mf8345068-1024x768.jpg\" data-src=\"https:\/\/www.kuestenimmobilien.com\/urlaub\/wp-content\/uploads\/2025\/03\/mf20851211.jpeg-1024x719.jpg\" alt=\"\" \/>\n\t\t\t\t\t\t\t<\/a><\/li>\n\t\t\t\t\t\t\t\t\t\t\t<li><a href=\"https:\/\/www.kuestenimmobilien.com\/urlaub\/unterkuenfte\/apartment-strandlaeufer-am-alten-deich-22-2\/?adults=1\">\n\t\t\t\t\t\t\t\t<img decoding=\"async\" class=\"lazy\" src=\"https:\/\/www.kuestenimmobilien.com\/urlaub\/wp-content\/uploads\/2023\/04\/mf8345068-1024x768.jpg\" data-src=\"https:\/\/www.kuestenimmobilien.com\/urlaub\/wp-content\/uploads\/2023\/04\/mf8345075-1024x768.jpg\" alt=\"\" \/>\n\t\t\t\t\t\t\t<\/a><\/li>\n\t\t\t\t\t\t\t\t\t\t\t<li><a href=\"https:\/\/www.kuestenimmobilien.com\/urlaub\/unterkuenfte\/apartment-strandlaeufer-am-alten-deich-22-2\/?adults=1\">\n\t\t\t\t\t\t\t\t<img decoding=\"async\" class=\"lazy\" src=\"https:\/\/www.kuestenimmobilien.com\/urlaub\/wp-content\/uploads\/2023\/04\/mf8345068-1024x768.jpg\" data-src=\"https:\/\/www.kuestenimmobilien.com\/urlaub\/wp-content\/uploads\/2023\/04\/mf8381878-1024x768.jpg\" alt=\"\" \/>\n\t\t\t\t\t\t\t<\/a><\/li>\n\t\t\t\t\t\t\t\t\t\t\t<li><a href=\"https:\/\/www.kuestenimmobilien.com\/urlaub\/unterkuenfte\/apartment-strandlaeufer-am-alten-deich-22-2\/?adults=1\">\n\t\t\t\t\t\t\t\t<img decoding=\"async\" class=\"lazy\" src=\"https:\/\/www.kuestenimmobilien.com\/urlaub\/wp-content\/uploads\/2023\/04\/mf8345068-1024x768.jpg\" data-src=\"https:\/\/www.kuestenimmobilien.com\/urlaub\/wp-content\/uploads\/2023\/04\/mf8345066-1024x768.jpg\" alt=\"\" \/>\n\t\t\t\t\t\t\t<\/a><\/li>\n\t\t\t\t\t\t\t\t\t\t\t<li><a href=\"https:\/\/www.kuestenimmobilien.com\/urlaub\/unterkuenfte\/apartment-strandlaeufer-am-alten-deich-22-2\/?adults=1\">\n\t\t\t\t\t\t\t\t<img decoding=\"async\" class=\"lazy\" src=\"https:\/\/www.kuestenimmobilien.com\/urlaub\/wp-content\/uploads\/2023\/04\/mf8345068-1024x768.jpg\" data-src=\"https:\/\/www.kuestenimmobilien.com\/urlaub\/wp-content\/uploads\/2023\/04\/mf8345073-1024x768.jpg\" alt=\"\" \/>\n\t\t\t\t\t\t\t<\/a><\/li>\n\t\t\t\t\t\t\t\t\t\t\t<li><a href=\"https:\/\/www.kuestenimmobilien.com\/urlaub\/unterkuenfte\/apartment-strandlaeufer-am-alten-deich-22-2\/?adults=1\">\n\t\t\t\t\t\t\t\t<img decoding=\"async\" class=\"lazy\" src=\"https:\/\/www.kuestenimmobilien.com\/urlaub\/wp-content\/uploads\/2023\/04\/mf8345068-1024x768.jpg\" data-src=\"https:\/\/www.kuestenimmobilien.com\/urlaub\/wp-content\/uploads\/2023\/04\/mf8365724-1024x745.jpg\" alt=\"\" \/>\n\t\t\t\t\t\t\t<\/a><\/li>\n\t\t\t\t\t\t\t\t\t\t\t<li><a href=\"https:\/\/www.kuestenimmobilien.com\/urlaub\/unterkuenfte\/apartment-strandlaeufer-am-alten-deich-22-2\/?adults=1\">\n\t\t\t\t\t\t\t\t<img decoding=\"async\" class=\"lazy\" src=\"https:\/\/www.kuestenimmobilien.com\/urlaub\/wp-content\/uploads\/2023\/04\/mf8345068-1024x768.jpg\" data-src=\"https:\/\/www.kuestenimmobilien.com\/urlaub\/wp-content\/uploads\/2025\/03\/mf20851206.jpeg-1024x746.jpg\" alt=\"\" \/>\n\t\t\t\t\t\t\t<\/a><\/li>\n\t\t\t\t\t\t\t\t\t\t\t<li><a href=\"https:\/\/www.kuestenimmobilien.com\/urlaub\/unterkuenfte\/apartment-strandlaeufer-am-alten-deich-22-2\/?adults=1\">\n\t\t\t\t\t\t\t\t<img decoding=\"async\" class=\"lazy\" src=\"https:\/\/www.kuestenimmobilien.com\/urlaub\/wp-content\/uploads\/2023\/04\/mf8345068-1024x768.jpg\" data-src=\"https:\/\/www.kuestenimmobilien.com\/urlaub\/wp-content\/uploads\/2025\/03\/mf20851207.jpeg-1024x768.jpg\" alt=\"\" \/>\n\t\t\t\t\t\t\t<\/a><\/li>\n\t\t\t\t\t\t\t\t\t\t\t<li><a href=\"https:\/\/www.kuestenimmobilien.com\/urlaub\/unterkuenfte\/apartment-strandlaeufer-am-alten-deich-22-2\/?adults=1\">\n\t\t\t\t\t\t\t\t<img decoding=\"async\" class=\"lazy\" src=\"https:\/\/www.kuestenimmobilien.com\/urlaub\/wp-content\/uploads\/2023\/04\/mf8345068-1024x768.jpg\" data-src=\"https:\/\/www.kuestenimmobilien.com\/urlaub\/wp-content\/uploads\/2025\/03\/mf20851210.jpeg-1024x768.jpg\" alt=\"\" \/>\n\t\t\t\t\t\t\t<\/a><\/li>\n\t\t\t\t\t\t\t\t\t\t\t<li><a href=\"https:\/\/www.kuestenimmobilien.com\/urlaub\/unterkuenfte\/apartment-strandlaeufer-am-alten-deich-22-2\/?adults=1\">\n\t\t\t\t\t\t\t\t<img decoding=\"async\" class=\"lazy\" src=\"https:\/\/www.kuestenimmobilien.com\/urlaub\/wp-content\/uploads\/2023\/04\/mf8345068-1024x768.jpg\" data-src=\"https:\/\/www.kuestenimmobilien.com\/urlaub\/wp-content\/uploads\/2025\/03\/mf20851215.jpeg-1024x657.jpg\" alt=\"\" \/>\n\t\t\t\t\t\t\t<\/a><\/li>\n\t\t\t\t\t\t\t\t\t\t\t<li><a href=\"https:\/\/www.kuestenimmobilien.com\/urlaub\/unterkuenfte\/apartment-strandlaeufer-am-alten-deich-22-2\/?adults=1\">\n\t\t\t\t\t\t\t\t<img decoding=\"async\" class=\"lazy\" src=\"https:\/\/www.kuestenimmobilien.com\/urlaub\/wp-content\/uploads\/2023\/04\/mf8345068-1024x768.jpg\" data-src=\"https:\/\/www.kuestenimmobilien.com\/urlaub\/wp-content\/uploads\/2025\/03\/mf20851216.jpeg-1024x768.jpg\" alt=\"\" \/>\n\t\t\t\t\t\t\t<\/a><\/li>\n\t\t\t\t\t\t\t\t\t\t\t<li><a href=\"https:\/\/www.kuestenimmobilien.com\/urlaub\/unterkuenfte\/apartment-strandlaeufer-am-alten-deich-22-2\/?adults=1\">\n\t\t\t\t\t\t\t\t<img decoding=\"async\" class=\"lazy\" src=\"https:\/\/www.kuestenimmobilien.com\/urlaub\/wp-content\/uploads\/2023\/04\/mf8345068-1024x768.jpg\" data-src=\"https:\/\/www.kuestenimmobilien.com\/urlaub\/wp-content\/uploads\/2023\/04\/mf8345077-1024x768.jpg\" alt=\"\" \/>\n\t\t\t\t\t\t\t<\/a><\/li>\n\t\t\t\t\t\t\t\t\t\t\t<li><a href=\"https:\/\/www.kuestenimmobilien.com\/urlaub\/unterkuenfte\/apartment-strandlaeufer-am-alten-deich-22-2\/?adults=1\">\n\t\t\t\t\t\t\t\t<img decoding=\"async\" class=\"lazy\" src=\"https:\/\/www.kuestenimmobilien.com\/urlaub\/wp-content\/uploads\/2023\/04\/mf8345068-1024x768.jpg\" data-src=\"https:\/\/www.kuestenimmobilien.com\/urlaub\/wp-content\/uploads\/2023\/04\/mf8381884-1024x768.jpg\" alt=\"\" \/>\n\t\t\t\t\t\t\t<\/a><\/li>\n\t\t\t\t\t\t\t\t\t\t\t<li><a href=\"https:\/\/www.kuestenimmobilien.com\/urlaub\/unterkuenfte\/apartment-strandlaeufer-am-alten-deich-22-2\/?adults=1\">\n\t\t\t\t\t\t\t\t<img decoding=\"async\" class=\"lazy\" src=\"https:\/\/www.kuestenimmobilien.com\/urlaub\/wp-content\/uploads\/2023\/04\/mf8345068-1024x768.jpg\" data-src=\"https:\/\/www.kuestenimmobilien.com\/urlaub\/wp-content\/uploads\/2023\/04\/mf8345082-1024x768.jpg\" alt=\"\" \/>\n\t\t\t\t\t\t\t<\/a><\/li>\n\t\t\t\t\t\t\t\t\t<\/ul>\n\t\t\t<\/div>\n\t\t\t<\/div>\n\t<div class=\"info-wrapper\">\n\t\t<div class=\"info-body\">\n\t\t\t<h3 class=\"title-container\">\n\t\t\t\t<a href=\"https:\/\/www.kuestenimmobilien.com\/urlaub\/unterkuenfte\/apartment-strandlaeufer-am-alten-deich-22-2\/?adults=1\">\n\t\t\t\t\tApartment Strandl\u00e4ufer, Am Alten Deich 22\/2\t\t\t\t<\/a>\n\t\t\t<\/h3>\n\t\t\t<button class=\"simplefavorite-button\" data-postid=\"268\" data-siteid=\"1\" data-groupid=\"1\" data-favoritecount=\"26\" style=\"\"><i class=\"heart-icon\"><\/i><\/button>\t\t\t<div class=\"separator-small\"><\/div>\n\t\t\t<div class=\"details-wrapper\">\n\t\t\t\t<ul>\n\t\t\t\t\t<li>G\u00e4ste<div class=\"wrap-value\">4<\/div><\/li>\t\t\t\t\t<li class=\"border-props\"><\/li><li>Schlafzimmer<div class=\"wrap-value\">1<\/div><\/li>\t\t\t\t\t<li class=\"border-props\"><\/li><li>Gr\u00f6\u00dfe<div class=\"wrap-value\">49 m\u00b2<\/div><\/li>\t\t\t\t\t<li class=\"border-props\"><\/li><li>Bewertung<div class=\"wrap-value\">4.8 \/ 5<\/div><\/li>\t\t\t\t\t\t\t\t\t<\/ul>\n\t\t\t<\/div>\n\t\t<\/div>\n\t\t<div class=\"info-footer\">\n\t\t\t\t\t\t<div class=\"mobile-only\">\n\t\t\t\t<div class=\"favorites-button\">\n\t\t\t\t\t<button class=\"simplefavorite-button\" data-postid=\"268\" data-siteid=\"1\" data-groupid=\"1\" data-favoritecount=\"26\" style=\"\"><i class=\"heart-icon\"><\/i><\/button>\t\t\t\t<\/div>\n\t\t\t<\/div>\n\t\t\t<div class=\"price-container\">\n\t\t\t\t<a href=\"https:\/\/www.kuestenimmobilien.com\/urlaub\/unterkuenfte\/apartment-strandlaeufer-am-alten-deich-22-2\/?adults=1\" class=\"price-button\"><div class=\"showprice \">Ab <div class=\"wrap-value\"><span class=\"price\" data-price=\"7900\">79,00<\/span> <span class=\"currency\">&euro;<\/span> <\/div><\/div><div class=\"book-button\">BUCHEN<\/div><\/a>\n\t\t\t<\/div>\n\t\t<\/div>\n\t<\/div>\n<\/div>\n<div class=\"unitcontent-wrapper\">\n\t<div class=\"image-wrapper\">\n\t\t\t\t\t<div id=\"slider\" class=\"flexslider\">\n\t\t\t\t\t\t\t\t<ul class=\"slides\">\n\t\t\t\t\t\t\t\t\t\t\t<li><a href=\"https:\/\/www.kuestenimmobilien.com\/urlaub\/unterkuenfte\/ferienwohnung-fiete-am-alten-deich-4-6-whg-1-22\/?adults=1\">\n\t\t\t\t\t\t\t\t<img decoding=\"async\" class=\"lazy\" src=\"https:\/\/www.kuestenimmobilien.com\/urlaub\/wp-content\/uploads\/2023\/04\/mf6405683-1024x768.jpg\" data-src=\"https:\/\/www.kuestenimmobilien.com\/urlaub\/wp-content\/uploads\/2023\/04\/mf6405683-1024x768.jpg\" alt=\"\" \/>\n\t\t\t\t\t\t\t<\/a><\/li>\n\t\t\t\t\t\t\t\t\t\t\t<li><a href=\"https:\/\/www.kuestenimmobilien.com\/urlaub\/unterkuenfte\/ferienwohnung-fiete-am-alten-deich-4-6-whg-1-22\/?adults=1\">\n\t\t\t\t\t\t\t\t<img decoding=\"async\" class=\"lazy\" src=\"https:\/\/www.kuestenimmobilien.com\/urlaub\/wp-content\/uploads\/2023\/04\/mf6405683-1024x768.jpg\" data-src=\"https:\/\/www.kuestenimmobilien.com\/urlaub\/wp-content\/uploads\/2023\/04\/mf6405666-1024x768.jpg\" alt=\"\" \/>\n\t\t\t\t\t\t\t<\/a><\/li>\n\t\t\t\t\t\t\t\t\t\t\t<li><a href=\"https:\/\/www.kuestenimmobilien.com\/urlaub\/unterkuenfte\/ferienwohnung-fiete-am-alten-deich-4-6-whg-1-22\/?adults=1\">\n\t\t\t\t\t\t\t\t<img decoding=\"async\" class=\"lazy\" src=\"https:\/\/www.kuestenimmobilien.com\/urlaub\/wp-content\/uploads\/2023\/04\/mf6405683-1024x768.jpg\" data-src=\"https:\/\/www.kuestenimmobilien.com\/urlaub\/wp-content\/uploads\/2023\/04\/mf6405689-1024x768.jpg\" alt=\"\" \/>\n\t\t\t\t\t\t\t<\/a><\/li>\n\t\t\t\t\t\t\t\t\t\t\t<li><a href=\"https:\/\/www.kuestenimmobilien.com\/urlaub\/unterkuenfte\/ferienwohnung-fiete-am-alten-deich-4-6-whg-1-22\/?adults=1\">\n\t\t\t\t\t\t\t\t<img decoding=\"async\" class=\"lazy\" src=\"https:\/\/www.kuestenimmobilien.com\/urlaub\/wp-content\/uploads\/2023\/04\/mf6405683-1024x768.jpg\" data-src=\"https:\/\/www.kuestenimmobilien.com\/urlaub\/wp-content\/uploads\/2023\/04\/mf6405687-1024x768.jpg\" alt=\"\" \/>\n\t\t\t\t\t\t\t<\/a><\/li>\n\t\t\t\t\t\t\t\t\t\t\t<li><a href=\"https:\/\/www.kuestenimmobilien.com\/urlaub\/unterkuenfte\/ferienwohnung-fiete-am-alten-deich-4-6-whg-1-22\/?adults=1\">\n\t\t\t\t\t\t\t\t<img decoding=\"async\" class=\"lazy\" src=\"https:\/\/www.kuestenimmobilien.com\/urlaub\/wp-content\/uploads\/2023\/04\/mf6405683-1024x768.jpg\" data-src=\"https:\/\/www.kuestenimmobilien.com\/urlaub\/wp-content\/uploads\/2023\/04\/mf6405691-1024x768.jpg\" alt=\"\" \/>\n\t\t\t\t\t\t\t<\/a><\/li>\n\t\t\t\t\t\t\t\t\t\t\t<li><a href=\"https:\/\/www.kuestenimmobilien.com\/urlaub\/unterkuenfte\/ferienwohnung-fiete-am-alten-deich-4-6-whg-1-22\/?adults=1\">\n\t\t\t\t\t\t\t\t<img decoding=\"async\" class=\"lazy\" src=\"https:\/\/www.kuestenimmobilien.com\/urlaub\/wp-content\/uploads\/2023\/04\/mf6405683-1024x768.jpg\" data-src=\"https:\/\/www.kuestenimmobilien.com\/urlaub\/wp-content\/uploads\/2023\/04\/mf6405684-1024x768.jpg\" alt=\"\" \/>\n\t\t\t\t\t\t\t<\/a><\/li>\n\t\t\t\t\t\t\t\t\t\t\t<li><a href=\"https:\/\/www.kuestenimmobilien.com\/urlaub\/unterkuenfte\/ferienwohnung-fiete-am-alten-deich-4-6-whg-1-22\/?adults=1\">\n\t\t\t\t\t\t\t\t<img decoding=\"async\" class=\"lazy\" src=\"https:\/\/www.kuestenimmobilien.com\/urlaub\/wp-content\/uploads\/2023\/04\/mf6405683-1024x768.jpg\" data-src=\"https:\/\/www.kuestenimmobilien.com\/urlaub\/wp-content\/uploads\/2023\/04\/mf6405682-1024x768.jpg\" alt=\"\" \/>\n\t\t\t\t\t\t\t<\/a><\/li>\n\t\t\t\t\t\t\t\t\t\t\t<li><a href=\"https:\/\/www.kuestenimmobilien.com\/urlaub\/unterkuenfte\/ferienwohnung-fiete-am-alten-deich-4-6-whg-1-22\/?adults=1\">\n\t\t\t\t\t\t\t\t<img decoding=\"async\" class=\"lazy\" src=\"https:\/\/www.kuestenimmobilien.com\/urlaub\/wp-content\/uploads\/2023\/04\/mf6405683-1024x768.jpg\" data-src=\"https:\/\/www.kuestenimmobilien.com\/urlaub\/wp-content\/uploads\/2023\/04\/mf6405690-1024x768.jpg\" alt=\"\" \/>\n\t\t\t\t\t\t\t<\/a><\/li>\n\t\t\t\t\t\t\t\t\t\t\t<li><a href=\"https:\/\/www.kuestenimmobilien.com\/urlaub\/unterkuenfte\/ferienwohnung-fiete-am-alten-deich-4-6-whg-1-22\/?adults=1\">\n\t\t\t\t\t\t\t\t<img decoding=\"async\" class=\"lazy\" src=\"https:\/\/www.kuestenimmobilien.com\/urlaub\/wp-content\/uploads\/2023\/04\/mf6405683-1024x768.jpg\" data-src=\"https:\/\/www.kuestenimmobilien.com\/urlaub\/wp-content\/uploads\/2023\/04\/mf6405667-1024x768.jpg\" alt=\"\" \/>\n\t\t\t\t\t\t\t<\/a><\/li>\n\t\t\t\t\t\t\t\t\t\t\t<li><a href=\"https:\/\/www.kuestenimmobilien.com\/urlaub\/unterkuenfte\/ferienwohnung-fiete-am-alten-deich-4-6-whg-1-22\/?adults=1\">\n\t\t\t\t\t\t\t\t<img decoding=\"async\" class=\"lazy\" src=\"https:\/\/www.kuestenimmobilien.com\/urlaub\/wp-content\/uploads\/2023\/04\/mf6405683-1024x768.jpg\" data-src=\"https:\/\/www.kuestenimmobilien.com\/urlaub\/wp-content\/uploads\/2023\/04\/mf6405670-1024x768.jpg\" alt=\"\" \/>\n\t\t\t\t\t\t\t<\/a><\/li>\n\t\t\t\t\t\t\t\t\t\t\t<li><a href=\"https:\/\/www.kuestenimmobilien.com\/urlaub\/unterkuenfte\/ferienwohnung-fiete-am-alten-deich-4-6-whg-1-22\/?adults=1\">\n\t\t\t\t\t\t\t\t<img decoding=\"async\" class=\"lazy\" src=\"https:\/\/www.kuestenimmobilien.com\/urlaub\/wp-content\/uploads\/2023\/04\/mf6405683-1024x768.jpg\" data-src=\"https:\/\/www.kuestenimmobilien.com\/urlaub\/wp-content\/uploads\/2023\/04\/mf6405685-1024x768.jpg\" alt=\"\" \/>\n\t\t\t\t\t\t\t<\/a><\/li>\n\t\t\t\t\t\t\t\t\t\t\t<li><a href=\"https:\/\/www.kuestenimmobilien.com\/urlaub\/unterkuenfte\/ferienwohnung-fiete-am-alten-deich-4-6-whg-1-22\/?adults=1\">\n\t\t\t\t\t\t\t\t<img decoding=\"async\" class=\"lazy\" src=\"https:\/\/www.kuestenimmobilien.com\/urlaub\/wp-content\/uploads\/2023\/04\/mf6405683-1024x768.jpg\" data-src=\"https:\/\/www.kuestenimmobilien.com\/urlaub\/wp-content\/uploads\/2023\/04\/mf6405686-1024x768.jpg\" alt=\"\" \/>\n\t\t\t\t\t\t\t<\/a><\/li>\n\t\t\t\t\t\t\t\t\t\t\t<li><a href=\"https:\/\/www.kuestenimmobilien.com\/urlaub\/unterkuenfte\/ferienwohnung-fiete-am-alten-deich-4-6-whg-1-22\/?adults=1\">\n\t\t\t\t\t\t\t\t<img decoding=\"async\" class=\"lazy\" src=\"https:\/\/www.kuestenimmobilien.com\/urlaub\/wp-content\/uploads\/2023\/04\/mf6405683-1024x768.jpg\" data-src=\"https:\/\/www.kuestenimmobilien.com\/urlaub\/wp-content\/uploads\/2023\/04\/mf6405688-1024x768.jpg\" alt=\"\" \/>\n\t\t\t\t\t\t\t<\/a><\/li>\n\t\t\t\t\t\t\t\t\t\t\t<li><a href=\"https:\/\/www.kuestenimmobilien.com\/urlaub\/unterkuenfte\/ferienwohnung-fiete-am-alten-deich-4-6-whg-1-22\/?adults=1\">\n\t\t\t\t\t\t\t\t<img decoding=\"async\" class=\"lazy\" src=\"https:\/\/www.kuestenimmobilien.com\/urlaub\/wp-content\/uploads\/2023\/04\/mf6405683-1024x768.jpg\" data-src=\"https:\/\/www.kuestenimmobilien.com\/urlaub\/wp-content\/uploads\/2023\/06\/mf12449881-808x1024.jpg\" alt=\"\" \/>\n\t\t\t\t\t\t\t<\/a><\/li>\n\t\t\t\t\t\t\t\t\t<\/ul>\n\t\t\t<\/div>\n\t\t\t<\/div>\n\t<div class=\"info-wrapper\">\n\t\t<div class=\"info-body\">\n\t\t\t<h3 class=\"title-container\">\n\t\t\t\t<a href=\"https:\/\/www.kuestenimmobilien.com\/urlaub\/unterkuenfte\/ferienwohnung-fiete-am-alten-deich-4-6-whg-1-22\/?adults=1\">\n\t\t\t\t\tFerienwohnung Fiete, Am Alten Deich 4-6, Whg 1.22\t\t\t\t<\/a>\n\t\t\t<\/h3>\n\t\t\t<button class=\"simplefavorite-button\" data-postid=\"328\" data-siteid=\"1\" data-groupid=\"1\" data-favoritecount=\"29\" style=\"\"><i class=\"heart-icon\"><\/i><\/button>\t\t\t<div class=\"separator-small\"><\/div>\n\t\t\t<div class=\"details-wrapper\">\n\t\t\t\t<ul>\n\t\t\t\t\t<li>G\u00e4ste<div class=\"wrap-value\">4<\/div><\/li>\t\t\t\t\t<li class=\"border-props\"><\/li><li>Schlafzimmer<div class=\"wrap-value\">1<\/div><\/li>\t\t\t\t\t<li class=\"border-props\"><\/li><li>Gr\u00f6\u00dfe<div class=\"wrap-value\">48 m\u00b2<\/div><\/li>\t\t\t\t\t<li class=\"border-props\"><\/li><li>Bewertung<div class=\"wrap-value\">4.9 \/ 5<\/div><\/li>\t\t\t\t\t\t\t\t\t<\/ul>\n\t\t\t<\/div>\n\t\t<\/div>\n\t\t<div class=\"info-footer\">\n\t\t\t\t\t\t<div class=\"mobile-only\">\n\t\t\t\t<div class=\"favorites-button\">\n\t\t\t\t\t<button class=\"simplefavorite-button\" data-postid=\"328\" data-siteid=\"1\" data-groupid=\"1\" data-favoritecount=\"29\" style=\"\"><i class=\"heart-icon\"><\/i><\/button>\t\t\t\t<\/div>\n\t\t\t<\/div>\n\t\t\t<div class=\"price-container\">\n\t\t\t\t<a href=\"https:\/\/www.kuestenimmobilien.com\/urlaub\/unterkuenfte\/ferienwohnung-fiete-am-alten-deich-4-6-whg-1-22\/?adults=1\" class=\"price-button\"><div class=\"showprice \">Ab <div class=\"wrap-value\"><span class=\"price\" data-price=\"6900\">69,00<\/span> <span class=\"currency\">&euro;<\/span> <\/div><\/div><div class=\"book-button\">BUCHEN<\/div><\/a>\n\t\t\t<\/div>\n\t\t<\/div>\n\t<\/div>\n<\/div>\n<div class=\"unitcontent-wrapper unitcontent-alternatives-wrapper\">\n\t<div class=\"image-wrapper\">\n\t\t\t\t\t<div id=\"slider\" class=\"flexslider\">\n\t\t\t\t \n\t\t\t\t\t<div class=\"offer-highlight-wrapper\">\n\t\t\t\t\t\t<div class=\"offer-highlight\">%<\/div>\n\t\t\t\t\t<\/div>\n\t\t\t\t\t\t\t\t<ul class=\"slides\">\n\t\t\t\t\t\t\t\t\t\t\t<li><a href=\"https:\/\/www.kuestenimmobilien.com\/urlaub\/unterkuenfte\/apartment-seerose-am-alten-deich-14-6\/?adults=1\">\n\t\t\t\t\t\t\t\t<img decoding=\"async\" class=\"lazy\" src=\"https:\/\/www.kuestenimmobilien.com\/urlaub\/wp-content\/uploads\/2025\/03\/mf20903871.jpeg-1024x698.jpg\" data-src=\"https:\/\/www.kuestenimmobilien.com\/urlaub\/wp-content\/uploads\/2025\/03\/mf20903871.jpeg-1024x698.jpg\" alt=\"\" \/>\n\t\t\t\t\t\t\t<\/a><\/li>\n\t\t\t\t\t\t\t\t\t\t\t<li><a href=\"https:\/\/www.kuestenimmobilien.com\/urlaub\/unterkuenfte\/apartment-seerose-am-alten-deich-14-6\/?adults=1\">\n\t\t\t\t\t\t\t\t<img decoding=\"async\" class=\"lazy\" src=\"https:\/\/www.kuestenimmobilien.com\/urlaub\/wp-content\/uploads\/2025\/03\/mf20903871.jpeg-1024x698.jpg\" data-src=\"https:\/\/www.kuestenimmobilien.com\/urlaub\/wp-content\/uploads\/2025\/03\/mf20891537.jpeg-1024x712.jpg\" alt=\"\" \/>\n\t\t\t\t\t\t\t<\/a><\/li>\n\t\t\t\t\t\t\t\t\t\t\t<li><a href=\"https:\/\/www.kuestenimmobilien.com\/urlaub\/unterkuenfte\/apartment-seerose-am-alten-deich-14-6\/?adults=1\">\n\t\t\t\t\t\t\t\t<img decoding=\"async\" class=\"lazy\" src=\"https:\/\/www.kuestenimmobilien.com\/urlaub\/wp-content\/uploads\/2025\/03\/mf20903871.jpeg-1024x698.jpg\" data-src=\"https:\/\/www.kuestenimmobilien.com\/urlaub\/wp-content\/uploads\/2025\/03\/mf20891547.jpeg-1024x734.jpg\" alt=\"\" \/>\n\t\t\t\t\t\t\t<\/a><\/li>\n\t\t\t\t\t\t\t\t\t\t\t<li><a href=\"https:\/\/www.kuestenimmobilien.com\/urlaub\/unterkuenfte\/apartment-seerose-am-alten-deich-14-6\/?adults=1\">\n\t\t\t\t\t\t\t\t<img decoding=\"async\" class=\"lazy\" src=\"https:\/\/www.kuestenimmobilien.com\/urlaub\/wp-content\/uploads\/2025\/03\/mf20903871.jpeg-1024x698.jpg\" data-src=\"https:\/\/www.kuestenimmobilien.com\/urlaub\/wp-content\/uploads\/2025\/03\/mf20891553.jpeg-1024x768.jpg\" alt=\"\" \/>\n\t\t\t\t\t\t\t<\/a><\/li>\n\t\t\t\t\t\t\t\t\t\t\t<li><a href=\"https:\/\/www.kuestenimmobilien.com\/urlaub\/unterkuenfte\/apartment-seerose-am-alten-deich-14-6\/?adults=1\">\n\t\t\t\t\t\t\t\t<img decoding=\"async\" class=\"lazy\" src=\"https:\/\/www.kuestenimmobilien.com\/urlaub\/wp-content\/uploads\/2025\/03\/mf20903871.jpeg-1024x698.jpg\" data-src=\"https:\/\/www.kuestenimmobilien.com\/urlaub\/wp-content\/uploads\/2025\/03\/mf20891550.jpeg-1024x768.jpg\" alt=\"\" \/>\n\t\t\t\t\t\t\t<\/a><\/li>\n\t\t\t\t\t\t\t\t\t\t\t<li><a href=\"https:\/\/www.kuestenimmobilien.com\/urlaub\/unterkuenfte\/apartment-seerose-am-alten-deich-14-6\/?adults=1\">\n\t\t\t\t\t\t\t\t<img decoding=\"async\" class=\"lazy\" src=\"https:\/\/www.kuestenimmobilien.com\/urlaub\/wp-content\/uploads\/2025\/03\/mf20903871.jpeg-1024x698.jpg\" data-src=\"https:\/\/www.kuestenimmobilien.com\/urlaub\/wp-content\/uploads\/2025\/03\/mf20903870.jpeg-1024x760.jpg\" alt=\"\" \/>\n\t\t\t\t\t\t\t<\/a><\/li>\n\t\t\t\t\t\t\t\t\t\t\t<li><a href=\"https:\/\/www.kuestenimmobilien.com\/urlaub\/unterkuenfte\/apartment-seerose-am-alten-deich-14-6\/?adults=1\">\n\t\t\t\t\t\t\t\t<img decoding=\"async\" class=\"lazy\" src=\"https:\/\/www.kuestenimmobilien.com\/urlaub\/wp-content\/uploads\/2025\/03\/mf20903871.jpeg-1024x698.jpg\" data-src=\"https:\/\/www.kuestenimmobilien.com\/urlaub\/wp-content\/uploads\/2025\/03\/mf20891544.jpeg-1024x741.jpg\" alt=\"\" \/>\n\t\t\t\t\t\t\t<\/a><\/li>\n\t\t\t\t\t\t\t\t\t\t\t<li><a href=\"https:\/\/www.kuestenimmobilien.com\/urlaub\/unterkuenfte\/apartment-seerose-am-alten-deich-14-6\/?adults=1\">\n\t\t\t\t\t\t\t\t<img decoding=\"async\" class=\"lazy\" src=\"https:\/\/www.kuestenimmobilien.com\/urlaub\/wp-content\/uploads\/2025\/03\/mf20903871.jpeg-1024x698.jpg\" data-src=\"https:\/\/www.kuestenimmobilien.com\/urlaub\/wp-content\/uploads\/2025\/03\/mf20891548.jpeg-1024x640.jpg\" alt=\"\" \/>\n\t\t\t\t\t\t\t<\/a><\/li>\n\t\t\t\t\t\t\t\t\t\t\t<li><a href=\"https:\/\/www.kuestenimmobilien.com\/urlaub\/unterkuenfte\/apartment-seerose-am-alten-deich-14-6\/?adults=1\">\n\t\t\t\t\t\t\t\t<img decoding=\"async\" class=\"lazy\" src=\"https:\/\/www.kuestenimmobilien.com\/urlaub\/wp-content\/uploads\/2025\/03\/mf20903871.jpeg-1024x698.jpg\" data-src=\"https:\/\/www.kuestenimmobilien.com\/urlaub\/wp-content\/uploads\/2025\/03\/mf20891546.jpeg-1024x929.jpg\" alt=\"\" \/>\n\t\t\t\t\t\t\t<\/a><\/li>\n\t\t\t\t\t\t\t\t\t\t\t<li><a href=\"https:\/\/www.kuestenimmobilien.com\/urlaub\/unterkuenfte\/apartment-seerose-am-alten-deich-14-6\/?adults=1\">\n\t\t\t\t\t\t\t\t<img decoding=\"async\" class=\"lazy\" src=\"https:\/\/www.kuestenimmobilien.com\/urlaub\/wp-content\/uploads\/2025\/03\/mf20903871.jpeg-1024x698.jpg\" data-src=\"https:\/\/www.kuestenimmobilien.com\/urlaub\/wp-content\/uploads\/2025\/03\/mf20891545.jpeg-1024x823.jpg\" alt=\"\" \/>\n\t\t\t\t\t\t\t<\/a><\/li>\n\t\t\t\t\t\t\t\t\t\t\t<li><a href=\"https:\/\/www.kuestenimmobilien.com\/urlaub\/unterkuenfte\/apartment-seerose-am-alten-deich-14-6\/?adults=1\">\n\t\t\t\t\t\t\t\t<img decoding=\"async\" class=\"lazy\" src=\"https:\/\/www.kuestenimmobilien.com\/urlaub\/wp-content\/uploads\/2025\/03\/mf20903871.jpeg-1024x698.jpg\" data-src=\"https:\/\/www.kuestenimmobilien.com\/urlaub\/wp-content\/uploads\/2025\/03\/mf20891538.jpeg-1024x691.jpg\" alt=\"\" \/>\n\t\t\t\t\t\t\t<\/a><\/li>\n\t\t\t\t\t\t\t\t\t\t\t<li><a href=\"https:\/\/www.kuestenimmobilien.com\/urlaub\/unterkuenfte\/apartment-seerose-am-alten-deich-14-6\/?adults=1\">\n\t\t\t\t\t\t\t\t<img decoding=\"async\" class=\"lazy\" src=\"https:\/\/www.kuestenimmobilien.com\/urlaub\/wp-content\/uploads\/2025\/03\/mf20903871.jpeg-1024x698.jpg\" data-src=\"https:\/\/www.kuestenimmobilien.com\/urlaub\/wp-content\/uploads\/2025\/03\/mf20891540.jpeg-1024x768.jpg\" alt=\"\" \/>\n\t\t\t\t\t\t\t<\/a><\/li>\n\t\t\t\t\t\t\t\t\t\t\t<li><a href=\"https:\/\/www.kuestenimmobilien.com\/urlaub\/unterkuenfte\/apartment-seerose-am-alten-deich-14-6\/?adults=1\">\n\t\t\t\t\t\t\t\t<img decoding=\"async\" class=\"lazy\" src=\"https:\/\/www.kuestenimmobilien.com\/urlaub\/wp-content\/uploads\/2025\/03\/mf20903871.jpeg-1024x698.jpg\" data-src=\"https:\/\/www.kuestenimmobilien.com\/urlaub\/wp-content\/uploads\/2025\/03\/mf20891539.jpeg-1024x727.jpg\" alt=\"\" \/>\n\t\t\t\t\t\t\t<\/a><\/li>\n\t\t\t\t\t\t\t\t\t\t\t<li><a href=\"https:\/\/www.kuestenimmobilien.com\/urlaub\/unterkuenfte\/apartment-seerose-am-alten-deich-14-6\/?adults=1\">\n\t\t\t\t\t\t\t\t<img decoding=\"async\" class=\"lazy\" src=\"https:\/\/www.kuestenimmobilien.com\/urlaub\/wp-content\/uploads\/2025\/03\/mf20903871.jpeg-1024x698.jpg\" data-src=\"https:\/\/www.kuestenimmobilien.com\/urlaub\/wp-content\/uploads\/2025\/03\/mf20891554.jpeg-1024x818.jpg\" alt=\"\" \/>\n\t\t\t\t\t\t\t<\/a><\/li>\n\t\t\t\t\t\t\t\t\t\t\t<li><a href=\"https:\/\/www.kuestenimmobilien.com\/urlaub\/unterkuenfte\/apartment-seerose-am-alten-deich-14-6\/?adults=1\">\n\t\t\t\t\t\t\t\t<img decoding=\"async\" class=\"lazy\" src=\"https:\/\/www.kuestenimmobilien.com\/urlaub\/wp-content\/uploads\/2025\/03\/mf20903871.jpeg-1024x698.jpg\" data-src=\"https:\/\/www.kuestenimmobilien.com\/urlaub\/wp-content\/uploads\/2025\/03\/mf20891555.jpeg-1024x804.jpg\" alt=\"\" \/>\n\t\t\t\t\t\t\t<\/a><\/li>\n\t\t\t\t\t\t\t\t\t\t\t<li><a href=\"https:\/\/www.kuestenimmobilien.com\/urlaub\/unterkuenfte\/apartment-seerose-am-alten-deich-14-6\/?adults=1\">\n\t\t\t\t\t\t\t\t<img decoding=\"async\" class=\"lazy\" src=\"https:\/\/www.kuestenimmobilien.com\/urlaub\/wp-content\/uploads\/2025\/03\/mf20903871.jpeg-1024x698.jpg\" data-src=\"https:\/\/www.kuestenimmobilien.com\/urlaub\/wp-content\/uploads\/2023\/04\/mf965243.jpg\" alt=\"\" \/>\n\t\t\t\t\t\t\t<\/a><\/li>\n\t\t\t\t\t\t\t\t\t\t\t<li><a href=\"https:\/\/www.kuestenimmobilien.com\/urlaub\/unterkuenfte\/apartment-seerose-am-alten-deich-14-6\/?adults=1\">\n\t\t\t\t\t\t\t\t<img decoding=\"async\" class=\"lazy\" src=\"https:\/\/www.kuestenimmobilien.com\/urlaub\/wp-content\/uploads\/2025\/03\/mf20903871.jpeg-1024x698.jpg\" data-src=\"https:\/\/www.kuestenimmobilien.com\/urlaub\/wp-content\/uploads\/2025\/03\/mf20891552.jpeg-1024x768.jpg\" alt=\"\" \/>\n\t\t\t\t\t\t\t<\/a><\/li>\n\t\t\t\t\t\t\t\t\t\t\t<li><a href=\"https:\/\/www.kuestenimmobilien.com\/urlaub\/unterkuenfte\/apartment-seerose-am-alten-deich-14-6\/?adults=1\">\n\t\t\t\t\t\t\t\t<img decoding=\"async\" class=\"lazy\" src=\"https:\/\/www.kuestenimmobilien.com\/urlaub\/wp-content\/uploads\/2025\/03\/mf20903871.jpeg-1024x698.jpg\" data-src=\"https:\/\/www.kuestenimmobilien.com\/urlaub\/wp-content\/uploads\/2023\/04\/mf965242.jpg\" alt=\"\" \/>\n\t\t\t\t\t\t\t<\/a><\/li>\n\t\t\t\t\t\t\t\t\t\t\t<li><a href=\"https:\/\/www.kuestenimmobilien.com\/urlaub\/unterkuenfte\/apartment-seerose-am-alten-deich-14-6\/?adults=1\">\n\t\t\t\t\t\t\t\t<img decoding=\"async\" class=\"lazy\" src=\"https:\/\/www.kuestenimmobilien.com\/urlaub\/wp-content\/uploads\/2025\/03\/mf20903871.jpeg-1024x698.jpg\" data-src=\"https:\/\/www.kuestenimmobilien.com\/urlaub\/wp-content\/uploads\/2025\/03\/mf20891556.jpeg-1024x861.jpg\" alt=\"\" \/>\n\t\t\t\t\t\t\t<\/a><\/li>\n\t\t\t\t\t\t\t\t\t<\/ul>\n\t\t\t<\/div>\n\t\t\t<\/div>\n\t<div class=\"info-wrapper\">\n\t\t<div class=\"info-body\">\n\t\t\t<h3 class=\"title-container\">\n\t\t\t\t<a href=\"https:\/\/www.kuestenimmobilien.com\/urlaub\/unterkuenfte\/apartment-seerose-am-alten-deich-14-6\/?adults=1\">\n\t\t\t\t\tApartment Seerose, Am Alten Deich 14\/6\t\t\t\t<\/a>\n\t\t\t<\/h3>\n\t\t\t<button class=\"simplefavorite-button\" data-postid=\"254\" data-siteid=\"1\" data-groupid=\"1\" data-favoritecount=\"10\" style=\"\"><i class=\"heart-icon\"><\/i><\/button>\t\t\t<div class=\"separator-small\"><\/div>\n\t\t\t<div class=\"details-wrapper\">\n\t\t\t\t<ul>\n\t\t\t\t\t<li>G\u00e4ste<div class=\"wrap-value\">2<\/div><\/li>\t\t\t\t\t<li class=\"border-props\"><\/li><li>Schlafzimmer<div class=\"wrap-value\">1<\/div><\/li>\t\t\t\t\t<li class=\"border-props\"><\/li><li>Gr\u00f6\u00dfe<div class=\"wrap-value\">53 m\u00b2<\/div><\/li>\t\t\t\t\t<li class=\"border-props\"><\/li><li>Bewertung<div class=\"wrap-value\">4.7 \/ 5<\/div><\/li>\t\t\t\t\t\t\t\t\t<\/ul>\n\t\t\t<\/div>\n\t\t<\/div>\n\t\t<div class=\"info-footer\">\n\t\t\t\t\t\t\t<div class=\"additional-results-wrapper\">\n\t\t\t\t\t\t\t\t\t\t\t\t\t\t\t\t\t\t\t\t\t\t\tAngebot: 10 % Last Minute\t\t\t\t\t\t\n\t\t\t\t\t\t\t\t\t<\/div>\n\t\t\t\t\t\t<div class=\"mobile-only\">\n\t\t\t\t<div class=\"favorites-button\">\n\t\t\t\t\t<button class=\"simplefavorite-button\" data-postid=\"254\" data-siteid=\"1\" data-groupid=\"1\" data-favoritecount=\"10\" style=\"\"><i class=\"heart-icon\"><\/i><\/button>\t\t\t\t<\/div>\n\t\t\t<\/div>\n\t\t\t<div class=\"price-container\">\n\t\t\t\t<a href=\"https:\/\/www.kuestenimmobilien.com\/urlaub\/unterkuenfte\/apartment-seerose-am-alten-deich-14-6\/?adults=1\" class=\"price-button\"><div class=\"showprice \">Ab <div class=\"wrap-value\"><span class=\"price\" data-price=\"7900\">79,00<\/span> <span class=\"currency\">&euro;<\/span> <\/div><\/div><div class=\"book-button\">BUCHEN<\/div><\/a>\n\t\t\t<\/div>\n\t\t<\/div>\n\t<\/div>\n<\/div>\n<div class=\"unitcontent-wrapper\">\n\t<div class=\"image-wrapper\">\n\t\t\t\t\t<div id=\"slider\" class=\"flexslider\">\n\t\t\t\t\t\t\t\t<ul class=\"slides\">\n\t\t\t\t\t\t\t\t\t\t\t<li><a href=\"https:\/\/www.kuestenimmobilien.com\/urlaub\/unterkuenfte\/apartment-sonnenschein-am-alten-deich-4-6-whg-1-13\/?adults=1\">\n\t\t\t\t\t\t\t\t<img decoding=\"async\" class=\"lazy\" src=\"https:\/\/www.kuestenimmobilien.com\/urlaub\/wp-content\/uploads\/2023\/04\/mf4144037-1024x683.jpg\" data-src=\"https:\/\/www.kuestenimmobilien.com\/urlaub\/wp-content\/uploads\/2023\/04\/mf4144037-1024x683.jpg\" alt=\"\" \/>\n\t\t\t\t\t\t\t<\/a><\/li>\n\t\t\t\t\t\t\t\t\t\t\t<li><a href=\"https:\/\/www.kuestenimmobilien.com\/urlaub\/unterkuenfte\/apartment-sonnenschein-am-alten-deich-4-6-whg-1-13\/?adults=1\">\n\t\t\t\t\t\t\t\t<img decoding=\"async\" class=\"lazy\" src=\"https:\/\/www.kuestenimmobilien.com\/urlaub\/wp-content\/uploads\/2023\/04\/mf4144037-1024x683.jpg\" data-src=\"https:\/\/www.kuestenimmobilien.com\/urlaub\/wp-content\/uploads\/2023\/04\/mf8093673-1024x768.jpg\" alt=\"\" \/>\n\t\t\t\t\t\t\t<\/a><\/li>\n\t\t\t\t\t\t\t\t\t\t\t<li><a href=\"https:\/\/www.kuestenimmobilien.com\/urlaub\/unterkuenfte\/apartment-sonnenschein-am-alten-deich-4-6-whg-1-13\/?adults=1\">\n\t\t\t\t\t\t\t\t<img decoding=\"async\" class=\"lazy\" src=\"https:\/\/www.kuestenimmobilien.com\/urlaub\/wp-content\/uploads\/2023\/04\/mf4144037-1024x683.jpg\" data-src=\"https:\/\/www.kuestenimmobilien.com\/urlaub\/wp-content\/uploads\/2025\/02\/mf20231606.jpeg-1024x768.jpg\" alt=\"\" \/>\n\t\t\t\t\t\t\t<\/a><\/li>\n\t\t\t\t\t\t\t\t\t\t\t<li><a href=\"https:\/\/www.kuestenimmobilien.com\/urlaub\/unterkuenfte\/apartment-sonnenschein-am-alten-deich-4-6-whg-1-13\/?adults=1\">\n\t\t\t\t\t\t\t\t<img decoding=\"async\" class=\"lazy\" src=\"https:\/\/www.kuestenimmobilien.com\/urlaub\/wp-content\/uploads\/2023\/04\/mf4144037-1024x683.jpg\" data-src=\"https:\/\/www.kuestenimmobilien.com\/urlaub\/wp-content\/uploads\/2023\/04\/mf6886024.jpeg-768x1024.jpg\" alt=\"\" \/>\n\t\t\t\t\t\t\t<\/a><\/li>\n\t\t\t\t\t\t\t\t\t\t\t<li><a href=\"https:\/\/www.kuestenimmobilien.com\/urlaub\/unterkuenfte\/apartment-sonnenschein-am-alten-deich-4-6-whg-1-13\/?adults=1\">\n\t\t\t\t\t\t\t\t<img decoding=\"async\" class=\"lazy\" src=\"https:\/\/www.kuestenimmobilien.com\/urlaub\/wp-content\/uploads\/2023\/04\/mf4144037-1024x683.jpg\" data-src=\"https:\/\/www.kuestenimmobilien.com\/urlaub\/wp-content\/uploads\/2023\/04\/mf6886122.jpeg-1024x768.jpg\" alt=\"\" \/>\n\t\t\t\t\t\t\t<\/a><\/li>\n\t\t\t\t\t\t\t\t\t\t\t<li><a href=\"https:\/\/www.kuestenimmobilien.com\/urlaub\/unterkuenfte\/apartment-sonnenschein-am-alten-deich-4-6-whg-1-13\/?adults=1\">\n\t\t\t\t\t\t\t\t<img decoding=\"async\" class=\"lazy\" src=\"https:\/\/www.kuestenimmobilien.com\/urlaub\/wp-content\/uploads\/2023\/04\/mf4144037-1024x683.jpg\" data-src=\"https:\/\/www.kuestenimmobilien.com\/urlaub\/wp-content\/uploads\/2023\/04\/mf8093668-1024x768.jpg\" alt=\"\" \/>\n\t\t\t\t\t\t\t<\/a><\/li>\n\t\t\t\t\t\t\t\t\t\t\t<li><a href=\"https:\/\/www.kuestenimmobilien.com\/urlaub\/unterkuenfte\/apartment-sonnenschein-am-alten-deich-4-6-whg-1-13\/?adults=1\">\n\t\t\t\t\t\t\t\t<img decoding=\"async\" class=\"lazy\" src=\"https:\/\/www.kuestenimmobilien.com\/urlaub\/wp-content\/uploads\/2023\/04\/mf4144037-1024x683.jpg\" data-src=\"https:\/\/www.kuestenimmobilien.com\/urlaub\/wp-content\/uploads\/2023\/04\/mf4144035-1024x683.jpg\" alt=\"\" \/>\n\t\t\t\t\t\t\t<\/a><\/li>\n\t\t\t\t\t\t\t\t\t\t\t<li><a href=\"https:\/\/www.kuestenimmobilien.com\/urlaub\/unterkuenfte\/apartment-sonnenschein-am-alten-deich-4-6-whg-1-13\/?adults=1\">\n\t\t\t\t\t\t\t\t<img decoding=\"async\" class=\"lazy\" src=\"https:\/\/www.kuestenimmobilien.com\/urlaub\/wp-content\/uploads\/2023\/04\/mf4144037-1024x683.jpg\" data-src=\"https:\/\/www.kuestenimmobilien.com\/urlaub\/wp-content\/uploads\/2023\/04\/mf6886031.jpeg-768x1024.jpg\" alt=\"\" \/>\n\t\t\t\t\t\t\t<\/a><\/li>\n\t\t\t\t\t\t\t\t\t\t\t<li><a href=\"https:\/\/www.kuestenimmobilien.com\/urlaub\/unterkuenfte\/apartment-sonnenschein-am-alten-deich-4-6-whg-1-13\/?adults=1\">\n\t\t\t\t\t\t\t\t<img decoding=\"async\" class=\"lazy\" src=\"https:\/\/www.kuestenimmobilien.com\/urlaub\/wp-content\/uploads\/2023\/04\/mf4144037-1024x683.jpg\" data-src=\"https:\/\/www.kuestenimmobilien.com\/urlaub\/wp-content\/uploads\/2023\/04\/mf8093674-1024x894.jpg\" alt=\"\" \/>\n\t\t\t\t\t\t\t<\/a><\/li>\n\t\t\t\t\t\t\t\t\t\t\t<li><a href=\"https:\/\/www.kuestenimmobilien.com\/urlaub\/unterkuenfte\/apartment-sonnenschein-am-alten-deich-4-6-whg-1-13\/?adults=1\">\n\t\t\t\t\t\t\t\t<img decoding=\"async\" class=\"lazy\" src=\"https:\/\/www.kuestenimmobilien.com\/urlaub\/wp-content\/uploads\/2023\/04\/mf4144037-1024x683.jpg\" data-src=\"https:\/\/www.kuestenimmobilien.com\/urlaub\/wp-content\/uploads\/2023\/04\/mf8093675-1024x718.jpg\" alt=\"\" \/>\n\t\t\t\t\t\t\t<\/a><\/li>\n\t\t\t\t\t\t\t\t\t\t\t<li><a href=\"https:\/\/www.kuestenimmobilien.com\/urlaub\/unterkuenfte\/apartment-sonnenschein-am-alten-deich-4-6-whg-1-13\/?adults=1\">\n\t\t\t\t\t\t\t\t<img decoding=\"async\" class=\"lazy\" src=\"https:\/\/www.kuestenimmobilien.com\/urlaub\/wp-content\/uploads\/2023\/04\/mf4144037-1024x683.jpg\" data-src=\"https:\/\/www.kuestenimmobilien.com\/urlaub\/wp-content\/uploads\/2023\/04\/mf8093676-1024x768.jpg\" alt=\"\" \/>\n\t\t\t\t\t\t\t<\/a><\/li>\n\t\t\t\t\t\t\t\t\t\t\t<li><a href=\"https:\/\/www.kuestenimmobilien.com\/urlaub\/unterkuenfte\/apartment-sonnenschein-am-alten-deich-4-6-whg-1-13\/?adults=1\">\n\t\t\t\t\t\t\t\t<img decoding=\"async\" class=\"lazy\" src=\"https:\/\/www.kuestenimmobilien.com\/urlaub\/wp-content\/uploads\/2023\/04\/mf4144037-1024x683.jpg\" data-src=\"https:\/\/www.kuestenimmobilien.com\/urlaub\/wp-content\/uploads\/2023\/04\/mf4144044-1024x682.jpg\" alt=\"\" \/>\n\t\t\t\t\t\t\t<\/a><\/li>\n\t\t\t\t\t\t\t\t\t\t\t<li><a href=\"https:\/\/www.kuestenimmobilien.com\/urlaub\/unterkuenfte\/apartment-sonnenschein-am-alten-deich-4-6-whg-1-13\/?adults=1\">\n\t\t\t\t\t\t\t\t<img decoding=\"async\" class=\"lazy\" src=\"https:\/\/www.kuestenimmobilien.com\/urlaub\/wp-content\/uploads\/2023\/04\/mf4144037-1024x683.jpg\" data-src=\"https:\/\/www.kuestenimmobilien.com\/urlaub\/wp-content\/uploads\/2023\/04\/mf8093667-1024x587.jpg\" alt=\"\" \/>\n\t\t\t\t\t\t\t<\/a><\/li>\n\t\t\t\t\t\t\t\t\t\t\t<li><a href=\"https:\/\/www.kuestenimmobilien.com\/urlaub\/unterkuenfte\/apartment-sonnenschein-am-alten-deich-4-6-whg-1-13\/?adults=1\">\n\t\t\t\t\t\t\t\t<img decoding=\"async\" class=\"lazy\" src=\"https:\/\/www.kuestenimmobilien.com\/urlaub\/wp-content\/uploads\/2023\/04\/mf4144037-1024x683.jpg\" data-src=\"https:\/\/www.kuestenimmobilien.com\/urlaub\/wp-content\/uploads\/2023\/04\/mf4144045-1024x683.jpg\" alt=\"\" \/>\n\t\t\t\t\t\t\t<\/a><\/li>\n\t\t\t\t\t\t\t\t\t\t\t<li><a href=\"https:\/\/www.kuestenimmobilien.com\/urlaub\/unterkuenfte\/apartment-sonnenschein-am-alten-deich-4-6-whg-1-13\/?adults=1\">\n\t\t\t\t\t\t\t\t<img decoding=\"async\" class=\"lazy\" src=\"https:\/\/www.kuestenimmobilien.com\/urlaub\/wp-content\/uploads\/2023\/04\/mf4144037-1024x683.jpg\" data-src=\"https:\/\/www.kuestenimmobilien.com\/urlaub\/wp-content\/uploads\/2023\/04\/mf4144038-1024x683.jpg\" alt=\"\" \/>\n\t\t\t\t\t\t\t<\/a><\/li>\n\t\t\t\t\t\t\t\t\t\t\t<li><a href=\"https:\/\/www.kuestenimmobilien.com\/urlaub\/unterkuenfte\/apartment-sonnenschein-am-alten-deich-4-6-whg-1-13\/?adults=1\">\n\t\t\t\t\t\t\t\t<img decoding=\"async\" class=\"lazy\" src=\"https:\/\/www.kuestenimmobilien.com\/urlaub\/wp-content\/uploads\/2023\/04\/mf4144037-1024x683.jpg\" data-src=\"https:\/\/www.kuestenimmobilien.com\/urlaub\/wp-content\/uploads\/2023\/04\/mf4144034-1024x683.jpg\" alt=\"\" \/>\n\t\t\t\t\t\t\t<\/a><\/li>\n\t\t\t\t\t\t\t\t\t\t\t<li><a href=\"https:\/\/www.kuestenimmobilien.com\/urlaub\/unterkuenfte\/apartment-sonnenschein-am-alten-deich-4-6-whg-1-13\/?adults=1\">\n\t\t\t\t\t\t\t\t<img decoding=\"async\" class=\"lazy\" src=\"https:\/\/www.kuestenimmobilien.com\/urlaub\/wp-content\/uploads\/2023\/04\/mf4144037-1024x683.jpg\" data-src=\"https:\/\/www.kuestenimmobilien.com\/urlaub\/wp-content\/uploads\/2025\/02\/mf20231607.jpeg-1024x768.jpg\" alt=\"\" \/>\n\t\t\t\t\t\t\t<\/a><\/li>\n\t\t\t\t\t\t\t\t\t\t\t<li><a href=\"https:\/\/www.kuestenimmobilien.com\/urlaub\/unterkuenfte\/apartment-sonnenschein-am-alten-deich-4-6-whg-1-13\/?adults=1\">\n\t\t\t\t\t\t\t\t<img decoding=\"async\" class=\"lazy\" src=\"https:\/\/www.kuestenimmobilien.com\/urlaub\/wp-content\/uploads\/2023\/04\/mf4144037-1024x683.jpg\" data-src=\"https:\/\/www.kuestenimmobilien.com\/urlaub\/wp-content\/uploads\/2025\/02\/mf20231605.jpeg-1024x768.jpg\" alt=\"\" \/>\n\t\t\t\t\t\t\t<\/a><\/li>\n\t\t\t\t\t\t\t\t\t\t\t<li><a href=\"https:\/\/www.kuestenimmobilien.com\/urlaub\/unterkuenfte\/apartment-sonnenschein-am-alten-deich-4-6-whg-1-13\/?adults=1\">\n\t\t\t\t\t\t\t\t<img decoding=\"async\" class=\"lazy\" src=\"https:\/\/www.kuestenimmobilien.com\/urlaub\/wp-content\/uploads\/2023\/04\/mf4144037-1024x683.jpg\" data-src=\"https:\/\/www.kuestenimmobilien.com\/urlaub\/wp-content\/uploads\/2023\/04\/mf4144047-1024x683.jpg\" alt=\"\" \/>\n\t\t\t\t\t\t\t<\/a><\/li>\n\t\t\t\t\t\t\t\t\t\t\t<li><a href=\"https:\/\/www.kuestenimmobilien.com\/urlaub\/unterkuenfte\/apartment-sonnenschein-am-alten-deich-4-6-whg-1-13\/?adults=1\">\n\t\t\t\t\t\t\t\t<img decoding=\"async\" class=\"lazy\" src=\"https:\/\/www.kuestenimmobilien.com\/urlaub\/wp-content\/uploads\/2023\/04\/mf4144037-1024x683.jpg\" data-src=\"https:\/\/www.kuestenimmobilien.com\/urlaub\/wp-content\/uploads\/2023\/04\/mf4144054-1024x683.jpg\" alt=\"\" \/>\n\t\t\t\t\t\t\t<\/a><\/li>\n\t\t\t\t\t\t\t\t\t\t\t<li><a href=\"https:\/\/www.kuestenimmobilien.com\/urlaub\/unterkuenfte\/apartment-sonnenschein-am-alten-deich-4-6-whg-1-13\/?adults=1\">\n\t\t\t\t\t\t\t\t<img decoding=\"async\" class=\"lazy\" src=\"https:\/\/www.kuestenimmobilien.com\/urlaub\/wp-content\/uploads\/2023\/04\/mf4144037-1024x683.jpg\" data-src=\"https:\/\/www.kuestenimmobilien.com\/urlaub\/wp-content\/uploads\/2023\/04\/mf6886025.jpeg-768x1024.jpg\" alt=\"\" \/>\n\t\t\t\t\t\t\t<\/a><\/li>\n\t\t\t\t\t\t\t\t\t\t\t<li><a href=\"https:\/\/www.kuestenimmobilien.com\/urlaub\/unterkuenfte\/apartment-sonnenschein-am-alten-deich-4-6-whg-1-13\/?adults=1\">\n\t\t\t\t\t\t\t\t<img decoding=\"async\" class=\"lazy\" src=\"https:\/\/www.kuestenimmobilien.com\/urlaub\/wp-content\/uploads\/2023\/04\/mf4144037-1024x683.jpg\" data-src=\"https:\/\/www.kuestenimmobilien.com\/urlaub\/wp-content\/uploads\/2023\/04\/mf6886053.jpeg-768x1024.jpg\" alt=\"\" \/>\n\t\t\t\t\t\t\t<\/a><\/li>\n\t\t\t\t\t\t\t\t\t<\/ul>\n\t\t\t<\/div>\n\t\t\t<\/div>\n\t<div class=\"info-wrapper\">\n\t\t<div class=\"info-body\">\n\t\t\t<h3 class=\"title-container\">\n\t\t\t\t<a href=\"https:\/\/www.kuestenimmobilien.com\/urlaub\/unterkuenfte\/apartment-sonnenschein-am-alten-deich-4-6-whg-1-13\/?adults=1\">\n\t\t\t\t\tApartment Sonnenschein, Am Alten Deich 4-6, Whg 1.13\t\t\t\t<\/a>\n\t\t\t<\/h3>\n\t\t\t<button class=\"simplefavorite-button\" data-postid=\"307\" data-siteid=\"1\" data-groupid=\"1\" data-favoritecount=\"23\" style=\"\"><i class=\"heart-icon\"><\/i><\/button>\t\t\t<div class=\"separator-small\"><\/div>\n\t\t\t<div class=\"details-wrapper\">\n\t\t\t\t<ul>\n\t\t\t\t\t<li>G\u00e4ste<div class=\"wrap-value\">2<\/div><\/li>\t\t\t\t\t<li class=\"border-props\"><\/li><li>Schlafzimmer<div class=\"wrap-value\">1<\/div><\/li>\t\t\t\t\t<li class=\"border-props\"><\/li><li>Gr\u00f6\u00dfe<div class=\"wrap-value\">48 m\u00b2<\/div><\/li>\t\t\t\t\t<li class=\"border-props\"><\/li><li>Bewertung<div class=\"wrap-value\">4.8 \/ 5<\/div><\/li>\t\t\t\t\t\t\t\t\t<\/ul>\n\t\t\t<\/div>\n\t\t<\/div>\n\t\t<div class=\"info-footer\">\n\t\t\t\t\t\t<div class=\"mobile-only\">\n\t\t\t\t<div class=\"favorites-button\">\n\t\t\t\t\t<button class=\"simplefavorite-button\" data-postid=\"307\" data-siteid=\"1\" data-groupid=\"1\" data-favoritecount=\"23\" style=\"\"><i class=\"heart-icon\"><\/i><\/button>\t\t\t\t<\/div>\n\t\t\t<\/div>\n\t\t\t<div class=\"price-container\">\n\t\t\t\t<a href=\"https:\/\/www.kuestenimmobilien.com\/urlaub\/unterkuenfte\/apartment-sonnenschein-am-alten-deich-4-6-whg-1-13\/?adults=1\" class=\"price-button\"><div class=\"showprice \">Ab <div class=\"wrap-value\"><span class=\"price\" data-price=\"6900\">69,00<\/span> <span class=\"currency\">&euro;<\/span> <\/div><\/div><div class=\"book-button\">BUCHEN<\/div><\/a>\n\t\t\t<\/div>\n\t\t<\/div>\n\t<\/div>\n<\/div>\n<div class=\"unitcontent-wrapper distractor\">\n\t<img decoding=\"async\" src=\"\/urlaub\/wp-content\/themes\/kuestenimmobilien\/assets\/images\/IMG_3093k_zervoss.JPG\" class=\"distractor-img\">\n\t<div class=\"distractor-content\">\n\t\t<h3>Denken Sie dar\u00fcber nach Ihr Ferienhaus zu vermieten?<\/h3>\n\t\t<p>Vermieten Sie Ihre Ferienimmobilie \u00fcber K\u00fcsten Immobilien Dangast.<br> Wir k\u00fcmmern uns um alles. Gl\u00fcckliche G\u00e4ste inklusive.<\/p>\n\t\t<a href=\"\/ferienobjekt-vermieten\/\">MEHR ERFAHREN<\/a>\n\t<\/div>\n<\/div>\n<div class=\"unitcontent-wrapper\">\n\t<div class=\"image-wrapper\">\n\t\t\t\t\t<div id=\"slider\" class=\"flexslider\">\n\t\t\t\t\t\t\t\t<ul class=\"slides\">\n\t\t\t\t\t\t\t\t\t\t\t<li><a href=\"https:\/\/www.kuestenimmobilien.com\/urlaub\/unterkuenfte\/apartment-strandzauber-am-alten-deich-4-6-whg-11\/?adults=1\">\n\t\t\t\t\t\t\t\t<img decoding=\"async\" class=\"lazy\" src=\"https:\/\/www.kuestenimmobilien.com\/urlaub\/wp-content\/uploads\/2023\/10\/mf13850237-1024x683.jpg\" data-src=\"https:\/\/www.kuestenimmobilien.com\/urlaub\/wp-content\/uploads\/2023\/10\/mf13850237-1024x683.jpg\" alt=\"\" \/>\n\t\t\t\t\t\t\t<\/a><\/li>\n\t\t\t\t\t\t\t\t\t\t\t<li><a href=\"https:\/\/www.kuestenimmobilien.com\/urlaub\/unterkuenfte\/apartment-strandzauber-am-alten-deich-4-6-whg-11\/?adults=1\">\n\t\t\t\t\t\t\t\t<img decoding=\"async\" class=\"lazy\" src=\"https:\/\/www.kuestenimmobilien.com\/urlaub\/wp-content\/uploads\/2023\/10\/mf13850237-1024x683.jpg\" data-src=\"https:\/\/www.kuestenimmobilien.com\/urlaub\/wp-content\/uploads\/2023\/10\/mf13850261-1024x683.jpg\" alt=\"\" \/>\n\t\t\t\t\t\t\t<\/a><\/li>\n\t\t\t\t\t\t\t\t\t\t\t<li><a href=\"https:\/\/www.kuestenimmobilien.com\/urlaub\/unterkuenfte\/apartment-strandzauber-am-alten-deich-4-6-whg-11\/?adults=1\">\n\t\t\t\t\t\t\t\t<img decoding=\"async\" class=\"lazy\" src=\"https:\/\/www.kuestenimmobilien.com\/urlaub\/wp-content\/uploads\/2023\/10\/mf13850237-1024x683.jpg\" data-src=\"https:\/\/www.kuestenimmobilien.com\/urlaub\/wp-content\/uploads\/2023\/10\/mf13850255-1024x683.jpg\" alt=\"\" \/>\n\t\t\t\t\t\t\t<\/a><\/li>\n\t\t\t\t\t\t\t\t\t\t\t<li><a href=\"https:\/\/www.kuestenimmobilien.com\/urlaub\/unterkuenfte\/apartment-strandzauber-am-alten-deich-4-6-whg-11\/?adults=1\">\n\t\t\t\t\t\t\t\t<img decoding=\"async\" class=\"lazy\" src=\"https:\/\/www.kuestenimmobilien.com\/urlaub\/wp-content\/uploads\/2023\/10\/mf13850237-1024x683.jpg\" data-src=\"https:\/\/www.kuestenimmobilien.com\/urlaub\/wp-content\/uploads\/2023\/10\/mf13850239-1024x683.jpg\" alt=\"\" \/>\n\t\t\t\t\t\t\t<\/a><\/li>\n\t\t\t\t\t\t\t\t\t\t\t<li><a href=\"https:\/\/www.kuestenimmobilien.com\/urlaub\/unterkuenfte\/apartment-strandzauber-am-alten-deich-4-6-whg-11\/?adults=1\">\n\t\t\t\t\t\t\t\t<img decoding=\"async\" class=\"lazy\" src=\"https:\/\/www.kuestenimmobilien.com\/urlaub\/wp-content\/uploads\/2023\/10\/mf13850237-1024x683.jpg\" data-src=\"https:\/\/www.kuestenimmobilien.com\/urlaub\/wp-content\/uploads\/2023\/10\/mf13850227-1024x683.jpg\" alt=\"\" \/>\n\t\t\t\t\t\t\t<\/a><\/li>\n\t\t\t\t\t\t\t\t\t\t\t<li><a href=\"https:\/\/www.kuestenimmobilien.com\/urlaub\/unterkuenfte\/apartment-strandzauber-am-alten-deich-4-6-whg-11\/?adults=1\">\n\t\t\t\t\t\t\t\t<img decoding=\"async\" class=\"lazy\" src=\"https:\/\/www.kuestenimmobilien.com\/urlaub\/wp-content\/uploads\/2023\/10\/mf13850237-1024x683.jpg\" data-src=\"https:\/\/www.kuestenimmobilien.com\/urlaub\/wp-content\/uploads\/2023\/10\/mf13850240-1024x683.jpg\" alt=\"\" \/>\n\t\t\t\t\t\t\t<\/a><\/li>\n\t\t\t\t\t\t\t\t\t\t\t<li><a href=\"https:\/\/www.kuestenimmobilien.com\/urlaub\/unterkuenfte\/apartment-strandzauber-am-alten-deich-4-6-whg-11\/?adults=1\">\n\t\t\t\t\t\t\t\t<img decoding=\"async\" class=\"lazy\" src=\"https:\/\/www.kuestenimmobilien.com\/urlaub\/wp-content\/uploads\/2023\/10\/mf13850237-1024x683.jpg\" data-src=\"https:\/\/www.kuestenimmobilien.com\/urlaub\/wp-content\/uploads\/2023\/10\/mf13850235-1024x683.jpg\" alt=\"\" \/>\n\t\t\t\t\t\t\t<\/a><\/li>\n\t\t\t\t\t\t\t\t\t\t\t<li><a href=\"https:\/\/www.kuestenimmobilien.com\/urlaub\/unterkuenfte\/apartment-strandzauber-am-alten-deich-4-6-whg-11\/?adults=1\">\n\t\t\t\t\t\t\t\t<img decoding=\"async\" class=\"lazy\" src=\"https:\/\/www.kuestenimmobilien.com\/urlaub\/wp-content\/uploads\/2023\/10\/mf13850237-1024x683.jpg\" data-src=\"https:\/\/www.kuestenimmobilien.com\/urlaub\/wp-content\/uploads\/2023\/10\/mf13850241-1024x683.jpg\" alt=\"\" \/>\n\t\t\t\t\t\t\t<\/a><\/li>\n\t\t\t\t\t\t\t\t\t\t\t<li><a href=\"https:\/\/www.kuestenimmobilien.com\/urlaub\/unterkuenfte\/apartment-strandzauber-am-alten-deich-4-6-whg-11\/?adults=1\">\n\t\t\t\t\t\t\t\t<img decoding=\"async\" class=\"lazy\" src=\"https:\/\/www.kuestenimmobilien.com\/urlaub\/wp-content\/uploads\/2023\/10\/mf13850237-1024x683.jpg\" data-src=\"https:\/\/www.kuestenimmobilien.com\/urlaub\/wp-content\/uploads\/2023\/10\/mf13850245-1024x683.jpg\" alt=\"\" \/>\n\t\t\t\t\t\t\t<\/a><\/li>\n\t\t\t\t\t\t\t\t\t\t\t<li><a href=\"https:\/\/www.kuestenimmobilien.com\/urlaub\/unterkuenfte\/apartment-strandzauber-am-alten-deich-4-6-whg-11\/?adults=1\">\n\t\t\t\t\t\t\t\t<img decoding=\"async\" class=\"lazy\" src=\"https:\/\/www.kuestenimmobilien.com\/urlaub\/wp-content\/uploads\/2023\/10\/mf13850237-1024x683.jpg\" data-src=\"https:\/\/www.kuestenimmobilien.com\/urlaub\/wp-content\/uploads\/2023\/10\/mf13850252-1024x683.jpg\" alt=\"\" \/>\n\t\t\t\t\t\t\t<\/a><\/li>\n\t\t\t\t\t\t\t\t\t\t\t<li><a href=\"https:\/\/www.kuestenimmobilien.com\/urlaub\/unterkuenfte\/apartment-strandzauber-am-alten-deich-4-6-whg-11\/?adults=1\">\n\t\t\t\t\t\t\t\t<img decoding=\"async\" class=\"lazy\" src=\"https:\/\/www.kuestenimmobilien.com\/urlaub\/wp-content\/uploads\/2023\/10\/mf13850237-1024x683.jpg\" data-src=\"https:\/\/www.kuestenimmobilien.com\/urlaub\/wp-content\/uploads\/2023\/10\/mf13850251-1024x683.jpg\" alt=\"\" \/>\n\t\t\t\t\t\t\t<\/a><\/li>\n\t\t\t\t\t\t\t\t\t\t\t<li><a href=\"https:\/\/www.kuestenimmobilien.com\/urlaub\/unterkuenfte\/apartment-strandzauber-am-alten-deich-4-6-whg-11\/?adults=1\">\n\t\t\t\t\t\t\t\t<img decoding=\"async\" class=\"lazy\" src=\"https:\/\/www.kuestenimmobilien.com\/urlaub\/wp-content\/uploads\/2023\/10\/mf13850237-1024x683.jpg\" data-src=\"https:\/\/www.kuestenimmobilien.com\/urlaub\/wp-content\/uploads\/2023\/10\/mf13850228-1024x683.jpg\" alt=\"\" \/>\n\t\t\t\t\t\t\t<\/a><\/li>\n\t\t\t\t\t\t\t\t\t\t\t<li><a href=\"https:\/\/www.kuestenimmobilien.com\/urlaub\/unterkuenfte\/apartment-strandzauber-am-alten-deich-4-6-whg-11\/?adults=1\">\n\t\t\t\t\t\t\t\t<img decoding=\"async\" class=\"lazy\" src=\"https:\/\/www.kuestenimmobilien.com\/urlaub\/wp-content\/uploads\/2023\/10\/mf13850237-1024x683.jpg\" data-src=\"https:\/\/www.kuestenimmobilien.com\/urlaub\/wp-content\/uploads\/2023\/10\/mf13850231-1024x683.jpg\" alt=\"\" \/>\n\t\t\t\t\t\t\t<\/a><\/li>\n\t\t\t\t\t\t\t\t\t\t\t<li><a href=\"https:\/\/www.kuestenimmobilien.com\/urlaub\/unterkuenfte\/apartment-strandzauber-am-alten-deich-4-6-whg-11\/?adults=1\">\n\t\t\t\t\t\t\t\t<img decoding=\"async\" class=\"lazy\" src=\"https:\/\/www.kuestenimmobilien.com\/urlaub\/wp-content\/uploads\/2023\/10\/mf13850237-1024x683.jpg\" data-src=\"https:\/\/www.kuestenimmobilien.com\/urlaub\/wp-content\/uploads\/2023\/10\/mf13850232-1024x683.jpg\" alt=\"\" \/>\n\t\t\t\t\t\t\t<\/a><\/li>\n\t\t\t\t\t\t\t\t\t\t\t<li><a href=\"https:\/\/www.kuestenimmobilien.com\/urlaub\/unterkuenfte\/apartment-strandzauber-am-alten-deich-4-6-whg-11\/?adults=1\">\n\t\t\t\t\t\t\t\t<img decoding=\"async\" class=\"lazy\" src=\"https:\/\/www.kuestenimmobilien.com\/urlaub\/wp-content\/uploads\/2023\/10\/mf13850237-1024x683.jpg\" data-src=\"https:\/\/www.kuestenimmobilien.com\/urlaub\/wp-content\/uploads\/2023\/10\/mf13850236-1024x683.jpg\" alt=\"\" \/>\n\t\t\t\t\t\t\t<\/a><\/li>\n\t\t\t\t\t\t\t\t\t\t\t<li><a href=\"https:\/\/www.kuestenimmobilien.com\/urlaub\/unterkuenfte\/apartment-strandzauber-am-alten-deich-4-6-whg-11\/?adults=1\">\n\t\t\t\t\t\t\t\t<img decoding=\"async\" class=\"lazy\" src=\"https:\/\/www.kuestenimmobilien.com\/urlaub\/wp-content\/uploads\/2023\/10\/mf13850237-1024x683.jpg\" data-src=\"https:\/\/www.kuestenimmobilien.com\/urlaub\/wp-content\/uploads\/2023\/10\/mf13850238-1024x683.jpg\" alt=\"\" \/>\n\t\t\t\t\t\t\t<\/a><\/li>\n\t\t\t\t\t\t\t\t\t\t\t<li><a href=\"https:\/\/www.kuestenimmobilien.com\/urlaub\/unterkuenfte\/apartment-strandzauber-am-alten-deich-4-6-whg-11\/?adults=1\">\n\t\t\t\t\t\t\t\t<img decoding=\"async\" class=\"lazy\" src=\"https:\/\/www.kuestenimmobilien.com\/urlaub\/wp-content\/uploads\/2023\/10\/mf13850237-1024x683.jpg\" data-src=\"https:\/\/www.kuestenimmobilien.com\/urlaub\/wp-content\/uploads\/2023\/10\/mf13850242-1024x683.jpg\" alt=\"\" \/>\n\t\t\t\t\t\t\t<\/a><\/li>\n\t\t\t\t\t\t\t\t\t\t\t<li><a href=\"https:\/\/www.kuestenimmobilien.com\/urlaub\/unterkuenfte\/apartment-strandzauber-am-alten-deich-4-6-whg-11\/?adults=1\">\n\t\t\t\t\t\t\t\t<img decoding=\"async\" class=\"lazy\" src=\"https:\/\/www.kuestenimmobilien.com\/urlaub\/wp-content\/uploads\/2023\/10\/mf13850237-1024x683.jpg\" data-src=\"https:\/\/www.kuestenimmobilien.com\/urlaub\/wp-content\/uploads\/2023\/10\/mf13850244-1024x683.jpg\" alt=\"\" \/>\n\t\t\t\t\t\t\t<\/a><\/li>\n\t\t\t\t\t\t\t\t\t\t\t<li><a href=\"https:\/\/www.kuestenimmobilien.com\/urlaub\/unterkuenfte\/apartment-strandzauber-am-alten-deich-4-6-whg-11\/?adults=1\">\n\t\t\t\t\t\t\t\t<img decoding=\"async\" class=\"lazy\" src=\"https:\/\/www.kuestenimmobilien.com\/urlaub\/wp-content\/uploads\/2023\/10\/mf13850237-1024x683.jpg\" data-src=\"https:\/\/www.kuestenimmobilien.com\/urlaub\/wp-content\/uploads\/2023\/10\/mf13850247-1024x683.jpg\" alt=\"\" \/>\n\t\t\t\t\t\t\t<\/a><\/li>\n\t\t\t\t\t\t\t\t\t\t\t<li><a href=\"https:\/\/www.kuestenimmobilien.com\/urlaub\/unterkuenfte\/apartment-strandzauber-am-alten-deich-4-6-whg-11\/?adults=1\">\n\t\t\t\t\t\t\t\t<img decoding=\"async\" class=\"lazy\" src=\"https:\/\/www.kuestenimmobilien.com\/urlaub\/wp-content\/uploads\/2023\/10\/mf13850237-1024x683.jpg\" data-src=\"https:\/\/www.kuestenimmobilien.com\/urlaub\/wp-content\/uploads\/2023\/10\/mf13850246-1024x683.jpg\" alt=\"\" \/>\n\t\t\t\t\t\t\t<\/a><\/li>\n\t\t\t\t\t\t\t\t\t\t\t<li><a href=\"https:\/\/www.kuestenimmobilien.com\/urlaub\/unterkuenfte\/apartment-strandzauber-am-alten-deich-4-6-whg-11\/?adults=1\">\n\t\t\t\t\t\t\t\t<img decoding=\"async\" class=\"lazy\" src=\"https:\/\/www.kuestenimmobilien.com\/urlaub\/wp-content\/uploads\/2023\/10\/mf13850237-1024x683.jpg\" data-src=\"https:\/\/www.kuestenimmobilien.com\/urlaub\/wp-content\/uploads\/2023\/10\/mf13850248-1024x683.jpg\" alt=\"\" \/>\n\t\t\t\t\t\t\t<\/a><\/li>\n\t\t\t\t\t\t\t\t\t\t\t<li><a href=\"https:\/\/www.kuestenimmobilien.com\/urlaub\/unterkuenfte\/apartment-strandzauber-am-alten-deich-4-6-whg-11\/?adults=1\">\n\t\t\t\t\t\t\t\t<img decoding=\"async\" class=\"lazy\" src=\"https:\/\/www.kuestenimmobilien.com\/urlaub\/wp-content\/uploads\/2023\/10\/mf13850237-1024x683.jpg\" data-src=\"https:\/\/www.kuestenimmobilien.com\/urlaub\/wp-content\/uploads\/2023\/10\/mf13850249-1024x683.jpg\" alt=\"\" \/>\n\t\t\t\t\t\t\t<\/a><\/li>\n\t\t\t\t\t\t\t\t\t\t\t<li><a href=\"https:\/\/www.kuestenimmobilien.com\/urlaub\/unterkuenfte\/apartment-strandzauber-am-alten-deich-4-6-whg-11\/?adults=1\">\n\t\t\t\t\t\t\t\t<img decoding=\"async\" class=\"lazy\" src=\"https:\/\/www.kuestenimmobilien.com\/urlaub\/wp-content\/uploads\/2023\/10\/mf13850237-1024x683.jpg\" data-src=\"https:\/\/www.kuestenimmobilien.com\/urlaub\/wp-content\/uploads\/2023\/10\/mf13850253-1024x683.jpg\" alt=\"\" \/>\n\t\t\t\t\t\t\t<\/a><\/li>\n\t\t\t\t\t\t\t\t\t\t\t<li><a href=\"https:\/\/www.kuestenimmobilien.com\/urlaub\/unterkuenfte\/apartment-strandzauber-am-alten-deich-4-6-whg-11\/?adults=1\">\n\t\t\t\t\t\t\t\t<img decoding=\"async\" class=\"lazy\" src=\"https:\/\/www.kuestenimmobilien.com\/urlaub\/wp-content\/uploads\/2023\/10\/mf13850237-1024x683.jpg\" data-src=\"https:\/\/www.kuestenimmobilien.com\/urlaub\/wp-content\/uploads\/2023\/10\/mf13850254-1024x683.jpg\" alt=\"\" \/>\n\t\t\t\t\t\t\t<\/a><\/li>\n\t\t\t\t\t\t\t\t\t\t\t<li><a href=\"https:\/\/www.kuestenimmobilien.com\/urlaub\/unterkuenfte\/apartment-strandzauber-am-alten-deich-4-6-whg-11\/?adults=1\">\n\t\t\t\t\t\t\t\t<img decoding=\"async\" class=\"lazy\" src=\"https:\/\/www.kuestenimmobilien.com\/urlaub\/wp-content\/uploads\/2023\/10\/mf13850237-1024x683.jpg\" data-src=\"https:\/\/www.kuestenimmobilien.com\/urlaub\/wp-content\/uploads\/2023\/10\/mf13850256-1024x683.jpg\" alt=\"\" \/>\n\t\t\t\t\t\t\t<\/a><\/li>\n\t\t\t\t\t\t\t\t\t\t\t<li><a href=\"https:\/\/www.kuestenimmobilien.com\/urlaub\/unterkuenfte\/apartment-strandzauber-am-alten-deich-4-6-whg-11\/?adults=1\">\n\t\t\t\t\t\t\t\t<img decoding=\"async\" class=\"lazy\" src=\"https:\/\/www.kuestenimmobilien.com\/urlaub\/wp-content\/uploads\/2023\/10\/mf13850237-1024x683.jpg\" data-src=\"https:\/\/www.kuestenimmobilien.com\/urlaub\/wp-content\/uploads\/2023\/10\/mf13850257-1024x683.jpg\" alt=\"\" \/>\n\t\t\t\t\t\t\t<\/a><\/li>\n\t\t\t\t\t\t\t\t\t\t\t<li><a href=\"https:\/\/www.kuestenimmobilien.com\/urlaub\/unterkuenfte\/apartment-strandzauber-am-alten-deich-4-6-whg-11\/?adults=1\">\n\t\t\t\t\t\t\t\t<img decoding=\"async\" class=\"lazy\" src=\"https:\/\/www.kuestenimmobilien.com\/urlaub\/wp-content\/uploads\/2023\/10\/mf13850237-1024x683.jpg\" data-src=\"https:\/\/www.kuestenimmobilien.com\/urlaub\/wp-content\/uploads\/2023\/10\/mf13850258-1024x683.jpg\" alt=\"\" \/>\n\t\t\t\t\t\t\t<\/a><\/li>\n\t\t\t\t\t\t\t\t\t\t\t<li><a href=\"https:\/\/www.kuestenimmobilien.com\/urlaub\/unterkuenfte\/apartment-strandzauber-am-alten-deich-4-6-whg-11\/?adults=1\">\n\t\t\t\t\t\t\t\t<img decoding=\"async\" class=\"lazy\" src=\"https:\/\/www.kuestenimmobilien.com\/urlaub\/wp-content\/uploads\/2023\/10\/mf13850237-1024x683.jpg\" data-src=\"https:\/\/www.kuestenimmobilien.com\/urlaub\/wp-content\/uploads\/2023\/10\/mf13850259-1024x683.jpg\" alt=\"\" \/>\n\t\t\t\t\t\t\t<\/a><\/li>\n\t\t\t\t\t\t\t\t\t\t\t<li><a href=\"https:\/\/www.kuestenimmobilien.com\/urlaub\/unterkuenfte\/apartment-strandzauber-am-alten-deich-4-6-whg-11\/?adults=1\">\n\t\t\t\t\t\t\t\t<img decoding=\"async\" class=\"lazy\" src=\"https:\/\/www.kuestenimmobilien.com\/urlaub\/wp-content\/uploads\/2023\/10\/mf13850237-1024x683.jpg\" data-src=\"https:\/\/www.kuestenimmobilien.com\/urlaub\/wp-content\/uploads\/2023\/10\/mf13850265-1024x683.jpg\" alt=\"\" \/>\n\t\t\t\t\t\t\t<\/a><\/li>\n\t\t\t\t\t\t\t\t\t\t\t<li><a href=\"https:\/\/www.kuestenimmobilien.com\/urlaub\/unterkuenfte\/apartment-strandzauber-am-alten-deich-4-6-whg-11\/?adults=1\">\n\t\t\t\t\t\t\t\t<img decoding=\"async\" class=\"lazy\" src=\"https:\/\/www.kuestenimmobilien.com\/urlaub\/wp-content\/uploads\/2023\/10\/mf13850237-1024x683.jpg\" data-src=\"https:\/\/www.kuestenimmobilien.com\/urlaub\/wp-content\/uploads\/2023\/10\/mf13850260-1024x683.jpg\" alt=\"\" \/>\n\t\t\t\t\t\t\t<\/a><\/li>\n\t\t\t\t\t\t\t\t\t\t\t<li><a href=\"https:\/\/www.kuestenimmobilien.com\/urlaub\/unterkuenfte\/apartment-strandzauber-am-alten-deich-4-6-whg-11\/?adults=1\">\n\t\t\t\t\t\t\t\t<img decoding=\"async\" class=\"lazy\" src=\"https:\/\/www.kuestenimmobilien.com\/urlaub\/wp-content\/uploads\/2023\/10\/mf13850237-1024x683.jpg\" data-src=\"https:\/\/www.kuestenimmobilien.com\/urlaub\/wp-content\/uploads\/2023\/10\/mf13850262-1024x683.jpg\" alt=\"\" \/>\n\t\t\t\t\t\t\t<\/a><\/li>\n\t\t\t\t\t\t\t\t\t\t\t<li><a href=\"https:\/\/www.kuestenimmobilien.com\/urlaub\/unterkuenfte\/apartment-strandzauber-am-alten-deich-4-6-whg-11\/?adults=1\">\n\t\t\t\t\t\t\t\t<img decoding=\"async\" class=\"lazy\" src=\"https:\/\/www.kuestenimmobilien.com\/urlaub\/wp-content\/uploads\/2023\/10\/mf13850237-1024x683.jpg\" data-src=\"https:\/\/www.kuestenimmobilien.com\/urlaub\/wp-content\/uploads\/2023\/10\/mf13850263-1024x683.jpg\" alt=\"\" \/>\n\t\t\t\t\t\t\t<\/a><\/li>\n\t\t\t\t\t\t\t\t\t\t\t<li><a href=\"https:\/\/www.kuestenimmobilien.com\/urlaub\/unterkuenfte\/apartment-strandzauber-am-alten-deich-4-6-whg-11\/?adults=1\">\n\t\t\t\t\t\t\t\t<img decoding=\"async\" class=\"lazy\" src=\"https:\/\/www.kuestenimmobilien.com\/urlaub\/wp-content\/uploads\/2023\/10\/mf13850237-1024x683.jpg\" data-src=\"https:\/\/www.kuestenimmobilien.com\/urlaub\/wp-content\/uploads\/2023\/10\/mf13850264-1024x683.jpg\" alt=\"\" \/>\n\t\t\t\t\t\t\t<\/a><\/li>\n\t\t\t\t\t\t\t\t\t\t\t<li><a href=\"https:\/\/www.kuestenimmobilien.com\/urlaub\/unterkuenfte\/apartment-strandzauber-am-alten-deich-4-6-whg-11\/?adults=1\">\n\t\t\t\t\t\t\t\t<img decoding=\"async\" class=\"lazy\" src=\"https:\/\/www.kuestenimmobilien.com\/urlaub\/wp-content\/uploads\/2023\/10\/mf13850237-1024x683.jpg\" data-src=\"https:\/\/www.kuestenimmobilien.com\/urlaub\/wp-content\/uploads\/2023\/10\/mf13850266-1024x683.jpg\" alt=\"\" \/>\n\t\t\t\t\t\t\t<\/a><\/li>\n\t\t\t\t\t\t\t\t\t\t\t<li><a href=\"https:\/\/www.kuestenimmobilien.com\/urlaub\/unterkuenfte\/apartment-strandzauber-am-alten-deich-4-6-whg-11\/?adults=1\">\n\t\t\t\t\t\t\t\t<img decoding=\"async\" class=\"lazy\" src=\"https:\/\/www.kuestenimmobilien.com\/urlaub\/wp-content\/uploads\/2023\/10\/mf13850237-1024x683.jpg\" data-src=\"https:\/\/www.kuestenimmobilien.com\/urlaub\/wp-content\/uploads\/2023\/10\/mf13850268-1024x683.jpg\" alt=\"\" \/>\n\t\t\t\t\t\t\t<\/a><\/li>\n\t\t\t\t\t\t\t\t\t\t\t<li><a href=\"https:\/\/www.kuestenimmobilien.com\/urlaub\/unterkuenfte\/apartment-strandzauber-am-alten-deich-4-6-whg-11\/?adults=1\">\n\t\t\t\t\t\t\t\t<img decoding=\"async\" class=\"lazy\" src=\"https:\/\/www.kuestenimmobilien.com\/urlaub\/wp-content\/uploads\/2023\/10\/mf13850237-1024x683.jpg\" data-src=\"https:\/\/www.kuestenimmobilien.com\/urlaub\/wp-content\/uploads\/2023\/10\/mf13850269-1024x683.jpg\" alt=\"\" \/>\n\t\t\t\t\t\t\t<\/a><\/li>\n\t\t\t\t\t\t\t\t\t<\/ul>\n\t\t\t<\/div>\n\t\t\t<\/div>\n\t<div class=\"info-wrapper\">\n\t\t<div class=\"info-body\">\n\t\t\t<h3 class=\"title-container\">\n\t\t\t\t<a href=\"https:\/\/www.kuestenimmobilien.com\/urlaub\/unterkuenfte\/apartment-strandzauber-am-alten-deich-4-6-whg-11\/?adults=1\">\n\t\t\t\t\tApartment Strandzauber, Am Alten Deich 4-6\/ Whg 11\t\t\t\t<\/a>\n\t\t\t<\/h3>\n\t\t\t<button class=\"simplefavorite-button\" data-postid=\"311\" data-siteid=\"1\" data-groupid=\"1\" data-favoritecount=\"35\" style=\"\"><i class=\"heart-icon\"><\/i><\/button>\t\t\t<div class=\"separator-small\"><\/div>\n\t\t\t<div class=\"details-wrapper\">\n\t\t\t\t<ul>\n\t\t\t\t\t<li>G\u00e4ste<div class=\"wrap-value\">4<\/div><\/li>\t\t\t\t\t<li class=\"border-props\"><\/li><li>Schlafzimmer<div class=\"wrap-value\">1<\/div><\/li>\t\t\t\t\t<li class=\"border-props\"><\/li><li>Gr\u00f6\u00dfe<div class=\"wrap-value\">49 m\u00b2<\/div><\/li>\t\t\t\t\t<li class=\"border-props\"><\/li><li>Bewertung<div class=\"wrap-value\">4.8 \/ 5<\/div><\/li>\t\t\t\t\t\t\t\t\t<\/ul>\n\t\t\t<\/div>\n\t\t<\/div>\n\t\t<div class=\"info-footer\">\n\t\t\t\t\t\t<div class=\"mobile-only\">\n\t\t\t\t<div class=\"favorites-button\">\n\t\t\t\t\t<button class=\"simplefavorite-button\" data-postid=\"311\" data-siteid=\"1\" data-groupid=\"1\" data-favoritecount=\"35\" style=\"\"><i class=\"heart-icon\"><\/i><\/button>\t\t\t\t<\/div>\n\t\t\t<\/div>\n\t\t\t<div class=\"price-container\">\n\t\t\t\t<a href=\"https:\/\/www.kuestenimmobilien.com\/urlaub\/unterkuenfte\/apartment-strandzauber-am-alten-deich-4-6-whg-11\/?adults=1\" class=\"price-button\"><div class=\"showprice \">Ab <div class=\"wrap-value\"><span class=\"price\" data-price=\"6900\">69,00<\/span> <span class=\"currency\">&euro;<\/span> <\/div><\/div><div class=\"book-button\">BUCHEN<\/div><\/a>\n\t\t\t<\/div>\n\t\t<\/div>\n\t<\/div>\n<\/div>\n<div class=\"unitcontent-wrapper\">\n\t<div class=\"image-wrapper\">\n\t\t\t\t\t<div id=\"slider\" class=\"flexslider\">\n\t\t\t\t\t\t\t\t<ul class=\"slides\">\n\t\t\t\t\t\t\t\t\t\t\t<li><a href=\"https:\/\/www.kuestenimmobilien.com\/urlaub\/unterkuenfte\/apartment-ankerhuus-am-alten-deich-4-6-whg-1-18\/?adults=1\">\n\t\t\t\t\t\t\t\t<img decoding=\"async\" class=\"lazy\" src=\"https:\/\/www.kuestenimmobilien.com\/urlaub\/wp-content\/uploads\/2023\/04\/mf4335199-1024x768.jpg\" data-src=\"https:\/\/www.kuestenimmobilien.com\/urlaub\/wp-content\/uploads\/2023\/04\/mf4335199-1024x768.jpg\" alt=\"\" \/>\n\t\t\t\t\t\t\t<\/a><\/li>\n\t\t\t\t\t\t\t\t\t\t\t<li><a href=\"https:\/\/www.kuestenimmobilien.com\/urlaub\/unterkuenfte\/apartment-ankerhuus-am-alten-deich-4-6-whg-1-18\/?adults=1\">\n\t\t\t\t\t\t\t\t<img decoding=\"async\" class=\"lazy\" src=\"https:\/\/www.kuestenimmobilien.com\/urlaub\/wp-content\/uploads\/2023\/04\/mf4335199-1024x768.jpg\" data-src=\"https:\/\/www.kuestenimmobilien.com\/urlaub\/wp-content\/uploads\/2023\/04\/mf4335176-1024x768.jpg\" alt=\"\" \/>\n\t\t\t\t\t\t\t<\/a><\/li>\n\t\t\t\t\t\t\t\t\t\t\t<li><a href=\"https:\/\/www.kuestenimmobilien.com\/urlaub\/unterkuenfte\/apartment-ankerhuus-am-alten-deich-4-6-whg-1-18\/?adults=1\">\n\t\t\t\t\t\t\t\t<img decoding=\"async\" class=\"lazy\" src=\"https:\/\/www.kuestenimmobilien.com\/urlaub\/wp-content\/uploads\/2023\/04\/mf4335199-1024x768.jpg\" data-src=\"https:\/\/www.kuestenimmobilien.com\/urlaub\/wp-content\/uploads\/2023\/04\/mf4335186-1024x768.jpg\" alt=\"\" \/>\n\t\t\t\t\t\t\t<\/a><\/li>\n\t\t\t\t\t\t\t\t\t\t\t<li><a href=\"https:\/\/www.kuestenimmobilien.com\/urlaub\/unterkuenfte\/apartment-ankerhuus-am-alten-deich-4-6-whg-1-18\/?adults=1\">\n\t\t\t\t\t\t\t\t<img decoding=\"async\" class=\"lazy\" src=\"https:\/\/www.kuestenimmobilien.com\/urlaub\/wp-content\/uploads\/2023\/04\/mf4335199-1024x768.jpg\" data-src=\"https:\/\/www.kuestenimmobilien.com\/urlaub\/wp-content\/uploads\/2023\/04\/mf4335184-1024x768.jpg\" alt=\"\" \/>\n\t\t\t\t\t\t\t<\/a><\/li>\n\t\t\t\t\t\t\t\t\t\t\t<li><a href=\"https:\/\/www.kuestenimmobilien.com\/urlaub\/unterkuenfte\/apartment-ankerhuus-am-alten-deich-4-6-whg-1-18\/?adults=1\">\n\t\t\t\t\t\t\t\t<img decoding=\"async\" class=\"lazy\" src=\"https:\/\/www.kuestenimmobilien.com\/urlaub\/wp-content\/uploads\/2023\/04\/mf4335199-1024x768.jpg\" data-src=\"https:\/\/www.kuestenimmobilien.com\/urlaub\/wp-content\/uploads\/2023\/04\/mf4335185-1024x768.jpg\" alt=\"\" \/>\n\t\t\t\t\t\t\t<\/a><\/li>\n\t\t\t\t\t\t\t\t\t\t\t<li><a href=\"https:\/\/www.kuestenimmobilien.com\/urlaub\/unterkuenfte\/apartment-ankerhuus-am-alten-deich-4-6-whg-1-18\/?adults=1\">\n\t\t\t\t\t\t\t\t<img decoding=\"async\" class=\"lazy\" src=\"https:\/\/www.kuestenimmobilien.com\/urlaub\/wp-content\/uploads\/2023\/04\/mf4335199-1024x768.jpg\" data-src=\"https:\/\/www.kuestenimmobilien.com\/urlaub\/wp-content\/uploads\/2023\/04\/mf4335195-1024x768.jpg\" alt=\"\" \/>\n\t\t\t\t\t\t\t<\/a><\/li>\n\t\t\t\t\t\t\t\t\t\t\t<li><a href=\"https:\/\/www.kuestenimmobilien.com\/urlaub\/unterkuenfte\/apartment-ankerhuus-am-alten-deich-4-6-whg-1-18\/?adults=1\">\n\t\t\t\t\t\t\t\t<img decoding=\"async\" class=\"lazy\" src=\"https:\/\/www.kuestenimmobilien.com\/urlaub\/wp-content\/uploads\/2023\/04\/mf4335199-1024x768.jpg\" data-src=\"https:\/\/www.kuestenimmobilien.com\/urlaub\/wp-content\/uploads\/2023\/04\/mf4335174-1024x768.jpg\" alt=\"\" \/>\n\t\t\t\t\t\t\t<\/a><\/li>\n\t\t\t\t\t\t\t\t\t\t\t<li><a href=\"https:\/\/www.kuestenimmobilien.com\/urlaub\/unterkuenfte\/apartment-ankerhuus-am-alten-deich-4-6-whg-1-18\/?adults=1\">\n\t\t\t\t\t\t\t\t<img decoding=\"async\" class=\"lazy\" src=\"https:\/\/www.kuestenimmobilien.com\/urlaub\/wp-content\/uploads\/2023\/04\/mf4335199-1024x768.jpg\" data-src=\"https:\/\/www.kuestenimmobilien.com\/urlaub\/wp-content\/uploads\/2023\/04\/mf4329189-1024x768.jpg\" alt=\"\" \/>\n\t\t\t\t\t\t\t<\/a><\/li>\n\t\t\t\t\t\t\t\t\t\t\t<li><a href=\"https:\/\/www.kuestenimmobilien.com\/urlaub\/unterkuenfte\/apartment-ankerhuus-am-alten-deich-4-6-whg-1-18\/?adults=1\">\n\t\t\t\t\t\t\t\t<img decoding=\"async\" class=\"lazy\" src=\"https:\/\/www.kuestenimmobilien.com\/urlaub\/wp-content\/uploads\/2023\/04\/mf4335199-1024x768.jpg\" data-src=\"https:\/\/www.kuestenimmobilien.com\/urlaub\/wp-content\/uploads\/2023\/04\/mf4335190-1024x768.jpg\" alt=\"\" \/>\n\t\t\t\t\t\t\t<\/a><\/li>\n\t\t\t\t\t\t\t\t\t\t\t<li><a href=\"https:\/\/www.kuestenimmobilien.com\/urlaub\/unterkuenfte\/apartment-ankerhuus-am-alten-deich-4-6-whg-1-18\/?adults=1\">\n\t\t\t\t\t\t\t\t<img decoding=\"async\" class=\"lazy\" src=\"https:\/\/www.kuestenimmobilien.com\/urlaub\/wp-content\/uploads\/2023\/04\/mf4335199-1024x768.jpg\" data-src=\"https:\/\/www.kuestenimmobilien.com\/urlaub\/wp-content\/uploads\/2023\/04\/mf4335163-1024x768.jpg\" alt=\"\" \/>\n\t\t\t\t\t\t\t<\/a><\/li>\n\t\t\t\t\t\t\t\t\t\t\t<li><a href=\"https:\/\/www.kuestenimmobilien.com\/urlaub\/unterkuenfte\/apartment-ankerhuus-am-alten-deich-4-6-whg-1-18\/?adults=1\">\n\t\t\t\t\t\t\t\t<img decoding=\"async\" class=\"lazy\" src=\"https:\/\/www.kuestenimmobilien.com\/urlaub\/wp-content\/uploads\/2023\/04\/mf4335199-1024x768.jpg\" data-src=\"https:\/\/www.kuestenimmobilien.com\/urlaub\/wp-content\/uploads\/2023\/04\/mf4335162-1024x768.jpg\" alt=\"\" \/>\n\t\t\t\t\t\t\t<\/a><\/li>\n\t\t\t\t\t\t\t\t\t\t\t<li><a href=\"https:\/\/www.kuestenimmobilien.com\/urlaub\/unterkuenfte\/apartment-ankerhuus-am-alten-deich-4-6-whg-1-18\/?adults=1\">\n\t\t\t\t\t\t\t\t<img decoding=\"async\" class=\"lazy\" src=\"https:\/\/www.kuestenimmobilien.com\/urlaub\/wp-content\/uploads\/2023\/04\/mf4335199-1024x768.jpg\" data-src=\"https:\/\/www.kuestenimmobilien.com\/urlaub\/wp-content\/uploads\/2023\/04\/mf4335193-1024x768.jpg\" alt=\"\" \/>\n\t\t\t\t\t\t\t<\/a><\/li>\n\t\t\t\t\t\t\t\t\t\t\t<li><a href=\"https:\/\/www.kuestenimmobilien.com\/urlaub\/unterkuenfte\/apartment-ankerhuus-am-alten-deich-4-6-whg-1-18\/?adults=1\">\n\t\t\t\t\t\t\t\t<img decoding=\"async\" class=\"lazy\" src=\"https:\/\/www.kuestenimmobilien.com\/urlaub\/wp-content\/uploads\/2023\/04\/mf4335199-1024x768.jpg\" data-src=\"https:\/\/www.kuestenimmobilien.com\/urlaub\/wp-content\/uploads\/2023\/04\/mf4335164-1024x757.jpg\" alt=\"\" \/>\n\t\t\t\t\t\t\t<\/a><\/li>\n\t\t\t\t\t\t\t\t\t\t\t<li><a href=\"https:\/\/www.kuestenimmobilien.com\/urlaub\/unterkuenfte\/apartment-ankerhuus-am-alten-deich-4-6-whg-1-18\/?adults=1\">\n\t\t\t\t\t\t\t\t<img decoding=\"async\" class=\"lazy\" src=\"https:\/\/www.kuestenimmobilien.com\/urlaub\/wp-content\/uploads\/2023\/04\/mf4335199-1024x768.jpg\" data-src=\"https:\/\/www.kuestenimmobilien.com\/urlaub\/wp-content\/uploads\/2023\/04\/mf4335182-1024x768.jpg\" alt=\"\" \/>\n\t\t\t\t\t\t\t<\/a><\/li>\n\t\t\t\t\t\t\t\t\t\t\t<li><a href=\"https:\/\/www.kuestenimmobilien.com\/urlaub\/unterkuenfte\/apartment-ankerhuus-am-alten-deich-4-6-whg-1-18\/?adults=1\">\n\t\t\t\t\t\t\t\t<img decoding=\"async\" class=\"lazy\" src=\"https:\/\/www.kuestenimmobilien.com\/urlaub\/wp-content\/uploads\/2023\/04\/mf4335199-1024x768.jpg\" data-src=\"https:\/\/www.kuestenimmobilien.com\/urlaub\/wp-content\/uploads\/2023\/04\/mf4335192-1024x768.jpg\" alt=\"\" \/>\n\t\t\t\t\t\t\t<\/a><\/li>\n\t\t\t\t\t\t\t\t\t\t\t<li><a href=\"https:\/\/www.kuestenimmobilien.com\/urlaub\/unterkuenfte\/apartment-ankerhuus-am-alten-deich-4-6-whg-1-18\/?adults=1\">\n\t\t\t\t\t\t\t\t<img decoding=\"async\" class=\"lazy\" src=\"https:\/\/www.kuestenimmobilien.com\/urlaub\/wp-content\/uploads\/2023\/04\/mf4335199-1024x768.jpg\" data-src=\"https:\/\/www.kuestenimmobilien.com\/urlaub\/wp-content\/uploads\/2023\/04\/mf4335160-1024x768.jpg\" alt=\"\" \/>\n\t\t\t\t\t\t\t<\/a><\/li>\n\t\t\t\t\t\t\t\t\t\t\t<li><a href=\"https:\/\/www.kuestenimmobilien.com\/urlaub\/unterkuenfte\/apartment-ankerhuus-am-alten-deich-4-6-whg-1-18\/?adults=1\">\n\t\t\t\t\t\t\t\t<img decoding=\"async\" class=\"lazy\" src=\"https:\/\/www.kuestenimmobilien.com\/urlaub\/wp-content\/uploads\/2023\/04\/mf4335199-1024x768.jpg\" data-src=\"https:\/\/www.kuestenimmobilien.com\/urlaub\/wp-content\/uploads\/2023\/04\/mf4335189-1024x768.jpg\" alt=\"\" \/>\n\t\t\t\t\t\t\t<\/a><\/li>\n\t\t\t\t\t\t\t\t\t\t\t<li><a href=\"https:\/\/www.kuestenimmobilien.com\/urlaub\/unterkuenfte\/apartment-ankerhuus-am-alten-deich-4-6-whg-1-18\/?adults=1\">\n\t\t\t\t\t\t\t\t<img decoding=\"async\" class=\"lazy\" src=\"https:\/\/www.kuestenimmobilien.com\/urlaub\/wp-content\/uploads\/2023\/04\/mf4335199-1024x768.jpg\" data-src=\"https:\/\/www.kuestenimmobilien.com\/urlaub\/wp-content\/uploads\/2023\/04\/mf4335188-1024x768.jpg\" alt=\"\" \/>\n\t\t\t\t\t\t\t<\/a><\/li>\n\t\t\t\t\t\t\t\t\t\t\t<li><a href=\"https:\/\/www.kuestenimmobilien.com\/urlaub\/unterkuenfte\/apartment-ankerhuus-am-alten-deich-4-6-whg-1-18\/?adults=1\">\n\t\t\t\t\t\t\t\t<img decoding=\"async\" class=\"lazy\" src=\"https:\/\/www.kuestenimmobilien.com\/urlaub\/wp-content\/uploads\/2023\/04\/mf4335199-1024x768.jpg\" data-src=\"https:\/\/www.kuestenimmobilien.com\/urlaub\/wp-content\/uploads\/2023\/04\/mf4335161-1024x768.jpg\" alt=\"\" \/>\n\t\t\t\t\t\t\t<\/a><\/li>\n\t\t\t\t\t\t\t\t\t\t\t<li><a href=\"https:\/\/www.kuestenimmobilien.com\/urlaub\/unterkuenfte\/apartment-ankerhuus-am-alten-deich-4-6-whg-1-18\/?adults=1\">\n\t\t\t\t\t\t\t\t<img decoding=\"async\" class=\"lazy\" src=\"https:\/\/www.kuestenimmobilien.com\/urlaub\/wp-content\/uploads\/2023\/04\/mf4335199-1024x768.jpg\" data-src=\"https:\/\/www.kuestenimmobilien.com\/urlaub\/wp-content\/uploads\/2023\/04\/mf4335175-1024x707.jpg\" alt=\"\" \/>\n\t\t\t\t\t\t\t<\/a><\/li>\n\t\t\t\t\t\t\t\t\t\t\t<li><a href=\"https:\/\/www.kuestenimmobilien.com\/urlaub\/unterkuenfte\/apartment-ankerhuus-am-alten-deich-4-6-whg-1-18\/?adults=1\">\n\t\t\t\t\t\t\t\t<img decoding=\"async\" class=\"lazy\" src=\"https:\/\/www.kuestenimmobilien.com\/urlaub\/wp-content\/uploads\/2023\/04\/mf4335199-1024x768.jpg\" data-src=\"https:\/\/www.kuestenimmobilien.com\/urlaub\/wp-content\/uploads\/2023\/04\/mf4335171-1024x768.jpg\" alt=\"\" \/>\n\t\t\t\t\t\t\t<\/a><\/li>\n\t\t\t\t\t\t\t\t\t\t\t<li><a href=\"https:\/\/www.kuestenimmobilien.com\/urlaub\/unterkuenfte\/apartment-ankerhuus-am-alten-deich-4-6-whg-1-18\/?adults=1\">\n\t\t\t\t\t\t\t\t<img decoding=\"async\" class=\"lazy\" src=\"https:\/\/www.kuestenimmobilien.com\/urlaub\/wp-content\/uploads\/2023\/04\/mf4335199-1024x768.jpg\" data-src=\"https:\/\/www.kuestenimmobilien.com\/urlaub\/wp-content\/uploads\/2023\/04\/mf4335173-1024x768.jpg\" alt=\"\" \/>\n\t\t\t\t\t\t\t<\/a><\/li>\n\t\t\t\t\t\t\t\t\t\t\t<li><a href=\"https:\/\/www.kuestenimmobilien.com\/urlaub\/unterkuenfte\/apartment-ankerhuus-am-alten-deich-4-6-whg-1-18\/?adults=1\">\n\t\t\t\t\t\t\t\t<img decoding=\"async\" class=\"lazy\" src=\"https:\/\/www.kuestenimmobilien.com\/urlaub\/wp-content\/uploads\/2023\/04\/mf4335199-1024x768.jpg\" data-src=\"https:\/\/www.kuestenimmobilien.com\/urlaub\/wp-content\/uploads\/2023\/04\/mf4335178-1024x768.jpg\" alt=\"\" \/>\n\t\t\t\t\t\t\t<\/a><\/li>\n\t\t\t\t\t\t\t\t\t\t\t<li><a href=\"https:\/\/www.kuestenimmobilien.com\/urlaub\/unterkuenfte\/apartment-ankerhuus-am-alten-deich-4-6-whg-1-18\/?adults=1\">\n\t\t\t\t\t\t\t\t<img decoding=\"async\" class=\"lazy\" src=\"https:\/\/www.kuestenimmobilien.com\/urlaub\/wp-content\/uploads\/2023\/04\/mf4335199-1024x768.jpg\" data-src=\"https:\/\/www.kuestenimmobilien.com\/urlaub\/wp-content\/uploads\/2023\/04\/mf4335179-1024x768.jpg\" alt=\"\" \/>\n\t\t\t\t\t\t\t<\/a><\/li>\n\t\t\t\t\t\t\t\t\t\t\t<li><a href=\"https:\/\/www.kuestenimmobilien.com\/urlaub\/unterkuenfte\/apartment-ankerhuus-am-alten-deich-4-6-whg-1-18\/?adults=1\">\n\t\t\t\t\t\t\t\t<img decoding=\"async\" class=\"lazy\" src=\"https:\/\/www.kuestenimmobilien.com\/urlaub\/wp-content\/uploads\/2023\/04\/mf4335199-1024x768.jpg\" data-src=\"https:\/\/www.kuestenimmobilien.com\/urlaub\/wp-content\/uploads\/2023\/04\/mf4335181-1024x768.jpg\" alt=\"\" \/>\n\t\t\t\t\t\t\t<\/a><\/li>\n\t\t\t\t\t\t\t\t\t\t\t<li><a href=\"https:\/\/www.kuestenimmobilien.com\/urlaub\/unterkuenfte\/apartment-ankerhuus-am-alten-deich-4-6-whg-1-18\/?adults=1\">\n\t\t\t\t\t\t\t\t<img decoding=\"async\" class=\"lazy\" src=\"https:\/\/www.kuestenimmobilien.com\/urlaub\/wp-content\/uploads\/2023\/04\/mf4335199-1024x768.jpg\" data-src=\"https:\/\/www.kuestenimmobilien.com\/urlaub\/wp-content\/uploads\/2023\/04\/mf4335180-1024x768.jpg\" alt=\"\" \/>\n\t\t\t\t\t\t\t<\/a><\/li>\n\t\t\t\t\t\t\t\t\t\t\t<li><a href=\"https:\/\/www.kuestenimmobilien.com\/urlaub\/unterkuenfte\/apartment-ankerhuus-am-alten-deich-4-6-whg-1-18\/?adults=1\">\n\t\t\t\t\t\t\t\t<img decoding=\"async\" class=\"lazy\" src=\"https:\/\/www.kuestenimmobilien.com\/urlaub\/wp-content\/uploads\/2023\/04\/mf4335199-1024x768.jpg\" data-src=\"https:\/\/www.kuestenimmobilien.com\/urlaub\/wp-content\/uploads\/2023\/04\/mf4335177-1024x768.jpg\" alt=\"\" \/>\n\t\t\t\t\t\t\t<\/a><\/li>\n\t\t\t\t\t\t\t\t\t\t\t<li><a href=\"https:\/\/www.kuestenimmobilien.com\/urlaub\/unterkuenfte\/apartment-ankerhuus-am-alten-deich-4-6-whg-1-18\/?adults=1\">\n\t\t\t\t\t\t\t\t<img decoding=\"async\" class=\"lazy\" src=\"https:\/\/www.kuestenimmobilien.com\/urlaub\/wp-content\/uploads\/2023\/04\/mf4335199-1024x768.jpg\" data-src=\"https:\/\/www.kuestenimmobilien.com\/urlaub\/wp-content\/uploads\/2023\/04\/mf4335165-1024x768.jpg\" alt=\"\" \/>\n\t\t\t\t\t\t\t<\/a><\/li>\n\t\t\t\t\t\t\t\t\t\t\t<li><a href=\"https:\/\/www.kuestenimmobilien.com\/urlaub\/unterkuenfte\/apartment-ankerhuus-am-alten-deich-4-6-whg-1-18\/?adults=1\">\n\t\t\t\t\t\t\t\t<img decoding=\"async\" class=\"lazy\" src=\"https:\/\/www.kuestenimmobilien.com\/urlaub\/wp-content\/uploads\/2023\/04\/mf4335199-1024x768.jpg\" data-src=\"https:\/\/www.kuestenimmobilien.com\/urlaub\/wp-content\/uploads\/2023\/04\/mf4335194-1024x768.jpg\" alt=\"\" \/>\n\t\t\t\t\t\t\t<\/a><\/li>\n\t\t\t\t\t\t\t\t\t\t\t<li><a href=\"https:\/\/www.kuestenimmobilien.com\/urlaub\/unterkuenfte\/apartment-ankerhuus-am-alten-deich-4-6-whg-1-18\/?adults=1\">\n\t\t\t\t\t\t\t\t<img decoding=\"async\" class=\"lazy\" src=\"https:\/\/www.kuestenimmobilien.com\/urlaub\/wp-content\/uploads\/2023\/04\/mf4335199-1024x768.jpg\" data-src=\"https:\/\/www.kuestenimmobilien.com\/urlaub\/wp-content\/uploads\/2023\/04\/mf4335198-1024x768.jpg\" alt=\"\" \/>\n\t\t\t\t\t\t\t<\/a><\/li>\n\t\t\t\t\t\t\t\t\t\t\t<li><a href=\"https:\/\/www.kuestenimmobilien.com\/urlaub\/unterkuenfte\/apartment-ankerhuus-am-alten-deich-4-6-whg-1-18\/?adults=1\">\n\t\t\t\t\t\t\t\t<img decoding=\"async\" class=\"lazy\" src=\"https:\/\/www.kuestenimmobilien.com\/urlaub\/wp-content\/uploads\/2023\/04\/mf4335199-1024x768.jpg\" data-src=\"https:\/\/www.kuestenimmobilien.com\/urlaub\/wp-content\/uploads\/2023\/04\/mf4329191-768x1024.jpg\" alt=\"\" \/>\n\t\t\t\t\t\t\t<\/a><\/li>\n\t\t\t\t\t\t\t\t\t\t\t<li><a href=\"https:\/\/www.kuestenimmobilien.com\/urlaub\/unterkuenfte\/apartment-ankerhuus-am-alten-deich-4-6-whg-1-18\/?adults=1\">\n\t\t\t\t\t\t\t\t<img decoding=\"async\" class=\"lazy\" src=\"https:\/\/www.kuestenimmobilien.com\/urlaub\/wp-content\/uploads\/2023\/04\/mf4335199-1024x768.jpg\" data-src=\"https:\/\/www.kuestenimmobilien.com\/urlaub\/wp-content\/uploads\/2023\/04\/mf4329194.jpg\" alt=\"\" \/>\n\t\t\t\t\t\t\t<\/a><\/li>\n\t\t\t\t\t\t\t\t\t\t\t<li><a href=\"https:\/\/www.kuestenimmobilien.com\/urlaub\/unterkuenfte\/apartment-ankerhuus-am-alten-deich-4-6-whg-1-18\/?adults=1\">\n\t\t\t\t\t\t\t\t<img decoding=\"async\" class=\"lazy\" src=\"https:\/\/www.kuestenimmobilien.com\/urlaub\/wp-content\/uploads\/2023\/04\/mf4335199-1024x768.jpg\" data-src=\"https:\/\/www.kuestenimmobilien.com\/urlaub\/wp-content\/uploads\/2023\/04\/mf4329190-1024x768.jpg\" alt=\"\" \/>\n\t\t\t\t\t\t\t<\/a><\/li>\n\t\t\t\t\t\t\t\t\t\t\t<li><a href=\"https:\/\/www.kuestenimmobilien.com\/urlaub\/unterkuenfte\/apartment-ankerhuus-am-alten-deich-4-6-whg-1-18\/?adults=1\">\n\t\t\t\t\t\t\t\t<img decoding=\"async\" class=\"lazy\" src=\"https:\/\/www.kuestenimmobilien.com\/urlaub\/wp-content\/uploads\/2023\/04\/mf4335199-1024x768.jpg\" data-src=\"https:\/\/www.kuestenimmobilien.com\/urlaub\/wp-content\/uploads\/2023\/04\/mf4329195.jpg\" alt=\"\" \/>\n\t\t\t\t\t\t\t<\/a><\/li>\n\t\t\t\t\t\t\t\t\t\t\t<li><a href=\"https:\/\/www.kuestenimmobilien.com\/urlaub\/unterkuenfte\/apartment-ankerhuus-am-alten-deich-4-6-whg-1-18\/?adults=1\">\n\t\t\t\t\t\t\t\t<img decoding=\"async\" class=\"lazy\" src=\"https:\/\/www.kuestenimmobilien.com\/urlaub\/wp-content\/uploads\/2023\/04\/mf4335199-1024x768.jpg\" data-src=\"https:\/\/www.kuestenimmobilien.com\/urlaub\/wp-content\/uploads\/2023\/04\/mf4329198.jpg\" alt=\"\" \/>\n\t\t\t\t\t\t\t<\/a><\/li>\n\t\t\t\t\t\t\t\t\t\t\t<li><a href=\"https:\/\/www.kuestenimmobilien.com\/urlaub\/unterkuenfte\/apartment-ankerhuus-am-alten-deich-4-6-whg-1-18\/?adults=1\">\n\t\t\t\t\t\t\t\t<img decoding=\"async\" class=\"lazy\" src=\"https:\/\/www.kuestenimmobilien.com\/urlaub\/wp-content\/uploads\/2023\/04\/mf4335199-1024x768.jpg\" data-src=\"https:\/\/www.kuestenimmobilien.com\/urlaub\/wp-content\/uploads\/2023\/04\/mf4329196.jpg\" alt=\"\" \/>\n\t\t\t\t\t\t\t<\/a><\/li>\n\t\t\t\t\t\t\t\t\t\t\t<li><a href=\"https:\/\/www.kuestenimmobilien.com\/urlaub\/unterkuenfte\/apartment-ankerhuus-am-alten-deich-4-6-whg-1-18\/?adults=1\">\n\t\t\t\t\t\t\t\t<img decoding=\"async\" class=\"lazy\" src=\"https:\/\/www.kuestenimmobilien.com\/urlaub\/wp-content\/uploads\/2023\/04\/mf4335199-1024x768.jpg\" data-src=\"https:\/\/www.kuestenimmobilien.com\/urlaub\/wp-content\/uploads\/2023\/04\/mf4329197.jpg\" alt=\"\" \/>\n\t\t\t\t\t\t\t<\/a><\/li>\n\t\t\t\t\t\t\t\t\t\t\t<li><a href=\"https:\/\/www.kuestenimmobilien.com\/urlaub\/unterkuenfte\/apartment-ankerhuus-am-alten-deich-4-6-whg-1-18\/?adults=1\">\n\t\t\t\t\t\t\t\t<img decoding=\"async\" class=\"lazy\" src=\"https:\/\/www.kuestenimmobilien.com\/urlaub\/wp-content\/uploads\/2023\/04\/mf4335199-1024x768.jpg\" data-src=\"https:\/\/www.kuestenimmobilien.com\/urlaub\/wp-content\/uploads\/2023\/04\/mf4329199.jpg\" alt=\"\" \/>\n\t\t\t\t\t\t\t<\/a><\/li>\n\t\t\t\t\t\t\t\t\t\t\t<li><a href=\"https:\/\/www.kuestenimmobilien.com\/urlaub\/unterkuenfte\/apartment-ankerhuus-am-alten-deich-4-6-whg-1-18\/?adults=1\">\n\t\t\t\t\t\t\t\t<img decoding=\"async\" class=\"lazy\" src=\"https:\/\/www.kuestenimmobilien.com\/urlaub\/wp-content\/uploads\/2023\/04\/mf4335199-1024x768.jpg\" data-src=\"https:\/\/www.kuestenimmobilien.com\/urlaub\/wp-content\/uploads\/2023\/04\/mf4329193.jpg\" alt=\"\" \/>\n\t\t\t\t\t\t\t<\/a><\/li>\n\t\t\t\t\t\t\t\t\t\t\t<li><a href=\"https:\/\/www.kuestenimmobilien.com\/urlaub\/unterkuenfte\/apartment-ankerhuus-am-alten-deich-4-6-whg-1-18\/?adults=1\">\n\t\t\t\t\t\t\t\t<img decoding=\"async\" class=\"lazy\" src=\"https:\/\/www.kuestenimmobilien.com\/urlaub\/wp-content\/uploads\/2023\/04\/mf4335199-1024x768.jpg\" data-src=\"https:\/\/www.kuestenimmobilien.com\/urlaub\/wp-content\/uploads\/2023\/04\/mf4329192.jpg\" alt=\"\" \/>\n\t\t\t\t\t\t\t<\/a><\/li>\n\t\t\t\t\t\t\t\t\t<\/ul>\n\t\t\t<\/div>\n\t\t\t<\/div>\n\t<div class=\"info-wrapper\">\n\t\t<div class=\"info-body\">\n\t\t\t<h3 class=\"title-container\">\n\t\t\t\t<a href=\"https:\/\/www.kuestenimmobilien.com\/urlaub\/unterkuenfte\/apartment-ankerhuus-am-alten-deich-4-6-whg-1-18\/?adults=1\">\n\t\t\t\t\tApartment Ankerhuus, Am Alten Deich 4-6, Whg 1.18\t\t\t\t<\/a>\n\t\t\t<\/h3>\n\t\t\t<button class=\"simplefavorite-button\" data-postid=\"310\" data-siteid=\"1\" data-groupid=\"1\" data-favoritecount=\"17\" style=\"\"><i class=\"heart-icon\"><\/i><\/button>\t\t\t<div class=\"separator-small\"><\/div>\n\t\t\t<div class=\"details-wrapper\">\n\t\t\t\t<ul>\n\t\t\t\t\t<li>G\u00e4ste<div class=\"wrap-value\">4<\/div><\/li>\t\t\t\t\t<li class=\"border-props\"><\/li><li>Schlafzimmer<div class=\"wrap-value\">1<\/div><\/li>\t\t\t\t\t<li class=\"border-props\"><\/li><li>Gr\u00f6\u00dfe<div class=\"wrap-value\">56 m\u00b2<\/div><\/li>\t\t\t\t\t<li class=\"border-props\"><\/li><li>Bewertung<div class=\"wrap-value\">4.9 \/ 5<\/div><\/li>\t\t\t\t\t\t\t\t\t<\/ul>\n\t\t\t<\/div>\n\t\t<\/div>\n\t\t<div class=\"info-footer\">\n\t\t\t\t\t\t<div class=\"mobile-only\">\n\t\t\t\t<div class=\"favorites-button\">\n\t\t\t\t\t<button class=\"simplefavorite-button\" data-postid=\"310\" data-siteid=\"1\" data-groupid=\"1\" data-favoritecount=\"17\" style=\"\"><i class=\"heart-icon\"><\/i><\/button>\t\t\t\t<\/div>\n\t\t\t<\/div>\n\t\t\t<div class=\"price-container\">\n\t\t\t\t<a href=\"https:\/\/www.kuestenimmobilien.com\/urlaub\/unterkuenfte\/apartment-ankerhuus-am-alten-deich-4-6-whg-1-18\/?adults=1\" class=\"price-button\"><div class=\"showprice \">Ab <div class=\"wrap-value\"><span class=\"price\" data-price=\"6900\">69,00<\/span> <span class=\"currency\">&euro;<\/span> <\/div><\/div><div class=\"book-button\">BUCHEN<\/div><\/a>\n\t\t\t<\/div>\n\t\t<\/div>\n\t<\/div>\n<\/div>\n<div class=\"unitcontent-wrapper\">\n\t<div class=\"image-wrapper\">\n\t\t\t\t\t<div id=\"slider\" class=\"flexslider\">\n\t\t\t\t\t\t\t\t<ul class=\"slides\">\n\t\t\t\t\t\t\t\t\t\t\t<li><a href=\"https:\/\/www.kuestenimmobilien.com\/urlaub\/unterkuenfte\/apartment-kleine-freiheit-am-alten-deich-26-4\/?adults=1\">\n\t\t\t\t\t\t\t\t<img decoding=\"async\" class=\"lazy\" src=\"https:\/\/www.kuestenimmobilien.com\/urlaub\/wp-content\/uploads\/2023\/04\/mf8321716-1024x768.jpg\" data-src=\"https:\/\/www.kuestenimmobilien.com\/urlaub\/wp-content\/uploads\/2023\/04\/mf8321716-1024x768.jpg\" alt=\"\" \/>\n\t\t\t\t\t\t\t<\/a><\/li>\n\t\t\t\t\t\t\t\t\t\t\t<li><a href=\"https:\/\/www.kuestenimmobilien.com\/urlaub\/unterkuenfte\/apartment-kleine-freiheit-am-alten-deich-26-4\/?adults=1\">\n\t\t\t\t\t\t\t\t<img decoding=\"async\" class=\"lazy\" src=\"https:\/\/www.kuestenimmobilien.com\/urlaub\/wp-content\/uploads\/2023\/04\/mf8321716-1024x768.jpg\" data-src=\"https:\/\/www.kuestenimmobilien.com\/urlaub\/wp-content\/uploads\/2023\/04\/mf8321700-1024x768.jpg\" alt=\"\" \/>\n\t\t\t\t\t\t\t<\/a><\/li>\n\t\t\t\t\t\t\t\t\t\t\t<li><a href=\"https:\/\/www.kuestenimmobilien.com\/urlaub\/unterkuenfte\/apartment-kleine-freiheit-am-alten-deich-26-4\/?adults=1\">\n\t\t\t\t\t\t\t\t<img decoding=\"async\" class=\"lazy\" src=\"https:\/\/www.kuestenimmobilien.com\/urlaub\/wp-content\/uploads\/2023\/04\/mf8321716-1024x768.jpg\" data-src=\"https:\/\/www.kuestenimmobilien.com\/urlaub\/wp-content\/uploads\/2023\/04\/mf8321702-1024x768.jpg\" alt=\"\" \/>\n\t\t\t\t\t\t\t<\/a><\/li>\n\t\t\t\t\t\t\t\t\t\t\t<li><a href=\"https:\/\/www.kuestenimmobilien.com\/urlaub\/unterkuenfte\/apartment-kleine-freiheit-am-alten-deich-26-4\/?adults=1\">\n\t\t\t\t\t\t\t\t<img decoding=\"async\" class=\"lazy\" src=\"https:\/\/www.kuestenimmobilien.com\/urlaub\/wp-content\/uploads\/2023\/04\/mf8321716-1024x768.jpg\" data-src=\"https:\/\/www.kuestenimmobilien.com\/urlaub\/wp-content\/uploads\/2023\/04\/mf8321706-1024x768.jpg\" alt=\"\" \/>\n\t\t\t\t\t\t\t<\/a><\/li>\n\t\t\t\t\t\t\t\t\t\t\t<li><a href=\"https:\/\/www.kuestenimmobilien.com\/urlaub\/unterkuenfte\/apartment-kleine-freiheit-am-alten-deich-26-4\/?adults=1\">\n\t\t\t\t\t\t\t\t<img decoding=\"async\" class=\"lazy\" src=\"https:\/\/www.kuestenimmobilien.com\/urlaub\/wp-content\/uploads\/2023\/04\/mf8321716-1024x768.jpg\" data-src=\"https:\/\/www.kuestenimmobilien.com\/urlaub\/wp-content\/uploads\/2023\/04\/mf8321707-1024x768.jpg\" alt=\"\" \/>\n\t\t\t\t\t\t\t<\/a><\/li>\n\t\t\t\t\t\t\t\t\t\t\t<li><a href=\"https:\/\/www.kuestenimmobilien.com\/urlaub\/unterkuenfte\/apartment-kleine-freiheit-am-alten-deich-26-4\/?adults=1\">\n\t\t\t\t\t\t\t\t<img decoding=\"async\" class=\"lazy\" src=\"https:\/\/www.kuestenimmobilien.com\/urlaub\/wp-content\/uploads\/2023\/04\/mf8321716-1024x768.jpg\" data-src=\"https:\/\/www.kuestenimmobilien.com\/urlaub\/wp-content\/uploads\/2023\/04\/mf8321708-1024x768.jpg\" alt=\"\" \/>\n\t\t\t\t\t\t\t<\/a><\/li>\n\t\t\t\t\t\t\t\t\t\t\t<li><a href=\"https:\/\/www.kuestenimmobilien.com\/urlaub\/unterkuenfte\/apartment-kleine-freiheit-am-alten-deich-26-4\/?adults=1\">\n\t\t\t\t\t\t\t\t<img decoding=\"async\" class=\"lazy\" src=\"https:\/\/www.kuestenimmobilien.com\/urlaub\/wp-content\/uploads\/2023\/04\/mf8321716-1024x768.jpg\" data-src=\"https:\/\/www.kuestenimmobilien.com\/urlaub\/wp-content\/uploads\/2023\/04\/mf8321710-1024x768.jpg\" alt=\"\" \/>\n\t\t\t\t\t\t\t<\/a><\/li>\n\t\t\t\t\t\t\t\t\t\t\t<li><a href=\"https:\/\/www.kuestenimmobilien.com\/urlaub\/unterkuenfte\/apartment-kleine-freiheit-am-alten-deich-26-4\/?adults=1\">\n\t\t\t\t\t\t\t\t<img decoding=\"async\" class=\"lazy\" src=\"https:\/\/www.kuestenimmobilien.com\/urlaub\/wp-content\/uploads\/2023\/04\/mf8321716-1024x768.jpg\" data-src=\"https:\/\/www.kuestenimmobilien.com\/urlaub\/wp-content\/uploads\/2023\/04\/mf8321711-1024x768.jpg\" alt=\"\" \/>\n\t\t\t\t\t\t\t<\/a><\/li>\n\t\t\t\t\t\t\t\t\t\t\t<li><a href=\"https:\/\/www.kuestenimmobilien.com\/urlaub\/unterkuenfte\/apartment-kleine-freiheit-am-alten-deich-26-4\/?adults=1\">\n\t\t\t\t\t\t\t\t<img decoding=\"async\" class=\"lazy\" src=\"https:\/\/www.kuestenimmobilien.com\/urlaub\/wp-content\/uploads\/2023\/04\/mf8321716-1024x768.jpg\" data-src=\"https:\/\/www.kuestenimmobilien.com\/urlaub\/wp-content\/uploads\/2023\/04\/mf8321712-1024x768.jpg\" alt=\"\" \/>\n\t\t\t\t\t\t\t<\/a><\/li>\n\t\t\t\t\t\t\t\t\t\t\t<li><a href=\"https:\/\/www.kuestenimmobilien.com\/urlaub\/unterkuenfte\/apartment-kleine-freiheit-am-alten-deich-26-4\/?adults=1\">\n\t\t\t\t\t\t\t\t<img decoding=\"async\" class=\"lazy\" src=\"https:\/\/www.kuestenimmobilien.com\/urlaub\/wp-content\/uploads\/2023\/04\/mf8321716-1024x768.jpg\" data-src=\"https:\/\/www.kuestenimmobilien.com\/urlaub\/wp-content\/uploads\/2023\/04\/mf8321713-1024x768.jpg\" alt=\"\" \/>\n\t\t\t\t\t\t\t<\/a><\/li>\n\t\t\t\t\t\t\t\t\t\t\t<li><a href=\"https:\/\/www.kuestenimmobilien.com\/urlaub\/unterkuenfte\/apartment-kleine-freiheit-am-alten-deich-26-4\/?adults=1\">\n\t\t\t\t\t\t\t\t<img decoding=\"async\" class=\"lazy\" src=\"https:\/\/www.kuestenimmobilien.com\/urlaub\/wp-content\/uploads\/2023\/04\/mf8321716-1024x768.jpg\" data-src=\"https:\/\/www.kuestenimmobilien.com\/urlaub\/wp-content\/uploads\/2023\/04\/mf8321714-1024x768.jpg\" alt=\"\" \/>\n\t\t\t\t\t\t\t<\/a><\/li>\n\t\t\t\t\t\t\t\t\t\t\t<li><a href=\"https:\/\/www.kuestenimmobilien.com\/urlaub\/unterkuenfte\/apartment-kleine-freiheit-am-alten-deich-26-4\/?adults=1\">\n\t\t\t\t\t\t\t\t<img decoding=\"async\" class=\"lazy\" src=\"https:\/\/www.kuestenimmobilien.com\/urlaub\/wp-content\/uploads\/2023\/04\/mf8321716-1024x768.jpg\" data-src=\"https:\/\/www.kuestenimmobilien.com\/urlaub\/wp-content\/uploads\/2023\/04\/mf8321715-1024x768.jpg\" alt=\"\" \/>\n\t\t\t\t\t\t\t<\/a><\/li>\n\t\t\t\t\t\t\t\t\t\t\t<li><a href=\"https:\/\/www.kuestenimmobilien.com\/urlaub\/unterkuenfte\/apartment-kleine-freiheit-am-alten-deich-26-4\/?adults=1\">\n\t\t\t\t\t\t\t\t<img decoding=\"async\" class=\"lazy\" src=\"https:\/\/www.kuestenimmobilien.com\/urlaub\/wp-content\/uploads\/2023\/04\/mf8321716-1024x768.jpg\" data-src=\"https:\/\/www.kuestenimmobilien.com\/urlaub\/wp-content\/uploads\/2023\/04\/mf2016774-1024x575.jpg\" alt=\"\" \/>\n\t\t\t\t\t\t\t<\/a><\/li>\n\t\t\t\t\t\t\t\t\t<\/ul>\n\t\t\t<\/div>\n\t\t\t<\/div>\n\t<div class=\"info-wrapper\">\n\t\t<div class=\"info-body\">\n\t\t\t<h3 class=\"title-container\">\n\t\t\t\t<a href=\"https:\/\/www.kuestenimmobilien.com\/urlaub\/unterkuenfte\/apartment-kleine-freiheit-am-alten-deich-26-4\/?adults=1\">\n\t\t\t\t\tApartment Kleine Freiheit, Am Alten Deich 26\/4\t\t\t\t<\/a>\n\t\t\t<\/h3>\n\t\t\t<button class=\"simplefavorite-button\" data-postid=\"270\" data-siteid=\"1\" data-groupid=\"1\" data-favoritecount=\"18\" style=\"\"><i class=\"heart-icon\"><\/i><\/button>\t\t\t<div class=\"separator-small\"><\/div>\n\t\t\t<div class=\"details-wrapper\">\n\t\t\t\t<ul>\n\t\t\t\t\t<li>G\u00e4ste<div class=\"wrap-value\">3<\/div><\/li>\t\t\t\t\t<li class=\"border-props\"><\/li><li>Schlafzimmer<div class=\"wrap-value\">1<\/div><\/li>\t\t\t\t\t<li class=\"border-props\"><\/li><li>Gr\u00f6\u00dfe<div class=\"wrap-value\">49 m\u00b2<\/div><\/li>\t\t\t\t\t<li class=\"border-props\"><\/li><li>Bewertung<div class=\"wrap-value\">4.8 \/ 5<\/div><\/li>\t\t\t\t\t\t\t\t\t<\/ul>\n\t\t\t<\/div>\n\t\t<\/div>\n\t\t<div class=\"info-footer\">\n\t\t\t\t\t\t<div class=\"mobile-only\">\n\t\t\t\t<div class=\"favorites-button\">\n\t\t\t\t\t<button class=\"simplefavorite-button\" data-postid=\"270\" data-siteid=\"1\" data-groupid=\"1\" data-favoritecount=\"18\" style=\"\"><i class=\"heart-icon\"><\/i><\/button>\t\t\t\t<\/div>\n\t\t\t<\/div>\n\t\t\t<div class=\"price-container\">\n\t\t\t\t<a href=\"https:\/\/www.kuestenimmobilien.com\/urlaub\/unterkuenfte\/apartment-kleine-freiheit-am-alten-deich-26-4\/?adults=1\" class=\"price-button\"><div class=\"showprice \">Ab <div class=\"wrap-value\"><span class=\"price\" data-price=\"7900\">79,00<\/span> <span class=\"currency\">&euro;<\/span> <\/div><\/div><div class=\"book-button\">BUCHEN<\/div><\/a>\n\t\t\t<\/div>\n\t\t<\/div>\n\t<\/div>\n<\/div>\n<div class=\"unitcontent-wrapper\">\n\t<div class=\"image-wrapper\">\n\t\t\t\t\t<div id=\"slider\" class=\"flexslider\">\n\t\t\t\t\t\t\t\t<ul class=\"slides\">\n\t\t\t\t\t\t\t\t\t\t\t<li><a href=\"https:\/\/www.kuestenimmobilien.com\/urlaub\/unterkuenfte\/apartment-luv-lee-am-alten-deich-4-6-whg-2-36\/?adults=1\">\n\t\t\t\t\t\t\t\t<img decoding=\"async\" class=\"lazy\" src=\"https:\/\/www.kuestenimmobilien.com\/urlaub\/wp-content\/uploads\/2023\/04\/mf4756394-1024x768.jpg\" data-src=\"https:\/\/www.kuestenimmobilien.com\/urlaub\/wp-content\/uploads\/2023\/04\/mf4756394-1024x768.jpg\" alt=\"\" \/>\n\t\t\t\t\t\t\t<\/a><\/li>\n\t\t\t\t\t\t\t\t\t\t\t<li><a href=\"https:\/\/www.kuestenimmobilien.com\/urlaub\/unterkuenfte\/apartment-luv-lee-am-alten-deich-4-6-whg-2-36\/?adults=1\">\n\t\t\t\t\t\t\t\t<img decoding=\"async\" class=\"lazy\" src=\"https:\/\/www.kuestenimmobilien.com\/urlaub\/wp-content\/uploads\/2023\/04\/mf4756394-1024x768.jpg\" data-src=\"https:\/\/www.kuestenimmobilien.com\/urlaub\/wp-content\/uploads\/2023\/04\/mf4756396-1024x768.jpg\" alt=\"\" \/>\n\t\t\t\t\t\t\t<\/a><\/li>\n\t\t\t\t\t\t\t\t\t\t\t<li><a href=\"https:\/\/www.kuestenimmobilien.com\/urlaub\/unterkuenfte\/apartment-luv-lee-am-alten-deich-4-6-whg-2-36\/?adults=1\">\n\t\t\t\t\t\t\t\t<img decoding=\"async\" class=\"lazy\" src=\"https:\/\/www.kuestenimmobilien.com\/urlaub\/wp-content\/uploads\/2023\/04\/mf4756394-1024x768.jpg\" data-src=\"https:\/\/www.kuestenimmobilien.com\/urlaub\/wp-content\/uploads\/2023\/04\/mf4756393-1024x768.jpg\" alt=\"\" \/>\n\t\t\t\t\t\t\t<\/a><\/li>\n\t\t\t\t\t\t\t\t\t\t\t<li><a href=\"https:\/\/www.kuestenimmobilien.com\/urlaub\/unterkuenfte\/apartment-luv-lee-am-alten-deich-4-6-whg-2-36\/?adults=1\">\n\t\t\t\t\t\t\t\t<img decoding=\"async\" class=\"lazy\" src=\"https:\/\/www.kuestenimmobilien.com\/urlaub\/wp-content\/uploads\/2023\/04\/mf4756394-1024x768.jpg\" data-src=\"https:\/\/www.kuestenimmobilien.com\/urlaub\/wp-content\/uploads\/2023\/04\/mf4756432-1024x768.jpg\" alt=\"\" \/>\n\t\t\t\t\t\t\t<\/a><\/li>\n\t\t\t\t\t\t\t\t\t\t\t<li><a href=\"https:\/\/www.kuestenimmobilien.com\/urlaub\/unterkuenfte\/apartment-luv-lee-am-alten-deich-4-6-whg-2-36\/?adults=1\">\n\t\t\t\t\t\t\t\t<img decoding=\"async\" class=\"lazy\" src=\"https:\/\/www.kuestenimmobilien.com\/urlaub\/wp-content\/uploads\/2023\/04\/mf4756394-1024x768.jpg\" data-src=\"https:\/\/www.kuestenimmobilien.com\/urlaub\/wp-content\/uploads\/2023\/04\/mf5446058-1024x768.jpg\" alt=\"\" \/>\n\t\t\t\t\t\t\t<\/a><\/li>\n\t\t\t\t\t\t\t\t\t\t\t<li><a href=\"https:\/\/www.kuestenimmobilien.com\/urlaub\/unterkuenfte\/apartment-luv-lee-am-alten-deich-4-6-whg-2-36\/?adults=1\">\n\t\t\t\t\t\t\t\t<img decoding=\"async\" class=\"lazy\" src=\"https:\/\/www.kuestenimmobilien.com\/urlaub\/wp-content\/uploads\/2023\/04\/mf4756394-1024x768.jpg\" data-src=\"https:\/\/www.kuestenimmobilien.com\/urlaub\/wp-content\/uploads\/2023\/04\/mf4756384-1024x768.jpg\" alt=\"\" \/>\n\t\t\t\t\t\t\t<\/a><\/li>\n\t\t\t\t\t\t\t\t\t\t\t<li><a href=\"https:\/\/www.kuestenimmobilien.com\/urlaub\/unterkuenfte\/apartment-luv-lee-am-alten-deich-4-6-whg-2-36\/?adults=1\">\n\t\t\t\t\t\t\t\t<img decoding=\"async\" class=\"lazy\" src=\"https:\/\/www.kuestenimmobilien.com\/urlaub\/wp-content\/uploads\/2023\/04\/mf4756394-1024x768.jpg\" data-src=\"https:\/\/www.kuestenimmobilien.com\/urlaub\/wp-content\/uploads\/2023\/04\/mf4756389-1024x768.jpg\" alt=\"\" \/>\n\t\t\t\t\t\t\t<\/a><\/li>\n\t\t\t\t\t\t\t\t\t\t\t<li><a href=\"https:\/\/www.kuestenimmobilien.com\/urlaub\/unterkuenfte\/apartment-luv-lee-am-alten-deich-4-6-whg-2-36\/?adults=1\">\n\t\t\t\t\t\t\t\t<img decoding=\"async\" class=\"lazy\" src=\"https:\/\/www.kuestenimmobilien.com\/urlaub\/wp-content\/uploads\/2023\/04\/mf4756394-1024x768.jpg\" data-src=\"https:\/\/www.kuestenimmobilien.com\/urlaub\/wp-content\/uploads\/2023\/04\/mf4756388-1024x768.jpg\" alt=\"\" \/>\n\t\t\t\t\t\t\t<\/a><\/li>\n\t\t\t\t\t\t\t\t\t\t\t<li><a href=\"https:\/\/www.kuestenimmobilien.com\/urlaub\/unterkuenfte\/apartment-luv-lee-am-alten-deich-4-6-whg-2-36\/?adults=1\">\n\t\t\t\t\t\t\t\t<img decoding=\"async\" class=\"lazy\" src=\"https:\/\/www.kuestenimmobilien.com\/urlaub\/wp-content\/uploads\/2023\/04\/mf4756394-1024x768.jpg\" data-src=\"https:\/\/www.kuestenimmobilien.com\/urlaub\/wp-content\/uploads\/2023\/04\/mf4756391-1024x768.jpg\" alt=\"\" \/>\n\t\t\t\t\t\t\t<\/a><\/li>\n\t\t\t\t\t\t\t\t\t\t\t<li><a href=\"https:\/\/www.kuestenimmobilien.com\/urlaub\/unterkuenfte\/apartment-luv-lee-am-alten-deich-4-6-whg-2-36\/?adults=1\">\n\t\t\t\t\t\t\t\t<img decoding=\"async\" class=\"lazy\" src=\"https:\/\/www.kuestenimmobilien.com\/urlaub\/wp-content\/uploads\/2023\/04\/mf4756394-1024x768.jpg\" data-src=\"https:\/\/www.kuestenimmobilien.com\/urlaub\/wp-content\/uploads\/2023\/04\/mf4756390-1024x768.jpg\" alt=\"\" \/>\n\t\t\t\t\t\t\t<\/a><\/li>\n\t\t\t\t\t\t\t\t\t\t\t<li><a href=\"https:\/\/www.kuestenimmobilien.com\/urlaub\/unterkuenfte\/apartment-luv-lee-am-alten-deich-4-6-whg-2-36\/?adults=1\">\n\t\t\t\t\t\t\t\t<img decoding=\"async\" class=\"lazy\" src=\"https:\/\/www.kuestenimmobilien.com\/urlaub\/wp-content\/uploads\/2023\/04\/mf4756394-1024x768.jpg\" data-src=\"https:\/\/www.kuestenimmobilien.com\/urlaub\/wp-content\/uploads\/2023\/04\/mf4756392-1024x768.jpg\" alt=\"\" \/>\n\t\t\t\t\t\t\t<\/a><\/li>\n\t\t\t\t\t\t\t\t\t\t\t<li><a href=\"https:\/\/www.kuestenimmobilien.com\/urlaub\/unterkuenfte\/apartment-luv-lee-am-alten-deich-4-6-whg-2-36\/?adults=1\">\n\t\t\t\t\t\t\t\t<img decoding=\"async\" class=\"lazy\" src=\"https:\/\/www.kuestenimmobilien.com\/urlaub\/wp-content\/uploads\/2023\/04\/mf4756394-1024x768.jpg\" data-src=\"https:\/\/www.kuestenimmobilien.com\/urlaub\/wp-content\/uploads\/2023\/04\/mf4756420-1024x768.jpg\" alt=\"\" \/>\n\t\t\t\t\t\t\t<\/a><\/li>\n\t\t\t\t\t\t\t\t\t\t\t<li><a href=\"https:\/\/www.kuestenimmobilien.com\/urlaub\/unterkuenfte\/apartment-luv-lee-am-alten-deich-4-6-whg-2-36\/?adults=1\">\n\t\t\t\t\t\t\t\t<img decoding=\"async\" class=\"lazy\" src=\"https:\/\/www.kuestenimmobilien.com\/urlaub\/wp-content\/uploads\/2023\/04\/mf4756394-1024x768.jpg\" data-src=\"https:\/\/www.kuestenimmobilien.com\/urlaub\/wp-content\/uploads\/2023\/04\/mf4756408-1024x768.jpg\" alt=\"\" \/>\n\t\t\t\t\t\t\t<\/a><\/li>\n\t\t\t\t\t\t\t\t\t\t\t<li><a href=\"https:\/\/www.kuestenimmobilien.com\/urlaub\/unterkuenfte\/apartment-luv-lee-am-alten-deich-4-6-whg-2-36\/?adults=1\">\n\t\t\t\t\t\t\t\t<img decoding=\"async\" class=\"lazy\" src=\"https:\/\/www.kuestenimmobilien.com\/urlaub\/wp-content\/uploads\/2023\/04\/mf4756394-1024x768.jpg\" data-src=\"https:\/\/www.kuestenimmobilien.com\/urlaub\/wp-content\/uploads\/2023\/04\/mf4756410-1024x768.jpg\" alt=\"\" \/>\n\t\t\t\t\t\t\t<\/a><\/li>\n\t\t\t\t\t\t\t\t\t\t\t<li><a href=\"https:\/\/www.kuestenimmobilien.com\/urlaub\/unterkuenfte\/apartment-luv-lee-am-alten-deich-4-6-whg-2-36\/?adults=1\">\n\t\t\t\t\t\t\t\t<img decoding=\"async\" class=\"lazy\" src=\"https:\/\/www.kuestenimmobilien.com\/urlaub\/wp-content\/uploads\/2023\/04\/mf4756394-1024x768.jpg\" data-src=\"https:\/\/www.kuestenimmobilien.com\/urlaub\/wp-content\/uploads\/2023\/04\/mf4756402-1024x768.jpg\" alt=\"\" \/>\n\t\t\t\t\t\t\t<\/a><\/li>\n\t\t\t\t\t\t\t\t\t\t\t<li><a href=\"https:\/\/www.kuestenimmobilien.com\/urlaub\/unterkuenfte\/apartment-luv-lee-am-alten-deich-4-6-whg-2-36\/?adults=1\">\n\t\t\t\t\t\t\t\t<img decoding=\"async\" class=\"lazy\" src=\"https:\/\/www.kuestenimmobilien.com\/urlaub\/wp-content\/uploads\/2023\/04\/mf4756394-1024x768.jpg\" data-src=\"https:\/\/www.kuestenimmobilien.com\/urlaub\/wp-content\/uploads\/2023\/04\/mf4756409-1024x768.jpg\" alt=\"\" \/>\n\t\t\t\t\t\t\t<\/a><\/li>\n\t\t\t\t\t\t\t\t\t\t\t<li><a href=\"https:\/\/www.kuestenimmobilien.com\/urlaub\/unterkuenfte\/apartment-luv-lee-am-alten-deich-4-6-whg-2-36\/?adults=1\">\n\t\t\t\t\t\t\t\t<img decoding=\"async\" class=\"lazy\" src=\"https:\/\/www.kuestenimmobilien.com\/urlaub\/wp-content\/uploads\/2023\/04\/mf4756394-1024x768.jpg\" data-src=\"https:\/\/www.kuestenimmobilien.com\/urlaub\/wp-content\/uploads\/2023\/04\/mf4756411-1024x768.jpg\" alt=\"\" \/>\n\t\t\t\t\t\t\t<\/a><\/li>\n\t\t\t\t\t\t\t\t\t\t\t<li><a href=\"https:\/\/www.kuestenimmobilien.com\/urlaub\/unterkuenfte\/apartment-luv-lee-am-alten-deich-4-6-whg-2-36\/?adults=1\">\n\t\t\t\t\t\t\t\t<img decoding=\"async\" class=\"lazy\" src=\"https:\/\/www.kuestenimmobilien.com\/urlaub\/wp-content\/uploads\/2023\/04\/mf4756394-1024x768.jpg\" data-src=\"https:\/\/www.kuestenimmobilien.com\/urlaub\/wp-content\/uploads\/2023\/04\/mf4756397-1024x768.jpg\" alt=\"\" \/>\n\t\t\t\t\t\t\t<\/a><\/li>\n\t\t\t\t\t\t\t\t\t\t\t<li><a href=\"https:\/\/www.kuestenimmobilien.com\/urlaub\/unterkuenfte\/apartment-luv-lee-am-alten-deich-4-6-whg-2-36\/?adults=1\">\n\t\t\t\t\t\t\t\t<img decoding=\"async\" class=\"lazy\" src=\"https:\/\/www.kuestenimmobilien.com\/urlaub\/wp-content\/uploads\/2023\/04\/mf4756394-1024x768.jpg\" data-src=\"https:\/\/www.kuestenimmobilien.com\/urlaub\/wp-content\/uploads\/2023\/04\/mf4756418-1024x768.jpg\" alt=\"\" \/>\n\t\t\t\t\t\t\t<\/a><\/li>\n\t\t\t\t\t\t\t\t\t\t\t<li><a href=\"https:\/\/www.kuestenimmobilien.com\/urlaub\/unterkuenfte\/apartment-luv-lee-am-alten-deich-4-6-whg-2-36\/?adults=1\">\n\t\t\t\t\t\t\t\t<img decoding=\"async\" class=\"lazy\" src=\"https:\/\/www.kuestenimmobilien.com\/urlaub\/wp-content\/uploads\/2023\/04\/mf4756394-1024x768.jpg\" data-src=\"https:\/\/www.kuestenimmobilien.com\/urlaub\/wp-content\/uploads\/2023\/04\/mf4756419-1024x768.jpg\" alt=\"\" \/>\n\t\t\t\t\t\t\t<\/a><\/li>\n\t\t\t\t\t\t\t\t\t\t\t<li><a href=\"https:\/\/www.kuestenimmobilien.com\/urlaub\/unterkuenfte\/apartment-luv-lee-am-alten-deich-4-6-whg-2-36\/?adults=1\">\n\t\t\t\t\t\t\t\t<img decoding=\"async\" class=\"lazy\" src=\"https:\/\/www.kuestenimmobilien.com\/urlaub\/wp-content\/uploads\/2023\/04\/mf4756394-1024x768.jpg\" data-src=\"https:\/\/www.kuestenimmobilien.com\/urlaub\/wp-content\/uploads\/2023\/04\/mf4756400-1024x768.jpg\" alt=\"\" \/>\n\t\t\t\t\t\t\t<\/a><\/li>\n\t\t\t\t\t\t\t\t\t\t\t<li><a href=\"https:\/\/www.kuestenimmobilien.com\/urlaub\/unterkuenfte\/apartment-luv-lee-am-alten-deich-4-6-whg-2-36\/?adults=1\">\n\t\t\t\t\t\t\t\t<img decoding=\"async\" class=\"lazy\" src=\"https:\/\/www.kuestenimmobilien.com\/urlaub\/wp-content\/uploads\/2023\/04\/mf4756394-1024x768.jpg\" data-src=\"https:\/\/www.kuestenimmobilien.com\/urlaub\/wp-content\/uploads\/2023\/04\/mf4756403-1024x768.jpg\" alt=\"\" \/>\n\t\t\t\t\t\t\t<\/a><\/li>\n\t\t\t\t\t\t\t\t\t\t\t<li><a href=\"https:\/\/www.kuestenimmobilien.com\/urlaub\/unterkuenfte\/apartment-luv-lee-am-alten-deich-4-6-whg-2-36\/?adults=1\">\n\t\t\t\t\t\t\t\t<img decoding=\"async\" class=\"lazy\" src=\"https:\/\/www.kuestenimmobilien.com\/urlaub\/wp-content\/uploads\/2023\/04\/mf4756394-1024x768.jpg\" data-src=\"https:\/\/www.kuestenimmobilien.com\/urlaub\/wp-content\/uploads\/2023\/04\/mf4756401-1024x768.jpg\" alt=\"\" \/>\n\t\t\t\t\t\t\t<\/a><\/li>\n\t\t\t\t\t\t\t\t\t\t\t<li><a href=\"https:\/\/www.kuestenimmobilien.com\/urlaub\/unterkuenfte\/apartment-luv-lee-am-alten-deich-4-6-whg-2-36\/?adults=1\">\n\t\t\t\t\t\t\t\t<img decoding=\"async\" class=\"lazy\" src=\"https:\/\/www.kuestenimmobilien.com\/urlaub\/wp-content\/uploads\/2023\/04\/mf4756394-1024x768.jpg\" data-src=\"https:\/\/www.kuestenimmobilien.com\/urlaub\/wp-content\/uploads\/2023\/04\/mf4756421-1024x768.jpg\" alt=\"\" \/>\n\t\t\t\t\t\t\t<\/a><\/li>\n\t\t\t\t\t\t\t\t\t\t\t<li><a href=\"https:\/\/www.kuestenimmobilien.com\/urlaub\/unterkuenfte\/apartment-luv-lee-am-alten-deich-4-6-whg-2-36\/?adults=1\">\n\t\t\t\t\t\t\t\t<img decoding=\"async\" class=\"lazy\" src=\"https:\/\/www.kuestenimmobilien.com\/urlaub\/wp-content\/uploads\/2023\/04\/mf4756394-1024x768.jpg\" data-src=\"https:\/\/www.kuestenimmobilien.com\/urlaub\/wp-content\/uploads\/2023\/04\/mf4756425-1024x768.jpg\" alt=\"\" \/>\n\t\t\t\t\t\t\t<\/a><\/li>\n\t\t\t\t\t\t\t\t\t\t\t<li><a href=\"https:\/\/www.kuestenimmobilien.com\/urlaub\/unterkuenfte\/apartment-luv-lee-am-alten-deich-4-6-whg-2-36\/?adults=1\">\n\t\t\t\t\t\t\t\t<img decoding=\"async\" class=\"lazy\" src=\"https:\/\/www.kuestenimmobilien.com\/urlaub\/wp-content\/uploads\/2023\/04\/mf4756394-1024x768.jpg\" data-src=\"https:\/\/www.kuestenimmobilien.com\/urlaub\/wp-content\/uploads\/2023\/04\/mf4756395-1024x768.jpg\" alt=\"\" \/>\n\t\t\t\t\t\t\t<\/a><\/li>\n\t\t\t\t\t\t\t\t\t\t\t<li><a href=\"https:\/\/www.kuestenimmobilien.com\/urlaub\/unterkuenfte\/apartment-luv-lee-am-alten-deich-4-6-whg-2-36\/?adults=1\">\n\t\t\t\t\t\t\t\t<img decoding=\"async\" class=\"lazy\" src=\"https:\/\/www.kuestenimmobilien.com\/urlaub\/wp-content\/uploads\/2023\/04\/mf4756394-1024x768.jpg\" data-src=\"https:\/\/www.kuestenimmobilien.com\/urlaub\/wp-content\/uploads\/2023\/04\/mf5446059-1024x768.jpg\" alt=\"\" \/>\n\t\t\t\t\t\t\t<\/a><\/li>\n\t\t\t\t\t\t\t\t\t\t\t<li><a href=\"https:\/\/www.kuestenimmobilien.com\/urlaub\/unterkuenfte\/apartment-luv-lee-am-alten-deich-4-6-whg-2-36\/?adults=1\">\n\t\t\t\t\t\t\t\t<img decoding=\"async\" class=\"lazy\" src=\"https:\/\/www.kuestenimmobilien.com\/urlaub\/wp-content\/uploads\/2023\/04\/mf4756394-1024x768.jpg\" data-src=\"https:\/\/www.kuestenimmobilien.com\/urlaub\/wp-content\/uploads\/2023\/04\/mf4756437-1024x768.jpg\" alt=\"\" \/>\n\t\t\t\t\t\t\t<\/a><\/li>\n\t\t\t\t\t\t\t\t\t\t\t<li><a href=\"https:\/\/www.kuestenimmobilien.com\/urlaub\/unterkuenfte\/apartment-luv-lee-am-alten-deich-4-6-whg-2-36\/?adults=1\">\n\t\t\t\t\t\t\t\t<img decoding=\"async\" class=\"lazy\" src=\"https:\/\/www.kuestenimmobilien.com\/urlaub\/wp-content\/uploads\/2023\/04\/mf4756394-1024x768.jpg\" data-src=\"https:\/\/www.kuestenimmobilien.com\/urlaub\/wp-content\/uploads\/2023\/04\/mf4756438-1024x768.jpg\" alt=\"\" \/>\n\t\t\t\t\t\t\t<\/a><\/li>\n\t\t\t\t\t\t\t\t\t\t\t<li><a href=\"https:\/\/www.kuestenimmobilien.com\/urlaub\/unterkuenfte\/apartment-luv-lee-am-alten-deich-4-6-whg-2-36\/?adults=1\">\n\t\t\t\t\t\t\t\t<img decoding=\"async\" class=\"lazy\" src=\"https:\/\/www.kuestenimmobilien.com\/urlaub\/wp-content\/uploads\/2023\/04\/mf4756394-1024x768.jpg\" data-src=\"https:\/\/www.kuestenimmobilien.com\/urlaub\/wp-content\/uploads\/2023\/04\/mf4756399-1024x768.jpg\" alt=\"\" \/>\n\t\t\t\t\t\t\t<\/a><\/li>\n\t\t\t\t\t\t\t\t\t\t\t<li><a href=\"https:\/\/www.kuestenimmobilien.com\/urlaub\/unterkuenfte\/apartment-luv-lee-am-alten-deich-4-6-whg-2-36\/?adults=1\">\n\t\t\t\t\t\t\t\t<img decoding=\"async\" class=\"lazy\" src=\"https:\/\/www.kuestenimmobilien.com\/urlaub\/wp-content\/uploads\/2023\/04\/mf4756394-1024x768.jpg\" data-src=\"https:\/\/www.kuestenimmobilien.com\/urlaub\/wp-content\/uploads\/2023\/04\/mf4756386-1024x768.jpg\" alt=\"\" \/>\n\t\t\t\t\t\t\t<\/a><\/li>\n\t\t\t\t\t\t\t\t\t\t\t<li><a href=\"https:\/\/www.kuestenimmobilien.com\/urlaub\/unterkuenfte\/apartment-luv-lee-am-alten-deich-4-6-whg-2-36\/?adults=1\">\n\t\t\t\t\t\t\t\t<img decoding=\"async\" class=\"lazy\" src=\"https:\/\/www.kuestenimmobilien.com\/urlaub\/wp-content\/uploads\/2023\/04\/mf4756394-1024x768.jpg\" data-src=\"https:\/\/www.kuestenimmobilien.com\/urlaub\/wp-content\/uploads\/2023\/04\/mf4756427-1024x768.jpg\" alt=\"\" \/>\n\t\t\t\t\t\t\t<\/a><\/li>\n\t\t\t\t\t\t\t\t\t\t\t<li><a href=\"https:\/\/www.kuestenimmobilien.com\/urlaub\/unterkuenfte\/apartment-luv-lee-am-alten-deich-4-6-whg-2-36\/?adults=1\">\n\t\t\t\t\t\t\t\t<img decoding=\"async\" class=\"lazy\" src=\"https:\/\/www.kuestenimmobilien.com\/urlaub\/wp-content\/uploads\/2023\/04\/mf4756394-1024x768.jpg\" data-src=\"https:\/\/www.kuestenimmobilien.com\/urlaub\/wp-content\/uploads\/2023\/04\/mf4756436-1024x768.jpg\" alt=\"\" \/>\n\t\t\t\t\t\t\t<\/a><\/li>\n\t\t\t\t\t\t\t\t\t\t\t<li><a href=\"https:\/\/www.kuestenimmobilien.com\/urlaub\/unterkuenfte\/apartment-luv-lee-am-alten-deich-4-6-whg-2-36\/?adults=1\">\n\t\t\t\t\t\t\t\t<img decoding=\"async\" class=\"lazy\" src=\"https:\/\/www.kuestenimmobilien.com\/urlaub\/wp-content\/uploads\/2023\/04\/mf4756394-1024x768.jpg\" data-src=\"https:\/\/www.kuestenimmobilien.com\/urlaub\/wp-content\/uploads\/2023\/04\/mf4756433-1024x768.jpg\" alt=\"\" \/>\n\t\t\t\t\t\t\t<\/a><\/li>\n\t\t\t\t\t\t\t\t\t\t\t<li><a href=\"https:\/\/www.kuestenimmobilien.com\/urlaub\/unterkuenfte\/apartment-luv-lee-am-alten-deich-4-6-whg-2-36\/?adults=1\">\n\t\t\t\t\t\t\t\t<img decoding=\"async\" class=\"lazy\" src=\"https:\/\/www.kuestenimmobilien.com\/urlaub\/wp-content\/uploads\/2023\/04\/mf4756394-1024x768.jpg\" data-src=\"https:\/\/www.kuestenimmobilien.com\/urlaub\/wp-content\/uploads\/2023\/04\/mf4756435-1024x768.jpg\" alt=\"\" \/>\n\t\t\t\t\t\t\t<\/a><\/li>\n\t\t\t\t\t\t\t\t\t\t\t<li><a href=\"https:\/\/www.kuestenimmobilien.com\/urlaub\/unterkuenfte\/apartment-luv-lee-am-alten-deich-4-6-whg-2-36\/?adults=1\">\n\t\t\t\t\t\t\t\t<img decoding=\"async\" class=\"lazy\" src=\"https:\/\/www.kuestenimmobilien.com\/urlaub\/wp-content\/uploads\/2023\/04\/mf4756394-1024x768.jpg\" data-src=\"https:\/\/www.kuestenimmobilien.com\/urlaub\/wp-content\/uploads\/2023\/04\/mf4756385-1024x768.jpg\" alt=\"\" \/>\n\t\t\t\t\t\t\t<\/a><\/li>\n\t\t\t\t\t\t\t\t\t\t\t<li><a href=\"https:\/\/www.kuestenimmobilien.com\/urlaub\/unterkuenfte\/apartment-luv-lee-am-alten-deich-4-6-whg-2-36\/?adults=1\">\n\t\t\t\t\t\t\t\t<img decoding=\"async\" class=\"lazy\" src=\"https:\/\/www.kuestenimmobilien.com\/urlaub\/wp-content\/uploads\/2023\/04\/mf4756394-1024x768.jpg\" data-src=\"https:\/\/www.kuestenimmobilien.com\/urlaub\/wp-content\/uploads\/2023\/04\/mf4756775-1024x768.jpg\" alt=\"\" \/>\n\t\t\t\t\t\t\t<\/a><\/li>\n\t\t\t\t\t\t\t\t\t\t\t<li><a href=\"https:\/\/www.kuestenimmobilien.com\/urlaub\/unterkuenfte\/apartment-luv-lee-am-alten-deich-4-6-whg-2-36\/?adults=1\">\n\t\t\t\t\t\t\t\t<img decoding=\"async\" class=\"lazy\" src=\"https:\/\/www.kuestenimmobilien.com\/urlaub\/wp-content\/uploads\/2023\/04\/mf4756394-1024x768.jpg\" data-src=\"https:\/\/www.kuestenimmobilien.com\/urlaub\/wp-content\/uploads\/2023\/04\/mf4756434-1024x768.jpg\" alt=\"\" \/>\n\t\t\t\t\t\t\t<\/a><\/li>\n\t\t\t\t\t\t\t\t\t\t\t<li><a href=\"https:\/\/www.kuestenimmobilien.com\/urlaub\/unterkuenfte\/apartment-luv-lee-am-alten-deich-4-6-whg-2-36\/?adults=1\">\n\t\t\t\t\t\t\t\t<img decoding=\"async\" class=\"lazy\" src=\"https:\/\/www.kuestenimmobilien.com\/urlaub\/wp-content\/uploads\/2023\/04\/mf4756394-1024x768.jpg\" data-src=\"https:\/\/www.kuestenimmobilien.com\/urlaub\/wp-content\/uploads\/2023\/04\/mf4899063-1024x768.jpg\" alt=\"\" \/>\n\t\t\t\t\t\t\t<\/a><\/li>\n\t\t\t\t\t\t\t\t\t\t\t<li><a href=\"https:\/\/www.kuestenimmobilien.com\/urlaub\/unterkuenfte\/apartment-luv-lee-am-alten-deich-4-6-whg-2-36\/?adults=1\">\n\t\t\t\t\t\t\t\t<img decoding=\"async\" class=\"lazy\" src=\"https:\/\/www.kuestenimmobilien.com\/urlaub\/wp-content\/uploads\/2023\/04\/mf4756394-1024x768.jpg\" data-src=\"https:\/\/www.kuestenimmobilien.com\/urlaub\/wp-content\/uploads\/2023\/04\/mf4899064-1024x768.jpg\" alt=\"\" \/>\n\t\t\t\t\t\t\t<\/a><\/li>\n\t\t\t\t\t\t\t\t\t\t\t<li><a href=\"https:\/\/www.kuestenimmobilien.com\/urlaub\/unterkuenfte\/apartment-luv-lee-am-alten-deich-4-6-whg-2-36\/?adults=1\">\n\t\t\t\t\t\t\t\t<img decoding=\"async\" class=\"lazy\" src=\"https:\/\/www.kuestenimmobilien.com\/urlaub\/wp-content\/uploads\/2023\/04\/mf4756394-1024x768.jpg\" data-src=\"https:\/\/www.kuestenimmobilien.com\/urlaub\/wp-content\/uploads\/2023\/04\/mf4756398-1024x768.jpg\" alt=\"\" \/>\n\t\t\t\t\t\t\t<\/a><\/li>\n\t\t\t\t\t\t\t\t\t\t\t<li><a href=\"https:\/\/www.kuestenimmobilien.com\/urlaub\/unterkuenfte\/apartment-luv-lee-am-alten-deich-4-6-whg-2-36\/?adults=1\">\n\t\t\t\t\t\t\t\t<img decoding=\"async\" class=\"lazy\" src=\"https:\/\/www.kuestenimmobilien.com\/urlaub\/wp-content\/uploads\/2023\/04\/mf4756394-1024x768.jpg\" data-src=\"https:\/\/www.kuestenimmobilien.com\/urlaub\/wp-content\/uploads\/2023\/04\/mf4756387-1024x768.jpg\" alt=\"\" \/>\n\t\t\t\t\t\t\t<\/a><\/li>\n\t\t\t\t\t\t\t\t\t\t\t<li><a href=\"https:\/\/www.kuestenimmobilien.com\/urlaub\/unterkuenfte\/apartment-luv-lee-am-alten-deich-4-6-whg-2-36\/?adults=1\">\n\t\t\t\t\t\t\t\t<img decoding=\"async\" class=\"lazy\" src=\"https:\/\/www.kuestenimmobilien.com\/urlaub\/wp-content\/uploads\/2023\/04\/mf4756394-1024x768.jpg\" data-src=\"https:\/\/www.kuestenimmobilien.com\/urlaub\/wp-content\/uploads\/2023\/04\/mf4756428-1024x768.jpg\" alt=\"\" \/>\n\t\t\t\t\t\t\t<\/a><\/li>\n\t\t\t\t\t\t\t\t\t\t\t<li><a href=\"https:\/\/www.kuestenimmobilien.com\/urlaub\/unterkuenfte\/apartment-luv-lee-am-alten-deich-4-6-whg-2-36\/?adults=1\">\n\t\t\t\t\t\t\t\t<img decoding=\"async\" class=\"lazy\" src=\"https:\/\/www.kuestenimmobilien.com\/urlaub\/wp-content\/uploads\/2023\/04\/mf4756394-1024x768.jpg\" data-src=\"https:\/\/www.kuestenimmobilien.com\/urlaub\/wp-content\/uploads\/2023\/04\/mf4862645.jpg\" alt=\"\" \/>\n\t\t\t\t\t\t\t<\/a><\/li>\n\t\t\t\t\t\t\t\t\t\t\t<li><a href=\"https:\/\/www.kuestenimmobilien.com\/urlaub\/unterkuenfte\/apartment-luv-lee-am-alten-deich-4-6-whg-2-36\/?adults=1\">\n\t\t\t\t\t\t\t\t<img decoding=\"async\" class=\"lazy\" src=\"https:\/\/www.kuestenimmobilien.com\/urlaub\/wp-content\/uploads\/2023\/04\/mf4756394-1024x768.jpg\" data-src=\"https:\/\/www.kuestenimmobilien.com\/urlaub\/wp-content\/uploads\/2023\/04\/mf4862644.jpg\" alt=\"\" \/>\n\t\t\t\t\t\t\t<\/a><\/li>\n\t\t\t\t\t\t\t\t\t\t\t<li><a href=\"https:\/\/www.kuestenimmobilien.com\/urlaub\/unterkuenfte\/apartment-luv-lee-am-alten-deich-4-6-whg-2-36\/?adults=1\">\n\t\t\t\t\t\t\t\t<img decoding=\"async\" class=\"lazy\" src=\"https:\/\/www.kuestenimmobilien.com\/urlaub\/wp-content\/uploads\/2023\/04\/mf4756394-1024x768.jpg\" data-src=\"https:\/\/www.kuestenimmobilien.com\/urlaub\/wp-content\/uploads\/2023\/04\/mf4862646.jpg\" alt=\"\" \/>\n\t\t\t\t\t\t\t<\/a><\/li>\n\t\t\t\t\t\t\t\t\t\t\t<li><a href=\"https:\/\/www.kuestenimmobilien.com\/urlaub\/unterkuenfte\/apartment-luv-lee-am-alten-deich-4-6-whg-2-36\/?adults=1\">\n\t\t\t\t\t\t\t\t<img decoding=\"async\" class=\"lazy\" src=\"https:\/\/www.kuestenimmobilien.com\/urlaub\/wp-content\/uploads\/2023\/04\/mf4756394-1024x768.jpg\" data-src=\"https:\/\/www.kuestenimmobilien.com\/urlaub\/wp-content\/uploads\/2023\/04\/mf4862647.jpg\" alt=\"\" \/>\n\t\t\t\t\t\t\t<\/a><\/li>\n\t\t\t\t\t\t\t\t\t\t\t<li><a href=\"https:\/\/www.kuestenimmobilien.com\/urlaub\/unterkuenfte\/apartment-luv-lee-am-alten-deich-4-6-whg-2-36\/?adults=1\">\n\t\t\t\t\t\t\t\t<img decoding=\"async\" class=\"lazy\" src=\"https:\/\/www.kuestenimmobilien.com\/urlaub\/wp-content\/uploads\/2023\/04\/mf4756394-1024x768.jpg\" data-src=\"https:\/\/www.kuestenimmobilien.com\/urlaub\/wp-content\/uploads\/2023\/04\/mf4862648.jpg\" alt=\"\" \/>\n\t\t\t\t\t\t\t<\/a><\/li>\n\t\t\t\t\t\t\t\t\t\t\t<li><a href=\"https:\/\/www.kuestenimmobilien.com\/urlaub\/unterkuenfte\/apartment-luv-lee-am-alten-deich-4-6-whg-2-36\/?adults=1\">\n\t\t\t\t\t\t\t\t<img decoding=\"async\" class=\"lazy\" src=\"https:\/\/www.kuestenimmobilien.com\/urlaub\/wp-content\/uploads\/2023\/04\/mf4756394-1024x768.jpg\" data-src=\"https:\/\/www.kuestenimmobilien.com\/urlaub\/wp-content\/uploads\/2023\/04\/mf4862649.jpg\" alt=\"\" \/>\n\t\t\t\t\t\t\t<\/a><\/li>\n\t\t\t\t\t\t\t\t\t\t\t<li><a href=\"https:\/\/www.kuestenimmobilien.com\/urlaub\/unterkuenfte\/apartment-luv-lee-am-alten-deich-4-6-whg-2-36\/?adults=1\">\n\t\t\t\t\t\t\t\t<img decoding=\"async\" class=\"lazy\" src=\"https:\/\/www.kuestenimmobilien.com\/urlaub\/wp-content\/uploads\/2023\/04\/mf4756394-1024x768.jpg\" data-src=\"https:\/\/www.kuestenimmobilien.com\/urlaub\/wp-content\/uploads\/2023\/04\/mf4862650.jpg\" alt=\"\" \/>\n\t\t\t\t\t\t\t<\/a><\/li>\n\t\t\t\t\t\t\t\t\t\t\t<li><a href=\"https:\/\/www.kuestenimmobilien.com\/urlaub\/unterkuenfte\/apartment-luv-lee-am-alten-deich-4-6-whg-2-36\/?adults=1\">\n\t\t\t\t\t\t\t\t<img decoding=\"async\" class=\"lazy\" src=\"https:\/\/www.kuestenimmobilien.com\/urlaub\/wp-content\/uploads\/2023\/04\/mf4756394-1024x768.jpg\" data-src=\"https:\/\/www.kuestenimmobilien.com\/urlaub\/wp-content\/uploads\/2023\/04\/mf4862651.jpg\" alt=\"\" \/>\n\t\t\t\t\t\t\t<\/a><\/li>\n\t\t\t\t\t\t\t\t\t\t\t<li><a href=\"https:\/\/www.kuestenimmobilien.com\/urlaub\/unterkuenfte\/apartment-luv-lee-am-alten-deich-4-6-whg-2-36\/?adults=1\">\n\t\t\t\t\t\t\t\t<img decoding=\"async\" class=\"lazy\" src=\"https:\/\/www.kuestenimmobilien.com\/urlaub\/wp-content\/uploads\/2023\/04\/mf4756394-1024x768.jpg\" data-src=\"https:\/\/www.kuestenimmobilien.com\/urlaub\/wp-content\/uploads\/2023\/04\/mf4862652.jpg\" alt=\"\" \/>\n\t\t\t\t\t\t\t<\/a><\/li>\n\t\t\t\t\t\t\t\t\t\t\t<li><a href=\"https:\/\/www.kuestenimmobilien.com\/urlaub\/unterkuenfte\/apartment-luv-lee-am-alten-deich-4-6-whg-2-36\/?adults=1\">\n\t\t\t\t\t\t\t\t<img decoding=\"async\" class=\"lazy\" src=\"https:\/\/www.kuestenimmobilien.com\/urlaub\/wp-content\/uploads\/2023\/04\/mf4756394-1024x768.jpg\" data-src=\"https:\/\/www.kuestenimmobilien.com\/urlaub\/wp-content\/uploads\/2023\/04\/mf4862653.jpg\" alt=\"\" \/>\n\t\t\t\t\t\t\t<\/a><\/li>\n\t\t\t\t\t\t\t\t\t<\/ul>\n\t\t\t<\/div>\n\t\t\t<\/div>\n\t<div class=\"info-wrapper\">\n\t\t<div class=\"info-body\">\n\t\t\t<h3 class=\"title-container\">\n\t\t\t\t<a href=\"https:\/\/www.kuestenimmobilien.com\/urlaub\/unterkuenfte\/apartment-luv-lee-am-alten-deich-4-6-whg-2-36\/?adults=1\">\n\t\t\t\t\tApartment Luv &amp; Lee, Am Alten Deich 4-6, Whg 2.36\t\t\t\t<\/a>\n\t\t\t<\/h3>\n\t\t\t<button class=\"simplefavorite-button\" data-postid=\"320\" data-siteid=\"1\" data-groupid=\"1\" data-favoritecount=\"19\" style=\"\"><i class=\"heart-icon\"><\/i><\/button>\t\t\t<div class=\"separator-small\"><\/div>\n\t\t\t<div class=\"details-wrapper\">\n\t\t\t\t<ul>\n\t\t\t\t\t<li>G\u00e4ste<div class=\"wrap-value\">4<\/div><\/li>\t\t\t\t\t<li class=\"border-props\"><\/li><li>Schlafzimmer<div class=\"wrap-value\">1<\/div><\/li>\t\t\t\t\t<li class=\"border-props\"><\/li><li>Gr\u00f6\u00dfe<div class=\"wrap-value\">50 m\u00b2<\/div><\/li>\t\t\t\t\t<li class=\"border-props\"><\/li><li>Bewertung<div class=\"wrap-value\">4.8 \/ 5<\/div><\/li>\t\t\t\t\t\t\t\t\t<\/ul>\n\t\t\t<\/div>\n\t\t<\/div>\n\t\t<div class=\"info-footer\">\n\t\t\t\t\t\t<div class=\"mobile-only\">\n\t\t\t\t<div class=\"favorites-button\">\n\t\t\t\t\t<button class=\"simplefavorite-button\" data-postid=\"320\" data-siteid=\"1\" data-groupid=\"1\" data-favoritecount=\"19\" style=\"\"><i class=\"heart-icon\"><\/i><\/button>\t\t\t\t<\/div>\n\t\t\t<\/div>\n\t\t\t<div class=\"price-container\">\n\t\t\t\t<a href=\"https:\/\/www.kuestenimmobilien.com\/urlaub\/unterkuenfte\/apartment-luv-lee-am-alten-deich-4-6-whg-2-36\/?adults=1\" class=\"price-button\"><div class=\"showprice \">Ab <div class=\"wrap-value\"><span class=\"price\" data-price=\"6900\">69,00<\/span> <span class=\"currency\">&euro;<\/span> <\/div><\/div><div class=\"book-button\">BUCHEN<\/div><\/a>\n\t\t\t<\/div>\n\t\t<\/div>\n\t<\/div>\n<\/div>\n<div class=\"unitcontent-wrapper\">\n\t<div class=\"image-wrapper\">\n\t\t\t\t\t<div id=\"slider\" class=\"flexslider\">\n\t\t\t\t\t\t\t\t<ul class=\"slides\">\n\t\t\t\t\t\t\t\t\t\t\t<li><a href=\"https:\/\/www.kuestenimmobilien.com\/urlaub\/unterkuenfte\/apartment-wattn-glueck-am-alten-deich-26-11\/?adults=1\">\n\t\t\t\t\t\t\t\t<img decoding=\"async\" class=\"lazy\" src=\"https:\/\/www.kuestenimmobilien.com\/urlaub\/wp-content\/uploads\/2023\/04\/mf1459540.jpg\" data-src=\"https:\/\/www.kuestenimmobilien.com\/urlaub\/wp-content\/uploads\/2023\/04\/mf1459540.jpg\" alt=\"\" \/>\n\t\t\t\t\t\t\t<\/a><\/li>\n\t\t\t\t\t\t\t\t\t\t\t<li><a href=\"https:\/\/www.kuestenimmobilien.com\/urlaub\/unterkuenfte\/apartment-wattn-glueck-am-alten-deich-26-11\/?adults=1\">\n\t\t\t\t\t\t\t\t<img decoding=\"async\" class=\"lazy\" src=\"https:\/\/www.kuestenimmobilien.com\/urlaub\/wp-content\/uploads\/2023\/04\/mf1459540.jpg\" data-src=\"https:\/\/www.kuestenimmobilien.com\/urlaub\/wp-content\/uploads\/2023\/04\/mf1459536.jpg\" alt=\"\" \/>\n\t\t\t\t\t\t\t<\/a><\/li>\n\t\t\t\t\t\t\t\t\t\t\t<li><a href=\"https:\/\/www.kuestenimmobilien.com\/urlaub\/unterkuenfte\/apartment-wattn-glueck-am-alten-deich-26-11\/?adults=1\">\n\t\t\t\t\t\t\t\t<img decoding=\"async\" class=\"lazy\" src=\"https:\/\/www.kuestenimmobilien.com\/urlaub\/wp-content\/uploads\/2023\/04\/mf1459540.jpg\" data-src=\"https:\/\/www.kuestenimmobilien.com\/urlaub\/wp-content\/uploads\/2023\/04\/mf1459545.jpg\" alt=\"\" \/>\n\t\t\t\t\t\t\t<\/a><\/li>\n\t\t\t\t\t\t\t\t\t\t\t<li><a href=\"https:\/\/www.kuestenimmobilien.com\/urlaub\/unterkuenfte\/apartment-wattn-glueck-am-alten-deich-26-11\/?adults=1\">\n\t\t\t\t\t\t\t\t<img decoding=\"async\" class=\"lazy\" src=\"https:\/\/www.kuestenimmobilien.com\/urlaub\/wp-content\/uploads\/2023\/04\/mf1459540.jpg\" data-src=\"https:\/\/www.kuestenimmobilien.com\/urlaub\/wp-content\/uploads\/2023\/04\/mf1459549.jpg\" alt=\"\" \/>\n\t\t\t\t\t\t\t<\/a><\/li>\n\t\t\t\t\t\t\t\t\t\t\t<li><a href=\"https:\/\/www.kuestenimmobilien.com\/urlaub\/unterkuenfte\/apartment-wattn-glueck-am-alten-deich-26-11\/?adults=1\">\n\t\t\t\t\t\t\t\t<img decoding=\"async\" class=\"lazy\" src=\"https:\/\/www.kuestenimmobilien.com\/urlaub\/wp-content\/uploads\/2023\/04\/mf1459540.jpg\" data-src=\"https:\/\/www.kuestenimmobilien.com\/urlaub\/wp-content\/uploads\/2023\/04\/mf1459547.jpg\" alt=\"\" \/>\n\t\t\t\t\t\t\t<\/a><\/li>\n\t\t\t\t\t\t\t\t\t\t\t<li><a href=\"https:\/\/www.kuestenimmobilien.com\/urlaub\/unterkuenfte\/apartment-wattn-glueck-am-alten-deich-26-11\/?adults=1\">\n\t\t\t\t\t\t\t\t<img decoding=\"async\" class=\"lazy\" src=\"https:\/\/www.kuestenimmobilien.com\/urlaub\/wp-content\/uploads\/2023\/04\/mf1459540.jpg\" data-src=\"https:\/\/www.kuestenimmobilien.com\/urlaub\/wp-content\/uploads\/2023\/04\/mf1459556.jpg\" alt=\"\" \/>\n\t\t\t\t\t\t\t<\/a><\/li>\n\t\t\t\t\t\t\t\t\t\t\t<li><a href=\"https:\/\/www.kuestenimmobilien.com\/urlaub\/unterkuenfte\/apartment-wattn-glueck-am-alten-deich-26-11\/?adults=1\">\n\t\t\t\t\t\t\t\t<img decoding=\"async\" class=\"lazy\" src=\"https:\/\/www.kuestenimmobilien.com\/urlaub\/wp-content\/uploads\/2023\/04\/mf1459540.jpg\" data-src=\"https:\/\/www.kuestenimmobilien.com\/urlaub\/wp-content\/uploads\/2023\/04\/mf1459552.jpg\" alt=\"\" \/>\n\t\t\t\t\t\t\t<\/a><\/li>\n\t\t\t\t\t\t\t\t\t\t\t<li><a href=\"https:\/\/www.kuestenimmobilien.com\/urlaub\/unterkuenfte\/apartment-wattn-glueck-am-alten-deich-26-11\/?adults=1\">\n\t\t\t\t\t\t\t\t<img decoding=\"async\" class=\"lazy\" src=\"https:\/\/www.kuestenimmobilien.com\/urlaub\/wp-content\/uploads\/2023\/04\/mf1459540.jpg\" data-src=\"https:\/\/www.kuestenimmobilien.com\/urlaub\/wp-content\/uploads\/2023\/04\/mf1489418.jpg\" alt=\"\" \/>\n\t\t\t\t\t\t\t<\/a><\/li>\n\t\t\t\t\t\t\t\t\t\t\t<li><a href=\"https:\/\/www.kuestenimmobilien.com\/urlaub\/unterkuenfte\/apartment-wattn-glueck-am-alten-deich-26-11\/?adults=1\">\n\t\t\t\t\t\t\t\t<img decoding=\"async\" class=\"lazy\" src=\"https:\/\/www.kuestenimmobilien.com\/urlaub\/wp-content\/uploads\/2023\/04\/mf1459540.jpg\" data-src=\"https:\/\/www.kuestenimmobilien.com\/urlaub\/wp-content\/uploads\/2023\/04\/mf1487406.jpg\" alt=\"\" \/>\n\t\t\t\t\t\t\t<\/a><\/li>\n\t\t\t\t\t\t\t\t\t\t\t<li><a href=\"https:\/\/www.kuestenimmobilien.com\/urlaub\/unterkuenfte\/apartment-wattn-glueck-am-alten-deich-26-11\/?adults=1\">\n\t\t\t\t\t\t\t\t<img decoding=\"async\" class=\"lazy\" src=\"https:\/\/www.kuestenimmobilien.com\/urlaub\/wp-content\/uploads\/2023\/04\/mf1459540.jpg\" data-src=\"https:\/\/www.kuestenimmobilien.com\/urlaub\/wp-content\/uploads\/2023\/04\/mf1459563.jpg\" alt=\"\" \/>\n\t\t\t\t\t\t\t<\/a><\/li>\n\t\t\t\t\t\t\t\t\t\t\t<li><a href=\"https:\/\/www.kuestenimmobilien.com\/urlaub\/unterkuenfte\/apartment-wattn-glueck-am-alten-deich-26-11\/?adults=1\">\n\t\t\t\t\t\t\t\t<img decoding=\"async\" class=\"lazy\" src=\"https:\/\/www.kuestenimmobilien.com\/urlaub\/wp-content\/uploads\/2023\/04\/mf1459540.jpg\" data-src=\"https:\/\/www.kuestenimmobilien.com\/urlaub\/wp-content\/uploads\/2023\/04\/mf1459535.jpg\" alt=\"\" \/>\n\t\t\t\t\t\t\t<\/a><\/li>\n\t\t\t\t\t\t\t\t\t\t\t<li><a href=\"https:\/\/www.kuestenimmobilien.com\/urlaub\/unterkuenfte\/apartment-wattn-glueck-am-alten-deich-26-11\/?adults=1\">\n\t\t\t\t\t\t\t\t<img decoding=\"async\" class=\"lazy\" src=\"https:\/\/www.kuestenimmobilien.com\/urlaub\/wp-content\/uploads\/2023\/04\/mf1459540.jpg\" data-src=\"https:\/\/www.kuestenimmobilien.com\/urlaub\/wp-content\/uploads\/2023\/04\/mf1459548.jpg\" alt=\"\" \/>\n\t\t\t\t\t\t\t<\/a><\/li>\n\t\t\t\t\t\t\t\t\t\t\t<li><a href=\"https:\/\/www.kuestenimmobilien.com\/urlaub\/unterkuenfte\/apartment-wattn-glueck-am-alten-deich-26-11\/?adults=1\">\n\t\t\t\t\t\t\t\t<img decoding=\"async\" class=\"lazy\" src=\"https:\/\/www.kuestenimmobilien.com\/urlaub\/wp-content\/uploads\/2023\/04\/mf1459540.jpg\" data-src=\"https:\/\/www.kuestenimmobilien.com\/urlaub\/wp-content\/uploads\/2023\/04\/mf1459537.jpg\" alt=\"\" \/>\n\t\t\t\t\t\t\t<\/a><\/li>\n\t\t\t\t\t\t\t\t\t\t\t<li><a href=\"https:\/\/www.kuestenimmobilien.com\/urlaub\/unterkuenfte\/apartment-wattn-glueck-am-alten-deich-26-11\/?adults=1\">\n\t\t\t\t\t\t\t\t<img decoding=\"async\" class=\"lazy\" src=\"https:\/\/www.kuestenimmobilien.com\/urlaub\/wp-content\/uploads\/2023\/04\/mf1459540.jpg\" data-src=\"https:\/\/www.kuestenimmobilien.com\/urlaub\/wp-content\/uploads\/2023\/04\/mf1459554.jpg\" alt=\"\" \/>\n\t\t\t\t\t\t\t<\/a><\/li>\n\t\t\t\t\t\t\t\t\t\t\t<li><a href=\"https:\/\/www.kuestenimmobilien.com\/urlaub\/unterkuenfte\/apartment-wattn-glueck-am-alten-deich-26-11\/?adults=1\">\n\t\t\t\t\t\t\t\t<img decoding=\"async\" class=\"lazy\" src=\"https:\/\/www.kuestenimmobilien.com\/urlaub\/wp-content\/uploads\/2023\/04\/mf1459540.jpg\" data-src=\"https:\/\/www.kuestenimmobilien.com\/urlaub\/wp-content\/uploads\/2023\/04\/mf1459538.jpg\" alt=\"\" \/>\n\t\t\t\t\t\t\t<\/a><\/li>\n\t\t\t\t\t\t\t\t\t\t\t<li><a href=\"https:\/\/www.kuestenimmobilien.com\/urlaub\/unterkuenfte\/apartment-wattn-glueck-am-alten-deich-26-11\/?adults=1\">\n\t\t\t\t\t\t\t\t<img decoding=\"async\" class=\"lazy\" src=\"https:\/\/www.kuestenimmobilien.com\/urlaub\/wp-content\/uploads\/2023\/04\/mf1459540.jpg\" data-src=\"https:\/\/www.kuestenimmobilien.com\/urlaub\/wp-content\/uploads\/2023\/04\/mf1459539.jpg\" alt=\"\" \/>\n\t\t\t\t\t\t\t<\/a><\/li>\n\t\t\t\t\t\t\t\t\t\t\t<li><a href=\"https:\/\/www.kuestenimmobilien.com\/urlaub\/unterkuenfte\/apartment-wattn-glueck-am-alten-deich-26-11\/?adults=1\">\n\t\t\t\t\t\t\t\t<img decoding=\"async\" class=\"lazy\" src=\"https:\/\/www.kuestenimmobilien.com\/urlaub\/wp-content\/uploads\/2023\/04\/mf1459540.jpg\" data-src=\"https:\/\/www.kuestenimmobilien.com\/urlaub\/wp-content\/uploads\/2023\/04\/mf1459543.jpg\" alt=\"\" \/>\n\t\t\t\t\t\t\t<\/a><\/li>\n\t\t\t\t\t\t\t\t\t\t\t<li><a href=\"https:\/\/www.kuestenimmobilien.com\/urlaub\/unterkuenfte\/apartment-wattn-glueck-am-alten-deich-26-11\/?adults=1\">\n\t\t\t\t\t\t\t\t<img decoding=\"async\" class=\"lazy\" src=\"https:\/\/www.kuestenimmobilien.com\/urlaub\/wp-content\/uploads\/2023\/04\/mf1459540.jpg\" data-src=\"https:\/\/www.kuestenimmobilien.com\/urlaub\/wp-content\/uploads\/2023\/04\/mf1487405.jpg\" alt=\"\" \/>\n\t\t\t\t\t\t\t<\/a><\/li>\n\t\t\t\t\t\t\t\t\t\t\t<li><a href=\"https:\/\/www.kuestenimmobilien.com\/urlaub\/unterkuenfte\/apartment-wattn-glueck-am-alten-deich-26-11\/?adults=1\">\n\t\t\t\t\t\t\t\t<img decoding=\"async\" class=\"lazy\" src=\"https:\/\/www.kuestenimmobilien.com\/urlaub\/wp-content\/uploads\/2023\/04\/mf1459540.jpg\" data-src=\"https:\/\/www.kuestenimmobilien.com\/urlaub\/wp-content\/uploads\/2023\/04\/mf1459559.jpg\" alt=\"\" \/>\n\t\t\t\t\t\t\t<\/a><\/li>\n\t\t\t\t\t\t\t\t\t\t\t<li><a href=\"https:\/\/www.kuestenimmobilien.com\/urlaub\/unterkuenfte\/apartment-wattn-glueck-am-alten-deich-26-11\/?adults=1\">\n\t\t\t\t\t\t\t\t<img decoding=\"async\" class=\"lazy\" src=\"https:\/\/www.kuestenimmobilien.com\/urlaub\/wp-content\/uploads\/2023\/04\/mf1459540.jpg\" data-src=\"https:\/\/www.kuestenimmobilien.com\/urlaub\/wp-content\/uploads\/2023\/04\/mf1459558.jpg\" alt=\"\" \/>\n\t\t\t\t\t\t\t<\/a><\/li>\n\t\t\t\t\t\t\t\t\t\t\t<li><a href=\"https:\/\/www.kuestenimmobilien.com\/urlaub\/unterkuenfte\/apartment-wattn-glueck-am-alten-deich-26-11\/?adults=1\">\n\t\t\t\t\t\t\t\t<img decoding=\"async\" class=\"lazy\" src=\"https:\/\/www.kuestenimmobilien.com\/urlaub\/wp-content\/uploads\/2023\/04\/mf1459540.jpg\" data-src=\"https:\/\/www.kuestenimmobilien.com\/urlaub\/wp-content\/uploads\/2023\/04\/mf1459557.jpg\" alt=\"\" \/>\n\t\t\t\t\t\t\t<\/a><\/li>\n\t\t\t\t\t\t\t\t\t\t\t<li><a href=\"https:\/\/www.kuestenimmobilien.com\/urlaub\/unterkuenfte\/apartment-wattn-glueck-am-alten-deich-26-11\/?adults=1\">\n\t\t\t\t\t\t\t\t<img decoding=\"async\" class=\"lazy\" src=\"https:\/\/www.kuestenimmobilien.com\/urlaub\/wp-content\/uploads\/2023\/04\/mf1459540.jpg\" data-src=\"https:\/\/www.kuestenimmobilien.com\/urlaub\/wp-content\/uploads\/2023\/04\/mf1459534.jpg\" alt=\"\" \/>\n\t\t\t\t\t\t\t<\/a><\/li>\n\t\t\t\t\t\t\t\t\t\t\t<li><a href=\"https:\/\/www.kuestenimmobilien.com\/urlaub\/unterkuenfte\/apartment-wattn-glueck-am-alten-deich-26-11\/?adults=1\">\n\t\t\t\t\t\t\t\t<img decoding=\"async\" class=\"lazy\" src=\"https:\/\/www.kuestenimmobilien.com\/urlaub\/wp-content\/uploads\/2023\/04\/mf1459540.jpg\" data-src=\"https:\/\/www.kuestenimmobilien.com\/urlaub\/wp-content\/uploads\/2023\/04\/mf1459544.jpg\" alt=\"\" \/>\n\t\t\t\t\t\t\t<\/a><\/li>\n\t\t\t\t\t\t\t\t\t\t\t<li><a href=\"https:\/\/www.kuestenimmobilien.com\/urlaub\/unterkuenfte\/apartment-wattn-glueck-am-alten-deich-26-11\/?adults=1\">\n\t\t\t\t\t\t\t\t<img decoding=\"async\" class=\"lazy\" src=\"https:\/\/www.kuestenimmobilien.com\/urlaub\/wp-content\/uploads\/2023\/04\/mf1459540.jpg\" data-src=\"https:\/\/www.kuestenimmobilien.com\/urlaub\/wp-content\/uploads\/2023\/04\/mf1459546.jpg\" alt=\"\" \/>\n\t\t\t\t\t\t\t<\/a><\/li>\n\t\t\t\t\t\t\t\t\t<\/ul>\n\t\t\t<\/div>\n\t\t\t<\/div>\n\t<div class=\"info-wrapper\">\n\t\t<div class=\"info-body\">\n\t\t\t<h3 class=\"title-container\">\n\t\t\t\t<a href=\"https:\/\/www.kuestenimmobilien.com\/urlaub\/unterkuenfte\/apartment-wattn-glueck-am-alten-deich-26-11\/?adults=1\">\n\t\t\t\t\tApartment Watt\u00b4n Gl\u00fcck, Am Alten Deich 26\/11\t\t\t\t<\/a>\n\t\t\t<\/h3>\n\t\t\t<button class=\"simplefavorite-button\" data-postid=\"279\" data-siteid=\"1\" data-groupid=\"1\" data-favoritecount=\"36\" style=\"\"><i class=\"heart-icon\"><\/i><\/button>\t\t\t<div class=\"separator-small\"><\/div>\n\t\t\t<div class=\"details-wrapper\">\n\t\t\t\t<ul>\n\t\t\t\t\t<li>G\u00e4ste<div class=\"wrap-value\">4<\/div><\/li>\t\t\t\t\t<li class=\"border-props\"><\/li><li>Schlafzimmer<div class=\"wrap-value\">2<\/div><\/li>\t\t\t\t\t<li class=\"border-props\"><\/li><li>Gr\u00f6\u00dfe<div class=\"wrap-value\">63 m\u00b2<\/div><\/li>\t\t\t\t\t<li class=\"border-props\"><\/li><li>Bewertung<div class=\"wrap-value\">4.7 \/ 5<\/div><\/li>\t\t\t\t\t\t\t\t\t<\/ul>\n\t\t\t<\/div>\n\t\t<\/div>\n\t\t<div class=\"info-footer\">\n\t\t\t\t\t\t<div class=\"mobile-only\">\n\t\t\t\t<div class=\"favorites-button\">\n\t\t\t\t\t<button class=\"simplefavorite-button\" data-postid=\"279\" data-siteid=\"1\" data-groupid=\"1\" data-favoritecount=\"36\" style=\"\"><i class=\"heart-icon\"><\/i><\/button>\t\t\t\t<\/div>\n\t\t\t<\/div>\n\t\t\t<div class=\"price-container\">\n\t\t\t\t<a href=\"https:\/\/www.kuestenimmobilien.com\/urlaub\/unterkuenfte\/apartment-wattn-glueck-am-alten-deich-26-11\/?adults=1\" class=\"price-button\"><div class=\"showprice \">Ab <div class=\"wrap-value\"><span class=\"price\" data-price=\"7500\">75,00<\/span> <span class=\"currency\">&euro;<\/span> <\/div><\/div><div class=\"book-button\">BUCHEN<\/div><\/a>\n\t\t\t<\/div>\n\t\t<\/div>\n\t<\/div>\n<\/div>\n<div class=\"unitcontent-wrapper\">\n\t<div class=\"image-wrapper\">\n\t\t\t\t\t<div id=\"slider\" class=\"flexslider\">\n\t\t\t\t\t\t\t\t<ul class=\"slides\">\n\t\t\t\t\t\t\t\t\t\t\t<li><a href=\"https:\/\/www.kuestenimmobilien.com\/urlaub\/unterkuenfte\/apartment-meerleben-am-alten-deich-28-7\/?adults=1\">\n\t\t\t\t\t\t\t\t<img decoding=\"async\" class=\"lazy\" src=\"https:\/\/www.kuestenimmobilien.com\/urlaub\/wp-content\/uploads\/2023\/04\/mf8750836-1024x768.jpg\" data-src=\"https:\/\/www.kuestenimmobilien.com\/urlaub\/wp-content\/uploads\/2023\/04\/mf8750836-1024x768.jpg\" alt=\"\" \/>\n\t\t\t\t\t\t\t<\/a><\/li>\n\t\t\t\t\t\t\t\t\t\t\t<li><a href=\"https:\/\/www.kuestenimmobilien.com\/urlaub\/unterkuenfte\/apartment-meerleben-am-alten-deich-28-7\/?adults=1\">\n\t\t\t\t\t\t\t\t<img decoding=\"async\" class=\"lazy\" src=\"https:\/\/www.kuestenimmobilien.com\/urlaub\/wp-content\/uploads\/2023\/04\/mf8750836-1024x768.jpg\" data-src=\"https:\/\/www.kuestenimmobilien.com\/urlaub\/wp-content\/uploads\/2023\/04\/mf8750844-1024x768.jpg\" alt=\"\" \/>\n\t\t\t\t\t\t\t<\/a><\/li>\n\t\t\t\t\t\t\t\t\t\t\t<li><a href=\"https:\/\/www.kuestenimmobilien.com\/urlaub\/unterkuenfte\/apartment-meerleben-am-alten-deich-28-7\/?adults=1\">\n\t\t\t\t\t\t\t\t<img decoding=\"async\" class=\"lazy\" src=\"https:\/\/www.kuestenimmobilien.com\/urlaub\/wp-content\/uploads\/2023\/04\/mf8750836-1024x768.jpg\" data-src=\"https:\/\/www.kuestenimmobilien.com\/urlaub\/wp-content\/uploads\/2023\/04\/mf8750846-1024x768.jpg\" alt=\"\" \/>\n\t\t\t\t\t\t\t<\/a><\/li>\n\t\t\t\t\t\t\t\t\t\t\t<li><a href=\"https:\/\/www.kuestenimmobilien.com\/urlaub\/unterkuenfte\/apartment-meerleben-am-alten-deich-28-7\/?adults=1\">\n\t\t\t\t\t\t\t\t<img decoding=\"async\" class=\"lazy\" src=\"https:\/\/www.kuestenimmobilien.com\/urlaub\/wp-content\/uploads\/2023\/04\/mf8750836-1024x768.jpg\" data-src=\"https:\/\/www.kuestenimmobilien.com\/urlaub\/wp-content\/uploads\/2023\/04\/mf8750834-1024x768.jpg\" alt=\"\" \/>\n\t\t\t\t\t\t\t<\/a><\/li>\n\t\t\t\t\t\t\t\t\t\t\t<li><a href=\"https:\/\/www.kuestenimmobilien.com\/urlaub\/unterkuenfte\/apartment-meerleben-am-alten-deich-28-7\/?adults=1\">\n\t\t\t\t\t\t\t\t<img decoding=\"async\" class=\"lazy\" src=\"https:\/\/www.kuestenimmobilien.com\/urlaub\/wp-content\/uploads\/2023\/04\/mf8750836-1024x768.jpg\" data-src=\"https:\/\/www.kuestenimmobilien.com\/urlaub\/wp-content\/uploads\/2023\/04\/mf8750837-1024x768.jpg\" alt=\"\" \/>\n\t\t\t\t\t\t\t<\/a><\/li>\n\t\t\t\t\t\t\t\t\t\t\t<li><a href=\"https:\/\/www.kuestenimmobilien.com\/urlaub\/unterkuenfte\/apartment-meerleben-am-alten-deich-28-7\/?adults=1\">\n\t\t\t\t\t\t\t\t<img decoding=\"async\" class=\"lazy\" src=\"https:\/\/www.kuestenimmobilien.com\/urlaub\/wp-content\/uploads\/2023\/04\/mf8750836-1024x768.jpg\" data-src=\"https:\/\/www.kuestenimmobilien.com\/urlaub\/wp-content\/uploads\/2023\/04\/mf8750829-1024x768.jpg\" alt=\"\" \/>\n\t\t\t\t\t\t\t<\/a><\/li>\n\t\t\t\t\t\t\t\t\t\t\t<li><a href=\"https:\/\/www.kuestenimmobilien.com\/urlaub\/unterkuenfte\/apartment-meerleben-am-alten-deich-28-7\/?adults=1\">\n\t\t\t\t\t\t\t\t<img decoding=\"async\" class=\"lazy\" src=\"https:\/\/www.kuestenimmobilien.com\/urlaub\/wp-content\/uploads\/2023\/04\/mf8750836-1024x768.jpg\" data-src=\"https:\/\/www.kuestenimmobilien.com\/urlaub\/wp-content\/uploads\/2023\/04\/mf8750830-1024x768.jpg\" alt=\"\" \/>\n\t\t\t\t\t\t\t<\/a><\/li>\n\t\t\t\t\t\t\t\t\t\t\t<li><a href=\"https:\/\/www.kuestenimmobilien.com\/urlaub\/unterkuenfte\/apartment-meerleben-am-alten-deich-28-7\/?adults=1\">\n\t\t\t\t\t\t\t\t<img decoding=\"async\" class=\"lazy\" src=\"https:\/\/www.kuestenimmobilien.com\/urlaub\/wp-content\/uploads\/2023\/04\/mf8750836-1024x768.jpg\" data-src=\"https:\/\/www.kuestenimmobilien.com\/urlaub\/wp-content\/uploads\/2023\/04\/mf8750835-1024x768.jpg\" alt=\"\" \/>\n\t\t\t\t\t\t\t<\/a><\/li>\n\t\t\t\t\t\t\t\t\t\t\t<li><a href=\"https:\/\/www.kuestenimmobilien.com\/urlaub\/unterkuenfte\/apartment-meerleben-am-alten-deich-28-7\/?adults=1\">\n\t\t\t\t\t\t\t\t<img decoding=\"async\" class=\"lazy\" src=\"https:\/\/www.kuestenimmobilien.com\/urlaub\/wp-content\/uploads\/2023\/04\/mf8750836-1024x768.jpg\" data-src=\"https:\/\/www.kuestenimmobilien.com\/urlaub\/wp-content\/uploads\/2023\/04\/mf8750843-1024x768.jpg\" alt=\"\" \/>\n\t\t\t\t\t\t\t<\/a><\/li>\n\t\t\t\t\t\t\t\t\t\t\t<li><a href=\"https:\/\/www.kuestenimmobilien.com\/urlaub\/unterkuenfte\/apartment-meerleben-am-alten-deich-28-7\/?adults=1\">\n\t\t\t\t\t\t\t\t<img decoding=\"async\" class=\"lazy\" src=\"https:\/\/www.kuestenimmobilien.com\/urlaub\/wp-content\/uploads\/2023\/04\/mf8750836-1024x768.jpg\" data-src=\"https:\/\/www.kuestenimmobilien.com\/urlaub\/wp-content\/uploads\/2023\/04\/mf8750848-1024x768.jpg\" alt=\"\" \/>\n\t\t\t\t\t\t\t<\/a><\/li>\n\t\t\t\t\t\t\t\t\t<\/ul>\n\t\t\t<\/div>\n\t\t\t<\/div>\n\t<div class=\"info-wrapper\">\n\t\t<div class=\"info-body\">\n\t\t\t<h3 class=\"title-container\">\n\t\t\t\t<a href=\"https:\/\/www.kuestenimmobilien.com\/urlaub\/unterkuenfte\/apartment-meerleben-am-alten-deich-28-7\/?adults=1\">\n\t\t\t\t\tApartment MeerLeben, Am Alten Deich 28\/7\t\t\t\t<\/a>\n\t\t\t<\/h3>\n\t\t\t<button class=\"simplefavorite-button\" data-postid=\"278\" data-siteid=\"1\" data-groupid=\"1\" data-favoritecount=\"20\" style=\"\"><i class=\"heart-icon\"><\/i><\/button>\t\t\t<div class=\"separator-small\"><\/div>\n\t\t\t<div class=\"details-wrapper\">\n\t\t\t\t<ul>\n\t\t\t\t\t<li>G\u00e4ste<div class=\"wrap-value\">3<\/div><\/li>\t\t\t\t\t<li class=\"border-props\"><\/li><li>Schlafzimmer<div class=\"wrap-value\">1<\/div><\/li>\t\t\t\t\t<li class=\"border-props\"><\/li><li>Gr\u00f6\u00dfe<div class=\"wrap-value\">49 m\u00b2<\/div><\/li>\t\t\t\t\t<li class=\"border-props\"><\/li><li>Bewertung<div class=\"wrap-value\">4.8 \/ 5<\/div><\/li>\t\t\t\t\t\t\t\t\t<\/ul>\n\t\t\t<\/div>\n\t\t<\/div>\n\t\t<div class=\"info-footer\">\n\t\t\t\t\t\t<div class=\"mobile-only\">\n\t\t\t\t<div class=\"favorites-button\">\n\t\t\t\t\t<button class=\"simplefavorite-button\" data-postid=\"278\" data-siteid=\"1\" data-groupid=\"1\" data-favoritecount=\"20\" style=\"\"><i class=\"heart-icon\"><\/i><\/button>\t\t\t\t<\/div>\n\t\t\t<\/div>\n\t\t\t<div class=\"price-container\">\n\t\t\t\t<a href=\"https:\/\/www.kuestenimmobilien.com\/urlaub\/unterkuenfte\/apartment-meerleben-am-alten-deich-28-7\/?adults=1\" class=\"price-button\"><div class=\"showprice \">Ab <div class=\"wrap-value\"><span class=\"price\" data-price=\"7900\">79,00<\/span> <span class=\"currency\">&euro;<\/span> <\/div><\/div><div class=\"book-button\">BUCHEN<\/div><\/a>\n\t\t\t<\/div>\n\t\t<\/div>\n\t<\/div>\n<\/div>\n<div class=\"unitcontent-wrapper\">\n\t<div class=\"image-wrapper\">\n\t\t\t\t\t<div id=\"slider\" class=\"flexslider\">\n\t\t\t\t\t\t\t\t<ul class=\"slides\">\n\t\t\t\t\t\t\t\t\t\t\t<li><a href=\"https:\/\/www.kuestenimmobilien.com\/urlaub\/unterkuenfte\/apartment-strandgut-am-alten-deich-12-3\/?adults=1\">\n\t\t\t\t\t\t\t\t<img decoding=\"async\" class=\"lazy\" src=\"https:\/\/www.kuestenimmobilien.com\/urlaub\/wp-content\/uploads\/2023\/04\/mf9799503-1024x768.jpg\" data-src=\"https:\/\/www.kuestenimmobilien.com\/urlaub\/wp-content\/uploads\/2023\/04\/mf9799503-1024x768.jpg\" alt=\"\" \/>\n\t\t\t\t\t\t\t<\/a><\/li>\n\t\t\t\t\t\t\t\t\t\t\t<li><a href=\"https:\/\/www.kuestenimmobilien.com\/urlaub\/unterkuenfte\/apartment-strandgut-am-alten-deich-12-3\/?adults=1\">\n\t\t\t\t\t\t\t\t<img decoding=\"async\" class=\"lazy\" src=\"https:\/\/www.kuestenimmobilien.com\/urlaub\/wp-content\/uploads\/2023\/04\/mf9799503-1024x768.jpg\" data-src=\"https:\/\/www.kuestenimmobilien.com\/urlaub\/wp-content\/uploads\/2023\/04\/mf9799508-1024x768.jpg\" alt=\"\" \/>\n\t\t\t\t\t\t\t<\/a><\/li>\n\t\t\t\t\t\t\t\t\t\t\t<li><a href=\"https:\/\/www.kuestenimmobilien.com\/urlaub\/unterkuenfte\/apartment-strandgut-am-alten-deich-12-3\/?adults=1\">\n\t\t\t\t\t\t\t\t<img decoding=\"async\" class=\"lazy\" src=\"https:\/\/www.kuestenimmobilien.com\/urlaub\/wp-content\/uploads\/2023\/04\/mf9799503-1024x768.jpg\" data-src=\"https:\/\/www.kuestenimmobilien.com\/urlaub\/wp-content\/uploads\/2023\/04\/mf9799499-1024x768.jpg\" alt=\"\" \/>\n\t\t\t\t\t\t\t<\/a><\/li>\n\t\t\t\t\t\t\t\t\t\t\t<li><a href=\"https:\/\/www.kuestenimmobilien.com\/urlaub\/unterkuenfte\/apartment-strandgut-am-alten-deich-12-3\/?adults=1\">\n\t\t\t\t\t\t\t\t<img decoding=\"async\" class=\"lazy\" src=\"https:\/\/www.kuestenimmobilien.com\/urlaub\/wp-content\/uploads\/2023\/04\/mf9799503-1024x768.jpg\" data-src=\"https:\/\/www.kuestenimmobilien.com\/urlaub\/wp-content\/uploads\/2023\/04\/mf9799513-1024x768.jpg\" alt=\"\" \/>\n\t\t\t\t\t\t\t<\/a><\/li>\n\t\t\t\t\t\t\t\t\t\t\t<li><a href=\"https:\/\/www.kuestenimmobilien.com\/urlaub\/unterkuenfte\/apartment-strandgut-am-alten-deich-12-3\/?adults=1\">\n\t\t\t\t\t\t\t\t<img decoding=\"async\" class=\"lazy\" src=\"https:\/\/www.kuestenimmobilien.com\/urlaub\/wp-content\/uploads\/2023\/04\/mf9799503-1024x768.jpg\" data-src=\"https:\/\/www.kuestenimmobilien.com\/urlaub\/wp-content\/uploads\/2023\/04\/mf9799501-1024x768.jpg\" alt=\"\" \/>\n\t\t\t\t\t\t\t<\/a><\/li>\n\t\t\t\t\t\t\t\t\t\t\t<li><a href=\"https:\/\/www.kuestenimmobilien.com\/urlaub\/unterkuenfte\/apartment-strandgut-am-alten-deich-12-3\/?adults=1\">\n\t\t\t\t\t\t\t\t<img decoding=\"async\" class=\"lazy\" src=\"https:\/\/www.kuestenimmobilien.com\/urlaub\/wp-content\/uploads\/2023\/04\/mf9799503-1024x768.jpg\" data-src=\"https:\/\/www.kuestenimmobilien.com\/urlaub\/wp-content\/uploads\/2023\/04\/mf9799498-1024x768.jpg\" alt=\"\" \/>\n\t\t\t\t\t\t\t<\/a><\/li>\n\t\t\t\t\t\t\t\t\t\t\t<li><a href=\"https:\/\/www.kuestenimmobilien.com\/urlaub\/unterkuenfte\/apartment-strandgut-am-alten-deich-12-3\/?adults=1\">\n\t\t\t\t\t\t\t\t<img decoding=\"async\" class=\"lazy\" src=\"https:\/\/www.kuestenimmobilien.com\/urlaub\/wp-content\/uploads\/2023\/04\/mf9799503-1024x768.jpg\" data-src=\"https:\/\/www.kuestenimmobilien.com\/urlaub\/wp-content\/uploads\/2023\/04\/mf9799500-1024x768.jpg\" alt=\"\" \/>\n\t\t\t\t\t\t\t<\/a><\/li>\n\t\t\t\t\t\t\t\t\t\t\t<li><a href=\"https:\/\/www.kuestenimmobilien.com\/urlaub\/unterkuenfte\/apartment-strandgut-am-alten-deich-12-3\/?adults=1\">\n\t\t\t\t\t\t\t\t<img decoding=\"async\" class=\"lazy\" src=\"https:\/\/www.kuestenimmobilien.com\/urlaub\/wp-content\/uploads\/2023\/04\/mf9799503-1024x768.jpg\" data-src=\"https:\/\/www.kuestenimmobilien.com\/urlaub\/wp-content\/uploads\/2023\/04\/mf9799502-1024x768.jpg\" alt=\"\" \/>\n\t\t\t\t\t\t\t<\/a><\/li>\n\t\t\t\t\t\t\t\t\t\t\t<li><a href=\"https:\/\/www.kuestenimmobilien.com\/urlaub\/unterkuenfte\/apartment-strandgut-am-alten-deich-12-3\/?adults=1\">\n\t\t\t\t\t\t\t\t<img decoding=\"async\" class=\"lazy\" src=\"https:\/\/www.kuestenimmobilien.com\/urlaub\/wp-content\/uploads\/2023\/04\/mf9799503-1024x768.jpg\" data-src=\"https:\/\/www.kuestenimmobilien.com\/urlaub\/wp-content\/uploads\/2023\/04\/mf9799504-1024x768.jpg\" alt=\"\" \/>\n\t\t\t\t\t\t\t<\/a><\/li>\n\t\t\t\t\t\t\t\t\t\t\t<li><a href=\"https:\/\/www.kuestenimmobilien.com\/urlaub\/unterkuenfte\/apartment-strandgut-am-alten-deich-12-3\/?adults=1\">\n\t\t\t\t\t\t\t\t<img decoding=\"async\" class=\"lazy\" src=\"https:\/\/www.kuestenimmobilien.com\/urlaub\/wp-content\/uploads\/2023\/04\/mf9799503-1024x768.jpg\" data-src=\"https:\/\/www.kuestenimmobilien.com\/urlaub\/wp-content\/uploads\/2023\/04\/mf9799506-1024x768.jpg\" alt=\"\" \/>\n\t\t\t\t\t\t\t<\/a><\/li>\n\t\t\t\t\t\t\t\t\t\t\t<li><a href=\"https:\/\/www.kuestenimmobilien.com\/urlaub\/unterkuenfte\/apartment-strandgut-am-alten-deich-12-3\/?adults=1\">\n\t\t\t\t\t\t\t\t<img decoding=\"async\" class=\"lazy\" src=\"https:\/\/www.kuestenimmobilien.com\/urlaub\/wp-content\/uploads\/2023\/04\/mf9799503-1024x768.jpg\" data-src=\"https:\/\/www.kuestenimmobilien.com\/urlaub\/wp-content\/uploads\/2023\/04\/mf9799505-1024x768.jpg\" alt=\"\" \/>\n\t\t\t\t\t\t\t<\/a><\/li>\n\t\t\t\t\t\t\t\t\t\t\t<li><a href=\"https:\/\/www.kuestenimmobilien.com\/urlaub\/unterkuenfte\/apartment-strandgut-am-alten-deich-12-3\/?adults=1\">\n\t\t\t\t\t\t\t\t<img decoding=\"async\" class=\"lazy\" src=\"https:\/\/www.kuestenimmobilien.com\/urlaub\/wp-content\/uploads\/2023\/04\/mf9799503-1024x768.jpg\" data-src=\"https:\/\/www.kuestenimmobilien.com\/urlaub\/wp-content\/uploads\/2023\/04\/mf9799507-1024x768.jpg\" alt=\"\" \/>\n\t\t\t\t\t\t\t<\/a><\/li>\n\t\t\t\t\t\t\t\t\t\t\t<li><a href=\"https:\/\/www.kuestenimmobilien.com\/urlaub\/unterkuenfte\/apartment-strandgut-am-alten-deich-12-3\/?adults=1\">\n\t\t\t\t\t\t\t\t<img decoding=\"async\" class=\"lazy\" src=\"https:\/\/www.kuestenimmobilien.com\/urlaub\/wp-content\/uploads\/2023\/04\/mf9799503-1024x768.jpg\" data-src=\"https:\/\/www.kuestenimmobilien.com\/urlaub\/wp-content\/uploads\/2023\/04\/mf9799511-1024x768.jpg\" alt=\"\" \/>\n\t\t\t\t\t\t\t<\/a><\/li>\n\t\t\t\t\t\t\t\t\t\t\t<li><a href=\"https:\/\/www.kuestenimmobilien.com\/urlaub\/unterkuenfte\/apartment-strandgut-am-alten-deich-12-3\/?adults=1\">\n\t\t\t\t\t\t\t\t<img decoding=\"async\" class=\"lazy\" src=\"https:\/\/www.kuestenimmobilien.com\/urlaub\/wp-content\/uploads\/2023\/04\/mf9799503-1024x768.jpg\" data-src=\"https:\/\/www.kuestenimmobilien.com\/urlaub\/wp-content\/uploads\/2023\/04\/mf9799512-1024x768.jpg\" alt=\"\" \/>\n\t\t\t\t\t\t\t<\/a><\/li>\n\t\t\t\t\t\t\t\t\t\t\t<li><a href=\"https:\/\/www.kuestenimmobilien.com\/urlaub\/unterkuenfte\/apartment-strandgut-am-alten-deich-12-3\/?adults=1\">\n\t\t\t\t\t\t\t\t<img decoding=\"async\" class=\"lazy\" src=\"https:\/\/www.kuestenimmobilien.com\/urlaub\/wp-content\/uploads\/2023\/04\/mf9799503-1024x768.jpg\" data-src=\"https:\/\/www.kuestenimmobilien.com\/urlaub\/wp-content\/uploads\/2023\/04\/mf9799514-1024x768.jpg\" alt=\"\" \/>\n\t\t\t\t\t\t\t<\/a><\/li>\n\t\t\t\t\t\t\t\t\t\t\t<li><a href=\"https:\/\/www.kuestenimmobilien.com\/urlaub\/unterkuenfte\/apartment-strandgut-am-alten-deich-12-3\/?adults=1\">\n\t\t\t\t\t\t\t\t<img decoding=\"async\" class=\"lazy\" src=\"https:\/\/www.kuestenimmobilien.com\/urlaub\/wp-content\/uploads\/2023\/04\/mf9799503-1024x768.jpg\" data-src=\"https:\/\/www.kuestenimmobilien.com\/urlaub\/wp-content\/uploads\/2023\/04\/mf9799497-1024x768.jpg\" alt=\"\" \/>\n\t\t\t\t\t\t\t<\/a><\/li>\n\t\t\t\t\t\t\t\t\t\t\t<li><a href=\"https:\/\/www.kuestenimmobilien.com\/urlaub\/unterkuenfte\/apartment-strandgut-am-alten-deich-12-3\/?adults=1\">\n\t\t\t\t\t\t\t\t<img decoding=\"async\" class=\"lazy\" src=\"https:\/\/www.kuestenimmobilien.com\/urlaub\/wp-content\/uploads\/2023\/04\/mf9799503-1024x768.jpg\" data-src=\"https:\/\/www.kuestenimmobilien.com\/urlaub\/wp-content\/uploads\/2023\/04\/mf9799516-1024x768.jpg\" alt=\"\" \/>\n\t\t\t\t\t\t\t<\/a><\/li>\n\t\t\t\t\t\t\t\t\t\t\t<li><a href=\"https:\/\/www.kuestenimmobilien.com\/urlaub\/unterkuenfte\/apartment-strandgut-am-alten-deich-12-3\/?adults=1\">\n\t\t\t\t\t\t\t\t<img decoding=\"async\" class=\"lazy\" src=\"https:\/\/www.kuestenimmobilien.com\/urlaub\/wp-content\/uploads\/2023\/04\/mf9799503-1024x768.jpg\" data-src=\"https:\/\/www.kuestenimmobilien.com\/urlaub\/wp-content\/uploads\/2023\/04\/mf1069135.jpg\" alt=\"\" \/>\n\t\t\t\t\t\t\t<\/a><\/li>\n\t\t\t\t\t\t\t\t\t\t\t<li><a href=\"https:\/\/www.kuestenimmobilien.com\/urlaub\/unterkuenfte\/apartment-strandgut-am-alten-deich-12-3\/?adults=1\">\n\t\t\t\t\t\t\t\t<img decoding=\"async\" class=\"lazy\" src=\"https:\/\/www.kuestenimmobilien.com\/urlaub\/wp-content\/uploads\/2023\/04\/mf9799503-1024x768.jpg\" data-src=\"https:\/\/www.kuestenimmobilien.com\/urlaub\/wp-content\/uploads\/2023\/04\/mf1069137.jpg\" alt=\"\" \/>\n\t\t\t\t\t\t\t<\/a><\/li>\n\t\t\t\t\t\t\t\t\t\t\t<li><a href=\"https:\/\/www.kuestenimmobilien.com\/urlaub\/unterkuenfte\/apartment-strandgut-am-alten-deich-12-3\/?adults=1\">\n\t\t\t\t\t\t\t\t<img decoding=\"async\" class=\"lazy\" src=\"https:\/\/www.kuestenimmobilien.com\/urlaub\/wp-content\/uploads\/2023\/04\/mf9799503-1024x768.jpg\" data-src=\"https:\/\/www.kuestenimmobilien.com\/urlaub\/wp-content\/uploads\/2023\/04\/mf1069133.jpg\" alt=\"\" \/>\n\t\t\t\t\t\t\t<\/a><\/li>\n\t\t\t\t\t\t\t\t\t\t\t<li><a href=\"https:\/\/www.kuestenimmobilien.com\/urlaub\/unterkuenfte\/apartment-strandgut-am-alten-deich-12-3\/?adults=1\">\n\t\t\t\t\t\t\t\t<img decoding=\"async\" class=\"lazy\" src=\"https:\/\/www.kuestenimmobilien.com\/urlaub\/wp-content\/uploads\/2023\/04\/mf9799503-1024x768.jpg\" data-src=\"https:\/\/www.kuestenimmobilien.com\/urlaub\/wp-content\/uploads\/2023\/04\/mf1069134.jpg\" alt=\"\" \/>\n\t\t\t\t\t\t\t<\/a><\/li>\n\t\t\t\t\t\t\t\t\t\t\t<li><a href=\"https:\/\/www.kuestenimmobilien.com\/urlaub\/unterkuenfte\/apartment-strandgut-am-alten-deich-12-3\/?adults=1\">\n\t\t\t\t\t\t\t\t<img decoding=\"async\" class=\"lazy\" src=\"https:\/\/www.kuestenimmobilien.com\/urlaub\/wp-content\/uploads\/2023\/04\/mf9799503-1024x768.jpg\" data-src=\"https:\/\/www.kuestenimmobilien.com\/urlaub\/wp-content\/uploads\/2023\/04\/mf1069136.jpg\" alt=\"\" \/>\n\t\t\t\t\t\t\t<\/a><\/li>\n\t\t\t\t\t\t\t\t\t<\/ul>\n\t\t\t<\/div>\n\t\t\t<\/div>\n\t<div class=\"info-wrapper\">\n\t\t<div class=\"info-body\">\n\t\t\t<h3 class=\"title-container\">\n\t\t\t\t<a href=\"https:\/\/www.kuestenimmobilien.com\/urlaub\/unterkuenfte\/apartment-strandgut-am-alten-deich-12-3\/?adults=1\">\n\t\t\t\t\tApartment Strandgut, Am Alten Deich 12\/3\t\t\t\t<\/a>\n\t\t\t<\/h3>\n\t\t\t<button class=\"simplefavorite-button\" data-postid=\"259\" data-siteid=\"1\" data-groupid=\"1\" data-favoritecount=\"8\" style=\"\"><i class=\"heart-icon\"><\/i><\/button>\t\t\t<div class=\"separator-small\"><\/div>\n\t\t\t<div class=\"details-wrapper\">\n\t\t\t\t<ul>\n\t\t\t\t\t<li>G\u00e4ste<div class=\"wrap-value\">2<\/div><\/li>\t\t\t\t\t<li class=\"border-props\"><\/li><li>Schlafzimmer<div class=\"wrap-value\">1<\/div><\/li>\t\t\t\t\t<li class=\"border-props\"><\/li><li>Gr\u00f6\u00dfe<div class=\"wrap-value\">53 m\u00b2<\/div><\/li>\t\t\t\t\t<li class=\"border-props\"><\/li><li>Bewertung<div class=\"wrap-value\">4.7 \/ 5<\/div><\/li>\t\t\t\t\t\t\t\t\t<\/ul>\n\t\t\t<\/div>\n\t\t<\/div>\n\t\t<div class=\"info-footer\">\n\t\t\t\t\t\t<div class=\"mobile-only\">\n\t\t\t\t<div class=\"favorites-button\">\n\t\t\t\t\t<button class=\"simplefavorite-button\" data-postid=\"259\" data-siteid=\"1\" data-groupid=\"1\" data-favoritecount=\"8\" style=\"\"><i class=\"heart-icon\"><\/i><\/button>\t\t\t\t<\/div>\n\t\t\t<\/div>\n\t\t\t<div class=\"price-container\">\n\t\t\t\t<a href=\"https:\/\/www.kuestenimmobilien.com\/urlaub\/unterkuenfte\/apartment-strandgut-am-alten-deich-12-3\/?adults=1\" class=\"price-button\"><div class=\"showprice \">Ab <div class=\"wrap-value\"><span class=\"price\" data-price=\"7900\">79,00<\/span> <span class=\"currency\">&euro;<\/span> <\/div><\/div><div class=\"book-button\">BUCHEN<\/div><\/a>\n\t\t\t<\/div>\n\t\t<\/div>\n\t<\/div>\n<\/div>\n<div class=\"unitcontent-wrapper\">\n\t<div class=\"image-wrapper\">\n\t\t\t\t\t<div id=\"slider\" class=\"flexslider\">\n\t\t\t\t\t\t\t\t<ul class=\"slides\">\n\t\t\t\t\t\t\t\t\t\t\t<li><a href=\"https:\/\/www.kuestenimmobilien.com\/urlaub\/unterkuenfte\/apartment-deichperle-am-alten-deich-20-5\/?adults=1\">\n\t\t\t\t\t\t\t\t<img decoding=\"async\" class=\"lazy\" src=\"https:\/\/www.kuestenimmobilien.com\/urlaub\/wp-content\/uploads\/2023\/04\/mf905100.jpg\" data-src=\"https:\/\/www.kuestenimmobilien.com\/urlaub\/wp-content\/uploads\/2023\/04\/mf905100.jpg\" alt=\"\" \/>\n\t\t\t\t\t\t\t<\/a><\/li>\n\t\t\t\t\t\t\t\t\t\t\t<li><a href=\"https:\/\/www.kuestenimmobilien.com\/urlaub\/unterkuenfte\/apartment-deichperle-am-alten-deich-20-5\/?adults=1\">\n\t\t\t\t\t\t\t\t<img decoding=\"async\" class=\"lazy\" src=\"https:\/\/www.kuestenimmobilien.com\/urlaub\/wp-content\/uploads\/2023\/04\/mf905100.jpg\" data-src=\"https:\/\/www.kuestenimmobilien.com\/urlaub\/wp-content\/uploads\/2023\/04\/mf905103.jpg\" alt=\"\" \/>\n\t\t\t\t\t\t\t<\/a><\/li>\n\t\t\t\t\t\t\t\t\t\t\t<li><a href=\"https:\/\/www.kuestenimmobilien.com\/urlaub\/unterkuenfte\/apartment-deichperle-am-alten-deich-20-5\/?adults=1\">\n\t\t\t\t\t\t\t\t<img decoding=\"async\" class=\"lazy\" src=\"https:\/\/www.kuestenimmobilien.com\/urlaub\/wp-content\/uploads\/2023\/04\/mf905100.jpg\" data-src=\"https:\/\/www.kuestenimmobilien.com\/urlaub\/wp-content\/uploads\/2023\/04\/mf905105.jpg\" alt=\"\" \/>\n\t\t\t\t\t\t\t<\/a><\/li>\n\t\t\t\t\t\t\t\t\t\t\t<li><a href=\"https:\/\/www.kuestenimmobilien.com\/urlaub\/unterkuenfte\/apartment-deichperle-am-alten-deich-20-5\/?adults=1\">\n\t\t\t\t\t\t\t\t<img decoding=\"async\" class=\"lazy\" src=\"https:\/\/www.kuestenimmobilien.com\/urlaub\/wp-content\/uploads\/2023\/04\/mf905100.jpg\" data-src=\"https:\/\/www.kuestenimmobilien.com\/urlaub\/wp-content\/uploads\/2023\/04\/mf855454.jpg\" alt=\"\" \/>\n\t\t\t\t\t\t\t<\/a><\/li>\n\t\t\t\t\t\t\t\t\t\t\t<li><a href=\"https:\/\/www.kuestenimmobilien.com\/urlaub\/unterkuenfte\/apartment-deichperle-am-alten-deich-20-5\/?adults=1\">\n\t\t\t\t\t\t\t\t<img decoding=\"async\" class=\"lazy\" src=\"https:\/\/www.kuestenimmobilien.com\/urlaub\/wp-content\/uploads\/2023\/04\/mf905100.jpg\" data-src=\"https:\/\/www.kuestenimmobilien.com\/urlaub\/wp-content\/uploads\/2023\/04\/mf739099.jpg\" alt=\"\" \/>\n\t\t\t\t\t\t\t<\/a><\/li>\n\t\t\t\t\t\t\t\t\t\t\t<li><a href=\"https:\/\/www.kuestenimmobilien.com\/urlaub\/unterkuenfte\/apartment-deichperle-am-alten-deich-20-5\/?adults=1\">\n\t\t\t\t\t\t\t\t<img decoding=\"async\" class=\"lazy\" src=\"https:\/\/www.kuestenimmobilien.com\/urlaub\/wp-content\/uploads\/2023\/04\/mf905100.jpg\" data-src=\"https:\/\/www.kuestenimmobilien.com\/urlaub\/wp-content\/uploads\/2023\/04\/mf739100.jpg\" alt=\"\" \/>\n\t\t\t\t\t\t\t<\/a><\/li>\n\t\t\t\t\t\t\t\t\t\t\t<li><a href=\"https:\/\/www.kuestenimmobilien.com\/urlaub\/unterkuenfte\/apartment-deichperle-am-alten-deich-20-5\/?adults=1\">\n\t\t\t\t\t\t\t\t<img decoding=\"async\" class=\"lazy\" src=\"https:\/\/www.kuestenimmobilien.com\/urlaub\/wp-content\/uploads\/2023\/04\/mf905100.jpg\" data-src=\"https:\/\/www.kuestenimmobilien.com\/urlaub\/wp-content\/uploads\/2023\/04\/mf905101.jpg\" alt=\"\" \/>\n\t\t\t\t\t\t\t<\/a><\/li>\n\t\t\t\t\t\t\t\t\t\t\t<li><a href=\"https:\/\/www.kuestenimmobilien.com\/urlaub\/unterkuenfte\/apartment-deichperle-am-alten-deich-20-5\/?adults=1\">\n\t\t\t\t\t\t\t\t<img decoding=\"async\" class=\"lazy\" src=\"https:\/\/www.kuestenimmobilien.com\/urlaub\/wp-content\/uploads\/2023\/04\/mf905100.jpg\" data-src=\"https:\/\/www.kuestenimmobilien.com\/urlaub\/wp-content\/uploads\/2023\/04\/mf905104.jpg\" alt=\"\" \/>\n\t\t\t\t\t\t\t<\/a><\/li>\n\t\t\t\t\t\t\t\t\t\t\t<li><a href=\"https:\/\/www.kuestenimmobilien.com\/urlaub\/unterkuenfte\/apartment-deichperle-am-alten-deich-20-5\/?adults=1\">\n\t\t\t\t\t\t\t\t<img decoding=\"async\" class=\"lazy\" src=\"https:\/\/www.kuestenimmobilien.com\/urlaub\/wp-content\/uploads\/2023\/04\/mf905100.jpg\" data-src=\"https:\/\/www.kuestenimmobilien.com\/urlaub\/wp-content\/uploads\/2023\/04\/mf905102.jpg\" alt=\"\" \/>\n\t\t\t\t\t\t\t<\/a><\/li>\n\t\t\t\t\t\t\t\t\t\t\t<li><a href=\"https:\/\/www.kuestenimmobilien.com\/urlaub\/unterkuenfte\/apartment-deichperle-am-alten-deich-20-5\/?adults=1\">\n\t\t\t\t\t\t\t\t<img decoding=\"async\" class=\"lazy\" src=\"https:\/\/www.kuestenimmobilien.com\/urlaub\/wp-content\/uploads\/2023\/04\/mf905100.jpg\" data-src=\"https:\/\/www.kuestenimmobilien.com\/urlaub\/wp-content\/uploads\/2023\/04\/mf739094.jpg\" alt=\"\" \/>\n\t\t\t\t\t\t\t<\/a><\/li>\n\t\t\t\t\t\t\t\t\t\t\t<li><a href=\"https:\/\/www.kuestenimmobilien.com\/urlaub\/unterkuenfte\/apartment-deichperle-am-alten-deich-20-5\/?adults=1\">\n\t\t\t\t\t\t\t\t<img decoding=\"async\" class=\"lazy\" src=\"https:\/\/www.kuestenimmobilien.com\/urlaub\/wp-content\/uploads\/2023\/04\/mf905100.jpg\" data-src=\"https:\/\/www.kuestenimmobilien.com\/urlaub\/wp-content\/uploads\/2023\/04\/mf905106.jpg\" alt=\"\" \/>\n\t\t\t\t\t\t\t<\/a><\/li>\n\t\t\t\t\t\t\t\t\t\t\t<li><a href=\"https:\/\/www.kuestenimmobilien.com\/urlaub\/unterkuenfte\/apartment-deichperle-am-alten-deich-20-5\/?adults=1\">\n\t\t\t\t\t\t\t\t<img decoding=\"async\" class=\"lazy\" src=\"https:\/\/www.kuestenimmobilien.com\/urlaub\/wp-content\/uploads\/2023\/04\/mf905100.jpg\" data-src=\"https:\/\/www.kuestenimmobilien.com\/urlaub\/wp-content\/uploads\/2023\/04\/mf905107.jpg\" alt=\"\" \/>\n\t\t\t\t\t\t\t<\/a><\/li>\n\t\t\t\t\t\t\t\t\t\t\t<li><a href=\"https:\/\/www.kuestenimmobilien.com\/urlaub\/unterkuenfte\/apartment-deichperle-am-alten-deich-20-5\/?adults=1\">\n\t\t\t\t\t\t\t\t<img decoding=\"async\" class=\"lazy\" src=\"https:\/\/www.kuestenimmobilien.com\/urlaub\/wp-content\/uploads\/2023\/04\/mf905100.jpg\" data-src=\"https:\/\/www.kuestenimmobilien.com\/urlaub\/wp-content\/uploads\/2023\/04\/mf739098.jpg\" alt=\"\" \/>\n\t\t\t\t\t\t\t<\/a><\/li>\n\t\t\t\t\t\t\t\t\t\t\t<li><a href=\"https:\/\/www.kuestenimmobilien.com\/urlaub\/unterkuenfte\/apartment-deichperle-am-alten-deich-20-5\/?adults=1\">\n\t\t\t\t\t\t\t\t<img decoding=\"async\" class=\"lazy\" src=\"https:\/\/www.kuestenimmobilien.com\/urlaub\/wp-content\/uploads\/2023\/04\/mf905100.jpg\" data-src=\"https:\/\/www.kuestenimmobilien.com\/urlaub\/wp-content\/uploads\/2023\/04\/mf810517.jpg\" alt=\"\" \/>\n\t\t\t\t\t\t\t<\/a><\/li>\n\t\t\t\t\t\t\t\t\t\t\t<li><a href=\"https:\/\/www.kuestenimmobilien.com\/urlaub\/unterkuenfte\/apartment-deichperle-am-alten-deich-20-5\/?adults=1\">\n\t\t\t\t\t\t\t\t<img decoding=\"async\" class=\"lazy\" src=\"https:\/\/www.kuestenimmobilien.com\/urlaub\/wp-content\/uploads\/2023\/04\/mf905100.jpg\" data-src=\"https:\/\/www.kuestenimmobilien.com\/urlaub\/wp-content\/uploads\/2023\/04\/mf810518.jpg\" alt=\"\" \/>\n\t\t\t\t\t\t\t<\/a><\/li>\n\t\t\t\t\t\t\t\t\t\t\t<li><a href=\"https:\/\/www.kuestenimmobilien.com\/urlaub\/unterkuenfte\/apartment-deichperle-am-alten-deich-20-5\/?adults=1\">\n\t\t\t\t\t\t\t\t<img decoding=\"async\" class=\"lazy\" src=\"https:\/\/www.kuestenimmobilien.com\/urlaub\/wp-content\/uploads\/2023\/04\/mf905100.jpg\" data-src=\"https:\/\/www.kuestenimmobilien.com\/urlaub\/wp-content\/uploads\/2023\/04\/mf810521.jpg\" alt=\"\" \/>\n\t\t\t\t\t\t\t<\/a><\/li>\n\t\t\t\t\t\t\t\t\t\t\t<li><a href=\"https:\/\/www.kuestenimmobilien.com\/urlaub\/unterkuenfte\/apartment-deichperle-am-alten-deich-20-5\/?adults=1\">\n\t\t\t\t\t\t\t\t<img decoding=\"async\" class=\"lazy\" src=\"https:\/\/www.kuestenimmobilien.com\/urlaub\/wp-content\/uploads\/2023\/04\/mf905100.jpg\" data-src=\"https:\/\/www.kuestenimmobilien.com\/urlaub\/wp-content\/uploads\/2023\/04\/mf810522.jpg\" alt=\"\" \/>\n\t\t\t\t\t\t\t<\/a><\/li>\n\t\t\t\t\t\t\t\t\t\t\t<li><a href=\"https:\/\/www.kuestenimmobilien.com\/urlaub\/unterkuenfte\/apartment-deichperle-am-alten-deich-20-5\/?adults=1\">\n\t\t\t\t\t\t\t\t<img decoding=\"async\" class=\"lazy\" src=\"https:\/\/www.kuestenimmobilien.com\/urlaub\/wp-content\/uploads\/2023\/04\/mf905100.jpg\" data-src=\"https:\/\/www.kuestenimmobilien.com\/urlaub\/wp-content\/uploads\/2023\/04\/mf810524.jpg\" alt=\"\" \/>\n\t\t\t\t\t\t\t<\/a><\/li>\n\t\t\t\t\t\t\t\t\t\t\t<li><a href=\"https:\/\/www.kuestenimmobilien.com\/urlaub\/unterkuenfte\/apartment-deichperle-am-alten-deich-20-5\/?adults=1\">\n\t\t\t\t\t\t\t\t<img decoding=\"async\" class=\"lazy\" src=\"https:\/\/www.kuestenimmobilien.com\/urlaub\/wp-content\/uploads\/2023\/04\/mf905100.jpg\" data-src=\"https:\/\/www.kuestenimmobilien.com\/urlaub\/wp-content\/uploads\/2023\/04\/mf810526.jpg\" alt=\"\" \/>\n\t\t\t\t\t\t\t<\/a><\/li>\n\t\t\t\t\t\t\t\t\t\t\t<li><a href=\"https:\/\/www.kuestenimmobilien.com\/urlaub\/unterkuenfte\/apartment-deichperle-am-alten-deich-20-5\/?adults=1\">\n\t\t\t\t\t\t\t\t<img decoding=\"async\" class=\"lazy\" src=\"https:\/\/www.kuestenimmobilien.com\/urlaub\/wp-content\/uploads\/2023\/04\/mf905100.jpg\" data-src=\"https:\/\/www.kuestenimmobilien.com\/urlaub\/wp-content\/uploads\/2023\/04\/mf810525.jpg\" alt=\"\" \/>\n\t\t\t\t\t\t\t<\/a><\/li>\n\t\t\t\t\t\t\t\t\t\t\t<li><a href=\"https:\/\/www.kuestenimmobilien.com\/urlaub\/unterkuenfte\/apartment-deichperle-am-alten-deich-20-5\/?adults=1\">\n\t\t\t\t\t\t\t\t<img decoding=\"async\" class=\"lazy\" src=\"https:\/\/www.kuestenimmobilien.com\/urlaub\/wp-content\/uploads\/2023\/04\/mf905100.jpg\" data-src=\"https:\/\/www.kuestenimmobilien.com\/urlaub\/wp-content\/uploads\/2023\/04\/mf810527.jpg\" alt=\"\" \/>\n\t\t\t\t\t\t\t<\/a><\/li>\n\t\t\t\t\t\t\t\t\t<\/ul>\n\t\t\t<\/div>\n\t\t\t<\/div>\n\t<div class=\"info-wrapper\">\n\t\t<div class=\"info-body\">\n\t\t\t<h3 class=\"title-container\">\n\t\t\t\t<a href=\"https:\/\/www.kuestenimmobilien.com\/urlaub\/unterkuenfte\/apartment-deichperle-am-alten-deich-20-5\/?adults=1\">\n\t\t\t\t\tApartment Deichperle, Am Alten Deich 20\/5\t\t\t\t<\/a>\n\t\t\t<\/h3>\n\t\t\t<button class=\"simplefavorite-button\" data-postid=\"242\" data-siteid=\"1\" data-groupid=\"1\" data-favoritecount=\"15\" style=\"\"><i class=\"heart-icon\"><\/i><\/button>\t\t\t<div class=\"separator-small\"><\/div>\n\t\t\t<div class=\"details-wrapper\">\n\t\t\t\t<ul>\n\t\t\t\t\t<li>G\u00e4ste<div class=\"wrap-value\">2<\/div><\/li>\t\t\t\t\t<li class=\"border-props\"><\/li><li>Schlafzimmer<div class=\"wrap-value\">1<\/div><\/li>\t\t\t\t\t<li class=\"border-props\"><\/li><li>Gr\u00f6\u00dfe<div class=\"wrap-value\">53 m\u00b2<\/div><\/li>\t\t\t\t\t<li class=\"border-props\"><\/li><li>Bewertung<div class=\"wrap-value\">4.9 \/ 5<\/div><\/li>\t\t\t\t\t\t\t\t\t<\/ul>\n\t\t\t<\/div>\n\t\t<\/div>\n\t\t<div class=\"info-footer\">\n\t\t\t\t\t\t<div class=\"mobile-only\">\n\t\t\t\t<div class=\"favorites-button\">\n\t\t\t\t\t<button class=\"simplefavorite-button\" data-postid=\"242\" data-siteid=\"1\" data-groupid=\"1\" data-favoritecount=\"15\" style=\"\"><i class=\"heart-icon\"><\/i><\/button>\t\t\t\t<\/div>\n\t\t\t<\/div>\n\t\t\t<div class=\"price-container\">\n\t\t\t\t<a href=\"https:\/\/www.kuestenimmobilien.com\/urlaub\/unterkuenfte\/apartment-deichperle-am-alten-deich-20-5\/?adults=1\" class=\"price-button\"><div class=\"showprice \">Ab <div class=\"wrap-value\"><span class=\"price\" data-price=\"7900\">79,00<\/span> <span class=\"currency\">&euro;<\/span> <\/div><\/div><div class=\"book-button\">BUCHEN<\/div><\/a>\n\t\t\t<\/div>\n\t\t<\/div>\n\t<\/div>\n<\/div>\n<div class=\"unitcontent-wrapper\">\n\t<div class=\"image-wrapper\">\n\t\t\t\t\t<div id=\"slider\" class=\"flexslider\">\n\t\t\t\t\t\t\t\t<ul class=\"slides\">\n\t\t\t\t\t\t\t\t\t\t\t<li><a href=\"https:\/\/www.kuestenimmobilien.com\/urlaub\/unterkuenfte\/apartment-watt4u-am-alten-deich-14-4\/?adults=1\">\n\t\t\t\t\t\t\t\t<img decoding=\"async\" class=\"lazy\" src=\"https:\/\/www.kuestenimmobilien.com\/urlaub\/wp-content\/uploads\/2024\/01\/mf14935034-1024x768.jpg\" data-src=\"https:\/\/www.kuestenimmobilien.com\/urlaub\/wp-content\/uploads\/2024\/01\/mf14935034-1024x768.jpg\" alt=\"\" \/>\n\t\t\t\t\t\t\t<\/a><\/li>\n\t\t\t\t\t\t\t\t\t\t\t<li><a href=\"https:\/\/www.kuestenimmobilien.com\/urlaub\/unterkuenfte\/apartment-watt4u-am-alten-deich-14-4\/?adults=1\">\n\t\t\t\t\t\t\t\t<img decoding=\"async\" class=\"lazy\" src=\"https:\/\/www.kuestenimmobilien.com\/urlaub\/wp-content\/uploads\/2024\/01\/mf14935034-1024x768.jpg\" data-src=\"https:\/\/www.kuestenimmobilien.com\/urlaub\/wp-content\/uploads\/2024\/01\/mf14935035-1024x768.jpg\" alt=\"\" \/>\n\t\t\t\t\t\t\t<\/a><\/li>\n\t\t\t\t\t\t\t\t\t\t\t<li><a href=\"https:\/\/www.kuestenimmobilien.com\/urlaub\/unterkuenfte\/apartment-watt4u-am-alten-deich-14-4\/?adults=1\">\n\t\t\t\t\t\t\t\t<img decoding=\"async\" class=\"lazy\" src=\"https:\/\/www.kuestenimmobilien.com\/urlaub\/wp-content\/uploads\/2024\/01\/mf14935034-1024x768.jpg\" data-src=\"https:\/\/www.kuestenimmobilien.com\/urlaub\/wp-content\/uploads\/2023\/10\/mf13866409-1024x768.jpg\" alt=\"\" \/>\n\t\t\t\t\t\t\t<\/a><\/li>\n\t\t\t\t\t\t\t\t\t\t\t<li><a href=\"https:\/\/www.kuestenimmobilien.com\/urlaub\/unterkuenfte\/apartment-watt4u-am-alten-deich-14-4\/?adults=1\">\n\t\t\t\t\t\t\t\t<img decoding=\"async\" class=\"lazy\" src=\"https:\/\/www.kuestenimmobilien.com\/urlaub\/wp-content\/uploads\/2024\/01\/mf14935034-1024x768.jpg\" data-src=\"https:\/\/www.kuestenimmobilien.com\/urlaub\/wp-content\/uploads\/2023\/10\/mf13866395-1024x768.jpg\" alt=\"\" \/>\n\t\t\t\t\t\t\t<\/a><\/li>\n\t\t\t\t\t\t\t\t\t\t\t<li><a href=\"https:\/\/www.kuestenimmobilien.com\/urlaub\/unterkuenfte\/apartment-watt4u-am-alten-deich-14-4\/?adults=1\">\n\t\t\t\t\t\t\t\t<img decoding=\"async\" class=\"lazy\" src=\"https:\/\/www.kuestenimmobilien.com\/urlaub\/wp-content\/uploads\/2024\/01\/mf14935034-1024x768.jpg\" data-src=\"https:\/\/www.kuestenimmobilien.com\/urlaub\/wp-content\/uploads\/2023\/10\/mf13866443-1024x768.jpg\" alt=\"\" \/>\n\t\t\t\t\t\t\t<\/a><\/li>\n\t\t\t\t\t\t\t\t\t\t\t<li><a href=\"https:\/\/www.kuestenimmobilien.com\/urlaub\/unterkuenfte\/apartment-watt4u-am-alten-deich-14-4\/?adults=1\">\n\t\t\t\t\t\t\t\t<img decoding=\"async\" class=\"lazy\" src=\"https:\/\/www.kuestenimmobilien.com\/urlaub\/wp-content\/uploads\/2024\/01\/mf14935034-1024x768.jpg\" data-src=\"https:\/\/www.kuestenimmobilien.com\/urlaub\/wp-content\/uploads\/2023\/10\/mf13866403-1024x768.jpg\" alt=\"\" \/>\n\t\t\t\t\t\t\t<\/a><\/li>\n\t\t\t\t\t\t\t\t\t\t\t<li><a href=\"https:\/\/www.kuestenimmobilien.com\/urlaub\/unterkuenfte\/apartment-watt4u-am-alten-deich-14-4\/?adults=1\">\n\t\t\t\t\t\t\t\t<img decoding=\"async\" class=\"lazy\" src=\"https:\/\/www.kuestenimmobilien.com\/urlaub\/wp-content\/uploads\/2024\/01\/mf14935034-1024x768.jpg\" data-src=\"https:\/\/www.kuestenimmobilien.com\/urlaub\/wp-content\/uploads\/2024\/01\/mf14935038-1024x768.jpg\" alt=\"\" \/>\n\t\t\t\t\t\t\t<\/a><\/li>\n\t\t\t\t\t\t\t\t\t\t\t<li><a href=\"https:\/\/www.kuestenimmobilien.com\/urlaub\/unterkuenfte\/apartment-watt4u-am-alten-deich-14-4\/?adults=1\">\n\t\t\t\t\t\t\t\t<img decoding=\"async\" class=\"lazy\" src=\"https:\/\/www.kuestenimmobilien.com\/urlaub\/wp-content\/uploads\/2024\/01\/mf14935034-1024x768.jpg\" data-src=\"https:\/\/www.kuestenimmobilien.com\/urlaub\/wp-content\/uploads\/2023\/10\/mf13866413-1024x768.jpg\" alt=\"\" \/>\n\t\t\t\t\t\t\t<\/a><\/li>\n\t\t\t\t\t\t\t\t\t\t\t<li><a href=\"https:\/\/www.kuestenimmobilien.com\/urlaub\/unterkuenfte\/apartment-watt4u-am-alten-deich-14-4\/?adults=1\">\n\t\t\t\t\t\t\t\t<img decoding=\"async\" class=\"lazy\" src=\"https:\/\/www.kuestenimmobilien.com\/urlaub\/wp-content\/uploads\/2024\/01\/mf14935034-1024x768.jpg\" data-src=\"https:\/\/www.kuestenimmobilien.com\/urlaub\/wp-content\/uploads\/2023\/10\/mf13866391-1024x768.jpg\" alt=\"\" \/>\n\t\t\t\t\t\t\t<\/a><\/li>\n\t\t\t\t\t\t\t\t\t\t\t<li><a href=\"https:\/\/www.kuestenimmobilien.com\/urlaub\/unterkuenfte\/apartment-watt4u-am-alten-deich-14-4\/?adults=1\">\n\t\t\t\t\t\t\t\t<img decoding=\"async\" class=\"lazy\" src=\"https:\/\/www.kuestenimmobilien.com\/urlaub\/wp-content\/uploads\/2024\/01\/mf14935034-1024x768.jpg\" data-src=\"https:\/\/www.kuestenimmobilien.com\/urlaub\/wp-content\/uploads\/2024\/01\/mf14935037-1024x768.jpg\" alt=\"\" \/>\n\t\t\t\t\t\t\t<\/a><\/li>\n\t\t\t\t\t\t\t\t\t\t\t<li><a href=\"https:\/\/www.kuestenimmobilien.com\/urlaub\/unterkuenfte\/apartment-watt4u-am-alten-deich-14-4\/?adults=1\">\n\t\t\t\t\t\t\t\t<img decoding=\"async\" class=\"lazy\" src=\"https:\/\/www.kuestenimmobilien.com\/urlaub\/wp-content\/uploads\/2024\/01\/mf14935034-1024x768.jpg\" data-src=\"https:\/\/www.kuestenimmobilien.com\/urlaub\/wp-content\/uploads\/2023\/10\/mf13866441-1024x768.jpg\" alt=\"\" \/>\n\t\t\t\t\t\t\t<\/a><\/li>\n\t\t\t\t\t\t\t\t\t\t\t<li><a href=\"https:\/\/www.kuestenimmobilien.com\/urlaub\/unterkuenfte\/apartment-watt4u-am-alten-deich-14-4\/?adults=1\">\n\t\t\t\t\t\t\t\t<img decoding=\"async\" class=\"lazy\" src=\"https:\/\/www.kuestenimmobilien.com\/urlaub\/wp-content\/uploads\/2024\/01\/mf14935034-1024x768.jpg\" data-src=\"https:\/\/www.kuestenimmobilien.com\/urlaub\/wp-content\/uploads\/2023\/10\/mf13866393-1024x768.jpg\" alt=\"\" \/>\n\t\t\t\t\t\t\t<\/a><\/li>\n\t\t\t\t\t\t\t\t\t\t\t<li><a href=\"https:\/\/www.kuestenimmobilien.com\/urlaub\/unterkuenfte\/apartment-watt4u-am-alten-deich-14-4\/?adults=1\">\n\t\t\t\t\t\t\t\t<img decoding=\"async\" class=\"lazy\" src=\"https:\/\/www.kuestenimmobilien.com\/urlaub\/wp-content\/uploads\/2024\/01\/mf14935034-1024x768.jpg\" data-src=\"https:\/\/www.kuestenimmobilien.com\/urlaub\/wp-content\/uploads\/2023\/10\/mf13866394-1024x800.jpg\" alt=\"\" \/>\n\t\t\t\t\t\t\t<\/a><\/li>\n\t\t\t\t\t\t\t\t\t\t\t<li><a href=\"https:\/\/www.kuestenimmobilien.com\/urlaub\/unterkuenfte\/apartment-watt4u-am-alten-deich-14-4\/?adults=1\">\n\t\t\t\t\t\t\t\t<img decoding=\"async\" class=\"lazy\" src=\"https:\/\/www.kuestenimmobilien.com\/urlaub\/wp-content\/uploads\/2024\/01\/mf14935034-1024x768.jpg\" data-src=\"https:\/\/www.kuestenimmobilien.com\/urlaub\/wp-content\/uploads\/2023\/10\/mf13866404-1024x768.jpg\" alt=\"\" \/>\n\t\t\t\t\t\t\t<\/a><\/li>\n\t\t\t\t\t\t\t\t\t\t\t<li><a href=\"https:\/\/www.kuestenimmobilien.com\/urlaub\/unterkuenfte\/apartment-watt4u-am-alten-deich-14-4\/?adults=1\">\n\t\t\t\t\t\t\t\t<img decoding=\"async\" class=\"lazy\" src=\"https:\/\/www.kuestenimmobilien.com\/urlaub\/wp-content\/uploads\/2024\/01\/mf14935034-1024x768.jpg\" data-src=\"https:\/\/www.kuestenimmobilien.com\/urlaub\/wp-content\/uploads\/2023\/10\/mf13866417-1024x768.jpg\" alt=\"\" \/>\n\t\t\t\t\t\t\t<\/a><\/li>\n\t\t\t\t\t\t\t\t\t\t\t<li><a href=\"https:\/\/www.kuestenimmobilien.com\/urlaub\/unterkuenfte\/apartment-watt4u-am-alten-deich-14-4\/?adults=1\">\n\t\t\t\t\t\t\t\t<img decoding=\"async\" class=\"lazy\" src=\"https:\/\/www.kuestenimmobilien.com\/urlaub\/wp-content\/uploads\/2024\/01\/mf14935034-1024x768.jpg\" data-src=\"https:\/\/www.kuestenimmobilien.com\/urlaub\/wp-content\/uploads\/2023\/10\/mf13866396-1024x768.jpg\" alt=\"\" \/>\n\t\t\t\t\t\t\t<\/a><\/li>\n\t\t\t\t\t\t\t\t\t\t\t<li><a href=\"https:\/\/www.kuestenimmobilien.com\/urlaub\/unterkuenfte\/apartment-watt4u-am-alten-deich-14-4\/?adults=1\">\n\t\t\t\t\t\t\t\t<img decoding=\"async\" class=\"lazy\" src=\"https:\/\/www.kuestenimmobilien.com\/urlaub\/wp-content\/uploads\/2024\/01\/mf14935034-1024x768.jpg\" data-src=\"https:\/\/www.kuestenimmobilien.com\/urlaub\/wp-content\/uploads\/2023\/10\/mf13866407-1024x768.jpg\" alt=\"\" \/>\n\t\t\t\t\t\t\t<\/a><\/li>\n\t\t\t\t\t\t\t\t\t\t\t<li><a href=\"https:\/\/www.kuestenimmobilien.com\/urlaub\/unterkuenfte\/apartment-watt4u-am-alten-deich-14-4\/?adults=1\">\n\t\t\t\t\t\t\t\t<img decoding=\"async\" class=\"lazy\" src=\"https:\/\/www.kuestenimmobilien.com\/urlaub\/wp-content\/uploads\/2024\/01\/mf14935034-1024x768.jpg\" data-src=\"https:\/\/www.kuestenimmobilien.com\/urlaub\/wp-content\/uploads\/2023\/10\/mf13866392-1024x768.jpg\" alt=\"\" \/>\n\t\t\t\t\t\t\t<\/a><\/li>\n\t\t\t\t\t\t\t\t\t\t\t<li><a href=\"https:\/\/www.kuestenimmobilien.com\/urlaub\/unterkuenfte\/apartment-watt4u-am-alten-deich-14-4\/?adults=1\">\n\t\t\t\t\t\t\t\t<img decoding=\"async\" class=\"lazy\" src=\"https:\/\/www.kuestenimmobilien.com\/urlaub\/wp-content\/uploads\/2024\/01\/mf14935034-1024x768.jpg\" data-src=\"https:\/\/www.kuestenimmobilien.com\/urlaub\/wp-content\/uploads\/2023\/10\/mf13866408-1024x768.jpg\" alt=\"\" \/>\n\t\t\t\t\t\t\t<\/a><\/li>\n\t\t\t\t\t\t\t\t\t\t\t<li><a href=\"https:\/\/www.kuestenimmobilien.com\/urlaub\/unterkuenfte\/apartment-watt4u-am-alten-deich-14-4\/?adults=1\">\n\t\t\t\t\t\t\t\t<img decoding=\"async\" class=\"lazy\" src=\"https:\/\/www.kuestenimmobilien.com\/urlaub\/wp-content\/uploads\/2024\/01\/mf14935034-1024x768.jpg\" data-src=\"https:\/\/www.kuestenimmobilien.com\/urlaub\/wp-content\/uploads\/2023\/10\/mf13866398-1024x768.jpg\" alt=\"\" \/>\n\t\t\t\t\t\t\t<\/a><\/li>\n\t\t\t\t\t\t\t\t\t\t\t<li><a href=\"https:\/\/www.kuestenimmobilien.com\/urlaub\/unterkuenfte\/apartment-watt4u-am-alten-deich-14-4\/?adults=1\">\n\t\t\t\t\t\t\t\t<img decoding=\"async\" class=\"lazy\" src=\"https:\/\/www.kuestenimmobilien.com\/urlaub\/wp-content\/uploads\/2024\/01\/mf14935034-1024x768.jpg\" data-src=\"https:\/\/www.kuestenimmobilien.com\/urlaub\/wp-content\/uploads\/2023\/10\/mf13866414-1024x768.jpg\" alt=\"\" \/>\n\t\t\t\t\t\t\t<\/a><\/li>\n\t\t\t\t\t\t\t\t\t\t\t<li><a href=\"https:\/\/www.kuestenimmobilien.com\/urlaub\/unterkuenfte\/apartment-watt4u-am-alten-deich-14-4\/?adults=1\">\n\t\t\t\t\t\t\t\t<img decoding=\"async\" class=\"lazy\" src=\"https:\/\/www.kuestenimmobilien.com\/urlaub\/wp-content\/uploads\/2024\/01\/mf14935034-1024x768.jpg\" data-src=\"https:\/\/www.kuestenimmobilien.com\/urlaub\/wp-content\/uploads\/2023\/10\/mf13866415-1024x768.jpg\" alt=\"\" \/>\n\t\t\t\t\t\t\t<\/a><\/li>\n\t\t\t\t\t\t\t\t\t\t\t<li><a href=\"https:\/\/www.kuestenimmobilien.com\/urlaub\/unterkuenfte\/apartment-watt4u-am-alten-deich-14-4\/?adults=1\">\n\t\t\t\t\t\t\t\t<img decoding=\"async\" class=\"lazy\" src=\"https:\/\/www.kuestenimmobilien.com\/urlaub\/wp-content\/uploads\/2024\/01\/mf14935034-1024x768.jpg\" data-src=\"https:\/\/www.kuestenimmobilien.com\/urlaub\/wp-content\/uploads\/2023\/10\/mf13866412-1024x768.jpg\" alt=\"\" \/>\n\t\t\t\t\t\t\t<\/a><\/li>\n\t\t\t\t\t\t\t\t\t\t\t<li><a href=\"https:\/\/www.kuestenimmobilien.com\/urlaub\/unterkuenfte\/apartment-watt4u-am-alten-deich-14-4\/?adults=1\">\n\t\t\t\t\t\t\t\t<img decoding=\"async\" class=\"lazy\" src=\"https:\/\/www.kuestenimmobilien.com\/urlaub\/wp-content\/uploads\/2024\/01\/mf14935034-1024x768.jpg\" data-src=\"https:\/\/www.kuestenimmobilien.com\/urlaub\/wp-content\/uploads\/2023\/10\/mf13866416-1024x768.jpg\" alt=\"\" \/>\n\t\t\t\t\t\t\t<\/a><\/li>\n\t\t\t\t\t\t\t\t\t<\/ul>\n\t\t\t<\/div>\n\t\t\t<\/div>\n\t<div class=\"info-wrapper\">\n\t\t<div class=\"info-body\">\n\t\t\t<h3 class=\"title-container\">\n\t\t\t\t<a href=\"https:\/\/www.kuestenimmobilien.com\/urlaub\/unterkuenfte\/apartment-watt4u-am-alten-deich-14-4\/?adults=1\">\n\t\t\t\t\tApartment &#8222;Watt4U&#8220;, Am Alten Deich 14\/4\t\t\t\t<\/a>\n\t\t\t<\/h3>\n\t\t\t<button class=\"simplefavorite-button\" data-postid=\"262\" data-siteid=\"1\" data-groupid=\"1\" data-favoritecount=\"19\" style=\"\"><i class=\"heart-icon\"><\/i><\/button>\t\t\t<div class=\"separator-small\"><\/div>\n\t\t\t<div class=\"details-wrapper\">\n\t\t\t\t<ul>\n\t\t\t\t\t<li>G\u00e4ste<div class=\"wrap-value\">4<\/div><\/li>\t\t\t\t\t<li class=\"border-props\"><\/li><li>Schlafzimmer<div class=\"wrap-value\">2<\/div><\/li>\t\t\t\t\t<li class=\"border-props\"><\/li><li>Gr\u00f6\u00dfe<div class=\"wrap-value\">92 m\u00b2<\/div><\/li>\t\t\t\t\t<li class=\"border-props\"><\/li><li>Bewertung<div class=\"wrap-value\">4.7 \/ 5<\/div><\/li>\t\t\t\t\t\t\t\t\t<\/ul>\n\t\t\t<\/div>\n\t\t<\/div>\n\t\t<div class=\"info-footer\">\n\t\t\t\t\t\t<div class=\"mobile-only\">\n\t\t\t\t<div class=\"favorites-button\">\n\t\t\t\t\t<button class=\"simplefavorite-button\" data-postid=\"262\" data-siteid=\"1\" data-groupid=\"1\" data-favoritecount=\"19\" style=\"\"><i class=\"heart-icon\"><\/i><\/button>\t\t\t\t<\/div>\n\t\t\t<\/div>\n\t\t\t<div class=\"price-container\">\n\t\t\t\t<a href=\"https:\/\/www.kuestenimmobilien.com\/urlaub\/unterkuenfte\/apartment-watt4u-am-alten-deich-14-4\/?adults=1\" class=\"price-button\"><div class=\"showprice \">Ab <div class=\"wrap-value\"><span class=\"price\" data-price=\"9900\">99,00<\/span> <span class=\"currency\">&euro;<\/span> <\/div><\/div><div class=\"book-button\">BUCHEN<\/div><\/a>\n\t\t\t<\/div>\n\t\t<\/div>\n\t<\/div>\n<\/div>\n<div class=\"unitcontent-wrapper\">\n\t<div class=\"image-wrapper\">\n\t\t\t\t\t<div id=\"slider\" class=\"flexslider\">\n\t\t\t\t\t\t\t\t<ul class=\"slides\">\n\t\t\t\t\t\t\t\t\t\t\t<li><a href=\"https:\/\/www.kuestenimmobilien.com\/urlaub\/unterkuenfte\/apartment-heimathafen-am-alten-deich-14-1\/?adults=1\">\n\t\t\t\t\t\t\t\t<img decoding=\"async\" class=\"lazy\" src=\"https:\/\/www.kuestenimmobilien.com\/urlaub\/wp-content\/uploads\/2023\/04\/mf1198055.jpg\" data-src=\"https:\/\/www.kuestenimmobilien.com\/urlaub\/wp-content\/uploads\/2023\/04\/mf1198055.jpg\" alt=\"\" \/>\n\t\t\t\t\t\t\t<\/a><\/li>\n\t\t\t\t\t\t\t\t\t\t\t<li><a href=\"https:\/\/www.kuestenimmobilien.com\/urlaub\/unterkuenfte\/apartment-heimathafen-am-alten-deich-14-1\/?adults=1\">\n\t\t\t\t\t\t\t\t<img decoding=\"async\" class=\"lazy\" src=\"https:\/\/www.kuestenimmobilien.com\/urlaub\/wp-content\/uploads\/2023\/04\/mf1198055.jpg\" data-src=\"https:\/\/www.kuestenimmobilien.com\/urlaub\/wp-content\/uploads\/2023\/04\/mf1198061.jpg\" alt=\"\" \/>\n\t\t\t\t\t\t\t<\/a><\/li>\n\t\t\t\t\t\t\t\t\t\t\t<li><a href=\"https:\/\/www.kuestenimmobilien.com\/urlaub\/unterkuenfte\/apartment-heimathafen-am-alten-deich-14-1\/?adults=1\">\n\t\t\t\t\t\t\t\t<img decoding=\"async\" class=\"lazy\" src=\"https:\/\/www.kuestenimmobilien.com\/urlaub\/wp-content\/uploads\/2023\/04\/mf1198055.jpg\" data-src=\"https:\/\/www.kuestenimmobilien.com\/urlaub\/wp-content\/uploads\/2023\/04\/mf1198052.jpg\" alt=\"\" \/>\n\t\t\t\t\t\t\t<\/a><\/li>\n\t\t\t\t\t\t\t\t\t\t\t<li><a href=\"https:\/\/www.kuestenimmobilien.com\/urlaub\/unterkuenfte\/apartment-heimathafen-am-alten-deich-14-1\/?adults=1\">\n\t\t\t\t\t\t\t\t<img decoding=\"async\" class=\"lazy\" src=\"https:\/\/www.kuestenimmobilien.com\/urlaub\/wp-content\/uploads\/2023\/04\/mf1198055.jpg\" data-src=\"https:\/\/www.kuestenimmobilien.com\/urlaub\/wp-content\/uploads\/2023\/04\/mf1198045.jpg\" alt=\"\" \/>\n\t\t\t\t\t\t\t<\/a><\/li>\n\t\t\t\t\t\t\t\t\t\t\t<li><a href=\"https:\/\/www.kuestenimmobilien.com\/urlaub\/unterkuenfte\/apartment-heimathafen-am-alten-deich-14-1\/?adults=1\">\n\t\t\t\t\t\t\t\t<img decoding=\"async\" class=\"lazy\" src=\"https:\/\/www.kuestenimmobilien.com\/urlaub\/wp-content\/uploads\/2023\/04\/mf1198055.jpg\" data-src=\"https:\/\/www.kuestenimmobilien.com\/urlaub\/wp-content\/uploads\/2023\/04\/mf1198064.jpg\" alt=\"\" \/>\n\t\t\t\t\t\t\t<\/a><\/li>\n\t\t\t\t\t\t\t\t\t\t\t<li><a href=\"https:\/\/www.kuestenimmobilien.com\/urlaub\/unterkuenfte\/apartment-heimathafen-am-alten-deich-14-1\/?adults=1\">\n\t\t\t\t\t\t\t\t<img decoding=\"async\" class=\"lazy\" src=\"https:\/\/www.kuestenimmobilien.com\/urlaub\/wp-content\/uploads\/2023\/04\/mf1198055.jpg\" data-src=\"https:\/\/www.kuestenimmobilien.com\/urlaub\/wp-content\/uploads\/2023\/04\/mf1198056.jpg\" alt=\"\" \/>\n\t\t\t\t\t\t\t<\/a><\/li>\n\t\t\t\t\t\t\t\t\t\t\t<li><a href=\"https:\/\/www.kuestenimmobilien.com\/urlaub\/unterkuenfte\/apartment-heimathafen-am-alten-deich-14-1\/?adults=1\">\n\t\t\t\t\t\t\t\t<img decoding=\"async\" class=\"lazy\" src=\"https:\/\/www.kuestenimmobilien.com\/urlaub\/wp-content\/uploads\/2023\/04\/mf1198055.jpg\" data-src=\"https:\/\/www.kuestenimmobilien.com\/urlaub\/wp-content\/uploads\/2023\/04\/mf1198058.jpg\" alt=\"\" \/>\n\t\t\t\t\t\t\t<\/a><\/li>\n\t\t\t\t\t\t\t\t\t\t\t<li><a href=\"https:\/\/www.kuestenimmobilien.com\/urlaub\/unterkuenfte\/apartment-heimathafen-am-alten-deich-14-1\/?adults=1\">\n\t\t\t\t\t\t\t\t<img decoding=\"async\" class=\"lazy\" src=\"https:\/\/www.kuestenimmobilien.com\/urlaub\/wp-content\/uploads\/2023\/04\/mf1198055.jpg\" data-src=\"https:\/\/www.kuestenimmobilien.com\/urlaub\/wp-content\/uploads\/2023\/04\/mf1198043.jpg\" alt=\"\" \/>\n\t\t\t\t\t\t\t<\/a><\/li>\n\t\t\t\t\t\t\t\t\t\t\t<li><a href=\"https:\/\/www.kuestenimmobilien.com\/urlaub\/unterkuenfte\/apartment-heimathafen-am-alten-deich-14-1\/?adults=1\">\n\t\t\t\t\t\t\t\t<img decoding=\"async\" class=\"lazy\" src=\"https:\/\/www.kuestenimmobilien.com\/urlaub\/wp-content\/uploads\/2023\/04\/mf1198055.jpg\" data-src=\"https:\/\/www.kuestenimmobilien.com\/urlaub\/wp-content\/uploads\/2023\/04\/mf1198057.jpg\" alt=\"\" \/>\n\t\t\t\t\t\t\t<\/a><\/li>\n\t\t\t\t\t\t\t\t\t\t\t<li><a href=\"https:\/\/www.kuestenimmobilien.com\/urlaub\/unterkuenfte\/apartment-heimathafen-am-alten-deich-14-1\/?adults=1\">\n\t\t\t\t\t\t\t\t<img decoding=\"async\" class=\"lazy\" src=\"https:\/\/www.kuestenimmobilien.com\/urlaub\/wp-content\/uploads\/2023\/04\/mf1198055.jpg\" data-src=\"https:\/\/www.kuestenimmobilien.com\/urlaub\/wp-content\/uploads\/2023\/04\/mf1198059.jpg\" alt=\"\" \/>\n\t\t\t\t\t\t\t<\/a><\/li>\n\t\t\t\t\t\t\t\t\t\t\t<li><a href=\"https:\/\/www.kuestenimmobilien.com\/urlaub\/unterkuenfte\/apartment-heimathafen-am-alten-deich-14-1\/?adults=1\">\n\t\t\t\t\t\t\t\t<img decoding=\"async\" class=\"lazy\" src=\"https:\/\/www.kuestenimmobilien.com\/urlaub\/wp-content\/uploads\/2023\/04\/mf1198055.jpg\" data-src=\"https:\/\/www.kuestenimmobilien.com\/urlaub\/wp-content\/uploads\/2023\/04\/mf1198060.jpg\" alt=\"\" \/>\n\t\t\t\t\t\t\t<\/a><\/li>\n\t\t\t\t\t\t\t\t\t\t\t<li><a href=\"https:\/\/www.kuestenimmobilien.com\/urlaub\/unterkuenfte\/apartment-heimathafen-am-alten-deich-14-1\/?adults=1\">\n\t\t\t\t\t\t\t\t<img decoding=\"async\" class=\"lazy\" src=\"https:\/\/www.kuestenimmobilien.com\/urlaub\/wp-content\/uploads\/2023\/04\/mf1198055.jpg\" data-src=\"https:\/\/www.kuestenimmobilien.com\/urlaub\/wp-content\/uploads\/2023\/04\/mf1198054.jpg\" alt=\"\" \/>\n\t\t\t\t\t\t\t<\/a><\/li>\n\t\t\t\t\t\t\t\t\t\t\t<li><a href=\"https:\/\/www.kuestenimmobilien.com\/urlaub\/unterkuenfte\/apartment-heimathafen-am-alten-deich-14-1\/?adults=1\">\n\t\t\t\t\t\t\t\t<img decoding=\"async\" class=\"lazy\" src=\"https:\/\/www.kuestenimmobilien.com\/urlaub\/wp-content\/uploads\/2023\/04\/mf1198055.jpg\" data-src=\"https:\/\/www.kuestenimmobilien.com\/urlaub\/wp-content\/uploads\/2023\/04\/mf1198053.jpg\" alt=\"\" \/>\n\t\t\t\t\t\t\t<\/a><\/li>\n\t\t\t\t\t\t\t\t\t\t\t<li><a href=\"https:\/\/www.kuestenimmobilien.com\/urlaub\/unterkuenfte\/apartment-heimathafen-am-alten-deich-14-1\/?adults=1\">\n\t\t\t\t\t\t\t\t<img decoding=\"async\" class=\"lazy\" src=\"https:\/\/www.kuestenimmobilien.com\/urlaub\/wp-content\/uploads\/2023\/04\/mf1198055.jpg\" data-src=\"https:\/\/www.kuestenimmobilien.com\/urlaub\/wp-content\/uploads\/2023\/04\/mf1198042.jpg\" alt=\"\" \/>\n\t\t\t\t\t\t\t<\/a><\/li>\n\t\t\t\t\t\t\t\t\t\t\t<li><a href=\"https:\/\/www.kuestenimmobilien.com\/urlaub\/unterkuenfte\/apartment-heimathafen-am-alten-deich-14-1\/?adults=1\">\n\t\t\t\t\t\t\t\t<img decoding=\"async\" class=\"lazy\" src=\"https:\/\/www.kuestenimmobilien.com\/urlaub\/wp-content\/uploads\/2023\/04\/mf1198055.jpg\" data-src=\"https:\/\/www.kuestenimmobilien.com\/urlaub\/wp-content\/uploads\/2023\/04\/mf1198044.jpg\" alt=\"\" \/>\n\t\t\t\t\t\t\t<\/a><\/li>\n\t\t\t\t\t\t\t\t\t\t\t<li><a href=\"https:\/\/www.kuestenimmobilien.com\/urlaub\/unterkuenfte\/apartment-heimathafen-am-alten-deich-14-1\/?adults=1\">\n\t\t\t\t\t\t\t\t<img decoding=\"async\" class=\"lazy\" src=\"https:\/\/www.kuestenimmobilien.com\/urlaub\/wp-content\/uploads\/2023\/04\/mf1198055.jpg\" data-src=\"https:\/\/www.kuestenimmobilien.com\/urlaub\/wp-content\/uploads\/2023\/04\/mf1198046.jpg\" alt=\"\" \/>\n\t\t\t\t\t\t\t<\/a><\/li>\n\t\t\t\t\t\t\t\t\t\t\t<li><a href=\"https:\/\/www.kuestenimmobilien.com\/urlaub\/unterkuenfte\/apartment-heimathafen-am-alten-deich-14-1\/?adults=1\">\n\t\t\t\t\t\t\t\t<img decoding=\"async\" class=\"lazy\" src=\"https:\/\/www.kuestenimmobilien.com\/urlaub\/wp-content\/uploads\/2023\/04\/mf1198055.jpg\" data-src=\"https:\/\/www.kuestenimmobilien.com\/urlaub\/wp-content\/uploads\/2023\/04\/mf1198047.jpg\" alt=\"\" \/>\n\t\t\t\t\t\t\t<\/a><\/li>\n\t\t\t\t\t\t\t\t\t\t\t<li><a href=\"https:\/\/www.kuestenimmobilien.com\/urlaub\/unterkuenfte\/apartment-heimathafen-am-alten-deich-14-1\/?adults=1\">\n\t\t\t\t\t\t\t\t<img decoding=\"async\" class=\"lazy\" src=\"https:\/\/www.kuestenimmobilien.com\/urlaub\/wp-content\/uploads\/2023\/04\/mf1198055.jpg\" data-src=\"https:\/\/www.kuestenimmobilien.com\/urlaub\/wp-content\/uploads\/2023\/04\/mf1198048.jpg\" alt=\"\" \/>\n\t\t\t\t\t\t\t<\/a><\/li>\n\t\t\t\t\t\t\t\t\t\t\t<li><a href=\"https:\/\/www.kuestenimmobilien.com\/urlaub\/unterkuenfte\/apartment-heimathafen-am-alten-deich-14-1\/?adults=1\">\n\t\t\t\t\t\t\t\t<img decoding=\"async\" class=\"lazy\" src=\"https:\/\/www.kuestenimmobilien.com\/urlaub\/wp-content\/uploads\/2023\/04\/mf1198055.jpg\" data-src=\"https:\/\/www.kuestenimmobilien.com\/urlaub\/wp-content\/uploads\/2023\/04\/mf1198049.jpg\" alt=\"\" \/>\n\t\t\t\t\t\t\t<\/a><\/li>\n\t\t\t\t\t\t\t\t\t\t\t<li><a href=\"https:\/\/www.kuestenimmobilien.com\/urlaub\/unterkuenfte\/apartment-heimathafen-am-alten-deich-14-1\/?adults=1\">\n\t\t\t\t\t\t\t\t<img decoding=\"async\" class=\"lazy\" src=\"https:\/\/www.kuestenimmobilien.com\/urlaub\/wp-content\/uploads\/2023\/04\/mf1198055.jpg\" data-src=\"https:\/\/www.kuestenimmobilien.com\/urlaub\/wp-content\/uploads\/2023\/04\/mf1198050.jpg\" alt=\"\" \/>\n\t\t\t\t\t\t\t<\/a><\/li>\n\t\t\t\t\t\t\t\t\t\t\t<li><a href=\"https:\/\/www.kuestenimmobilien.com\/urlaub\/unterkuenfte\/apartment-heimathafen-am-alten-deich-14-1\/?adults=1\">\n\t\t\t\t\t\t\t\t<img decoding=\"async\" class=\"lazy\" src=\"https:\/\/www.kuestenimmobilien.com\/urlaub\/wp-content\/uploads\/2023\/04\/mf1198055.jpg\" data-src=\"https:\/\/www.kuestenimmobilien.com\/urlaub\/wp-content\/uploads\/2023\/04\/mf1198051.jpg\" alt=\"\" \/>\n\t\t\t\t\t\t\t<\/a><\/li>\n\t\t\t\t\t\t\t\t\t\t\t<li><a href=\"https:\/\/www.kuestenimmobilien.com\/urlaub\/unterkuenfte\/apartment-heimathafen-am-alten-deich-14-1\/?adults=1\">\n\t\t\t\t\t\t\t\t<img decoding=\"async\" class=\"lazy\" src=\"https:\/\/www.kuestenimmobilien.com\/urlaub\/wp-content\/uploads\/2023\/04\/mf1198055.jpg\" data-src=\"https:\/\/www.kuestenimmobilien.com\/urlaub\/wp-content\/uploads\/2023\/04\/mf1198063.jpg\" alt=\"\" \/>\n\t\t\t\t\t\t\t<\/a><\/li>\n\t\t\t\t\t\t\t\t\t\t\t<li><a href=\"https:\/\/www.kuestenimmobilien.com\/urlaub\/unterkuenfte\/apartment-heimathafen-am-alten-deich-14-1\/?adults=1\">\n\t\t\t\t\t\t\t\t<img decoding=\"async\" class=\"lazy\" src=\"https:\/\/www.kuestenimmobilien.com\/urlaub\/wp-content\/uploads\/2023\/04\/mf1198055.jpg\" data-src=\"https:\/\/www.kuestenimmobilien.com\/urlaub\/wp-content\/uploads\/2023\/04\/mf1198065.jpg\" alt=\"\" \/>\n\t\t\t\t\t\t\t<\/a><\/li>\n\t\t\t\t\t\t\t\t\t\t\t<li><a href=\"https:\/\/www.kuestenimmobilien.com\/urlaub\/unterkuenfte\/apartment-heimathafen-am-alten-deich-14-1\/?adults=1\">\n\t\t\t\t\t\t\t\t<img decoding=\"async\" class=\"lazy\" src=\"https:\/\/www.kuestenimmobilien.com\/urlaub\/wp-content\/uploads\/2023\/04\/mf1198055.jpg\" data-src=\"https:\/\/www.kuestenimmobilien.com\/urlaub\/wp-content\/uploads\/2023\/04\/mf1198062.jpg\" alt=\"\" \/>\n\t\t\t\t\t\t\t<\/a><\/li>\n\t\t\t\t\t\t\t\t\t\t\t<li><a href=\"https:\/\/www.kuestenimmobilien.com\/urlaub\/unterkuenfte\/apartment-heimathafen-am-alten-deich-14-1\/?adults=1\">\n\t\t\t\t\t\t\t\t<img decoding=\"async\" class=\"lazy\" src=\"https:\/\/www.kuestenimmobilien.com\/urlaub\/wp-content\/uploads\/2023\/04\/mf1198055.jpg\" data-src=\"https:\/\/www.kuestenimmobilien.com\/urlaub\/wp-content\/uploads\/2025\/07\/mf23002892.jpeg-1024x768.jpg\" alt=\"\" \/>\n\t\t\t\t\t\t\t<\/a><\/li>\n\t\t\t\t\t\t\t\t\t\t\t<li><a href=\"https:\/\/www.kuestenimmobilien.com\/urlaub\/unterkuenfte\/apartment-heimathafen-am-alten-deich-14-1\/?adults=1\">\n\t\t\t\t\t\t\t\t<img decoding=\"async\" class=\"lazy\" src=\"https:\/\/www.kuestenimmobilien.com\/urlaub\/wp-content\/uploads\/2023\/04\/mf1198055.jpg\" data-src=\"https:\/\/www.kuestenimmobilien.com\/urlaub\/wp-content\/uploads\/2025\/07\/mf23002830.jpeg-768x1024.jpg\" alt=\"\" \/>\n\t\t\t\t\t\t\t<\/a><\/li>\n\t\t\t\t\t\t\t\t\t<\/ul>\n\t\t\t<\/div>\n\t\t\t<\/div>\n\t<div class=\"info-wrapper\">\n\t\t<div class=\"info-body\">\n\t\t\t<h3 class=\"title-container\">\n\t\t\t\t<a href=\"https:\/\/www.kuestenimmobilien.com\/urlaub\/unterkuenfte\/apartment-heimathafen-am-alten-deich-14-1\/?adults=1\">\n\t\t\t\t\tApartment Heimathafen, Am Alten Deich 14\/1\t\t\t\t<\/a>\n\t\t\t<\/h3>\n\t\t\t<button class=\"simplefavorite-button\" data-postid=\"264\" data-siteid=\"1\" data-groupid=\"1\" data-favoritecount=\"29\" style=\"\"><i class=\"heart-icon\"><\/i><\/button>\t\t\t<div class=\"separator-small\"><\/div>\n\t\t\t<div class=\"details-wrapper\">\n\t\t\t\t<ul>\n\t\t\t\t\t<li>G\u00e4ste<div class=\"wrap-value\">4<\/div><\/li>\t\t\t\t\t<li class=\"border-props\"><\/li><li>Schlafzimmer<div class=\"wrap-value\">2<\/div><\/li>\t\t\t\t\t<li class=\"border-props\"><\/li><li>Gr\u00f6\u00dfe<div class=\"wrap-value\">89 m\u00b2<\/div><\/li>\t\t\t\t\t<li class=\"border-props\"><\/li><li>Bewertung<div class=\"wrap-value\">4.8 \/ 5<\/div><\/li>\t\t\t\t\t\t\t\t\t<\/ul>\n\t\t\t<\/div>\n\t\t<\/div>\n\t\t<div class=\"info-footer\">\n\t\t\t\t\t\t<div class=\"mobile-only\">\n\t\t\t\t<div class=\"favorites-button\">\n\t\t\t\t\t<button class=\"simplefavorite-button\" data-postid=\"264\" data-siteid=\"1\" data-groupid=\"1\" data-favoritecount=\"29\" style=\"\"><i class=\"heart-icon\"><\/i><\/button>\t\t\t\t<\/div>\n\t\t\t<\/div>\n\t\t\t<div class=\"price-container\">\n\t\t\t\t<a href=\"https:\/\/www.kuestenimmobilien.com\/urlaub\/unterkuenfte\/apartment-heimathafen-am-alten-deich-14-1\/?adults=1\" class=\"price-button\"><div class=\"showprice \">Ab <div class=\"wrap-value\"><span class=\"price\" data-price=\"9900\">99,00<\/span> <span class=\"currency\">&euro;<\/span> <\/div><\/div><div class=\"book-button\">BUCHEN<\/div><\/a>\n\t\t\t<\/div>\n\t\t<\/div>\n\t<\/div>\n<\/div>\n<div class=\"unitcontent-wrapper\">\n\t<div class=\"image-wrapper\">\n\t\t\t\t\t<div id=\"slider\" class=\"flexslider\">\n\t\t\t\t\t\t\t\t<ul class=\"slides\">\n\t\t\t\t\t\t\t\t\t\t\t<li><a href=\"https:\/\/www.kuestenimmobilien.com\/urlaub\/unterkuenfte\/apartment-quellblick-am-alten-deich-4-6-whg-6\/?adults=1\">\n\t\t\t\t\t\t\t\t<img decoding=\"async\" class=\"lazy\" src=\"https:\/\/www.kuestenimmobilien.com\/urlaub\/wp-content\/uploads\/2023\/04\/mf4427464-1024x768.jpg\" data-src=\"https:\/\/www.kuestenimmobilien.com\/urlaub\/wp-content\/uploads\/2023\/04\/mf4427464-1024x768.jpg\" alt=\"\" \/>\n\t\t\t\t\t\t\t<\/a><\/li>\n\t\t\t\t\t\t\t\t\t\t\t<li><a href=\"https:\/\/www.kuestenimmobilien.com\/urlaub\/unterkuenfte\/apartment-quellblick-am-alten-deich-4-6-whg-6\/?adults=1\">\n\t\t\t\t\t\t\t\t<img decoding=\"async\" class=\"lazy\" src=\"https:\/\/www.kuestenimmobilien.com\/urlaub\/wp-content\/uploads\/2023\/04\/mf4427464-1024x768.jpg\" data-src=\"https:\/\/www.kuestenimmobilien.com\/urlaub\/wp-content\/uploads\/2023\/04\/mf4427450-1024x768.jpg\" alt=\"\" \/>\n\t\t\t\t\t\t\t<\/a><\/li>\n\t\t\t\t\t\t\t\t\t\t\t<li><a href=\"https:\/\/www.kuestenimmobilien.com\/urlaub\/unterkuenfte\/apartment-quellblick-am-alten-deich-4-6-whg-6\/?adults=1\">\n\t\t\t\t\t\t\t\t<img decoding=\"async\" class=\"lazy\" src=\"https:\/\/www.kuestenimmobilien.com\/urlaub\/wp-content\/uploads\/2023\/04\/mf4427464-1024x768.jpg\" data-src=\"https:\/\/www.kuestenimmobilien.com\/urlaub\/wp-content\/uploads\/2025\/04\/mf21489535.jpeg-1024x807.jpg\" alt=\"\" \/>\n\t\t\t\t\t\t\t<\/a><\/li>\n\t\t\t\t\t\t\t\t\t\t\t<li><a href=\"https:\/\/www.kuestenimmobilien.com\/urlaub\/unterkuenfte\/apartment-quellblick-am-alten-deich-4-6-whg-6\/?adults=1\">\n\t\t\t\t\t\t\t\t<img decoding=\"async\" class=\"lazy\" src=\"https:\/\/www.kuestenimmobilien.com\/urlaub\/wp-content\/uploads\/2023\/04\/mf4427464-1024x768.jpg\" data-src=\"https:\/\/www.kuestenimmobilien.com\/urlaub\/wp-content\/uploads\/2023\/04\/mf4427449-1024x768.jpg\" alt=\"\" \/>\n\t\t\t\t\t\t\t<\/a><\/li>\n\t\t\t\t\t\t\t\t\t\t\t<li><a href=\"https:\/\/www.kuestenimmobilien.com\/urlaub\/unterkuenfte\/apartment-quellblick-am-alten-deich-4-6-whg-6\/?adults=1\">\n\t\t\t\t\t\t\t\t<img decoding=\"async\" class=\"lazy\" src=\"https:\/\/www.kuestenimmobilien.com\/urlaub\/wp-content\/uploads\/2023\/04\/mf4427464-1024x768.jpg\" data-src=\"https:\/\/www.kuestenimmobilien.com\/urlaub\/wp-content\/uploads\/2023\/08\/mf13261524-773x1024.jpg\" alt=\"\" \/>\n\t\t\t\t\t\t\t<\/a><\/li>\n\t\t\t\t\t\t\t\t\t\t\t<li><a href=\"https:\/\/www.kuestenimmobilien.com\/urlaub\/unterkuenfte\/apartment-quellblick-am-alten-deich-4-6-whg-6\/?adults=1\">\n\t\t\t\t\t\t\t\t<img decoding=\"async\" class=\"lazy\" src=\"https:\/\/www.kuestenimmobilien.com\/urlaub\/wp-content\/uploads\/2023\/04\/mf4427464-1024x768.jpg\" data-src=\"https:\/\/www.kuestenimmobilien.com\/urlaub\/wp-content\/uploads\/2023\/04\/mf4427444-1024x768.jpg\" alt=\"\" \/>\n\t\t\t\t\t\t\t<\/a><\/li>\n\t\t\t\t\t\t\t\t\t\t\t<li><a href=\"https:\/\/www.kuestenimmobilien.com\/urlaub\/unterkuenfte\/apartment-quellblick-am-alten-deich-4-6-whg-6\/?adults=1\">\n\t\t\t\t\t\t\t\t<img decoding=\"async\" class=\"lazy\" src=\"https:\/\/www.kuestenimmobilien.com\/urlaub\/wp-content\/uploads\/2023\/04\/mf4427464-1024x768.jpg\" data-src=\"https:\/\/www.kuestenimmobilien.com\/urlaub\/wp-content\/uploads\/2023\/04\/mf4427467-1024x768.jpg\" alt=\"\" \/>\n\t\t\t\t\t\t\t<\/a><\/li>\n\t\t\t\t\t\t\t\t\t\t\t<li><a href=\"https:\/\/www.kuestenimmobilien.com\/urlaub\/unterkuenfte\/apartment-quellblick-am-alten-deich-4-6-whg-6\/?adults=1\">\n\t\t\t\t\t\t\t\t<img decoding=\"async\" class=\"lazy\" src=\"https:\/\/www.kuestenimmobilien.com\/urlaub\/wp-content\/uploads\/2023\/04\/mf4427464-1024x768.jpg\" data-src=\"https:\/\/www.kuestenimmobilien.com\/urlaub\/wp-content\/uploads\/2023\/04\/mf4427452-1024x768.jpg\" alt=\"\" \/>\n\t\t\t\t\t\t\t<\/a><\/li>\n\t\t\t\t\t\t\t\t\t\t\t<li><a href=\"https:\/\/www.kuestenimmobilien.com\/urlaub\/unterkuenfte\/apartment-quellblick-am-alten-deich-4-6-whg-6\/?adults=1\">\n\t\t\t\t\t\t\t\t<img decoding=\"async\" class=\"lazy\" src=\"https:\/\/www.kuestenimmobilien.com\/urlaub\/wp-content\/uploads\/2023\/04\/mf4427464-1024x768.jpg\" data-src=\"https:\/\/www.kuestenimmobilien.com\/urlaub\/wp-content\/uploads\/2023\/04\/mf4427451-1024x768.jpg\" alt=\"\" \/>\n\t\t\t\t\t\t\t<\/a><\/li>\n\t\t\t\t\t\t\t\t\t\t\t<li><a href=\"https:\/\/www.kuestenimmobilien.com\/urlaub\/unterkuenfte\/apartment-quellblick-am-alten-deich-4-6-whg-6\/?adults=1\">\n\t\t\t\t\t\t\t\t<img decoding=\"async\" class=\"lazy\" src=\"https:\/\/www.kuestenimmobilien.com\/urlaub\/wp-content\/uploads\/2023\/04\/mf4427464-1024x768.jpg\" data-src=\"https:\/\/www.kuestenimmobilien.com\/urlaub\/wp-content\/uploads\/2023\/04\/mf4427448-1024x768.jpg\" alt=\"\" \/>\n\t\t\t\t\t\t\t<\/a><\/li>\n\t\t\t\t\t\t\t\t\t\t\t<li><a href=\"https:\/\/www.kuestenimmobilien.com\/urlaub\/unterkuenfte\/apartment-quellblick-am-alten-deich-4-6-whg-6\/?adults=1\">\n\t\t\t\t\t\t\t\t<img decoding=\"async\" class=\"lazy\" src=\"https:\/\/www.kuestenimmobilien.com\/urlaub\/wp-content\/uploads\/2023\/04\/mf4427464-1024x768.jpg\" data-src=\"https:\/\/www.kuestenimmobilien.com\/urlaub\/wp-content\/uploads\/2023\/04\/mf4427447-1024x768.jpg\" alt=\"\" \/>\n\t\t\t\t\t\t\t<\/a><\/li>\n\t\t\t\t\t\t\t\t\t\t\t<li><a href=\"https:\/\/www.kuestenimmobilien.com\/urlaub\/unterkuenfte\/apartment-quellblick-am-alten-deich-4-6-whg-6\/?adults=1\">\n\t\t\t\t\t\t\t\t<img decoding=\"async\" class=\"lazy\" src=\"https:\/\/www.kuestenimmobilien.com\/urlaub\/wp-content\/uploads\/2023\/04\/mf4427464-1024x768.jpg\" data-src=\"https:\/\/www.kuestenimmobilien.com\/urlaub\/wp-content\/uploads\/2023\/04\/mf4427454-1024x768.jpg\" alt=\"\" \/>\n\t\t\t\t\t\t\t<\/a><\/li>\n\t\t\t\t\t\t\t\t\t\t\t<li><a href=\"https:\/\/www.kuestenimmobilien.com\/urlaub\/unterkuenfte\/apartment-quellblick-am-alten-deich-4-6-whg-6\/?adults=1\">\n\t\t\t\t\t\t\t\t<img decoding=\"async\" class=\"lazy\" src=\"https:\/\/www.kuestenimmobilien.com\/urlaub\/wp-content\/uploads\/2023\/04\/mf4427464-1024x768.jpg\" data-src=\"https:\/\/www.kuestenimmobilien.com\/urlaub\/wp-content\/uploads\/2023\/04\/mf4427453-1024x768.jpg\" alt=\"\" \/>\n\t\t\t\t\t\t\t<\/a><\/li>\n\t\t\t\t\t\t\t\t\t\t\t<li><a href=\"https:\/\/www.kuestenimmobilien.com\/urlaub\/unterkuenfte\/apartment-quellblick-am-alten-deich-4-6-whg-6\/?adults=1\">\n\t\t\t\t\t\t\t\t<img decoding=\"async\" class=\"lazy\" src=\"https:\/\/www.kuestenimmobilien.com\/urlaub\/wp-content\/uploads\/2023\/04\/mf4427464-1024x768.jpg\" data-src=\"https:\/\/www.kuestenimmobilien.com\/urlaub\/wp-content\/uploads\/2023\/04\/mf4427455-1024x768.jpg\" alt=\"\" \/>\n\t\t\t\t\t\t\t<\/a><\/li>\n\t\t\t\t\t\t\t\t\t\t\t<li><a href=\"https:\/\/www.kuestenimmobilien.com\/urlaub\/unterkuenfte\/apartment-quellblick-am-alten-deich-4-6-whg-6\/?adults=1\">\n\t\t\t\t\t\t\t\t<img decoding=\"async\" class=\"lazy\" src=\"https:\/\/www.kuestenimmobilien.com\/urlaub\/wp-content\/uploads\/2023\/04\/mf4427464-1024x768.jpg\" data-src=\"https:\/\/www.kuestenimmobilien.com\/urlaub\/wp-content\/uploads\/2023\/04\/mf4427456-1024x768.jpg\" alt=\"\" \/>\n\t\t\t\t\t\t\t<\/a><\/li>\n\t\t\t\t\t\t\t\t\t\t\t<li><a href=\"https:\/\/www.kuestenimmobilien.com\/urlaub\/unterkuenfte\/apartment-quellblick-am-alten-deich-4-6-whg-6\/?adults=1\">\n\t\t\t\t\t\t\t\t<img decoding=\"async\" class=\"lazy\" src=\"https:\/\/www.kuestenimmobilien.com\/urlaub\/wp-content\/uploads\/2023\/04\/mf4427464-1024x768.jpg\" data-src=\"https:\/\/www.kuestenimmobilien.com\/urlaub\/wp-content\/uploads\/2023\/04\/mf4427461-1024x768.jpg\" alt=\"\" \/>\n\t\t\t\t\t\t\t<\/a><\/li>\n\t\t\t\t\t\t\t\t\t\t\t<li><a href=\"https:\/\/www.kuestenimmobilien.com\/urlaub\/unterkuenfte\/apartment-quellblick-am-alten-deich-4-6-whg-6\/?adults=1\">\n\t\t\t\t\t\t\t\t<img decoding=\"async\" class=\"lazy\" src=\"https:\/\/www.kuestenimmobilien.com\/urlaub\/wp-content\/uploads\/2023\/04\/mf4427464-1024x768.jpg\" data-src=\"https:\/\/www.kuestenimmobilien.com\/urlaub\/wp-content\/uploads\/2023\/04\/mf4427457-1024x768.jpg\" alt=\"\" \/>\n\t\t\t\t\t\t\t<\/a><\/li>\n\t\t\t\t\t\t\t\t\t\t\t<li><a href=\"https:\/\/www.kuestenimmobilien.com\/urlaub\/unterkuenfte\/apartment-quellblick-am-alten-deich-4-6-whg-6\/?adults=1\">\n\t\t\t\t\t\t\t\t<img decoding=\"async\" class=\"lazy\" src=\"https:\/\/www.kuestenimmobilien.com\/urlaub\/wp-content\/uploads\/2023\/04\/mf4427464-1024x768.jpg\" data-src=\"https:\/\/www.kuestenimmobilien.com\/urlaub\/wp-content\/uploads\/2023\/04\/mf4427460-1024x768.jpg\" alt=\"\" \/>\n\t\t\t\t\t\t\t<\/a><\/li>\n\t\t\t\t\t\t\t\t\t\t\t<li><a href=\"https:\/\/www.kuestenimmobilien.com\/urlaub\/unterkuenfte\/apartment-quellblick-am-alten-deich-4-6-whg-6\/?adults=1\">\n\t\t\t\t\t\t\t\t<img decoding=\"async\" class=\"lazy\" src=\"https:\/\/www.kuestenimmobilien.com\/urlaub\/wp-content\/uploads\/2023\/04\/mf4427464-1024x768.jpg\" data-src=\"https:\/\/www.kuestenimmobilien.com\/urlaub\/wp-content\/uploads\/2023\/04\/mf4427462-1024x768.jpg\" alt=\"\" \/>\n\t\t\t\t\t\t\t<\/a><\/li>\n\t\t\t\t\t\t\t\t\t\t\t<li><a href=\"https:\/\/www.kuestenimmobilien.com\/urlaub\/unterkuenfte\/apartment-quellblick-am-alten-deich-4-6-whg-6\/?adults=1\">\n\t\t\t\t\t\t\t\t<img decoding=\"async\" class=\"lazy\" src=\"https:\/\/www.kuestenimmobilien.com\/urlaub\/wp-content\/uploads\/2023\/04\/mf4427464-1024x768.jpg\" data-src=\"https:\/\/www.kuestenimmobilien.com\/urlaub\/wp-content\/uploads\/2023\/04\/mf4427459-1024x768.jpg\" alt=\"\" \/>\n\t\t\t\t\t\t\t<\/a><\/li>\n\t\t\t\t\t\t\t\t\t\t\t<li><a href=\"https:\/\/www.kuestenimmobilien.com\/urlaub\/unterkuenfte\/apartment-quellblick-am-alten-deich-4-6-whg-6\/?adults=1\">\n\t\t\t\t\t\t\t\t<img decoding=\"async\" class=\"lazy\" src=\"https:\/\/www.kuestenimmobilien.com\/urlaub\/wp-content\/uploads\/2023\/04\/mf4427464-1024x768.jpg\" data-src=\"https:\/\/www.kuestenimmobilien.com\/urlaub\/wp-content\/uploads\/2023\/04\/mf4427463-1024x768.jpg\" alt=\"\" \/>\n\t\t\t\t\t\t\t<\/a><\/li>\n\t\t\t\t\t\t\t\t\t\t\t<li><a href=\"https:\/\/www.kuestenimmobilien.com\/urlaub\/unterkuenfte\/apartment-quellblick-am-alten-deich-4-6-whg-6\/?adults=1\">\n\t\t\t\t\t\t\t\t<img decoding=\"async\" class=\"lazy\" src=\"https:\/\/www.kuestenimmobilien.com\/urlaub\/wp-content\/uploads\/2023\/04\/mf4427464-1024x768.jpg\" data-src=\"https:\/\/www.kuestenimmobilien.com\/urlaub\/wp-content\/uploads\/2023\/04\/mf4427465-1024x768.jpg\" alt=\"\" \/>\n\t\t\t\t\t\t\t<\/a><\/li>\n\t\t\t\t\t\t\t\t\t\t\t<li><a href=\"https:\/\/www.kuestenimmobilien.com\/urlaub\/unterkuenfte\/apartment-quellblick-am-alten-deich-4-6-whg-6\/?adults=1\">\n\t\t\t\t\t\t\t\t<img decoding=\"async\" class=\"lazy\" src=\"https:\/\/www.kuestenimmobilien.com\/urlaub\/wp-content\/uploads\/2023\/04\/mf4427464-1024x768.jpg\" data-src=\"https:\/\/www.kuestenimmobilien.com\/urlaub\/wp-content\/uploads\/2023\/04\/mf4427466-1024x768.jpg\" alt=\"\" \/>\n\t\t\t\t\t\t\t<\/a><\/li>\n\t\t\t\t\t\t\t\t\t\t\t<li><a href=\"https:\/\/www.kuestenimmobilien.com\/urlaub\/unterkuenfte\/apartment-quellblick-am-alten-deich-4-6-whg-6\/?adults=1\">\n\t\t\t\t\t\t\t\t<img decoding=\"async\" class=\"lazy\" src=\"https:\/\/www.kuestenimmobilien.com\/urlaub\/wp-content\/uploads\/2023\/04\/mf4427464-1024x768.jpg\" data-src=\"https:\/\/www.kuestenimmobilien.com\/urlaub\/wp-content\/uploads\/2025\/04\/mf21489533.jpeg-1024x730.jpg\" alt=\"\" \/>\n\t\t\t\t\t\t\t<\/a><\/li>\n\t\t\t\t\t\t\t\t\t\t\t<li><a href=\"https:\/\/www.kuestenimmobilien.com\/urlaub\/unterkuenfte\/apartment-quellblick-am-alten-deich-4-6-whg-6\/?adults=1\">\n\t\t\t\t\t\t\t\t<img decoding=\"async\" class=\"lazy\" src=\"https:\/\/www.kuestenimmobilien.com\/urlaub\/wp-content\/uploads\/2023\/04\/mf4427464-1024x768.jpg\" data-src=\"https:\/\/www.kuestenimmobilien.com\/urlaub\/wp-content\/uploads\/2023\/04\/mf4427446-1024x768.jpg\" alt=\"\" \/>\n\t\t\t\t\t\t\t<\/a><\/li>\n\t\t\t\t\t\t\t\t\t\t\t<li><a href=\"https:\/\/www.kuestenimmobilien.com\/urlaub\/unterkuenfte\/apartment-quellblick-am-alten-deich-4-6-whg-6\/?adults=1\">\n\t\t\t\t\t\t\t\t<img decoding=\"async\" class=\"lazy\" src=\"https:\/\/www.kuestenimmobilien.com\/urlaub\/wp-content\/uploads\/2023\/04\/mf4427464-1024x768.jpg\" data-src=\"https:\/\/www.kuestenimmobilien.com\/urlaub\/wp-content\/uploads\/2023\/04\/mf4427445-1024x768.jpg\" alt=\"\" \/>\n\t\t\t\t\t\t\t<\/a><\/li>\n\t\t\t\t\t\t\t\t\t\t\t<li><a href=\"https:\/\/www.kuestenimmobilien.com\/urlaub\/unterkuenfte\/apartment-quellblick-am-alten-deich-4-6-whg-6\/?adults=1\">\n\t\t\t\t\t\t\t\t<img decoding=\"async\" class=\"lazy\" src=\"https:\/\/www.kuestenimmobilien.com\/urlaub\/wp-content\/uploads\/2023\/04\/mf4427464-1024x768.jpg\" data-src=\"https:\/\/www.kuestenimmobilien.com\/urlaub\/wp-content\/uploads\/2023\/04\/mf4427468-1024x768.jpg\" alt=\"\" \/>\n\t\t\t\t\t\t\t<\/a><\/li>\n\t\t\t\t\t\t\t\t\t\t\t<li><a href=\"https:\/\/www.kuestenimmobilien.com\/urlaub\/unterkuenfte\/apartment-quellblick-am-alten-deich-4-6-whg-6\/?adults=1\">\n\t\t\t\t\t\t\t\t<img decoding=\"async\" class=\"lazy\" src=\"https:\/\/www.kuestenimmobilien.com\/urlaub\/wp-content\/uploads\/2023\/04\/mf4427464-1024x768.jpg\" data-src=\"https:\/\/www.kuestenimmobilien.com\/urlaub\/wp-content\/uploads\/2023\/04\/mf4942015-768x1024.jpg\" alt=\"\" \/>\n\t\t\t\t\t\t\t<\/a><\/li>\n\t\t\t\t\t\t\t\t\t<\/ul>\n\t\t\t<\/div>\n\t\t\t<\/div>\n\t<div class=\"info-wrapper\">\n\t\t<div class=\"info-body\">\n\t\t\t<h3 class=\"title-container\">\n\t\t\t\t<a href=\"https:\/\/www.kuestenimmobilien.com\/urlaub\/unterkuenfte\/apartment-quellblick-am-alten-deich-4-6-whg-6\/?adults=1\">\n\t\t\t\t\tApartment Quellblick, Am Alten Deich 4-6, Whg 6\t\t\t\t<\/a>\n\t\t\t<\/h3>\n\t\t\t<button class=\"simplefavorite-button\" data-postid=\"315\" data-siteid=\"1\" data-groupid=\"1\" data-favoritecount=\"21\" style=\"\"><i class=\"heart-icon\"><\/i><\/button>\t\t\t<div class=\"separator-small\"><\/div>\n\t\t\t<div class=\"details-wrapper\">\n\t\t\t\t<ul>\n\t\t\t\t\t<li>G\u00e4ste<div class=\"wrap-value\">4<\/div><\/li>\t\t\t\t\t<li class=\"border-props\"><\/li><li>Schlafzimmer<div class=\"wrap-value\">1<\/div><\/li>\t\t\t\t\t<li class=\"border-props\"><\/li><li>Gr\u00f6\u00dfe<div class=\"wrap-value\">56 m\u00b2<\/div><\/li>\t\t\t\t\t<li class=\"border-props\"><\/li><li>Bewertung<div class=\"wrap-value\">4.8 \/ 5<\/div><\/li>\t\t\t\t\t\t\t\t\t<\/ul>\n\t\t\t<\/div>\n\t\t<\/div>\n\t\t<div class=\"info-footer\">\n\t\t\t\t\t\t<div class=\"mobile-only\">\n\t\t\t\t<div class=\"favorites-button\">\n\t\t\t\t\t<button class=\"simplefavorite-button\" data-postid=\"315\" data-siteid=\"1\" data-groupid=\"1\" data-favoritecount=\"21\" style=\"\"><i class=\"heart-icon\"><\/i><\/button>\t\t\t\t<\/div>\n\t\t\t<\/div>\n\t\t\t<div class=\"price-container\">\n\t\t\t\t<a href=\"https:\/\/www.kuestenimmobilien.com\/urlaub\/unterkuenfte\/apartment-quellblick-am-alten-deich-4-6-whg-6\/?adults=1\" class=\"price-button\"><div class=\"showprice \">Ab <div class=\"wrap-value\"><span class=\"price\" data-price=\"7900\">79,00<\/span> <span class=\"currency\">&euro;<\/span> <\/div><\/div><div class=\"book-button\">BUCHEN<\/div><\/a>\n\t\t\t<\/div>\n\t\t<\/div>\n\t<\/div>\n<\/div>\n\t\t\t\t\t<\/div>\n\t\t\t\t\t<div class=\"pagination-wrapper\">\n\t\t\t\t\t\t\t\t\t\t\t<\/div>\n\t\t\t\t\t\t\t<\/div>\n\t\t<\/div>\n\t<\/main>\n<\/div>\n<\/div>\n\t\t\t\t\t\t<\/div>\n\t\t\t\t<\/div>\n\t\t\t\t<\/div>\n\t\t\t\t<\/div>\n\t\t","protected":false},"excerpt":{"rendered":"<p>F\u00fcr die individuellen Anspr\u00fcche haben wir Ihre Traumunterkunft. Sprechen Sie uns an!<\/p>\n","protected":false},"author":1,"featured_media":4569,"parent":0,"menu_order":0,"comment_status":"closed","ping_status":"closed","template":"","meta":{"_acf_changed":false,"footnotes":""},"class_list":["post-4427","page","type-page","status-publish","has-post-thumbnail","hentry"],"acf":[],"yoast_head":"<!-- This site is optimized with the Yoast SEO plugin v25.1 - https:\/\/yoast.com\/wordpress\/plugins\/seo\/ -->\n<title>Urlaub f\u00fcr Menschen mit Beeintr\u00e4chtigungen -<\/title>\n<meta name=\"description\" content=\"Bei uns finden Sie eine Auswahl an barrierefreien Ferienunterk\u00fcnften, in denen jeder sorgenfrei den Urlaub genie\u00dfen kann.\" \/>\n<meta name=\"robots\" content=\"index, follow, max-snippet:-1, max-image-preview:large, max-video-preview:-1\" \/>\n<link rel=\"canonical\" href=\"https:\/\/www.kuestenimmobilien.com\/urlaub\/urlaub-fuer-menschen-mit-beeintraechtigungen\/\" \/>\n<meta property=\"og:locale\" content=\"de_DE\" \/>\n<meta property=\"og:type\" content=\"article\" \/>\n<meta property=\"og:title\" content=\"Urlaub f\u00fcr Menschen mit Beeintr\u00e4chtigungen -\" \/>\n<meta property=\"og:description\" content=\"Bei uns finden Sie eine Auswahl an barrierefreien Ferienunterk\u00fcnften, in denen jeder sorgenfrei den Urlaub genie\u00dfen kann.\" \/>\n<meta property=\"og:url\" content=\"https:\/\/www.kuestenimmobilien.com\/urlaub\/urlaub-fuer-menschen-mit-beeintraechtigungen\/\" \/>\n<meta property=\"og:site_name\" content=\"K\u00fcsten Immobilien Dangast\" \/>\n<meta property=\"article:modified_time\" content=\"2025-05-22T12:45:39+00:00\" \/>\n<meta property=\"og:image\" content=\"https:\/\/www.kuestenimmobilien.com\/urlaub\/wp-content\/uploads\/2023\/06\/Urlaub_fuer_Menschen_mit_Einschraenkungen.jpg\" \/>\n\t<meta property=\"og:image:width\" content=\"1800\" \/>\n\t<meta property=\"og:image:height\" content=\"1200\" \/>\n\t<meta property=\"og:image:type\" content=\"image\/jpeg\" \/>\n<meta name=\"twitter:card\" content=\"summary_large_image\" \/>\n<meta name=\"twitter:label1\" content=\"Gesch\u00e4tzte Lesezeit\" \/>\n\t<meta name=\"twitter:data1\" content=\"1\u00a0Minute\" \/>\n<script type=\"application\/ld+json\" class=\"yoast-schema-graph\">{\"@context\":\"https:\/\/schema.org\",\"@graph\":[{\"@type\":\"WebPage\",\"@id\":\"https:\/\/www.kuestenimmobilien.com\/urlaub\/urlaub-fuer-menschen-mit-beeintraechtigungen\/\",\"url\":\"https:\/\/www.kuestenimmobilien.com\/urlaub\/urlaub-fuer-menschen-mit-beeintraechtigungen\/\",\"name\":\"Urlaub f\u00fcr Menschen mit Beeintr\u00e4chtigungen -\",\"isPartOf\":{\"@id\":\"https:\/\/www.kuestenimmobilien.com\/urlaub\/#website\"},\"primaryImageOfPage\":{\"@id\":\"https:\/\/www.kuestenimmobilien.com\/urlaub\/urlaub-fuer-menschen-mit-beeintraechtigungen\/#primaryimage\"},\"image\":{\"@id\":\"https:\/\/www.kuestenimmobilien.com\/urlaub\/urlaub-fuer-menschen-mit-beeintraechtigungen\/#primaryimage\"},\"thumbnailUrl\":\"https:\/\/www.kuestenimmobilien.com\/urlaub\/wp-content\/uploads\/2023\/06\/Urlaub_fuer_Menschen_mit_Einschraenkungen.jpg\",\"datePublished\":\"2023-06-05T09:34:00+00:00\",\"dateModified\":\"2025-05-22T12:45:39+00:00\",\"description\":\"Bei uns finden Sie eine Auswahl an barrierefreien Ferienunterk\u00fcnften, in denen jeder sorgenfrei den Urlaub genie\u00dfen kann.\",\"breadcrumb\":{\"@id\":\"https:\/\/www.kuestenimmobilien.com\/urlaub\/urlaub-fuer-menschen-mit-beeintraechtigungen\/#breadcrumb\"},\"inLanguage\":\"de\",\"potentialAction\":[{\"@type\":\"ReadAction\",\"target\":[\"https:\/\/www.kuestenimmobilien.com\/urlaub\/urlaub-fuer-menschen-mit-beeintraechtigungen\/\"]}]},{\"@type\":\"ImageObject\",\"inLanguage\":\"de\",\"@id\":\"https:\/\/www.kuestenimmobilien.com\/urlaub\/urlaub-fuer-menschen-mit-beeintraechtigungen\/#primaryimage\",\"url\":\"https:\/\/www.kuestenimmobilien.com\/urlaub\/wp-content\/uploads\/2023\/06\/Urlaub_fuer_Menschen_mit_Einschraenkungen.jpg\",\"contentUrl\":\"https:\/\/www.kuestenimmobilien.com\/urlaub\/wp-content\/uploads\/2023\/06\/Urlaub_fuer_Menschen_mit_Einschraenkungen.jpg\",\"width\":1800,\"height\":1200,\"caption\":\"Handicapped woman on a wheelchair with colored balloons at the beach\"},{\"@type\":\"BreadcrumbList\",\"@id\":\"https:\/\/www.kuestenimmobilien.com\/urlaub\/urlaub-fuer-menschen-mit-beeintraechtigungen\/#breadcrumb\",\"itemListElement\":[{\"@type\":\"ListItem\",\"position\":1,\"name\":\"Startseite\",\"item\":\"https:\/\/www.kuestenimmobilien.com\/urlaub\/\"},{\"@type\":\"ListItem\",\"position\":2,\"name\":\"Urlaub f\u00fcr Menschen mit Beeintr\u00e4chtigungen\"}]},{\"@type\":\"WebSite\",\"@id\":\"https:\/\/www.kuestenimmobilien.com\/urlaub\/#website\",\"url\":\"https:\/\/www.kuestenimmobilien.com\/urlaub\/\",\"name\":\"K\u00fcsten Immobilien Dangast\",\"description\":\"\",\"publisher\":{\"@id\":\"https:\/\/www.kuestenimmobilien.com\/urlaub\/#organization\"},\"potentialAction\":[{\"@type\":\"SearchAction\",\"target\":{\"@type\":\"EntryPoint\",\"urlTemplate\":\"https:\/\/www.kuestenimmobilien.com\/urlaub\/?s={search_term_string}\"},\"query-input\":{\"@type\":\"PropertyValueSpecification\",\"valueRequired\":true,\"valueName\":\"search_term_string\"}}],\"inLanguage\":\"de\"},{\"@type\":\"Organization\",\"@id\":\"https:\/\/www.kuestenimmobilien.com\/urlaub\/#organization\",\"name\":\"K\u00fcsten Immobilien Dangast\",\"url\":\"https:\/\/www.kuestenimmobilien.com\/urlaub\/\",\"logo\":{\"@type\":\"ImageObject\",\"inLanguage\":\"de\",\"@id\":\"https:\/\/www.kuestenimmobilien.com\/urlaub\/#\/schema\/logo\/image\/\",\"url\":\"https:\/\/www.kuestenimmobilien.com\/urlaub\/wp-content\/uploads\/2023\/04\/Logo_Kuestenimmobilien_2_Positiv.svg\",\"contentUrl\":\"https:\/\/www.kuestenimmobilien.com\/urlaub\/wp-content\/uploads\/2023\/04\/Logo_Kuestenimmobilien_2_Positiv.svg\",\"caption\":\"K\u00fcsten Immobilien Dangast\"},\"image\":{\"@id\":\"https:\/\/www.kuestenimmobilien.com\/urlaub\/#\/schema\/logo\/image\/\"}}]}<\/script>\n<!-- \/ Yoast SEO plugin. -->","yoast_head_json":{"title":"Urlaub f\u00fcr Menschen mit Beeintr\u00e4chtigungen -","description":"Bei uns finden Sie eine Auswahl an barrierefreien Ferienunterk\u00fcnften, in denen jeder sorgenfrei den Urlaub genie\u00dfen kann.","robots":{"index":"index","follow":"follow","max-snippet":"max-snippet:-1","max-image-preview":"max-image-preview:large","max-video-preview":"max-video-preview:-1"},"canonical":"https:\/\/www.kuestenimmobilien.com\/urlaub\/urlaub-fuer-menschen-mit-beeintraechtigungen\/","og_locale":"de_DE","og_type":"article","og_title":"Urlaub f\u00fcr Menschen mit Beeintr\u00e4chtigungen -","og_description":"Bei uns finden Sie eine Auswahl an barrierefreien Ferienunterk\u00fcnften, in denen jeder sorgenfrei den Urlaub genie\u00dfen kann.","og_url":"https:\/\/www.kuestenimmobilien.com\/urlaub\/urlaub-fuer-menschen-mit-beeintraechtigungen\/","og_site_name":"K\u00fcsten Immobilien Dangast","article_modified_time":"2025-05-22T12:45:39+00:00","og_image":[{"width":1800,"height":1200,"url":"https:\/\/www.kuestenimmobilien.com\/urlaub\/wp-content\/uploads\/2023\/06\/Urlaub_fuer_Menschen_mit_Einschraenkungen.jpg","type":"image\/jpeg"}],"twitter_card":"summary_large_image","twitter_misc":{"Gesch\u00e4tzte Lesezeit":"1\u00a0Minute"},"schema":{"@context":"https:\/\/schema.org","@graph":[{"@type":"WebPage","@id":"https:\/\/www.kuestenimmobilien.com\/urlaub\/urlaub-fuer-menschen-mit-beeintraechtigungen\/","url":"https:\/\/www.kuestenimmobilien.com\/urlaub\/urlaub-fuer-menschen-mit-beeintraechtigungen\/","name":"Urlaub f\u00fcr Menschen mit Beeintr\u00e4chtigungen -","isPartOf":{"@id":"https:\/\/www.kuestenimmobilien.com\/urlaub\/#website"},"primaryImageOfPage":{"@id":"https:\/\/www.kuestenimmobilien.com\/urlaub\/urlaub-fuer-menschen-mit-beeintraechtigungen\/#primaryimage"},"image":{"@id":"https:\/\/www.kuestenimmobilien.com\/urlaub\/urlaub-fuer-menschen-mit-beeintraechtigungen\/#primaryimage"},"thumbnailUrl":"https:\/\/www.kuestenimmobilien.com\/urlaub\/wp-content\/uploads\/2023\/06\/Urlaub_fuer_Menschen_mit_Einschraenkungen.jpg","datePublished":"2023-06-05T09:34:00+00:00","dateModified":"2025-05-22T12:45:39+00:00","description":"Bei uns finden Sie eine Auswahl an barrierefreien Ferienunterk\u00fcnften, in denen jeder sorgenfrei den Urlaub genie\u00dfen kann.","breadcrumb":{"@id":"https:\/\/www.kuestenimmobilien.com\/urlaub\/urlaub-fuer-menschen-mit-beeintraechtigungen\/#breadcrumb"},"inLanguage":"de","potentialAction":[{"@type":"ReadAction","target":["https:\/\/www.kuestenimmobilien.com\/urlaub\/urlaub-fuer-menschen-mit-beeintraechtigungen\/"]}]},{"@type":"ImageObject","inLanguage":"de","@id":"https:\/\/www.kuestenimmobilien.com\/urlaub\/urlaub-fuer-menschen-mit-beeintraechtigungen\/#primaryimage","url":"https:\/\/www.kuestenimmobilien.com\/urlaub\/wp-content\/uploads\/2023\/06\/Urlaub_fuer_Menschen_mit_Einschraenkungen.jpg","contentUrl":"https:\/\/www.kuestenimmobilien.com\/urlaub\/wp-content\/uploads\/2023\/06\/Urlaub_fuer_Menschen_mit_Einschraenkungen.jpg","width":1800,"height":1200,"caption":"Handicapped woman on a wheelchair with colored balloons at the beach"},{"@type":"BreadcrumbList","@id":"https:\/\/www.kuestenimmobilien.com\/urlaub\/urlaub-fuer-menschen-mit-beeintraechtigungen\/#breadcrumb","itemListElement":[{"@type":"ListItem","position":1,"name":"Startseite","item":"https:\/\/www.kuestenimmobilien.com\/urlaub\/"},{"@type":"ListItem","position":2,"name":"Urlaub f\u00fcr Menschen mit Beeintr\u00e4chtigungen"}]},{"@type":"WebSite","@id":"https:\/\/www.kuestenimmobilien.com\/urlaub\/#website","url":"https:\/\/www.kuestenimmobilien.com\/urlaub\/","name":"K\u00fcsten Immobilien Dangast","description":"","publisher":{"@id":"https:\/\/www.kuestenimmobilien.com\/urlaub\/#organization"},"potentialAction":[{"@type":"SearchAction","target":{"@type":"EntryPoint","urlTemplate":"https:\/\/www.kuestenimmobilien.com\/urlaub\/?s={search_term_string}"},"query-input":{"@type":"PropertyValueSpecification","valueRequired":true,"valueName":"search_term_string"}}],"inLanguage":"de"},{"@type":"Organization","@id":"https:\/\/www.kuestenimmobilien.com\/urlaub\/#organization","name":"K\u00fcsten Immobilien Dangast","url":"https:\/\/www.kuestenimmobilien.com\/urlaub\/","logo":{"@type":"ImageObject","inLanguage":"de","@id":"https:\/\/www.kuestenimmobilien.com\/urlaub\/#\/schema\/logo\/image\/","url":"https:\/\/www.kuestenimmobilien.com\/urlaub\/wp-content\/uploads\/2023\/04\/Logo_Kuestenimmobilien_2_Positiv.svg","contentUrl":"https:\/\/www.kuestenimmobilien.com\/urlaub\/wp-content\/uploads\/2023\/04\/Logo_Kuestenimmobilien_2_Positiv.svg","caption":"K\u00fcsten Immobilien Dangast"},"image":{"@id":"https:\/\/www.kuestenimmobilien.com\/urlaub\/#\/schema\/logo\/image\/"}}]}},"_links":{"self":[{"href":"https:\/\/www.kuestenimmobilien.com\/urlaub\/wp-json\/wp\/v2\/pages\/4427","targetHints":{"allow":["GET"]}}],"collection":[{"href":"https:\/\/www.kuestenimmobilien.com\/urlaub\/wp-json\/wp\/v2\/pages"}],"about":[{"href":"https:\/\/www.kuestenimmobilien.com\/urlaub\/wp-json\/wp\/v2\/types\/page"}],"author":[{"embeddable":true,"href":"https:\/\/www.kuestenimmobilien.com\/urlaub\/wp-json\/wp\/v2\/users\/1"}],"replies":[{"embeddable":true,"href":"https:\/\/www.kuestenimmobilien.com\/urlaub\/wp-json\/wp\/v2\/comments?post=4427"}],"version-history":[{"count":30,"href":"https:\/\/www.kuestenimmobilien.com\/urlaub\/wp-json\/wp\/v2\/pages\/4427\/revisions"}],"predecessor-version":[{"id":7211,"href":"https:\/\/www.kuestenimmobilien.com\/urlaub\/wp-json\/wp\/v2\/pages\/4427\/revisions\/7211"}],"wp:featuredmedia":[{"embeddable":true,"href":"https:\/\/www.kuestenimmobilien.com\/urlaub\/wp-json\/wp\/v2\/media\/4569"}],"wp:attachment":[{"href":"https:\/\/www.kuestenimmobilien.com\/urlaub\/wp-json\/wp\/v2\/media?parent=4427"}],"curies":[{"name":"wp","href":"https:\/\/api.w.org\/{rel}","templated":true}]}}