{"id":145,"date":"2023-04-21T13:07:42","date_gmt":"2023-04-21T11:07:42","guid":{"rendered":"https:\/\/www.kuestenimmobilien.com\/urlaub\/?page_id=145"},"modified":"2023-06-27T10:55:20","modified_gmt":"2023-06-27T08:55:20","slug":"newsletter","status":"publish","type":"page","link":"https:\/\/www.kuestenimmobilien.com\/urlaub\/newsletter\/","title":{"rendered":"Newsletter"},"content":{"rendered":"\t\t<div data-elementor-type=\"wp-page\" data-elementor-id=\"145\" class=\"elementor elementor-145\" data-elementor-post-type=\"page\">\n\t\t\t\t<div class=\"elementor-element elementor-element-b348f77 e-con-full e-flex e-con e-parent\" data-id=\"b348f77\" data-element_type=\"container\">\n\t\t\t\t<div class=\"elementor-element elementor-element-2df630b elementor-widget elementor-widget-template\" data-id=\"2df630b\" data-element_type=\"widget\" data-widget_type=\"template.default\">\n\t\t\t\t<div class=\"elementor-widget-container\">\n\t\t\t\t\t\t\t<div class=\"elementor-template\">\n\t\t\t\t\t<div data-elementor-type=\"container\" data-elementor-id=\"3943\" class=\"elementor elementor-3943\" data-elementor-post-type=\"elementor_library\">\n\t\t\t\t<div class=\"elementor-element elementor-element-3495d1e5 e-flex e-con-boxed e-con e-parent\" data-id=\"3495d1e5\" data-element_type=\"container\" data-settings=\"{&quot;background_background&quot;:&quot;classic&quot;}\">\n\t\t\t\t\t<div class=\"e-con-inner\">\n\t\t\t\t<div class=\"elementor-element elementor-element-34e2a27a elementor-widget elementor-widget-heading\" data-id=\"34e2a27a\" data-element_type=\"widget\" data-widget_type=\"heading.default\">\n\t\t\t\t<div class=\"elementor-widget-container\">\n\t\t\t\t\t<h1 class=\"elementor-heading-title elementor-size-default\">Newsletter<\/h1>\t\t\t\t<\/div>\n\t\t\t\t<\/div>\n\t\t\t\t\t<\/div>\n\t\t\t\t<\/div>\n\t\t\t\t<\/div>\n\t\t\t\t<\/div>\n\t\t\t\t\t\t<\/div>\n\t\t\t\t<\/div>\n\t\t\t\t<\/div>\n\t\t<div class=\"elementor-element elementor-element-76baf4e e-flex e-con-boxed e-con e-parent\" data-id=\"76baf4e\" data-element_type=\"container\">\n\t\t\t\t\t<div class=\"e-con-inner\">\n\t\t<div class=\"elementor-element elementor-element-425de52 e-flex e-con-boxed e-con e-child\" data-id=\"425de52\" data-element_type=\"container\">\n\t\t\t\t\t<div class=\"e-con-inner\">\n\t\t\t\t<div class=\"elementor-element elementor-element-1d0c3e5 elementor-widget elementor-widget-heading\" data-id=\"1d0c3e5\" data-element_type=\"widget\" data-widget_type=\"heading.default\">\n\t\t\t\t<div class=\"elementor-widget-container\">\n\t\t\t\t\t<h2 class=\"elementor-heading-title elementor-size-default\">Abonnieren Sie unseren Newsletter!<\/h2>\t\t\t\t<\/div>\n\t\t\t\t<\/div>\n\t\t\t\t<div class=\"elementor-element elementor-element-d75aed1 elementor-widget elementor-widget-text-editor\" data-id=\"d75aed1\" data-element_type=\"widget\" data-widget_type=\"text-editor.default\">\n\t\t\t\t<div class=\"elementor-widget-container\">\n\t\t\t\t\t\t\t\t\t<p>An alle Dangast-Fans schicken wir in unregelm\u00e4\u00dfigen Abst\u00e4nden aktuelle News und exklusive Angebote!\u00a0<\/p><p>Geben Sie einfach hier Ihre Email-Adresse ein und bleiben Sie auf dem Laufenden.\u00a0Selbstverst\u00e4ndlich k\u00f6nnen Sie sich jederzeit wieder abmelden und wir versprechen, gem\u00e4\u00df unseren Datenschutzbestimmungen niemals Ihre Email-Adresse mit anderen zu teilen!<\/p><p>Ich stimme dem Erhalt des Newsletters zu und wei\u00df, dass ich mich jederzeit problemlos abmelden kann.<\/p>\t\t\t\t\t\t\t\t<\/div>\n\t\t\t\t<\/div>\n\t\t\t\t<div class=\"elementor-element elementor-element-6b16e96 elementor-widget elementor-widget-shortcode\" data-id=\"6b16e96\" data-element_type=\"widget\" data-widget_type=\"shortcode.default\">\n\t\t\t\t<div class=\"elementor-widget-container\">\n\t\t\t\t\t\t\t<div class=\"elementor-shortcode\"><div class=\"newsletter-block\">\n\t<div class=\"row\">\n\t\t<p>Melden Sie sich jetzt zum Newsletter an und verpassen Sie keine Neuigkeiten und Angebote<\/p>\n\t<\/div>\n\t<div class=\"row\">\n\t\t<form id=\"newsletter-form\" action=\"\">\n\t\t\t<ul>\n\t\t\t\t<li>\n\t\t\t\t\t<label for=\"email\">E-Mail-Adresse<\/label>\n\t\t\t\t\t<input type=\"email\" name=\"email\" id=\"email\" required>\n\t\t\t\t<\/li>\n\t\t\t\t<li>\n\t\t\t\t\t<input type=\"submit\" id=\"newsletter-form-submit\" value=\"Senden\">\n\t\t\t\t<\/li>\n\t\t\t<\/ul>\n\t\t<\/form>\n\t<\/div>\n<\/div>\n<\/div>\n\t\t\t\t\t\t<\/div>\n\t\t\t\t<\/div>\n\t\t\t\t\t<\/div>\n\t\t\t\t<\/div>\n\t\t<div class=\"elementor-element elementor-element-8451909 e-con-full e-flex e-con e-child\" data-id=\"8451909\" data-element_type=\"container\">\n\t\t\t\t<div class=\"elementor-element elementor-element-dd5cd31 elementor-widget elementor-widget-template\" data-id=\"dd5cd31\" data-element_type=\"widget\" data-widget_type=\"template.default\">\n\t\t\t\t<div class=\"elementor-widget-container\">\n\t\t\t\t\t\t\t<div class=\"elementor-template\">\n\t\t\t\t\t<div data-elementor-type=\"section\" data-elementor-id=\"28\" class=\"elementor elementor-28\" data-elementor-post-type=\"elementor_library\">\n\t\t\t<div class=\"elementor-element elementor-element-883e4a6 e-con-full e-flex e-con e-parent\" data-id=\"883e4a6\" data-element_type=\"container\" data-settings=\"{&quot;background_background&quot;:&quot;classic&quot;}\">\n\t\t<div class=\"elementor-element elementor-element-71cf677 e-flex e-con-boxed e-con e-child\" data-id=\"71cf677\" data-element_type=\"container\">\n\t\t\t\t\t<div class=\"e-con-inner\">\n\t\t\t\t<div class=\"elementor-element elementor-element-a3c563c elementor-widget elementor-widget-image\" data-id=\"a3c563c\" data-element_type=\"widget\" data-widget_type=\"image.default\">\n\t\t\t\t<div class=\"elementor-widget-container\">\n\t\t\t\t\t\t\t\t\t\t\t\t\t\t\t<img fetchpriority=\"high\" decoding=\"async\" width=\"800\" height=\"534\" src=\"https:\/\/www.kuestenimmobilien.com\/urlaub\/wp-content\/uploads\/2023\/04\/IMG_9840_zervoss-2-1024x683.jpg\" class=\"attachment-large size-large wp-image-3403\" alt=\"\" srcset=\"https:\/\/www.kuestenimmobilien.com\/urlaub\/wp-content\/uploads\/2023\/04\/IMG_9840_zervoss-2-1024x683.jpg 1024w, https:\/\/www.kuestenimmobilien.com\/urlaub\/wp-content\/uploads\/2023\/04\/IMG_9840_zervoss-2-300x200.jpg 300w, https:\/\/www.kuestenimmobilien.com\/urlaub\/wp-content\/uploads\/2023\/04\/IMG_9840_zervoss-2-768x512.jpg 768w, https:\/\/www.kuestenimmobilien.com\/urlaub\/wp-content\/uploads\/2023\/04\/IMG_9840_zervoss-2-1536x1024.jpg 1536w, https:\/\/www.kuestenimmobilien.com\/urlaub\/wp-content\/uploads\/2023\/04\/IMG_9840_zervoss-2.jpg 2048w\" sizes=\"(max-width: 800px) 100vw, 800px\" \/>\t\t\t\t\t\t\t\t\t\t\t\t\t\t\t<\/div>\n\t\t\t\t<\/div>\n\t\t\t\t\t<\/div>\n\t\t\t\t<\/div>\n\t\t<div class=\"elementor-element elementor-element-40f85aa e-con-full e-flex e-con e-child\" data-id=\"40f85aa\" data-element_type=\"container\">\n\t\t\t\t<div class=\"elementor-element elementor-element-a81ce09 elementor-widget elementor-widget-heading\" data-id=\"a81ce09\" data-element_type=\"widget\" data-widget_type=\"heading.default\">\n\t\t\t\t<div class=\"elementor-widget-container\">\n\t\t\t\t\t<h3 class=\"elementor-heading-title elementor-size-default\">Kontakt<\/h3>\t\t\t\t<\/div>\n\t\t\t\t<\/div>\n\t\t\t\t<div class=\"elementor-element elementor-element-f06215f elementor-widget elementor-widget-text-editor\" data-id=\"f06215f\" data-element_type=\"widget\" data-widget_type=\"text-editor.default\">\n\t\t\t\t<div class=\"elementor-widget-container\">\n\t\t\t\t\t\t\t\t\t<div class=\"page\" title=\"Page 15\"><div class=\"section\"><div class=\"layoutArea\"><div class=\"column\"><p>Fragen rund um Ihren Urlaub beantworten wir gerne telefonisch.<\/p><\/div><\/div><\/div><\/div>\t\t\t\t\t\t\t\t<\/div>\n\t\t\t\t<\/div>\n\t\t\t\t<div class=\"elementor-element elementor-element-599c238 elementor-align-left elementor-icon-list--layout-traditional elementor-list-item-link-full_width elementor-widget elementor-widget-icon-list\" data-id=\"599c238\" data-element_type=\"widget\" data-widget_type=\"icon-list.default\">\n\t\t\t\t<div class=\"elementor-widget-container\">\n\t\t\t\t\t\t\t<ul class=\"elementor-icon-list-items\">\n\t\t\t\t\t\t\t<li class=\"elementor-icon-list-item\">\n\t\t\t\t\t\t\t\t\t\t\t<span class=\"elementor-icon-list-icon\">\n\t\t\t\t\t\t\t<i aria-hidden=\"true\" class=\"far fa-phone\"><\/i>\t\t\t\t\t\t<\/span>\n\t\t\t\t\t\t\t\t\t\t<span class=\"elementor-icon-list-text\">Telefon<\/span>\n\t\t\t\t\t\t\t\t\t<\/li>\n\t\t\t\t\t\t<\/ul>\n\t\t\t\t\t\t<\/div>\n\t\t\t\t<\/div>\n\t\t\t\t<div class=\"elementor-element elementor-element-6eb8786 no-margin-bottom a-col elementor-widget elementor-widget-text-editor\" data-id=\"6eb8786\" data-element_type=\"widget\" data-widget_type=\"text-editor.default\">\n\t\t\t\t<div class=\"elementor-widget-container\">\n\t\t\t\t\t\t\t\t\t<p><a href=\"tel:+494451959695\">+49 (0)4451 959 695<\/a><\/p>\t\t\t\t\t\t\t\t<\/div>\n\t\t\t\t<\/div>\n\t\t\t\t<div class=\"elementor-element elementor-element-24befbd elementor-align-left elementor-icon-list--layout-traditional elementor-list-item-link-full_width elementor-widget elementor-widget-icon-list\" data-id=\"24befbd\" data-element_type=\"widget\" data-widget_type=\"icon-list.default\">\n\t\t\t\t<div class=\"elementor-widget-container\">\n\t\t\t\t\t\t\t<ul class=\"elementor-icon-list-items\">\n\t\t\t\t\t\t\t<li class=\"elementor-icon-list-item\">\n\t\t\t\t\t\t\t\t\t\t\t<span class=\"elementor-icon-list-icon\">\n\t\t\t\t\t\t\t<i aria-hidden=\"true\" class=\"far fa-envelope\"><\/i>\t\t\t\t\t\t<\/span>\n\t\t\t\t\t\t\t\t\t\t<span class=\"elementor-icon-list-text\">E-Mail<\/span>\n\t\t\t\t\t\t\t\t\t<\/li>\n\t\t\t\t\t\t<\/ul>\n\t\t\t\t\t\t<\/div>\n\t\t\t\t<\/div>\n\t\t\t\t<div class=\"elementor-element elementor-element-db7aaf7 no-margin-bottom a-col elementor-widget elementor-widget-text-editor\" data-id=\"db7aaf7\" data-element_type=\"widget\" data-widget_type=\"text-editor.default\">\n\t\t\t\t<div class=\"elementor-widget-container\">\n\t\t\t\t\t\t\t\t\t<p><a href=\"mailto:info@kuestenimmobilien.com\">info@kuestenimmobilien.com<\/a><\/p>\t\t\t\t\t\t\t\t<\/div>\n\t\t\t\t<\/div>\n\t\t\t\t<\/div>\n\t\t\t\t<\/div>\n\t\t\t\t<\/div>\n\t\t\t\t<\/div>\n\t\t\t\t\t\t<\/div>\n\t\t\t\t<\/div>\n\t\t\t\t<\/div>\n\t\t\t\t\t<\/div>\n\t\t\t\t<\/div>\n\t\t\t\t<\/div>\n\t\t","protected":false},"excerpt":{"rendered":"<p>Abonnieren Sie unseren Newsletter! An alle Dangast-Fans schicken wir in unregelm\u00e4\u00dfigen Abst\u00e4nden aktuelle News und exklusive Angebote!&nbsp; Geben Sie einfach hier Ihre Email-Adresse ein und bleiben Sie auf dem Laufenden.&nbsp;Selbstverst\u00e4ndlich k\u00f6nnen Sie sich jederzeit wieder abmelden und wir versprechen, gem\u00e4\u00df unseren Datenschutzbestimmungen niemals Ihre Email-Adresse mit anderen zu teilen! Ich stimme dem Erhalt des Newsletters [&hellip;]<\/p>\n","protected":false},"author":1,"featured_media":4136,"parent":0,"menu_order":0,"comment_status":"closed","ping_status":"closed","template":"","meta":{"_acf_changed":false,"footnotes":""},"class_list":["post-145","page","type-page","status-publish","has-post-thumbnail","hentry"],"acf":[],"yoast_head":"<!-- This site is optimized with the Yoast SEO plugin v25.1 - https:\/\/yoast.com\/wordpress\/plugins\/seo\/ -->\n<title>Newsletter - K\u00fcsten Immobilien Dangast<\/title>\n<meta name=\"description\" content=\"Unser Newsletter h\u00e4lt Sie auf den Laufenden und informiert Sie immer \u00fcber aktuelle Neuigkeiten und Angebote.\" \/>\n<meta name=\"robots\" content=\"index, follow, max-snippet:-1, max-image-preview:large, max-video-preview:-1\" \/>\n<link rel=\"canonical\" href=\"https:\/\/www.kuestenimmobilien.com\/urlaub\/newsletter\/\" \/>\n<meta property=\"og:locale\" content=\"de_DE\" \/>\n<meta property=\"og:type\" content=\"article\" \/>\n<meta property=\"og:title\" content=\"Newsletter - K\u00fcsten Immobilien Dangast\" \/>\n<meta property=\"og:description\" content=\"Unser Newsletter h\u00e4lt Sie auf den Laufenden und informiert Sie immer \u00fcber aktuelle Neuigkeiten und Angebote.\" \/>\n<meta property=\"og:url\" content=\"https:\/\/www.kuestenimmobilien.com\/urlaub\/newsletter\/\" \/>\n<meta property=\"og:site_name\" content=\"K\u00fcsten Immobilien Dangast\" \/>\n<meta property=\"article:modified_time\" content=\"2023-06-27T08:55:20+00:00\" \/>\n<meta property=\"og:image\" content=\"https:\/\/www.kuestenimmobilien.com\/urlaub\/wp-content\/uploads\/2023\/04\/sylt-g2237fa90d_1920.jpg\" \/>\n\t<meta property=\"og:image:width\" content=\"1920\" \/>\n\t<meta property=\"og:image:height\" content=\"1280\" \/>\n\t<meta property=\"og:image:type\" content=\"image\/jpeg\" \/>\n<meta name=\"twitter:card\" content=\"summary_large_image\" \/>\n<meta name=\"twitter:label1\" content=\"Gesch\u00e4tzte Lesezeit\" \/>\n\t<meta name=\"twitter:data1\" content=\"1\u00a0Minute\" \/>\n<script type=\"application\/ld+json\" class=\"yoast-schema-graph\">{\"@context\":\"https:\/\/schema.org\",\"@graph\":[{\"@type\":\"WebPage\",\"@id\":\"https:\/\/www.kuestenimmobilien.com\/urlaub\/newsletter\/\",\"url\":\"https:\/\/www.kuestenimmobilien.com\/urlaub\/newsletter\/\",\"name\":\"Newsletter - K\u00fcsten Immobilien Dangast\",\"isPartOf\":{\"@id\":\"https:\/\/www.kuestenimmobilien.com\/urlaub\/#website\"},\"primaryImageOfPage\":{\"@id\":\"https:\/\/www.kuestenimmobilien.com\/urlaub\/newsletter\/#primaryimage\"},\"image\":{\"@id\":\"https:\/\/www.kuestenimmobilien.com\/urlaub\/newsletter\/#primaryimage\"},\"thumbnailUrl\":\"https:\/\/www.kuestenimmobilien.com\/urlaub\/wp-content\/uploads\/2023\/04\/sylt-g2237fa90d_1920.jpg\",\"datePublished\":\"2023-04-21T11:07:42+00:00\",\"dateModified\":\"2023-06-27T08:55:20+00:00\",\"description\":\"Unser Newsletter h\u00e4lt Sie auf den Laufenden und informiert Sie immer \u00fcber aktuelle Neuigkeiten und Angebote.\",\"breadcrumb\":{\"@id\":\"https:\/\/www.kuestenimmobilien.com\/urlaub\/newsletter\/#breadcrumb\"},\"inLanguage\":\"de\",\"potentialAction\":[{\"@type\":\"ReadAction\",\"target\":[\"https:\/\/www.kuestenimmobilien.com\/urlaub\/newsletter\/\"]}]},{\"@type\":\"ImageObject\",\"inLanguage\":\"de\",\"@id\":\"https:\/\/www.kuestenimmobilien.com\/urlaub\/newsletter\/#primaryimage\",\"url\":\"https:\/\/www.kuestenimmobilien.com\/urlaub\/wp-content\/uploads\/2023\/04\/sylt-g2237fa90d_1920.jpg\",\"contentUrl\":\"https:\/\/www.kuestenimmobilien.com\/urlaub\/wp-content\/uploads\/2023\/04\/sylt-g2237fa90d_1920.jpg\",\"width\":1920,\"height\":1280},{\"@type\":\"BreadcrumbList\",\"@id\":\"https:\/\/www.kuestenimmobilien.com\/urlaub\/newsletter\/#breadcrumb\",\"itemListElement\":[{\"@type\":\"ListItem\",\"position\":1,\"name\":\"Startseite\",\"item\":\"https:\/\/www.kuestenimmobilien.com\/urlaub\/\"},{\"@type\":\"ListItem\",\"position\":2,\"name\":\"Newsletter\"}]},{\"@type\":\"WebSite\",\"@id\":\"https:\/\/www.kuestenimmobilien.com\/urlaub\/#website\",\"url\":\"https:\/\/www.kuestenimmobilien.com\/urlaub\/\",\"name\":\"K\u00fcsten Immobilien Dangast\",\"description\":\"\",\"publisher\":{\"@id\":\"https:\/\/www.kuestenimmobilien.com\/urlaub\/#organization\"},\"potentialAction\":[{\"@type\":\"SearchAction\",\"target\":{\"@type\":\"EntryPoint\",\"urlTemplate\":\"https:\/\/www.kuestenimmobilien.com\/urlaub\/?s={search_term_string}\"},\"query-input\":{\"@type\":\"PropertyValueSpecification\",\"valueRequired\":true,\"valueName\":\"search_term_string\"}}],\"inLanguage\":\"de\"},{\"@type\":\"Organization\",\"@id\":\"https:\/\/www.kuestenimmobilien.com\/urlaub\/#organization\",\"name\":\"K\u00fcsten Immobilien Dangast\",\"url\":\"https:\/\/www.kuestenimmobilien.com\/urlaub\/\",\"logo\":{\"@type\":\"ImageObject\",\"inLanguage\":\"de\",\"@id\":\"https:\/\/www.kuestenimmobilien.com\/urlaub\/#\/schema\/logo\/image\/\",\"url\":\"https:\/\/www.kuestenimmobilien.com\/urlaub\/wp-content\/uploads\/2023\/04\/Logo_Kuestenimmobilien_2_Positiv.svg\",\"contentUrl\":\"https:\/\/www.kuestenimmobilien.com\/urlaub\/wp-content\/uploads\/2023\/04\/Logo_Kuestenimmobilien_2_Positiv.svg\",\"caption\":\"K\u00fcsten Immobilien Dangast\"},\"image\":{\"@id\":\"https:\/\/www.kuestenimmobilien.com\/urlaub\/#\/schema\/logo\/image\/\"}}]}<\/script>\n<!-- \/ Yoast SEO plugin. -->","yoast_head_json":{"title":"Newsletter - K\u00fcsten Immobilien Dangast","description":"Unser Newsletter h\u00e4lt Sie auf den Laufenden und informiert Sie immer \u00fcber aktuelle Neuigkeiten und Angebote.","robots":{"index":"index","follow":"follow","max-snippet":"max-snippet:-1","max-image-preview":"max-image-preview:large","max-video-preview":"max-video-preview:-1"},"canonical":"https:\/\/www.kuestenimmobilien.com\/urlaub\/newsletter\/","og_locale":"de_DE","og_type":"article","og_title":"Newsletter - K\u00fcsten Immobilien Dangast","og_description":"Unser Newsletter h\u00e4lt Sie auf den Laufenden und informiert Sie immer \u00fcber aktuelle Neuigkeiten und Angebote.","og_url":"https:\/\/www.kuestenimmobilien.com\/urlaub\/newsletter\/","og_site_name":"K\u00fcsten Immobilien Dangast","article_modified_time":"2023-06-27T08:55:20+00:00","og_image":[{"width":1920,"height":1280,"url":"https:\/\/www.kuestenimmobilien.com\/urlaub\/wp-content\/uploads\/2023\/04\/sylt-g2237fa90d_1920.jpg","type":"image\/jpeg"}],"twitter_card":"summary_large_image","twitter_misc":{"Gesch\u00e4tzte Lesezeit":"1\u00a0Minute"},"schema":{"@context":"https:\/\/schema.org","@graph":[{"@type":"WebPage","@id":"https:\/\/www.kuestenimmobilien.com\/urlaub\/newsletter\/","url":"https:\/\/www.kuestenimmobilien.com\/urlaub\/newsletter\/","name":"Newsletter - K\u00fcsten Immobilien Dangast","isPartOf":{"@id":"https:\/\/www.kuestenimmobilien.com\/urlaub\/#website"},"primaryImageOfPage":{"@id":"https:\/\/www.kuestenimmobilien.com\/urlaub\/newsletter\/#primaryimage"},"image":{"@id":"https:\/\/www.kuestenimmobilien.com\/urlaub\/newsletter\/#primaryimage"},"thumbnailUrl":"https:\/\/www.kuestenimmobilien.com\/urlaub\/wp-content\/uploads\/2023\/04\/sylt-g2237fa90d_1920.jpg","datePublished":"2023-04-21T11:07:42+00:00","dateModified":"2023-06-27T08:55:20+00:00","description":"Unser Newsletter h\u00e4lt Sie auf den Laufenden und informiert Sie immer \u00fcber aktuelle Neuigkeiten und Angebote.","breadcrumb":{"@id":"https:\/\/www.kuestenimmobilien.com\/urlaub\/newsletter\/#breadcrumb"},"inLanguage":"de","potentialAction":[{"@type":"ReadAction","target":["https:\/\/www.kuestenimmobilien.com\/urlaub\/newsletter\/"]}]},{"@type":"ImageObject","inLanguage":"de","@id":"https:\/\/www.kuestenimmobilien.com\/urlaub\/newsletter\/#primaryimage","url":"https:\/\/www.kuestenimmobilien.com\/urlaub\/wp-content\/uploads\/2023\/04\/sylt-g2237fa90d_1920.jpg","contentUrl":"https:\/\/www.kuestenimmobilien.com\/urlaub\/wp-content\/uploads\/2023\/04\/sylt-g2237fa90d_1920.jpg","width":1920,"height":1280},{"@type":"BreadcrumbList","@id":"https:\/\/www.kuestenimmobilien.com\/urlaub\/newsletter\/#breadcrumb","itemListElement":[{"@type":"ListItem","position":1,"name":"Startseite","item":"https:\/\/www.kuestenimmobilien.com\/urlaub\/"},{"@type":"ListItem","position":2,"name":"Newsletter"}]},{"@type":"WebSite","@id":"https:\/\/www.kuestenimmobilien.com\/urlaub\/#website","url":"https:\/\/www.kuestenimmobilien.com\/urlaub\/","name":"K\u00fcsten Immobilien Dangast","description":"","publisher":{"@id":"https:\/\/www.kuestenimmobilien.com\/urlaub\/#organization"},"potentialAction":[{"@type":"SearchAction","target":{"@type":"EntryPoint","urlTemplate":"https:\/\/www.kuestenimmobilien.com\/urlaub\/?s={search_term_string}"},"query-input":{"@type":"PropertyValueSpecification","valueRequired":true,"valueName":"search_term_string"}}],"inLanguage":"de"},{"@type":"Organization","@id":"https:\/\/www.kuestenimmobilien.com\/urlaub\/#organization","name":"K\u00fcsten Immobilien Dangast","url":"https:\/\/www.kuestenimmobilien.com\/urlaub\/","logo":{"@type":"ImageObject","inLanguage":"de","@id":"https:\/\/www.kuestenimmobilien.com\/urlaub\/#\/schema\/logo\/image\/","url":"https:\/\/www.kuestenimmobilien.com\/urlaub\/wp-content\/uploads\/2023\/04\/Logo_Kuestenimmobilien_2_Positiv.svg","contentUrl":"https:\/\/www.kuestenimmobilien.com\/urlaub\/wp-content\/uploads\/2023\/04\/Logo_Kuestenimmobilien_2_Positiv.svg","caption":"K\u00fcsten Immobilien Dangast"},"image":{"@id":"https:\/\/www.kuestenimmobilien.com\/urlaub\/#\/schema\/logo\/image\/"}}]}},"_links":{"self":[{"href":"https:\/\/www.kuestenimmobilien.com\/urlaub\/wp-json\/wp\/v2\/pages\/145","targetHints":{"allow":["GET"]}}],"collection":[{"href":"https:\/\/www.kuestenimmobilien.com\/urlaub\/wp-json\/wp\/v2\/pages"}],"about":[{"href":"https:\/\/www.kuestenimmobilien.com\/urlaub\/wp-json\/wp\/v2\/types\/page"}],"author":[{"embeddable":true,"href":"https:\/\/www.kuestenimmobilien.com\/urlaub\/wp-json\/wp\/v2\/users\/1"}],"replies":[{"embeddable":true,"href":"https:\/\/www.kuestenimmobilien.com\/urlaub\/wp-json\/wp\/v2\/comments?post=145"}],"version-history":[{"count":14,"href":"https:\/\/www.kuestenimmobilien.com\/urlaub\/wp-json\/wp\/v2\/pages\/145\/revisions"}],"predecessor-version":[{"id":4917,"href":"https:\/\/www.kuestenimmobilien.com\/urlaub\/wp-json\/wp\/v2\/pages\/145\/revisions\/4917"}],"wp:featuredmedia":[{"embeddable":true,"href":"https:\/\/www.kuestenimmobilien.com\/urlaub\/wp-json\/wp\/v2\/media\/4136"}],"wp:attachment":[{"href":"https:\/\/www.kuestenimmobilien.com\/urlaub\/wp-json\/wp\/v2\/media?parent=145"}],"curies":[{"name":"wp","href":"https:\/\/api.w.org\/{rel}","templated":true}]}}